{"id":15609,"date":"2022-09-30T09:33:43","date_gmt":"2022-09-30T06:33:43","guid":{"rendered":"https:\/\/www.teeninduskool.ee\/?page_id=15609"},"modified":"2025-09-05T10:44:04","modified_gmt":"2025-09-05T07:44:04","slug":"saavutused","status":"publish","type":"page","link":"https:\/\/www.teeninduskool.ee\/?page_id=15609","title":{"rendered":"Saavutused"},"content":{"rendered":"<p>Tallinna Teeninduskooli \u00f5pilaste tulemused erinevate kutsev\u00f5istlustel ja parimad spordis v\u00f5i huvitegevuses leiad aastate kaupa j\u00e4rgmistelt linkidelt.<\/p>\n<table style=\"border-collapse: collapse; width: 100%; height: 240px;\">\n<tbody>\n<tr style=\"height: 24px;\">\n<td style=\"width: 33.3333%; height: 24px; text-align: left; vertical-align: top;\"><a href=\"https:\/\/www.teeninduskool.ee\/?p=12707\"><em>Chef Martti<\/em>\u00a0karikas<\/a><\/td>\n<td style=\"width: 33.3333%; height: 24px;\"><\/td>\n<td style=\"width: 33.3333%; height: 24px;\"><\/td>\n<\/tr>\n<tr>\n<td style=\"width: 33.3333%; text-align: left; vertical-align: top;\">Saavutused 2025<\/td>\n<td style=\"width: 33.3333%;\"><\/td>\n<td style=\"width: 33.3333%;\"><\/td>\n<\/tr>\n<tr style=\"height: 24px;\">\n<td style=\"width: 33.3333%; text-align: left; vertical-align: top; height: 24px;\"><a href=\"#S2024\">Saavutused 2024<\/a><\/td>\n<td style=\"width: 33.3333%; height: 24px;\"><\/td>\n<td style=\"width: 33.3333%; height: 24px;\"><\/td>\n<\/tr>\n<tr style=\"height: 24px;\">\n<td style=\"width: 33.3333%; text-align: left; height: 24px;\"><a href=\"#S2023\">Saavutused 2023<\/a><\/td>\n<td style=\"width: 33.3333%; text-align: left; height: 24px;\"><a href=\"#S2022\">Saavutused 2022<\/a><\/td>\n<td style=\"width: 33.3333%; text-align: left; height: 24px;\"><a href=\"#S2021\">Saavutused 2021<\/a><\/td>\n<\/tr>\n<tr style=\"height: 24px;\">\n<td style=\"width: 33.3333%; text-align: left; height: 24px;\"><a href=\"#S2020\">Saavutused 2020<\/a><\/td>\n<td style=\"width: 33.3333%; text-align: left; height: 24px;\"><a href=\"#S2019\">Saavutused 2019<\/a><\/td>\n<td style=\"width: 33.3333%; text-align: left; height: 24px;\"><a href=\"#S2018\">Saavutused 2018<\/a><\/td>\n<\/tr>\n<tr style=\"height: 24px;\">\n<td style=\"width: 33.3333%; text-align: left; height: 24px;\"><a href=\"#s2017\">Saavutused 2017<\/a><\/td>\n<td style=\"width: 33.3333%; text-align: left; height: 24px;\"><a href=\"#s2016\">Saavutused 2016<\/a><\/td>\n<td style=\"width: 33.3333%; text-align: left; height: 24px;\"><a href=\"#S2015\">Saavutused 2015<\/a><\/td>\n<\/tr>\n<tr style=\"height: 24px;\">\n<td style=\"width: 33.3333%; text-align: left; height: 24px;\"><a href=\"#S2014\">Saavutused 2014<\/a><\/td>\n<td style=\"width: 33.3333%; text-align: left; height: 24px;\"><a href=\"#S2013\">Saavutused 2013<\/a><\/td>\n<td style=\"width: 33.3333%; text-align: left; height: 24px;\"><a href=\"#2012\">Saavutused 2012<\/a><\/td>\n<\/tr>\n<tr style=\"height: 24px;\">\n<td style=\"width: 33.3333%; text-align: left; height: 24px;\"><a href=\"#S2011\">Saavutused 2011<\/a><\/td>\n<td style=\"width: 33.3333%; text-align: left; height: 24px;\"><a href=\"#S2010\">Saavutused 2010<\/a><\/td>\n<td style=\"width: 33.3333%; text-align: left; height: 24px;\"><a href=\"#S2009\">Saavutused 2009<\/a><\/td>\n<\/tr>\n<tr style=\"height: 24px;\">\n<td style=\"width: 33.3333%; text-align: left; height: 24px;\"><a href=\"http:\/\/S2008\">Saavutused 2008<\/a><\/td>\n<td style=\"width: 33.3333%; text-align: left; height: 24px;\"><a href=\"#S2007\">Saavutused 2007<\/a><\/td>\n<td style=\"width: 33.3333%; text-align: left; height: 24px;\"><a href=\"#S2006\">Saavutused 2006<\/a><\/td>\n<\/tr>\n<tr style=\"height: 24px;\">\n<td style=\"width: 33.3333%; text-align: left; height: 24px;\"><a href=\"#S2005\">Saavutused 2005<\/a><\/td>\n<td style=\"width: 33.3333%; text-align: left; height: 24px;\"><a href=\"#S2004\">Saavutused 2004<\/a><\/td>\n<td style=\"width: 33.3333%; text-align: left; height: 24px;\"><a href=\"#S2003\">Saavutused 2003<\/a><\/td>\n<\/tr>\n<tr style=\"height: 24px;\">\n<td style=\"width: 33.3333%; text-align: left; height: 24px;\"><a href=\"#S2002\">Saavutused 2002<\/a><\/td>\n<td style=\"width: 33.3333%; text-align: left; height: 24px;\"><a href=\"#S2001\">Saavutused 2001<\/a><\/td>\n<td style=\"width: 33.3333%; text-align: left; height: 24px;\"><a href=\"#S2000\">Saavutused 2000<\/a><\/td>\n<\/tr>\n<\/tbody>\n<\/table>\n<h2><span style=\"color: #cd2662;\"><a id=\"S2023\"><\/a>2025<\/span><\/h2>\n<table style=\"height: 2150px; width: 91.5213%;\">\n<tbody>\n<tr style=\"height: 24px;\">\n<td style=\"width: 11.8493%; vertical-align: top; height: 24px; text-align: left;\"><span style=\"color: #cd2662;\"><em>v\u00f5istlus \/ kuup\u00e4ev<\/em><\/span><\/td>\n<td style=\"width: 62.9151%; vertical-align: top; height: 24px; text-align: left;\"><span style=\"color: #cd2662;\"><em>osaleja<\/em><\/span><\/td>\n<td style=\"width: 25.6265%; vertical-align: top; height: 24px; text-align: left;\"><span style=\"color: #cd2662;\"><em>juhendaja<\/em><\/span><\/td>\n<\/tr>\n<tr style=\"height: 24px;\">\n<td style=\"width: 100.391%; background-color: #cd2662; text-align: left; vertical-align: top; height: 24px;\" colspan=\"3\"><strong><span style=\"color: #ffffff;\">Noor Meister 2025 kaubanduse kutsemeistriv\u00f5istlused \/ 15.05.2024 Tallinn<\/span><\/strong><\/td>\n<\/tr>\n<tr style=\"height: 24px;\">\n<td style=\"text-align: left; vertical-align: top; height: 24px; width: 11.8493%; background-color: #ffffff;\"><span style=\"color: #000000;\"><strong>Meisterlikkuse medal<\/strong><\/span><\/td>\n<td style=\"text-align: left; vertical-align: top; width: 62.9151%; background-color: #ffffff; height: 24px;\"><span style=\"color: #000000;\"><strong>Pavel Volossatov<\/strong><\/span><\/td>\n<td style=\"text-align: left; vertical-align: top; width: 25.6265%; background-color: #ffffff; height: 24px;\"><span style=\"color: #000000;\">Kirill Beljakov, Marko S\u00f5mer<\/span><\/td>\n<\/tr>\n<tr style=\"height: 24x;\">\n<td style=\"width: 100.391%; height: 24px; background-color: #cd2662; text-align: left; vertical-align: top;\" colspan=\"3\"><strong><span style=\"color: #ffffff;\">Vastuv\u00f5tuadministraator \/ Teko meistriv\u00f5istlused 30.01.2025<\/span><\/strong><span style=\"color: #000000;\"><br \/>\n<\/span><\/td>\n<\/tr>\n<tr style=\"height: 24px;\">\n<td style=\"width: 11.8493%; vertical-align: top; text-align: left; height: 24px;\"><strong>I koht<\/strong><\/td>\n<td style=\"width: 62.9151%; vertical-align: top; text-align: left; height: 24px;\"><strong>Lisandra Toater, Miia Sakk<\/strong><\/td>\n<td style=\"width: 25.6265%; vertical-align: top; text-align: left; height: 24px;\"><span style=\"color: #000000;\">Kerli Vint<\/span><\/td>\n<\/tr>\n<tr style=\"height: 24px;\">\n<td style=\"width: 11.8493%; vertical-align: top; text-align: left; height: 24px;\"><strong><span style=\"color: #000000;\">II koht<\/span><\/strong><\/td>\n<td style=\"width: 62.9151%; vertical-align: top; text-align: left; height: 24px;\"><strong>Emilia Melu\u0161ova, Diana Ponomarenko<\/strong><\/td>\n<td style=\"width: 25.6265%; vertical-align: top; text-align: left; height: 24px;\"><span style=\"color: #000000;\">Kerli Vint<\/span><\/td>\n<\/tr>\n<tr style=\"height: 10px;\">\n<td style=\"width: 11.8493%; vertical-align: top; text-align: left; height: 10px;\"><strong><span style=\"color: #000000;\">III koht<\/span><\/strong><\/td>\n<td style=\"width: 62.9151%; vertical-align: top; text-align: left; height: 10px;\"><strong>Elis Roots, Taissia Tatkina\u00a0<\/strong><\/td>\n<td style=\"width: 25.6265%; vertical-align: top; text-align: left; height: 10px;\"><span style=\"color: #000000;\">Kerli Vint<\/span><\/td>\n<\/tr>\n<tr style=\"height: 24px;\">\n<td style=\"width: 100.391%; height: 24px; background-color: #cd2662; text-align: left; vertical-align: top;\" colspan=\"3\"><strong><span style=\"color: #ffffff;\">Hotelliteenindaja \/ Teko meistriv\u00f5istlused 30.01.2025<\/span><\/strong><\/td>\n<\/tr>\n<tr style=\"height: 24px;\">\n<td style=\"width: 11.8493%; vertical-align: top; text-align: left; height: 24px;\"><span style=\"color: #000000;\">I koht<\/span><\/td>\n<td style=\"width: 62.9151%; vertical-align: top; text-align: left; height: 24px;\"><strong><span style=\"color: #000000;\">Eliisa Adele Toode, Mia-Lisete Raudsep<\/span><\/strong><\/td>\n<td style=\"width: 25.6265%; vertical-align: top; text-align: left; height: 24px;\"><span style=\"color: #000000;\"> Triin Henn<\/span><\/td>\n<\/tr>\n<tr style=\"height: 24px;\">\n<td style=\"width: 11.8493%; vertical-align: top; text-align: left; height: 24px;\"><span style=\"color: #000000;\">II koht<\/span><\/td>\n<td style=\"width: 62.9151%; vertical-align: top; text-align: left; height: 24px;\"><strong>Levija Pikulik, Mia Maria Kinnunen<\/strong><\/td>\n<td style=\"width: 25.6265%; vertical-align: top; text-align: left; height: 24px;\"><span style=\"color: #000000;\"> Triin Henn<\/span><\/td>\n<\/tr>\n<tr style=\"height: 24px;\">\n<td style=\"width: 11.8493%; vertical-align: top; text-align: left; height: 24px;\"><span style=\"color: #000000;\">III koht<\/span><\/td>\n<td style=\"width: 62.9151%; vertical-align: top; text-align: left; height: 24px;\"><strong>Lisanne Li Eensoo, Anastassia Ivashchenko<\/strong><\/td>\n<td style=\"width: 25.6265%; vertical-align: top; text-align: left; height: 24px;\"><span style=\"color: #000000;\"> Triin Henn<\/span><\/td>\n<\/tr>\n<tr style=\"height: 24px;\">\n<td style=\"width: 100.391%; height: 24px; background-color: #cd2662; text-align: left; vertical-align: top;\" colspan=\"3\"><span style=\"color: #000000;\"><strong><span style=\"color: #ffffff;\">HoReCa teenindaja \/ Teko meistriv\u00f5istlused 30.01.2025<\/span><\/strong><\/span><\/td>\n<\/tr>\n<tr style=\"height: 24px;\">\n<td style=\"width: 11.8493%; vertical-align: top; text-align: left; height: 24px;\"><span style=\"color: #000000;\">I koht<\/span><\/td>\n<td style=\"width: 62.9151%; vertical-align: top; text-align: left; height: 24px;\"><strong>Zlata Dormidontova, Kamilla Jarets<\/strong><\/td>\n<td style=\"width: 25.6265%; vertical-align: top; text-align: left; height: 24px;\"><span style=\"color: #000000;\"> Kaimar Palm<\/span><\/td>\n<\/tr>\n<tr style=\"height: 24px;\">\n<td style=\"width: 11.8493%; vertical-align: top; text-align: left; height: 24px;\"><span style=\"color: #000000;\">II koht<\/span><\/td>\n<td style=\"width: 62.9151%; vertical-align: top; text-align: left; height: 24px;\"><strong>Andra Paju, Miralda Radik<\/strong><\/td>\n<td style=\"width: 25.6265%; vertical-align: top; text-align: left; height: 24px;\"><span style=\"color: #000000;\"> Kaimar Palm<\/span><\/td>\n<\/tr>\n<tr style=\"height: 24px;\">\n<td style=\"width: 11.8493%; vertical-align: top; text-align: left; height: 24px;\"><span style=\"color: #000000;\">III koht<\/span><\/td>\n<td style=\"width: 62.9151%; vertical-align: top; text-align: left; height: 24px;\"><strong>Annika K\u00fcla, Krislin Zoova<\/strong><\/td>\n<td style=\"width: 25.6265%; vertical-align: top; text-align: left; height: 24px;\"><span style=\"color: #000000;\"> Kaimar Palm<\/span><\/td>\n<\/tr>\n<tr style=\"height: 48px;\">\n<td style=\"width: 11.8493%; vertical-align: top; text-align: left; height: 48px;\"><span style=\"color: #000000;\">Balbiino eripreemiad<\/span><\/td>\n<td style=\"width: 62.9151%; vertical-align: top; text-align: left; height: 48px;\"><strong>Leila Bondarenko, Aljona Seker\u017eitski<\/strong><\/td>\n<td style=\"width: 25.6265%; vertical-align: top; text-align: left; height: 48px;\"><span style=\"color: #000000;\">\u00a0<\/span><\/td>\n<\/tr>\n<tr style=\"height: 24px;\">\n<td style=\"width: 100.391%; height: 24px; background-color: #cd2662; text-align: left; vertical-align: top;\" colspan=\"3\"><strong><span style=\"color: #000000;\"><span style=\"color: #ffffff;\">Ilutegija manik\u00fc\u00fcr \/ Teko meistriv\u00f5istlused 30.01.2025<\/span><\/span><\/strong><\/td>\n<\/tr>\n<tr style=\"height: 24px;\">\n<td style=\"width: 11.8493%; vertical-align: top; text-align: left; height: 24px;\"><span style=\"color: #000000;\">I koht<\/span><\/td>\n<td style=\"width: 62.9151%; vertical-align: top; text-align: left; height: 24px;\"><strong>Ekaterina Kouru<\/strong><\/td>\n<td style=\"width: 25.6265%; vertical-align: top; text-align: left; height: 24px;\">Sirje Tammeoks<\/td>\n<\/tr>\n<tr style=\"height: 24px;\">\n<td style=\"width: 11.8493%; vertical-align: top; text-align: left; height: 24px;\"><span style=\"color: #000000;\">II koht<\/span><\/td>\n<td style=\"width: 62.9151%; vertical-align: top; text-align: left; height: 24px;\"><strong>Diana Gukovskaya<\/strong><\/td>\n<td style=\"width: 25.6265%; vertical-align: top; text-align: left; height: 24px;\">Sirje Tammeoks<\/td>\n<\/tr>\n<tr style=\"height: 24px;\">\n<td style=\"width: 11.8493%; vertical-align: top; text-align: left; height: 24px;\"><span style=\"color: #000000;\">III koht<\/span><\/td>\n<td style=\"width: 62.9151%; vertical-align: top; text-align: left; height: 24px;\"><strong>Jasmiin Johanson<\/strong><\/td>\n<td style=\"width: 25.6265%; vertical-align: top; text-align: left; height: 24px;\">Kaido Tiits<\/td>\n<\/tr>\n<tr style=\"height: 24px;\">\n<td style=\"width: 100.391%; height: 24px; background-color: #cd2662; text-align: left; vertical-align: top;\" colspan=\"3\"><span style=\"color: #000000;\"><strong><span style=\"color: #ffffff;\">Ilutegija pedik\u00fc\u00fcr \/ Teko meistriv\u00f5istlused 30.01.2025<\/span><\/strong><\/span><\/td>\n<\/tr>\n<tr style=\"height: 24px;\">\n<td style=\"width: 11.8493%; vertical-align: top; text-align: left; height: 24px;\"><span style=\"color: #000000;\">I koht<\/span><\/td>\n<td style=\"width: 62.9151%; vertical-align: top; text-align: left; height: 24px;\"><strong>Kelly Perker<\/strong><\/td>\n<td style=\"width: 25.6265%; vertical-align: top; text-align: left; height: 24px;\">Siret Rannik<\/td>\n<\/tr>\n<tr style=\"height: 24px;\">\n<td style=\"width: 11.8493%; vertical-align: top; text-align: left; height: 27px;\"><span style=\"color: #000000;\">II koht<\/span><\/td>\n<td style=\"width: 62.9151%; vertical-align: top; text-align: left; height: 27px;\"><strong>Anneli Barinova<\/strong><\/td>\n<td style=\"width: 25.6265%; vertical-align: top; text-align: left; height: 27px;\">Siret Rannik<\/td>\n<\/tr>\n<tr style=\"height: 24px;\">\n<td style=\"width: 11.8493%; vertical-align: top; text-align: left; height: 24px;\"><span style=\"color: #000000;\">III koht<\/span><\/td>\n<td style=\"width: 62.9151%; vertical-align: top; text-align: left; height: 24px;\"><strong>Hanna Maris Kauge<\/strong><\/td>\n<td style=\"width: 25.6265%; vertical-align: top; text-align: left; height: 24px;\">Siret Rannik<\/td>\n<\/tr>\n<tr style=\"height: 24px;\">\n<td style=\"width: 100.391%; height: 24px; background-color: #cd2662; text-align: left; vertical-align: top;\" colspan=\"3\"><span style=\"color: #000000;\"> <strong><span style=\"color: #ffffff;\">Spaateenindaja \/ Teko meistriv\u00f5istlused 30.01.2025<\/span><\/strong><\/span><\/td>\n<\/tr>\n<tr style=\"height: 24px;\">\n<td style=\"width: 11.8493%; vertical-align: top; text-align: left; height: 24px;\"><span style=\"color: #000000;\">I koht<\/span><\/td>\n<td style=\"width: 62.9151%; vertical-align: top; text-align: left; height: 24px;\"><strong>Katre Saarik<\/strong><\/td>\n<td style=\"width: 25.6265%; vertical-align: top; text-align: left; height: 24px;\"><span style=\"color: #000000;\">Sirje Tammeoks<\/span><\/td>\n<\/tr>\n<tr style=\"height: 24px;\">\n<td style=\"width: 11.8493%; vertical-align: top; text-align: left; height: 24px;\"><span style=\"color: #000000;\">II koht<\/span><\/td>\n<td style=\"width: 62.9151%; vertical-align: top; text-align: left; height: 24px;\"><strong>K\u00e4tlin Johansoo<\/strong><\/td>\n<td style=\"width: 25.6265%; vertical-align: top; text-align: left; height: 24px;\"><span style=\"color: #000000;\">Sirje Tammeoks<\/span><\/td>\n<\/tr>\n<tr style=\"height: 24px;\">\n<td style=\"width: 11.8493%; vertical-align: top; text-align: left; height: 24px;\"><span style=\"color: #000000;\">III koht<\/span><\/td>\n<td style=\"width: 62.9151%; vertical-align: top; text-align: left; height: 24px;\"><strong>Marika Sundatova<\/strong><\/td>\n<td style=\"width: 25.6265%; vertical-align: top; text-align: left; height: 24px;\"><span style=\"color: #000000;\">Sirje Tammeoks<\/span><\/td>\n<\/tr>\n<tr style=\"height: 24px;\">\n<td style=\"width: 100.391%; height: 24px; background-color: #cd2662; text-align: left; vertical-align: top;\" colspan=\"3\"><span style=\"color: #000000;\"> <strong><span style=\"color: #ffffff;\">Spaateenindaja \/ Teko meistriv\u00f5istlused 30.01.2025<\/span><\/strong><\/span><\/td>\n<\/tr>\n<tr style=\"height: 24px;\">\n<td style=\"width: 11.8493%; vertical-align: top; text-align: left; height: 24px;\">I koht<\/td>\n<td style=\"width: 62.9151%; vertical-align: top; text-align: left; height: 24px;\"><strong>Kerli Sabbal<\/strong><\/td>\n<td style=\"width: 25.6265%; vertical-align: top; text-align: left; height: 24px;\"><span style=\"color: #000000;\">Kaido Tiits<\/span><\/td>\n<\/tr>\n<tr style=\"height: 24px;\">\n<td style=\"width: 11.8493%; vertical-align: top; text-align: left; height: 24px;\">II koht<\/td>\n<td style=\"width: 62.9151%; vertical-align: top; text-align: left; height: 24px;\"><strong>Margareth Peiel<\/strong><\/td>\n<td style=\"width: 25.6265%; vertical-align: top; text-align: left; height: 24px;\"><span style=\"color: #000000;\">Kaido Tiits<\/span><\/td>\n<\/tr>\n<tr style=\"height: 24px;\">\n<td style=\"width: 11.8493%; vertical-align: top; text-align: left; height: 24px;\">III koht<\/td>\n<td style=\"width: 62.9151%; vertical-align: top; text-align: left; height: 24px;\"><strong>Edgar Tamberg<\/strong><\/td>\n<td style=\"width: 25.6265%; vertical-align: top; text-align: left; height: 24px;\"><span style=\"color: #000000;\">Kaido Tiits<\/span><\/td>\n<\/tr>\n<tr style=\"height: 24px;\">\n<td style=\"width: 11.8493%; vertical-align: top; text-align: left; height: 24px;\">Park inn Radisson Meriton Tallinn eriauhind<\/td>\n<td style=\"width: 62.9151%; vertical-align: top; text-align: left; height: 24px;\"><strong>Sandra Saar<\/strong><\/td>\n<td style=\"width: 25.6265%; vertical-align: top; text-align: left; height: 24px;\"><span style=\"color: #000000;\">\u00a0<\/span><\/td>\n<\/tr>\n<tr style=\"height: 24px;\">\n<td style=\"width: 11.8493%; vertical-align: top; text-align: left; height: 24px;\">Image Skincare br\u00e4ndi eriauhind<\/td>\n<td style=\"width: 62.9151%; vertical-align: top; text-align: left; height: 24px;\"><strong>Krislin Murumaa<\/strong><\/td>\n<td style=\"width: 25.6265%; vertical-align: top; text-align: left; height: 24px;\"><span style=\"color: #000000;\">\u00a0<\/span><\/td>\n<\/tr>\n<tr style=\"height: 24px;\">\n<td style=\"width: 11.8493%; vertical-align: top; text-align: left; background-color: #cd2662; height: 24px;\"><span style=\"color: #000000;\"><strong><span style=\"color: #ffffff;\">K\u00fc\u00fcnetehnik<\/span><\/strong><\/span><\/td>\n<td style=\"width: 62.9151%; vertical-align: top; text-align: left; background-color: #cd2662; height: 24px;\"><span style=\"color: #000000;\"><b><strong><span style=\"color: #ffffff;\">\/ Teko meistriv\u00f5istlused 30.01.2025<\/span><\/strong><\/b><\/span><\/td>\n<td style=\"width: 25.6265%; vertical-align: top; text-align: left; background-color: #cd2662; height: 24px;\"><span style=\"color: #000000;\">\u00a0<\/span><\/td>\n<\/tr>\n<tr style=\"height: 24px;\">\n<td style=\"width: 11.8493%; vertical-align: top; text-align: left; height: 24px;\"><span style=\"color: #000000;\">\u00a0I koht<\/span><\/td>\n<td style=\"width: 62.9151%; vertical-align: top; text-align: left; height: 24px;\"><strong>Stella-Triin Fluss<\/strong><\/td>\n<td style=\"width: 25.6265%; vertical-align: top; text-align: left; height: 24px;\"><span style=\"color: #000000;\"> Siret Rannik<\/span><\/td>\n<\/tr>\n<tr style=\"height: 24px;\">\n<td style=\"width: 11.8493%; vertical-align: top; text-align: left; height: 24px;\"><span style=\"color: #000000;\">\u00a0II koht<\/span><\/td>\n<td style=\"width: 62.9151%; vertical-align: top; text-align: left; height: 24px;\"><strong>Maris Tetsmann<\/strong><\/td>\n<td style=\"width: 25.6265%; vertical-align: top; text-align: left; height: 24px;\"><span style=\"color: #000000;\"> Siret Rannik<\/span><\/td>\n<\/tr>\n<tr style=\"height: 24px;\">\n<td style=\"width: 11.8493%; vertical-align: top; text-align: left; height: 24px;\"><span style=\"color: #000000;\">\u00a0III koht<\/span><\/td>\n<td style=\"width: 62.9151%; vertical-align: top; text-align: left; height: 24px;\"><strong>Lisete-Lorena Kosman<\/strong><\/td>\n<td style=\"width: 25.6265%; vertical-align: top; text-align: left; height: 24px;\"><span style=\"color: #000000;\"> Siret Rannik<\/span><\/td>\n<\/tr>\n<tr style=\"height: 24px;\">\n<td style=\"width: 100.391%; height: 24px; background-color: #cd2662; text-align: left; vertical-align: top;\" colspan=\"3\"><span style=\"color: #000000;\"> <strong><span style=\"color: #ffffff;\">Klienditeenindaja \/ Teko meistriv\u00f5istlused 30.01.2025<\/span><\/strong><\/span><\/td>\n<\/tr>\n<tr style=\"height: 24px;\">\n<td style=\"width: 11.8493%; vertical-align: top; text-align: left; height: 24px;\"><span style=\"color: #000000;\">I koht<\/span><\/td>\n<td style=\"width: 62.9151%; vertical-align: top; text-align: left; height: 24px;\"><strong>Vivian Mehik<\/strong><\/td>\n<td style=\"width: 25.6265%; vertical-align: top; text-align: left; height: 24px;\">Roman Fokin<\/td>\n<\/tr>\n<tr style=\"height: 24px;\">\n<td style=\"width: 11.8493%; vertical-align: top; text-align: left; height: 24px;\"><span style=\"color: #000000;\">II koht<\/span><\/td>\n<td style=\"width: 62.9151%; vertical-align: top; text-align: left; height: 24px;\"><strong>Krislin Tatter<\/strong><\/td>\n<td style=\"width: 25.6265%; vertical-align: top; text-align: left; height: 24px;\">Aive Antson<\/td>\n<\/tr>\n<tr style=\"height: 24px;\">\n<td style=\"width: 11.8493%; vertical-align: top; text-align: left; height: 24px;\"><span style=\"color: #000000;\">III koht<\/span><\/td>\n<td style=\"width: 62.9151%; vertical-align: top; text-align: left; height: 24px;\"><strong>Kaisa-Kai Rant<\/strong><\/td>\n<td style=\"width: 25.6265%; vertical-align: top; text-align: left; height: 24px;\">Aive Antson<\/td>\n<\/tr>\n<tr style=\"height: 24px;\">\n<td style=\"width: 11.8493%; vertical-align: top; text-align: left; height: 24px;\"><\/td>\n<td style=\"width: 62.9151%; vertical-align: top; text-align: left; height: 24px;\"><\/td>\n<td style=\"width: 25.6265%; vertical-align: top; text-align: left; height: 24px;\"><\/td>\n<\/tr>\n<tr style=\"height: 24px;\">\n<td style=\"width: 100.391%; background-color: #cd2662; text-align: left; vertical-align: top; height: 24px;\" colspan=\"3\"><span style=\"color: #000000;\"><strong><span style=\"color: #ffffff;\">M\u00fc\u00fcgikorraldaja \/ Teko meistriv\u00f5istlused 30.01.2025<\/span><\/strong><\/span><span style=\"color: #000000;\"><br \/>\n<\/span><\/td>\n<\/tr>\n<tr style=\"height: 24px;\">\n<td style=\"width: 11.8493%; vertical-align: top; text-align: left; height: 24px;\"><span style=\"color: #000000;\">I koht<\/span><\/td>\n<td style=\"width: 62.9151%; vertical-align: top; text-align: left; height: 24px;\"><strong>Rai Rakkaselg<\/strong><\/td>\n<td style=\"width: 25.6265%; vertical-align: top; text-align: left; height: 24px;\">Kristi Vilkis<\/td>\n<\/tr>\n<tr style=\"height: 24px;\">\n<td style=\"width: 11.8493%; vertical-align: top; text-align: left; height: 24px;\"><span style=\"color: #000000;\">II koht<\/span><\/td>\n<td style=\"width: 62.9151%; vertical-align: top; text-align: left; height: 24px;\"><strong>Siiri Klettenberg<\/strong><\/td>\n<td style=\"width: 25.6265%; vertical-align: top; text-align: left; height: 24px;\">Kristi Vilkis<\/td>\n<\/tr>\n<tr style=\"height: 24px;\">\n<td style=\"width: 11.8493%; vertical-align: top; text-align: left; height: 24px;\">III koht<\/td>\n<td style=\"width: 62.9151%; vertical-align: top; text-align: left; height: 24px;\"><strong>Natalja Dubrova<\/strong><\/td>\n<td style=\"width: 25.6265%; vertical-align: top; text-align: left; height: 24px;\">Kristi Vilkis<\/td>\n<\/tr>\n<tr style=\"height: 24px;\">\n<td style=\"width: 100.391%; background-color: #cd2662; text-align: left; vertical-align: top; height: 24px;\" colspan=\"3\"><span style=\"color: #000000;\"><strong><span style=\"color: #ffffff;\">Kuldne Kulp \/ Teko meistriv\u00f5istlused 30.01.2025<\/span><\/strong><\/span><\/td>\n<\/tr>\n<tr style=\"height: 24px;\">\n<td style=\"width: 11.8493%; vertical-align: top; text-align: left; height: 24px;\">I koht<\/td>\n<td style=\"width: 62.9151%; vertical-align: top; text-align: left; height: 24px;\"><!--StartFragment --><strong><span class=\"cf0\">Pavel Volossatov<\/span><\/strong><!--EndFragment --><\/td>\n<td style=\"width: 25.6265%; vertical-align: top; text-align: left; height: 24px;\"><!--StartFragment --><span class=\"cf0\">Irina Horo<\/span><span class=\"cf1\">\u0161ihh<\/span><!--EndFragment --><\/td>\n<\/tr>\n<tr style=\"height: 24px;\">\n<td style=\"width: 11.8493%; vertical-align: top; text-align: left; height: 24px;\"><span style=\"color: #000000;\">II koht<\/span><\/td>\n<td style=\"width: 62.9151%; vertical-align: top; text-align: left; height: 24px;\"><!--StartFragment --><strong><span class=\"cf0\">Jenny Roos<\/span><\/strong><!--EndFragment --><\/td>\n<td style=\"width: 25.6265%; vertical-align: top; text-align: left; height: 24px;\"><!--StartFragment --><span class=\"cf0\">Eero-Olavi<\/span><span class=\"cf0\"> Kippa<\/span><!--EndFragment --><\/td>\n<\/tr>\n<tr style=\"height: 24px;\">\n<td style=\"width: 11.8493%; vertical-align: top; text-align: left; height: 24px;\"><span style=\"color: #000000;\">III koht<\/span><\/td>\n<td style=\"width: 62.9151%; vertical-align: top; text-align: left; height: 24px;\"><!--StartFragment --><strong><span class=\"cf0\">Nikita Kuzjomin<\/span><\/strong><!--EndFragment --><\/td>\n<td style=\"width: 25.6265%; vertical-align: top; text-align: left; height: 24px;\"><!--StartFragment --><span class=\"cf0\">Sophia Vakulich<\/span><!--EndFragment --><\/td>\n<\/tr>\n<tr style=\"height: 24px;\">\n<td style=\"width: 11.8493%; vertical-align: top; text-align: left; height: 25px;\">Kaupmehe eripreemia parima vegan eelroa eest<\/td>\n<td style=\"width: 62.9151%; vertical-align: top; text-align: left; height: 25px;\"><strong>Jenny Roos<\/strong><\/td>\n<td style=\"width: 25.6265%; vertical-align: top; text-align: left; height: 25px;\"><span style=\"color: #000000;\"> <span class=\"cf0\">Eero-Olavi<\/span><span class=\"cf0\"> Kippa<\/span><\/span><\/td>\n<\/tr>\n<tr style=\"height: 120px;\">\n<td style=\"width: 11.8493%; vertical-align: top; text-align: left; height: 120px;\">Maru Metspalu eripreemia parima idee ja teostuse eest vegan eelroa valmistamisel<\/td>\n<td style=\"width: 62.9151%; vertical-align: top; text-align: left; height: 120px;\"><strong>Sophia Frangulidi<\/strong><\/td>\n<td style=\"width: 25.6265%; vertical-align: top; text-align: left; height: 120px;\"><span style=\"color: #000000;\"><span class=\"cf0\">Pirje P\u00e4rimets<\/span><\/span><\/td>\n<\/tr>\n<tr style=\"height: 48px;\">\n<td style=\"width: 11.8493%; vertical-align: top; text-align: left; height: 48px;\">Promo Cash &amp; Carry eripreemia<\/td>\n<td style=\"width: 62.9151%; vertical-align: top; text-align: left; height: 48px;\"><strong>Pavel Volossatov<\/strong><\/td>\n<td style=\"width: 25.6265%; vertical-align: top; text-align: left; height: 48px;\"><span style=\"color: #000000;\"><span class=\"cf0\">Irina Horo\u0161ihh<\/span><\/span><\/td>\n<\/tr>\n<tr style=\"height: 48px;\">\n<td style=\"width: 11.8493%; vertical-align: top; text-align: left; background-color: #cd2662; height: 48px;\"><span style=\"color: #000000;\"><strong><span style=\"color: #ffffff;\">Parim Teko Burger<\/span><\/strong><\/span><\/td>\n<td style=\"width: 62.9151%; vertical-align: top; text-align: left; background-color: #cd2662; height: 48px;\"><strong><span style=\"color: #000000;\"><span style=\"color: #ffffff;\">\/Teko meistriv\u00f5istlused 30.01.2025<\/span><\/span><\/strong><\/td>\n<td style=\"width: 25.6265%; vertical-align: top; text-align: left; background-color: #cd2662; height: 48px;\"><span style=\"color: #000000;\">\u00a0<\/span><\/td>\n<\/tr>\n<tr style=\"height: 24px;\">\n<td style=\"width: 11.8493%; vertical-align: top; text-align: left; height: 24px;\"><span style=\"color: #000000;\">I koht<\/span><\/td>\n<td style=\"width: 62.9151%; vertical-align: top; text-align: left; height: 24px;\"><!--StartFragment --><strong><span class=\"cf0\">Roman Kulibaba<\/span><\/strong><!--EndFragment --><\/td>\n<td style=\"width: 25.6265%; vertical-align: top; text-align: left; height: 24px;\"><!--StartFragment --><span class=\"cf0\">Yuliia Bohatyrova<\/span><!--EndFragment --><\/td>\n<\/tr>\n<tr style=\"height: 24px;\">\n<td style=\"width: 11.8493%; vertical-align: top; text-align: left; height: 24px;\"><span style=\"color: #000000;\">II koht<\/span><\/td>\n<td style=\"width: 62.9151%; vertical-align: top; text-align: left; height: 24px;\"><!--StartFragment --><strong><span class=\"cf0\">Iryna Krychuk<\/span><\/strong><!--EndFragment --><\/td>\n<td style=\"width: 25.6265%; vertical-align: top; text-align: left; height: 24px;\"><span style=\"color: #000000;\">Yuliia Bohatyrova<\/span><\/td>\n<\/tr>\n<tr style=\"height: 24px;\">\n<td style=\"width: 11.8493%; vertical-align: top; text-align: left; height: 24px;\"><span style=\"color: #000000;\">III koht<\/span><\/td>\n<td style=\"width: 62.9151%; vertical-align: top; text-align: left; height: 24px;\"><!--StartFragment --><strong><span class=\"cf0\">Viktoria Levitskaja<\/span><\/strong><!--EndFragment --><\/td>\n<td style=\"width: 25.6265%; vertical-align: top; text-align: left; height: 24px;\"><!--StartFragment --><span class=\"cf0\">Ljudmilla Zahharova<\/span><!--EndFragment --><\/td>\n<\/tr>\n<tr style=\"height: 24px;\">\n<td style=\"width: 100.391%; background-color: #cd2662; text-align: left; vertical-align: top; height: 24px;\" colspan=\"3\"><span style=\"color: #000000;\"><strong><span style=\"color: #ffffff;\">Kondiiter \/ Teko meistriv\u00f5istlused 30.01.2025<\/span><\/strong><\/span><\/td>\n<\/tr>\n<tr style=\"height: 24px;\">\n<td style=\"width: 11.8493%; vertical-align: top; text-align: left; height: 24px;\"><span style=\"color: #000000;\">I koht<\/span><\/td>\n<td style=\"width: 62.9151%; vertical-align: top; text-align: left; height: 24px;\"><!--StartFragment --><strong><span class=\"cf0\">Laura Oiluk, Eneli Maisa<\/span><\/strong><!--EndFragment --><\/td>\n<td style=\"width: 25.6265%; vertical-align: top; text-align: left; height: 24px;\"><!--StartFragment --><span class=\"cf0\">Piret P<\/span><span class=\"cf1\">\u00e4<\/span><span class=\"cf0\">rnaku<\/span><!--EndFragment --><\/td>\n<\/tr>\n<tr style=\"height: 24px;\">\n<td style=\"width: 11.8493%; vertical-align: top; text-align: left; height: 24px;\"><span style=\"color: #000000;\">II koht<\/span><\/td>\n<td style=\"width: 62.9151%; vertical-align: top; text-align: left; height: 24px;\"><!--StartFragment --><strong><span class=\"cf0\">Stella Maria Metsak, Triniti Bergmann<\/span><\/strong><!--EndFragment --><\/td>\n<td style=\"width: 25.6265%; vertical-align: top; text-align: left; height: 24px;\"><!--StartFragment --><span class=\"cf0\">Piret P<\/span><span class=\"cf1\">\u00e4<\/span><span class=\"cf0\">rnaku<\/span><!--EndFragment --><\/td>\n<\/tr>\n<tr style=\"height: 24px;\">\n<td style=\"width: 11.8493%; vertical-align: top; text-align: left; height: 24px;\"><span style=\"color: #000000;\">III koht<\/span><\/td>\n<td style=\"width: 62.9151%; vertical-align: top; text-align: left; height: 24px;\"><!--StartFragment --><strong><span class=\"cf0\">Ksenija Polivenko, Violetta Viter<\/span><\/strong><!--EndFragment --><\/td>\n<td style=\"width: 25.6265%; vertical-align: top; text-align: left; height: 24px;\"><!--StartFragment --><span class=\"cf0\">Ljudmila Butnik<\/span><!--EndFragment --><\/td>\n<\/tr>\n<tr style=\"height: 24px;\">\n<td style=\"width: 100.391%; background-color: #cd2662; text-align: left; vertical-align: top; height: 24px;\" colspan=\"3\"><span style=\"color: #000000;\"><strong><span style=\"color: #ffffff;\">Pagar \/ Teko meistriv\u00f5istlused 30.01.2025<\/span><\/strong><\/span><span style=\"color: #000000;\"><br \/>\n<\/span><\/td>\n<\/tr>\n<tr style=\"height: 24px;\">\n<td style=\"width: 11.8493%; vertical-align: top; text-align: left; height: 24px;\"><span style=\"color: #000000;\">I koht<\/span><\/td>\n<td style=\"width: 62.9151%; vertical-align: top; text-align: left; height: 24px;\"><!--StartFragment --><strong><span class=\"cf0\">Elisaveta Pavlova<\/span><\/strong><!--EndFragment --><\/td>\n<td style=\"width: 25.6265%; vertical-align: top; text-align: left; height: 24px;\"><!--StartFragment --><span class=\"cf0\">Jevgeni Kirilahha<\/span><!--EndFragment --><\/td>\n<\/tr>\n<tr style=\"height: 24px;\">\n<td style=\"width: 11.8493%; vertical-align: top; text-align: left; height: 24px;\"><span style=\"color: #000000;\">II koht<\/span><\/td>\n<td style=\"width: 62.9151%; vertical-align: top; text-align: left; height: 24px;\"><!--StartFragment --><strong><span class=\"cf0\">Jana Ruljova<\/span><\/strong><!--EndFragment --><\/td>\n<td style=\"width: 25.6265%; vertical-align: top; text-align: left; height: 24px;\">Jevgeni Kirilahha<\/td>\n<\/tr>\n<tr style=\"height: 24px;\">\n<td style=\"width: 11.8493%; vertical-align: top; text-align: left; height: 24px;\"><span style=\"color: #000000;\">III koht<\/span><\/td>\n<td style=\"width: 62.9151%; vertical-align: top; text-align: left; height: 24px;\"><!--StartFragment --><strong><span class=\"cf0\">Kristjan Volkov<\/span><\/strong><!--EndFragment --><\/td>\n<td style=\"width: 25.6265%; vertical-align: top; text-align: left; height: 24px;\"><!--StartFragment --><span class=\"cf0\">Ljudmila Butnik<\/span><!--EndFragment --><\/td>\n<\/tr>\n<tr style=\"height: 48px;\">\n<td style=\"width: 11.8493%; vertical-align: top; text-align: left; height: 48px;\"><span style=\"color: #000000;\">Promo Cash &amp; Carry eripreemia<\/span><\/td>\n<td style=\"width: 62.9151%; vertical-align: top; text-align: left; height: 48px;\"><strong><span class=\"cf0\">Elizaveta Pavlova<\/span><\/strong><\/td>\n<td style=\"width: 25.6265%; vertical-align: top; text-align: left; height: 48px;\"><span class=\"cf0\">Jevgeni Kirilahha<\/span><\/td>\n<\/tr>\n<tr style=\"height: 24px;\">\n<td style=\"width: 100.391%; height: 24px; background-color: #cd2662; text-align: left; vertical-align: top;\" colspan=\"3\"><span style=\"color: #000000;\"><strong><span style=\"color: #ffffff;\">Wikiteko \/ Teko meistriv\u00f5istlused 30.01.2025<\/span><\/strong><\/span><\/td>\n<\/tr>\n<tr style=\"height: 24px;\">\n<td style=\"width: 11.8493%; vertical-align: top; text-align: left; height: 24px;\"><span style=\"color: #000000;\">I koht<\/span><\/td>\n<td style=\"width: 62.9151%; vertical-align: top; text-align: left; height: 24px;\"><strong><!--StartFragment --><span class=\"cf0\">Liisi Helena Kasesalu, Laura-Liis Lindsalu, Adeelia P<\/span><span class=\"cf1\">\u00e4<\/span><span class=\"cf0\">ll<\/span><!--EndFragment --><\/strong><\/td>\n<td style=\"width: 25.6265%; vertical-align: top; text-align: left; height: 24px;\"><span style=\"color: #000000;\"> <!--StartFragment --><span class=\"cf0\">Eha Martma<\/span><!--EndFragment --><\/span><\/td>\n<\/tr>\n<tr style=\"height: 24px;\">\n<td style=\"width: 11.8493%; vertical-align: top; text-align: left; height: 24px;\"><span style=\"color: #000000;\">II koht<\/span><\/td>\n<td style=\"width: 62.9151%; vertical-align: top; text-align: left; height: 24px;\"><strong><!--StartFragment --><span class=\"cf0\">Inger-Dagmar Kampus, Annabel Truuveer, Markus Kell<\/span><!--EndFragment --><\/strong><\/td>\n<td style=\"width: 25.6265%; vertical-align: top; text-align: left; height: 24px;\"><span style=\"color: #000000;\"> <!--StartFragment --><span class=\"cf0\">Roman Fokin<\/span><!--EndFragment --><\/span><\/td>\n<\/tr>\n<tr style=\"height: 24px;\">\n<td style=\"width: 11.8493%; vertical-align: top; text-align: left; height: 24px;\"><span style=\"color: #000000;\">III koht<\/span><\/td>\n<td style=\"width: 62.9151%; vertical-align: top; text-align: left; height: 24px;\"><!--StartFragment --><strong><span class=\"cf0\">Ameelia Ko<\/span><span class=\"cf0\">ppel, Olivia Vaaderpass<\/span><\/strong><!--EndFragment --><\/td>\n<td style=\"height: 24px; width: 25.6265%;\"><!--StartFragment --><span class=\"cf0\">Eha Martma<\/span><!--EndFragment --><\/td>\n<\/tr>\n<\/tbody>\n<\/table>\n<h2><\/h2>\n<h2><span style=\"color: #cd2662;\"><a id=\"S2023\"><\/a>2024<\/span><\/h2>\n<table style=\"width: 91.5213%; height: 1983px;\">\n<tbody>\n<tr style=\"height: 24px;\">\n<td style=\"width: 11.6638%; vertical-align: top; height: 24px; text-align: left;\"><span style=\"color: #cd2662;\"><em>v\u00f5istlus \/ kuup\u00e4ev<\/em><\/span><\/td>\n<td style=\"width: 63.1006%; vertical-align: top; height: 24px; text-align: left;\"><span style=\"color: #cd2662;\"><em>osaleja<\/em><\/span><\/td>\n<td style=\"width: 25.6265%; vertical-align: top; height: 24px; text-align: left;\"><span style=\"color: #cd2662;\"><em>juhendaja<\/em><\/span><\/td>\n<\/tr>\n<tr style=\"height: 24px;\">\n<td style=\"width: 11.6638%; vertical-align: top; text-align: left; background-color: #cd2662; height: 24px;\"><strong><span style=\"color: #ffffff;\">Worldskills 2024<\/span><\/strong><\/td>\n<td style=\"width: 63.1006%; vertical-align: top; text-align: left; background-color: #cd2662; height: 24px;\"><strong><span style=\"color: #ffffff;\">Lyon<\/span><\/strong><\/td>\n<td style=\"width: 25.6265%; vertical-align: top; text-align: left; background-color: #cd2662; height: 24px;\"><span style=\"color: #cd2662;\"><em>\u00a0<\/em><\/span><\/td>\n<\/tr>\n<tr style=\"height: 48px;\">\n<td style=\"width: 11.6638%; vertical-align: top; text-align: left; height: 48px;\"><span style=\"color: #cd2662;\"><span style=\"color: #000000;\"><strong>meisterlikkuse medal<\/strong><\/span><\/span><\/td>\n<td style=\"width: 63.1006%; vertical-align: top; text-align: left; height: 48px;\"><strong><span style=\"color: #000000;\">Renate Paevere (+Best of Nation) kokk<\/span><\/strong><\/td>\n<td style=\"width: 25.6265%; vertical-align: top; text-align: left; height: 48px;\"><span style=\"color: #cd2662;\"><span style=\"color: #000000;\">Kristi Tiido<\/span><\/span><\/td>\n<\/tr>\n<tr style=\"height: 24px;\">\n<td style=\"width: 11.6638%; vertical-align: top; text-align: left; height: 24px;\"><span style=\"color: #cd2662;\"><span style=\"color: #000000;\"><strong>osalemine<\/strong><\/span><\/span><\/td>\n<td style=\"width: 63.1006%; vertical-align: top; text-align: left; height: 24px;\"><strong><span style=\"color: #cd2662;\"><span style=\"color: #000000;\">Karolina Lass (restoraniteenindus)<\/span><\/span><\/strong><\/td>\n<td style=\"width: 25.6265%; vertical-align: top; text-align: left; height: 24px;\"><span style=\"color: #000000;\">Kaimar Palm<\/span><\/td>\n<\/tr>\n<tr style=\"height: 24px;\">\n<td style=\"width: 100.391%; background-color: #cd2662; text-align: left; vertical-align: top; height: 24px;\" colspan=\"3\"><strong><span style=\"color: #ffffff;\">Noor Meister 2024 kaubanduse kutsemeistriv\u00f5istlused \/ 15.05.2024 Tallinn<\/span><\/strong><\/td>\n<\/tr>\n<tr style=\"height: 24px;\">\n<td style=\"text-align: left; vertical-align: top; height: 24px; width: 11.6638%; background-color: #ffffff;\"><span style=\"color: #000000;\"><strong>I koht\u00a0<\/strong><\/span><\/td>\n<td style=\"text-align: left; vertical-align: top; width: 63.1006%; background-color: #ffffff; height: 24px;\"><span style=\"color: #000000;\"><strong>Elisabeth-Mary Vainrauh- Piilik<\/strong> \/ klienditeenindaja kaubanduses eriala<\/span><\/td>\n<td style=\"text-align: left; vertical-align: top; width: 25.6265%; background-color: #ffffff; height: 24px;\"><span style=\"color: #000000;\">Kristi Vilkis<\/span><\/td>\n<\/tr>\n<tr style=\"height: 24px;\">\n<td style=\"text-align: left; vertical-align: top; width: 11.6638%; background-color: #ffffff; height: 24px;\"><span style=\"color: #000000;\"><strong>III koht\u00a0<\/strong><\/span><\/td>\n<td style=\"text-align: left; vertical-align: top; width: 63.1006%; background-color: #ffffff; height: 24px;\"><span style=\"color: #000000;\"><strong>Elis -Marie Lillem\u00e4e<\/strong> \/ klienditeenindaja kaubanduses eriala<\/span><\/td>\n<td style=\"text-align: left; vertical-align: top; width: 25.6265%; background-color: #ffffff; height: 24px;\"><span style=\"color: #000000;\">Kristi Vilkis<\/span><\/td>\n<\/tr>\n<tr style=\"height: 24px;\">\n<td style=\"width: 100.391%; background-color: #cd2662; text-align: left; vertical-align: top; height: 24px;\" colspan=\"3\"><strong><span style=\"color: #ffffff;\">Noor Meister 2024\u00a0 <\/span><\/strong><span style=\"color: #ffffff;\">\/<strong> vastuv\u00f5tu administraatori kutsemeistriv\u00f5istlus 15.05.2024 Tallinn<\/strong><\/span><\/td>\n<\/tr>\n<tr style=\"height: 24px;\">\n<td style=\"text-align: left; vertical-align: top; height: 24px; width: 11.6638%; background-color: #ffffff;\"><strong><span style=\"color: #000000;\">I koht<\/span><\/strong><\/td>\n<td style=\"text-align: left; vertical-align: top; width: 63.1006%; background-color: #ffffff; height: 24px;\"><strong><span style=\"color: #000000;\">Karin Paadam<\/span><\/strong><\/td>\n<td style=\"text-align: left; vertical-align: top; width: 25.6265%; background-color: #ffffff; height: 24px;\"><span style=\"color: #000000;\">Kerli Vint<\/span><\/td>\n<\/tr>\n<tr style=\"height: 24px;\">\n<td style=\"text-align: left; vertical-align: top; width: 11.6638%; background-color: #ffffff; height: 24px;\"><strong><span style=\"color: #000000;\">II koht<\/span><\/strong><\/td>\n<td style=\"text-align: left; vertical-align: top; width: 63.1006%; background-color: #ffffff; height: 24px;\"><span style=\"color: #000000;\"><strong>Patrik Loit<\/strong><\/span><\/td>\n<td style=\"text-align: left; vertical-align: top; width: 25.6265%; background-color: #ffffff; height: 24px;\"><span style=\"color: #000000;\">Kerli Vint<\/span><\/td>\n<\/tr>\n<tr style=\"height: 24x;\">\n<td style=\"width: 100.391%; height: 24px; background-color: #cd2662; text-align: left; vertical-align: top;\" colspan=\"3\"><strong><span style=\"color: #ffffff;\">Vastuv\u00f5tuadministraator \/ Teko meistriv\u00f5istlused 1.02.2024<\/span><\/strong><span style=\"color: #000000;\"><br \/>\n<\/span><\/td>\n<\/tr>\n<tr style=\"height: 24px;\">\n<td style=\"width: 11.6638%; vertical-align: top; text-align: left; height: 24px;\"><strong>I koht<\/strong><\/td>\n<td style=\"width: 63.1006%; vertical-align: top; text-align: left; height: 24px;\"><strong><span style=\"color: #000000;\">Hanna Eliise K\u00f5ivastik, Anete-Lisete Pamberg<\/span><\/strong><\/td>\n<td style=\"width: 25.6265%; vertical-align: top; text-align: left; height: 24px;\"><span style=\"color: #000000;\">Kerli Vint, Jekaterina Matinkin<\/span><\/td>\n<\/tr>\n<tr style=\"height: 24px;\">\n<td style=\"width: 11.6638%; vertical-align: top; text-align: left; height: 24px;\"><strong><span style=\"color: #000000;\">II koht<\/span><\/strong><\/td>\n<td style=\"width: 63.1006%; vertical-align: top; text-align: left; height: 24px;\"><strong>Patrik Loit, Monika Znotinaite<\/strong><\/td>\n<td style=\"width: 25.6265%; vertical-align: top; text-align: left; height: 24px;\"><span style=\"color: #000000;\">Kerli Vint, Jekaterina Matinkin<\/span><\/td>\n<\/tr>\n<tr style=\"height: 10px;\">\n<td style=\"width: 11.6638%; vertical-align: top; text-align: left; height: 10px;\"><strong><span style=\"color: #000000;\">III koht<\/span><\/strong><\/td>\n<td style=\"width: 63.1006%; vertical-align: top; text-align: left; height: 10px;\"><strong>Getter Jaani, Valerija Jusupova<\/strong><\/td>\n<td style=\"width: 25.6265%; vertical-align: top; text-align: left; height: 10px;\"><span style=\"color: #000000;\">Kerli Vint, Jekaterina Matinkin<\/span><\/td>\n<\/tr>\n<tr style=\"height: 24px;\">\n<td style=\"width: 100.391%; height: 24px; background-color: #cd2662; text-align: left; vertical-align: top;\" colspan=\"3\"><strong><span style=\"color: #ffffff;\">Hotelliteenindaja \/ Teko meistriv\u00f5istlused 1.02.2024<\/span><\/strong><\/td>\n<\/tr>\n<tr style=\"height: 24px;\">\n<td style=\"width: 11.6638%; vertical-align: top; text-align: left; height: 24px;\"><span style=\"color: #000000;\">I koht<\/span><\/td>\n<td style=\"width: 63.1006%; vertical-align: top; text-align: left; height: 24px;\"><strong><span style=\"color: #000000;\">Jennifer Pajuste, Kamilla Jarets<\/span><\/strong><\/td>\n<td style=\"width: 25.6265%; vertical-align: top; text-align: left; height: 24px;\"><span style=\"color: #000000;\"> Triin Henn<\/span><\/td>\n<\/tr>\n<tr style=\"height: 24px;\">\n<td style=\"width: 11.6638%; vertical-align: top; text-align: left; height: 24px;\"><span style=\"color: #000000;\">II koht<\/span><\/td>\n<td style=\"width: 63.1006%; vertical-align: top; text-align: left; height: 24px;\"><strong><span style=\"color: #000000;\">Bianca P\u00f5ldre, Helene Margaret Tins<\/span><\/strong><\/td>\n<td style=\"width: 25.6265%; vertical-align: top; text-align: left; height: 24px;\"><span style=\"color: #000000;\"> Triin Henn<\/span><\/td>\n<\/tr>\n<tr style=\"height: 24px;\">\n<td style=\"width: 11.6638%; vertical-align: top; text-align: left; height: 24px;\"><span style=\"color: #000000;\">III koht<\/span><\/td>\n<td style=\"width: 63.1006%; vertical-align: top; text-align: left; height: 24px;\"><strong><span style=\"color: #000000;\">Maria Potapova, Miralda Raadik<\/span><\/strong><\/td>\n<td style=\"width: 25.6265%; vertical-align: top; text-align: left; height: 24px;\"><span style=\"color: #000000;\"> Triin Henn<\/span><\/td>\n<\/tr>\n<tr style=\"height: 24px;\">\n<td style=\"width: 100.391%; height: 24px; background-color: #cd2662; text-align: left; vertical-align: top;\" colspan=\"3\"><span style=\"color: #000000;\"><strong><span style=\"color: #ffffff;\">HoReCa teenindaja \/ Teko meistriv\u00f5istlused 1.02.2024<\/span><\/strong><\/span><\/td>\n<\/tr>\n<tr style=\"height: 24px;\">\n<td style=\"width: 11.6638%; vertical-align: top; text-align: left; height: 24px;\"><span style=\"color: #000000;\">I koht<\/span><\/td>\n<td style=\"width: 63.1006%; vertical-align: top; text-align: left; height: 24px;\"><strong><span style=\"color: #000000;\">Elis Roots<\/span><\/strong><\/td>\n<td style=\"width: 25.6265%; vertical-align: top; text-align: left; height: 24px;\"><span style=\"color: #000000;\"> Kaimar Palm<\/span><\/td>\n<\/tr>\n<tr style=\"height: 24px;\">\n<td style=\"width: 11.6638%; vertical-align: top; text-align: left; height: 24px;\"><span style=\"color: #000000;\">II koht<\/span><\/td>\n<td style=\"width: 63.1006%; vertical-align: top; text-align: left; height: 24px;\"><strong><span style=\"color: #000000;\">Miia Sakk<\/span><\/strong><\/td>\n<td style=\"width: 25.6265%; vertical-align: top; text-align: left; height: 24px;\"><span style=\"color: #000000;\"> Kaimar Palm<\/span><\/td>\n<\/tr>\n<tr style=\"height: 24px;\">\n<td style=\"width: 11.6638%; vertical-align: top; text-align: left; height: 24px;\"><span style=\"color: #000000;\">III koht<\/span><\/td>\n<td style=\"width: 63.1006%; vertical-align: top; text-align: left; height: 24px;\"><strong><span style=\"color: #000000;\">Taissia Tatkina<\/span><\/strong><\/td>\n<td style=\"width: 25.6265%; vertical-align: top; text-align: left; height: 24px;\"><span style=\"color: #000000;\"> Kaimar Palm<\/span><\/td>\n<\/tr>\n<tr style=\"height: 24px;\">\n<td style=\"width: 100.391%; height: 24px; background-color: #cd2662; text-align: left; vertical-align: top;\" colspan=\"3\"><strong><span style=\"color: #000000;\"><span style=\"color: #ffffff;\">Ilutegija manik\u00fc\u00fcr \/ Teko meistriv\u00f5istlused 1.02.2024<\/span><\/span><\/strong><\/td>\n<\/tr>\n<tr style=\"height: 24px;\">\n<td style=\"width: 11.6638%; vertical-align: top; text-align: left; height: 24px;\"><span style=\"color: #000000;\">I koht<\/span><\/td>\n<td style=\"width: 63.1006%; vertical-align: top; text-align: left; height: 24px;\"><strong><span style=\"color: #000000;\">Vanessa Kask<\/span><\/strong><\/td>\n<td style=\"width: 25.6265%; vertical-align: top; text-align: left; height: 24px;\"><span style=\"color: #000000;\">Hege Lehtma<\/span><\/td>\n<\/tr>\n<tr style=\"height: 24px;\">\n<td style=\"width: 11.6638%; vertical-align: top; text-align: left; height: 24px;\"><span style=\"color: #000000;\">II koht<\/span><\/td>\n<td style=\"width: 63.1006%; vertical-align: top; text-align: left; height: 24px;\"><strong><span style=\"color: #000000;\">Carmel-Ly Vilde<\/span><\/strong><\/td>\n<td style=\"width: 25.6265%; vertical-align: top; text-align: left; height: 24px;\"><span style=\"color: #000000;\"> Hege Lehtma<\/span><\/td>\n<\/tr>\n<tr style=\"height: 24px;\">\n<td style=\"width: 11.6638%; vertical-align: top; text-align: left; height: 24px;\"><span style=\"color: #000000;\">III koht<\/span><\/td>\n<td style=\"width: 63.1006%; vertical-align: top; text-align: left; height: 24px;\"><strong><span style=\"color: #000000;\">Lorette Liiva<\/span><\/strong><\/td>\n<td style=\"width: 25.6265%; vertical-align: top; text-align: left; height: 24px;\"><span style=\"color: #000000;\"> Hege Lehtma<\/span><\/td>\n<\/tr>\n<tr style=\"height: 24px;\">\n<td style=\"width: 100.391%; height: 24px; background-color: #cd2662; text-align: left; vertical-align: top;\" colspan=\"3\"><span style=\"color: #000000;\"><strong><span style=\"color: #ffffff;\">Ilutegija pedik\u00fc\u00fcr \/ Teko meistriv\u00f5istlused 1.02.2024<\/span><\/strong><\/span><\/td>\n<\/tr>\n<tr style=\"height: 24px;\">\n<td style=\"width: 11.6638%; vertical-align: top; text-align: left; height: 24px;\"><span style=\"color: #000000;\">I koht<\/span><\/td>\n<td style=\"width: 63.1006%; vertical-align: top; text-align: left; height: 24px;\"><strong><span style=\"color: #000000;\"> Kerli Sabbal<\/span><\/strong><\/td>\n<td style=\"width: 25.6265%; vertical-align: top; text-align: left; height: 24px;\"><span style=\"color: #000000;\"> Hege Lehtma<\/span><\/td>\n<\/tr>\n<tr style=\"height: 24px;\">\n<td style=\"width: 11.6638%; vertical-align: top; text-align: left; height: 27px;\"><span style=\"color: #000000;\">II koht<\/span><\/td>\n<td style=\"width: 63.1006%; vertical-align: top; text-align: left; height: 27px;\"><strong><span style=\"color: #000000;\">Krislin Murumaa<\/span><\/strong><\/td>\n<td style=\"width: 25.6265%; vertical-align: top; text-align: left; height: 27px;\"><span style=\"color: #000000;\">Hege Lehtma<\/span><\/td>\n<\/tr>\n<tr style=\"height: 24px;\">\n<td style=\"width: 11.6638%; vertical-align: top; text-align: left; height: 24px;\"><span style=\"color: #000000;\">III koht<\/span><\/td>\n<td style=\"width: 63.1006%; vertical-align: top; text-align: left; height: 24px;\"><strong><span style=\"color: #000000;\">Edgar Tamberg<\/span><\/strong><\/td>\n<td style=\"width: 25.6265%; vertical-align: top; text-align: left; height: 24px;\"><span style=\"color: #000000;\">Hege Lehtma<\/span><\/td>\n<\/tr>\n<tr style=\"height: 24px;\">\n<td style=\"width: 100.391%; height: 24px; background-color: #cd2662; text-align: left; vertical-align: top;\" colspan=\"3\"><span style=\"color: #000000;\"> <strong><span style=\"color: #ffffff;\">Spaateenindaja \/ Teko meistriv\u00f5istlused 1.02.2024<\/span><\/strong><\/span><span style=\"color: #000000;\">\u00a0<\/span><\/td>\n<\/tr>\n<tr style=\"height: 24px;\">\n<td style=\"width: 11.6638%; vertical-align: top; text-align: left; height: 24px;\"><span style=\"color: #000000;\">I koht<\/span><\/td>\n<td style=\"width: 63.1006%; vertical-align: top; text-align: left; height: 24px;\"><strong><span style=\"color: #000000;\">Gloria T\u00fcrkei<\/span><\/strong><\/td>\n<td style=\"width: 25.6265%; vertical-align: top; text-align: left; height: 24px;\"><span style=\"color: #000000;\">Sirje Tammeoks<\/span><\/td>\n<\/tr>\n<tr style=\"height: 24px;\">\n<td style=\"width: 11.6638%; vertical-align: top; text-align: left; height: 24px;\"><span style=\"color: #000000;\">II koht<\/span><\/td>\n<td style=\"width: 63.1006%; vertical-align: top; text-align: left; height: 24px;\"><strong><span style=\"color: #000000;\">Evely Juuse<\/span><\/strong><\/td>\n<td style=\"width: 25.6265%; vertical-align: top; text-align: left; height: 24px;\"><span style=\"color: #000000;\">Sirje Tammeoks<\/span><\/td>\n<\/tr>\n<tr style=\"height: 24px;\">\n<td style=\"width: 11.6638%; vertical-align: top; text-align: left; height: 24px;\"><span style=\"color: #000000;\">III koht<\/span><\/td>\n<td style=\"width: 63.1006%; vertical-align: top; text-align: left; height: 24px;\"><strong><span style=\"color: #000000;\">K\u00fclli Sizask<\/span><\/strong><\/td>\n<td style=\"width: 25.6265%; vertical-align: top; text-align: left; height: 24px;\"><span style=\"color: #000000;\">Sirje Tammeoks<\/span><\/td>\n<\/tr>\n<tr style=\"height: 24px;\">\n<td style=\"width: 11.6638%; vertical-align: top; text-align: left; background-color: #cd2662; height: 24px;\"><span style=\"color: #000000;\"><strong><span style=\"color: #ffffff;\">K\u00fc\u00fcnetehnik<\/span><\/strong><\/span><\/td>\n<td style=\"width: 63.1006%; vertical-align: top; text-align: left; background-color: #cd2662; height: 24px;\"><span style=\"color: #000000;\"><b><strong><span style=\"color: #ffffff;\">\/ Teko meistriv\u00f5istlused 1.02.2024<\/span><\/strong><\/b><\/span><\/td>\n<td style=\"width: 25.6265%; vertical-align: top; text-align: left; background-color: #cd2662; height: 24px;\"><span style=\"color: #000000;\">\u00a0<\/span><\/td>\n<\/tr>\n<tr style=\"height: 24px;\">\n<td style=\"width: 11.6638%; vertical-align: top; text-align: left; height: 24px;\"><span style=\"color: #000000;\">\u00a0I koht<\/span><\/td>\n<td style=\"width: 63.1006%; vertical-align: top; text-align: left; height: 24px;\"><strong><span style=\"color: #000000;\">Kristina Filippov<\/span><\/strong><\/td>\n<td style=\"width: 25.6265%; vertical-align: top; text-align: left; height: 24px;\"><span style=\"color: #000000;\">\u00a0Helis Valge<\/span><\/td>\n<\/tr>\n<tr style=\"height: 24px;\">\n<td style=\"width: 11.6638%; vertical-align: top; text-align: left; height: 24px;\"><span style=\"color: #000000;\">\u00a0II koht<\/span><\/td>\n<td style=\"width: 63.1006%; vertical-align: top; text-align: left; height: 24px;\"><strong><span style=\"color: #000000;\">Emma Maria Rist<\/span><\/strong><\/td>\n<td style=\"width: 25.6265%; vertical-align: top; text-align: left; height: 24px;\"><span style=\"color: #000000;\">\u00a0Hege Lehtma<\/span><\/td>\n<\/tr>\n<tr style=\"height: 24px;\">\n<td style=\"width: 11.6638%; vertical-align: top; text-align: left; height: 24px;\"><span style=\"color: #000000;\">\u00a0III koht<\/span><\/td>\n<td style=\"width: 63.1006%; vertical-align: top; text-align: left; height: 24px;\"><strong><span style=\"color: #000000;\">Stella Regina Parbo<\/span><\/strong><\/td>\n<td style=\"width: 25.6265%; vertical-align: top; text-align: left; height: 24px;\"><span style=\"color: #000000;\">\u00a0Helis Valge<\/span><\/td>\n<\/tr>\n<tr style=\"height: 24px;\">\n<td style=\"width: 100.391%; height: 24px; background-color: #cd2662; text-align: left; vertical-align: top;\" colspan=\"3\"><span style=\"color: #000000;\"> <strong><span style=\"color: #ffffff;\">Klienditeenindaja \/ Teko meistriv\u00f5istlused 1.02.2024<\/span><\/strong><\/span><\/td>\n<\/tr>\n<tr style=\"height: 24px;\">\n<td style=\"width: 11.6638%; vertical-align: top; text-align: left; height: 24px;\"><span style=\"color: #000000;\">I koht<\/span><\/td>\n<td style=\"width: 63.1006%; vertical-align: top; text-align: left; height: 24px;\"><strong><span style=\"color: #000000;\">Elis-Marie Lillem\u00e4e<\/span><\/strong><\/td>\n<td style=\"width: 25.6265%; vertical-align: top; text-align: left; height: 24px;\"><span style=\"color: #000000;\">Kristi Vilkis<\/span><\/td>\n<\/tr>\n<tr style=\"height: 24px;\">\n<td style=\"width: 11.6638%; vertical-align: top; text-align: left; height: 24px;\"><span style=\"color: #000000;\">II koht<\/span><\/td>\n<td style=\"width: 63.1006%; vertical-align: top; text-align: left; height: 24px;\"><strong><span style=\"color: #000000;\">Egon Roger Veimen<\/span><\/strong><\/td>\n<td style=\"width: 25.6265%; vertical-align: top; text-align: left; height: 24px;\"><span style=\"color: #000000;\">Kristi Vilkis<\/span><\/td>\n<\/tr>\n<tr style=\"height: 24px;\">\n<td style=\"width: 11.6638%; vertical-align: top; text-align: left; height: 24px;\"><span style=\"color: #000000;\">III koht<\/span><\/td>\n<td style=\"width: 63.1006%; vertical-align: top; text-align: left; height: 24px;\"><strong><span style=\"color: #000000;\">Ketlin Ehat\u00e4ht<\/span><\/strong><\/td>\n<td style=\"width: 25.6265%; vertical-align: top; text-align: left; height: 24px;\"><span style=\"color: #000000;\">Kristi Vilkis<\/span><\/td>\n<\/tr>\n<tr style=\"height: 24px;\">\n<td style=\"width: 11.6638%; vertical-align: top; text-align: left; height: 24px;\"><span style=\"color: #000000;\">Eripreemia<\/span><\/td>\n<td style=\"width: 63.1006%; vertical-align: top; text-align: left; height: 24px;\"><strong><span style=\"color: #000000;\">Antonijs Nesons<\/span><\/strong><\/td>\n<td style=\"width: 25.6265%; vertical-align: top; text-align: left; height: 24px;\"><span style=\"color: #000000;\">Kristi Vilkis<\/span><\/td>\n<\/tr>\n<tr style=\"height: 24px;\">\n<td style=\"width: 100.391%; background-color: #cd2662; text-align: left; vertical-align: top; height: 24px;\" colspan=\"3\"><span style=\"color: #000000;\"><strong><span style=\"color: #ffffff;\">M\u00fc\u00fcgikorraldaja \/ Teko meistriv\u00f5istlused 1.02.2024<\/span><\/strong><\/span><span style=\"color: #000000;\"><br \/>\n<\/span><\/td>\n<\/tr>\n<tr style=\"height: 24px;\">\n<td style=\"width: 11.6638%; vertical-align: top; text-align: left; height: 24px;\"><span style=\"color: #000000;\">I koht<\/span><\/td>\n<td style=\"width: 63.1006%; vertical-align: top; text-align: left; height: 24px;\"><strong><span style=\"color: #000000;\">Elli T\u00e4navots<\/span><\/strong><\/td>\n<td style=\"width: 25.6265%; vertical-align: top; text-align: left; height: 24px;\"><span style=\"color: #000000;\"> Aive Antson<\/span><\/td>\n<\/tr>\n<tr style=\"height: 24px;\">\n<td style=\"width: 11.6638%; vertical-align: top; text-align: left; height: 24px;\"><span style=\"color: #000000;\">II koht<\/span><\/td>\n<td style=\"width: 63.1006%; vertical-align: top; text-align: left; height: 24px;\"><strong><span style=\"color: #000000;\">Kaie Turban<\/span><\/strong><\/td>\n<td style=\"width: 25.6265%; vertical-align: top; text-align: left; height: 24px;\"><span style=\"color: #000000;\"> Aive Antson<\/span><\/td>\n<\/tr>\n<tr style=\"height: 24px;\">\n<td style=\"width: 11.6638%; vertical-align: top; text-align: left; height: 24px;\">III koht<\/td>\n<td style=\"width: 63.1006%; vertical-align: top; text-align: left; height: 24px;\"><strong><span style=\"color: #000000;\">Dagmar Luran<\/span><\/strong><\/td>\n<td style=\"width: 25.6265%; vertical-align: top; text-align: left; height: 24px;\"><span style=\"color: #000000;\">Aive Antson<\/span><\/td>\n<\/tr>\n<tr style=\"height: 24px;\">\n<td style=\"width: 100.391%; background-color: #cd2662; text-align: left; vertical-align: top; height: 24px;\" colspan=\"3\"><span style=\"color: #000000;\"><strong><span style=\"color: #ffffff;\">Kuldne Kulp \/ Teko meistriv\u00f5istlused 1.02.2024<\/span><\/strong><\/span><\/td>\n<\/tr>\n<tr style=\"height: 24px;\">\n<td style=\"width: 11.6638%; vertical-align: top; text-align: left; height: 24px;\">I koht<\/td>\n<td style=\"width: 63.1006%; vertical-align: top; text-align: left; height: 24px;\"><strong><span style=\"color: #000000;\">Valter Nirk<\/span><\/strong><\/td>\n<td style=\"width: 25.6265%; vertical-align: top; text-align: left; height: 24px;\"><span style=\"color: #000000;\">Kristi Tiido<\/span><\/td>\n<\/tr>\n<tr style=\"height: 24px;\">\n<td style=\"width: 11.6638%; vertical-align: top; text-align: left; height: 24px;\"><span style=\"color: #000000;\">II koht<\/span><\/td>\n<td style=\"width: 63.1006%; vertical-align: top; text-align: left; height: 24px;\"><strong><span style=\"color: #000000;\">Jevgeni Porovik<\/span><\/strong><\/td>\n<td style=\"width: 25.6265%; vertical-align: top; text-align: left; height: 24px;\"><span style=\"color: #000000;\">Kristi Tiido<\/span><\/td>\n<\/tr>\n<tr style=\"height: 24px;\">\n<td style=\"width: 11.6638%; vertical-align: top; text-align: left; height: 24px;\"><span style=\"color: #000000;\">III koht<\/span><\/td>\n<td style=\"width: 63.1006%; vertical-align: top; text-align: left; height: 24px;\"><strong><span style=\"color: #000000;\">Artjom Kiysel<\/span><\/strong><\/td>\n<td style=\"width: 25.6265%; vertical-align: top; text-align: left; height: 24px;\"><span style=\"color: #000000;\">Diane Sarapuu-Kelder<\/span><\/td>\n<\/tr>\n<tr style=\"height: 24px;\">\n<td style=\"width: 11.6638%; vertical-align: top; text-align: left; height: 24px;\"><span style=\"color: #000000;\">Eripreemia<\/span><\/td>\n<td style=\"width: 63.1006%; vertical-align: top; text-align: left; height: 24px;\"><strong><span style=\"color: #000000;\">Henri Toomm\u00e4gi<\/span><\/strong><\/td>\n<td style=\"width: 25.6265%; vertical-align: top; text-align: left; height: 24px;\"><span style=\"color: #000000;\">\u00a0<\/span><\/td>\n<\/tr>\n<tr style=\"height: 48px;\">\n<td style=\"width: 11.6638%; vertical-align: top; text-align: left; background-color: #cd2662; height: 48px;\"><span style=\"color: #000000;\"><strong><span style=\"color: #ffffff;\">Parim Teko Burger<\/span><\/strong><\/span><\/td>\n<td style=\"width: 63.1006%; vertical-align: top; text-align: left; background-color: #cd2662; height: 48px;\"><strong><span style=\"color: #000000;\"><span style=\"color: #ffffff;\">\/Teko meistriv\u00f5istlused 1.02.2024<\/span><\/span><\/strong><\/td>\n<td style=\"width: 25.6265%; vertical-align: top; text-align: left; background-color: #cd2662; height: 48px;\"><span style=\"color: #000000;\">\u00a0<\/span><\/td>\n<\/tr>\n<tr style=\"height: 24px;\">\n<td style=\"width: 11.6638%; vertical-align: top; text-align: left; height: 24px;\"><span style=\"color: #000000;\">I koht<\/span><\/td>\n<td style=\"width: 63.1006%; vertical-align: top; text-align: left; height: 24px;\"><strong><span style=\"color: #000000;\">Evelina Beljanova<\/span><\/strong><\/td>\n<td style=\"width: 25.6265%; vertical-align: top; text-align: left; height: 24px;\"><span style=\"color: #000000;\">Ljudmilla Zahharova<\/span><\/td>\n<\/tr>\n<tr style=\"height: 24px;\">\n<td style=\"width: 11.6638%; vertical-align: top; text-align: left; height: 24px;\"><span style=\"color: #000000;\">II koht<\/span><\/td>\n<td style=\"width: 63.1006%; vertical-align: top; text-align: left; height: 24px;\"><strong><span style=\"color: #000000;\">Yuliia Tsyhol<\/span><\/strong><\/td>\n<td style=\"width: 25.6265%; vertical-align: top; text-align: left; height: 24px;\"><span style=\"color: #000000;\">Yuliia Bohatyrova<\/span><\/td>\n<\/tr>\n<tr style=\"height: 24px;\">\n<td style=\"width: 11.6638%; vertical-align: top; text-align: left; height: 24px;\"><span style=\"color: #000000;\">III koht<\/span><\/td>\n<td style=\"width: 63.1006%; vertical-align: top; text-align: left; height: 24px;\"><strong><span style=\"color: #000000;\">Valeriia Kuchmas<\/span><\/strong><\/td>\n<td style=\"width: 25.6265%; vertical-align: top; text-align: left; height: 24px;\"><span style=\"color: #000000;\">Yuliia Bohatyrova<\/span><\/td>\n<\/tr>\n<tr style=\"height: 24px;\">\n<td style=\"width: 100.391%; height: 24px; background-color: #cd2662; text-align: left; vertical-align: top;\" colspan=\"3\"><span style=\"color: #000000;\"><strong><span style=\"color: #ffffff;\">TekDok \/ Teko meistriv\u00f5istlused 1.02.2024<\/span><\/strong><\/span><\/td>\n<\/tr>\n<tr style=\"height: 24px;\">\n<td style=\"width: 11.6638%; vertical-align: top; text-align: left; height: 24px;\"><span style=\"color: #000000;\">I koht<\/span><\/td>\n<td style=\"width: 63.1006%; vertical-align: top; text-align: left; height: 24px;\"><strong><span style=\"color: #000000;\">Pavel Volossatov, Katerina Ussova, Ekaterina Vetrennikova<\/span><\/strong><\/td>\n<td style=\"width: 25.6265%; vertical-align: top; text-align: left; height: 24px;\">Irina Horo\u0161ihh<\/td>\n<\/tr>\n<tr style=\"height: 24px;\">\n<td style=\"width: 11.6638%; vertical-align: top; text-align: left; height: 24px;\"><span style=\"color: #000000;\">II koht<\/span><\/td>\n<td style=\"width: 63.1006%; vertical-align: top; text-align: left; height: 24px;\"><strong><span style=\"color: #000000;\">Polina Knyazeva, Rafael Rinaldi, Aleksandr Sindjakov<\/span><\/strong><\/td>\n<td style=\"width: 25.6265%; vertical-align: top; text-align: left; height: 24px;\"><span style=\"color: #000000;\">Sofia Vakulich<\/span><\/td>\n<\/tr>\n<tr style=\"height: 24px;\">\n<td style=\"width: 11.6638%; vertical-align: top; text-align: left; height: 24px;\"><span style=\"color: #000000;\">III koht<\/span><\/td>\n<td style=\"width: 63.1006%; vertical-align: top; text-align: left; height: 24px;\"><strong><span style=\"color: #000000;\">Marija Jaromi\u0161ina, Marianna Borissova, Fjodor Freiman<\/span><\/strong><\/td>\n<td style=\"width: 25.6265%; vertical-align: top; text-align: left; height: 24px;\">Irina Horo\u0161ihh<\/td>\n<\/tr>\n<tr style=\"height: 24px;\">\n<td style=\"width: 100.391%; background-color: #cd2662; text-align: left; vertical-align: top; height: 24px;\" colspan=\"3\"><span style=\"color: #000000;\"> <strong><span style=\"color: #ffffff;\">Komm \/ Teko meistriv\u00f5istlused 1.02.2024<\/span><\/strong><\/span><\/td>\n<\/tr>\n<tr style=\"height: 24px;\">\n<td style=\"width: 11.6638%; vertical-align: top; text-align: left; height: 24px;\"><span style=\"color: #000000;\">I koht<\/span><\/td>\n<td style=\"width: 63.1006%; vertical-align: top; text-align: left; height: 24px;\"><strong><span style=\"color: #000000;\">Kelly Janson<\/span><\/strong><\/td>\n<td style=\"width: 25.6265%; vertical-align: top; text-align: left; height: 24px;\"><span style=\"color: #000000;\">Ellen Lessel<\/span><\/td>\n<\/tr>\n<tr style=\"height: 24px;\">\n<td style=\"width: 11.6638%; vertical-align: top; text-align: left; height: 24px;\"><span style=\"color: #000000;\">II koht<\/span><\/td>\n<td style=\"width: 63.1006%; vertical-align: top; text-align: left; height: 24px;\"><strong><span style=\"color: #000000;\">Marilee-Cassandra Salum\u00e4e <\/span><\/strong><\/td>\n<td style=\"width: 25.6265%; vertical-align: top; text-align: left; height: 24px;\"><span style=\"color: #000000;\">Kaspar K\u00fctt<\/span><\/td>\n<\/tr>\n<tr style=\"height: 24px;\">\n<td style=\"width: 11.6638%; vertical-align: top; text-align: left; height: 24px;\"><span style=\"color: #000000;\">III koht<\/span><\/td>\n<td style=\"width: 63.1006%; vertical-align: top; text-align: left; height: 24px;\"><strong>Jelena Pimenova<\/strong><\/td>\n<td style=\"width: 25.6265%; vertical-align: top; text-align: left; height: 24px;\"><span style=\"color: #000000;\">Ljudmilla Iljina<\/span><\/td>\n<\/tr>\n<tr style=\"height: 24px;\">\n<td style=\"width: 100.391%; background-color: #cd2662; text-align: left; vertical-align: top; height: 24px;\" colspan=\"3\"><span style=\"color: #000000;\"><strong><span style=\"color: #ffffff;\">Kondiiter \/ Teko meistriv\u00f5istlused 1.02.2024<\/span><\/strong><\/span><\/td>\n<\/tr>\n<tr style=\"height: 24px;\">\n<td style=\"width: 11.6638%; vertical-align: top; text-align: left; height: 24px;\"><span style=\"color: #000000;\">I koht<\/span><\/td>\n<td style=\"width: 63.1006%; vertical-align: top; text-align: left; height: 24px;\"><strong>Darja Vaino<\/strong><\/td>\n<td style=\"width: 25.6265%; vertical-align: top; text-align: left; height: 24px;\"><span style=\"color: #000000;\">Diana Kaurkina<\/span><\/td>\n<\/tr>\n<tr style=\"height: 24px;\">\n<td style=\"width: 11.6638%; vertical-align: top; text-align: left; height: 24px;\"><span style=\"color: #000000;\">II koht<\/span><\/td>\n<td style=\"width: 63.1006%; vertical-align: top; text-align: left; height: 24px;\"><strong><span style=\"color: #000000;\">Tata Kornilova<\/span><\/strong><\/td>\n<td style=\"width: 25.6265%; vertical-align: top; text-align: left; height: 24px;\"><\/td>\n<\/tr>\n<tr style=\"height: 24px;\">\n<td style=\"width: 11.6638%; vertical-align: top; text-align: left; height: 24px;\"><span style=\"color: #000000;\">III koht<\/span><\/td>\n<td style=\"width: 63.1006%; vertical-align: top; text-align: left; height: 24px;\"><strong><span style=\"color: #000000;\">Katerina \u0160umeiko<\/span><\/strong><\/td>\n<td style=\"width: 25.6265%; vertical-align: top; text-align: left; height: 24px;\"><\/td>\n<\/tr>\n<tr style=\"height: 24px;\">\n<td style=\"width: 100.391%; background-color: #cd2662; text-align: left; vertical-align: top; height: 24px;\" colspan=\"3\"><span style=\"color: #000000;\"><strong><span style=\"color: #ffffff;\">Pagar \/ Teko meistriv\u00f5istlused 1.02.2024<\/span><\/strong><\/span><span style=\"color: #000000;\"><br \/>\n<\/span><\/td>\n<\/tr>\n<tr style=\"height: 24px;\">\n<td style=\"width: 11.6638%; vertical-align: top; text-align: left; height: 24px;\"><span style=\"color: #000000;\">I koht<\/span><\/td>\n<td style=\"width: 63.1006%; vertical-align: top; text-align: left; height: 24px;\"><strong>Randy Birnbaum<\/strong><\/td>\n<td style=\"width: 25.6265%; vertical-align: top; text-align: left; height: 24px;\"><span style=\"color: #000000;\">Ellen Lessel<\/span><\/td>\n<\/tr>\n<tr style=\"height: 24px;\">\n<td style=\"width: 11.6638%; vertical-align: top; text-align: left; height: 24px;\"><span style=\"color: #000000;\">II koht<\/span><\/td>\n<td style=\"width: 63.1006%; vertical-align: top; text-align: left; height: 24px;\"><strong>Anna Kaznat\u0161ejeva<\/strong><\/td>\n<td style=\"width: 25.6265%; vertical-align: top; text-align: left; height: 24px;\">Jevgeni Kirilahha<\/td>\n<\/tr>\n<tr style=\"height: 24px;\">\n<td style=\"width: 11.6638%; vertical-align: top; text-align: left; height: 24px;\"><span style=\"color: #000000;\">III koht<\/span><\/td>\n<td style=\"width: 63.1006%; vertical-align: top; text-align: left; height: 24px;\"><strong>Kseniia Vlasenko<\/strong><\/td>\n<td style=\"width: 25.6265%; vertical-align: top; text-align: left; height: 24px;\">Jevgeni Kirilahha<\/td>\n<\/tr>\n<tr style=\"height: 24px;\">\n<td style=\"width: 100.391%; height: 24px; background-color: #cd2662; text-align: left; vertical-align: top;\" colspan=\"3\"><span style=\"color: #000000;\"><strong><span style=\"color: #ffffff;\">Wikiteko \/ Teko meistriv\u00f5istlused 1.02.2024<\/span><\/strong><\/span><span style=\"color: #000000;\">\u00a0<\/span><\/td>\n<\/tr>\n<tr style=\"height: 24px;\">\n<td style=\"width: 11.6638%; vertical-align: top; text-align: left; height: 24px;\"><span style=\"color: #000000;\">I koht<\/span><\/td>\n<td style=\"width: 63.1006%; vertical-align: top; text-align: left; height: 24px;\"><strong>Oliver J\u00f5gis, Ergo Boisen, Katriina Lembit<\/strong><\/td>\n<td style=\"width: 25.6265%; vertical-align: top; text-align: left; height: 24px;\"><span style=\"color: #000000;\">\u00a0<\/span><\/td>\n<\/tr>\n<tr style=\"height: 24px;\">\n<td style=\"width: 11.6638%; vertical-align: top; text-align: left; height: 24px;\"><span style=\"color: #000000;\">II koht<\/span><\/td>\n<td style=\"width: 63.1006%; vertical-align: top; text-align: left; height: 24px;\"><strong>Sandra Karusion, Juhan Alexander Tepandi, Cristian Sarjas<\/strong><\/td>\n<td style=\"width: 25.6265%; vertical-align: top; text-align: left; height: 24px;\"><span style=\"color: #000000;\">\u00a0<\/span><\/td>\n<\/tr>\n<tr style=\"height: 24px;\">\n<td style=\"width: 11.6638%; vertical-align: top; text-align: left; height: 24px;\"><span style=\"color: #000000;\">III koht<\/span><\/td>\n<td style=\"width: 63.1006%; vertical-align: top; text-align: left; height: 24px;\"><strong>Anette \u00dc\u00fcrike, Anne-Mari P\u00e4rt, Angela Maiste<\/strong><\/td>\n<td style=\"width: 25.6265%; vertical-align: top; text-align: left; height: 24px;\"><\/td>\n<\/tr>\n<tr class=\"alt\" style=\"height: 24px;\">\n<td style=\"height: 24px; background-color: #cd2662; vertical-align: top; width: 100.391%; text-align: left;\" colspan=\"3\"><span style=\"color: #ffffff;\"><strong>Swissotel&#8217;i piparkoogimajade v\u00f5istlus \/ <\/strong>12.2023-01.2024 Tallinn<\/span><\/td>\n<\/tr>\n<tr style=\"height: 24px;\">\n<td style=\"width: 11.6638%; height: 26px; vertical-align: top; text-align: left;\"><span style=\"color: #000000;\">I koht<\/span><\/td>\n<td style=\"width: 63.1006%; height: 26px; vertical-align: top; text-align: left;\"><strong>Ksenia Polivenko, Violletta Viteri<\/strong><\/td>\n<td style=\"width: 25.6265%; height: 26px; vertical-align: top; text-align: left;\"><span style=\"color: #000000;\">Ljudmila Butnik<\/span><\/td>\n<\/tr>\n<tr style=\"height: 48px;\">\n<td style=\"width: 11.6638%; vertical-align: top; text-align: left; height: 48px;\"><span style=\"color: #000000;\">II koht<\/span><\/td>\n<td style=\"width: 63.1006%; vertical-align: top; text-align: left; height: 48px;\"><strong>Darja Vaino, \u00a0Nadina Tsvigun<\/strong><\/td>\n<td style=\"width: 25.6265%; vertical-align: top; text-align: left; height: 48px;\"><span style=\"color: #000000;\">Ljudmila Butnik<\/span><\/td>\n<\/tr>\n<tr style=\"height: 24px;\">\n<td style=\"width: 11.6638%; vertical-align: top; text-align: left; height: 24px;\"><span style=\"color: #000000;\">III koht<\/span><\/td>\n<td style=\"width: 63.1006%; vertical-align: top; text-align: left; height: 24px;\"><strong>Anastasia Issajeva<\/strong><\/td>\n<td style=\"width: 25.6265%; vertical-align: top; text-align: left; height: 24px;\"><span style=\"color: #000000;\">Ljudmila Butnik<\/span><span style=\"color: #000000;\"><br \/>\n<\/span><\/td>\n<\/tr>\n<\/tbody>\n<\/table>\n<h2><\/h2>\n<h2><\/h2>\n<h2><span style=\"color: #cd2662;\"><a id=\"S2023\"><\/a>2023<\/span><\/h2>\n<h3><span style=\"color: #cd2662;\">Kutsev\u00f5istlused<\/span><\/h3>\n<table style=\"width: 100%; height: 1762px;\">\n<tbody>\n<tr style=\"height: 24px;\">\n<td style=\"width: 11.1884%; vertical-align: top; height: 24px; text-align: left;\"><span style=\"color: #cd2662;\"><em>v\u00f5istlus \/ kuup\u00e4ev<\/em><\/span><\/td>\n<td style=\"width: 63.576%; vertical-align: top; height: 24px; text-align: left;\"><span style=\"color: #cd2662;\"><em>osaleja<\/em><\/span><\/td>\n<td style=\"width: 24.5104%; vertical-align: top; height: 24px; text-align: left;\"><span style=\"color: #cd2662;\"><em>juhendaja<\/em><\/span><\/td>\n<\/tr>\n<tr style=\"height: 24px;\">\n<td style=\"width: 99.2748%; background-color: #cd2662; text-align: left; vertical-align: top; height: 24px;\" colspan=\"3\"><strong><span style=\"color: #ffffff;\">Noor Meister 2023 kaubanduse kutsemeistriv\u00f5istlused \/ 20.04.2023 Tallinn<\/span><\/strong><\/td>\n<\/tr>\n<tr style=\"height: 24px;\">\n<td style=\"text-align: left; vertical-align: top; height: 24px; width: 11.1884%; background-color: #ffffff;\"><span style=\"color: #000000;\"><strong>I koht\u00a0<\/strong><\/span><\/td>\n<td style=\"text-align: left; vertical-align: top; width: 63.576%; background-color: #ffffff;\"><span style=\"color: #000000;\"><strong>Irina Ar\u0161avskaja<\/strong> \/ t\u00f6\u00f6kohap\u00f5hise \u00f5ppe m\u00fc\u00fcgikorraldaja eriala<\/span><\/td>\n<td style=\"text-align: left; vertical-align: top; width: 24.5104%; background-color: #ffffff;\"><span style=\"color: #000000;\">Aive Antson, Kristi Vilkis<\/span><\/td>\n<\/tr>\n<tr style=\"height: 24px;\">\n<td style=\"text-align: left; vertical-align: top; height: 24px; width: 11.1884%; background-color: #ffffff;\"><span style=\"color: #000000;\"><strong>I koht\u00a0<\/strong><\/span><\/td>\n<td style=\"text-align: left; vertical-align: top; width: 63.576%; background-color: #ffffff;\"><span style=\"color: #000000;\"><strong>Anna Tkachuk <\/strong>\/ t\u00f6\u00f6kohap\u00f5hise \u00f5ppe klienditeenindaja kaubanduses eriala<\/span><\/td>\n<td style=\"text-align: left; vertical-align: top; width: 24.5104%; background-color: #ffffff;\"><span style=\"color: #000000;\">Aive Antson, Kristi Vilkis<\/span><\/td>\n<\/tr>\n<tr>\n<td style=\"text-align: left; vertical-align: top; width: 11.1884%; background-color: #ffffff;\"><span style=\"color: #000000;\"><strong>II koht\u00a0<\/strong><\/span><\/td>\n<td style=\"text-align: left; vertical-align: top; width: 63.576%; background-color: #ffffff;\"><span style=\"color: #000000;\"><strong>Tiia Laanisto<\/strong> \/ t\u00f6\u00f6kohap\u00f5hise \u00f5ppe klienditeenindaja kaubanduses eriala<\/span><\/td>\n<td style=\"text-align: left; vertical-align: top; width: 24.5104%; background-color: #ffffff;\"><span style=\"color: #000000;\">Aive Antson, Kristi Vilkis<\/span><\/td>\n<\/tr>\n<tr style=\"height: 24px;\">\n<td style=\"text-align: left; vertical-align: top; height: 24px; width: 11.1884%; background-color: #ffffff;\"><span style=\"color: #000000;\"><strong>eripreemia<\/strong><\/span><\/td>\n<td style=\"text-align: left; vertical-align: top; width: 63.576%; background-color: #ffffff;\"><span style=\"color: #000000;\"><strong>Jevgeni Jelisejev<\/strong> \/ t\u00f6\u00f6kohap\u00f5hise \u00f5ppe klienditeenindaja kaubanduses eriala<\/span><\/td>\n<td style=\"text-align: left; vertical-align: top; width: 24.5104%; background-color: #ffffff;\"><span style=\"color: #000000;\">Aive Antson, Kristi Vilkis<\/span><\/td>\n<\/tr>\n<tr style=\"height: 24px;\">\n<td style=\"width: 99.2748%; background-color: #cd2662; text-align: left; vertical-align: top; height: 24px;\" colspan=\"3\"><strong><span style=\"color: #ffffff;\">Noor Meister 2023 kokk <\/span><\/strong><span style=\"color: #ffffff;\">\/ 13.04.2023 Tartu<\/span><\/td>\n<\/tr>\n<tr style=\"height: 24px;\">\n<td style=\"text-align: left; vertical-align: top; height: 24px; width: 11.1884%; background-color: #ffffff;\"><span style=\"color: #000000;\">I koht<\/span><\/td>\n<td style=\"text-align: left; vertical-align: top; width: 63.576%; background-color: #ffffff;\"><span style=\"color: #000000;\"><strong>Renate Paevere<\/strong><\/span><\/td>\n<td style=\"text-align: left; vertical-align: top; width: 24.5104%; background-color: #ffffff;\"><span style=\"color: #000000;\">Eero-Olavi Kippa<\/span><\/td>\n<\/tr>\n<tr style=\"height: 24px;\">\n<td style=\"background-color: #cd2662; text-align: left; vertical-align: top; height: 24px; width: 99.2748%;\" colspan=\"3\"><strong><span style=\"color: #ffffff;\"> European Grand Prix 2023: Global Chefs Challenge Europe South-Central-North <\/span><\/strong><span style=\"color: #ffffff;\">\/ 19.-22.02.2023 Rimini, Itaalia\u00a0<\/span><\/td>\n<\/tr>\n<tr style=\"height: 24px;\">\n<td style=\"width: 11.1884%; vertical-align: top; text-align: left; height: 24px;\"><span style=\"color: #000000;\">I koht, parim abiline<\/span><\/td>\n<td style=\"width: 63.576%; vertical-align: top; text-align: left; height: 24px;\"><strong><span style=\"color: #000000;\">Aljona Koch<\/span><\/strong><\/td>\n<td style=\"width: 24.5104%; vertical-align: top; text-align: left; height: 24px;\"><span style=\"color: #000000;\">C\u00e4tlyn Priks, Ivan Derizemlja<\/span><\/td>\n<\/tr>\n<tr>\n<td style=\"width: 11.1884%; vertical-align: top; text-align: left; background-color: #cd2662;\"><strong><span style=\"color: #ffffff;\">Euroskills 2023<\/span><\/strong><\/td>\n<td style=\"width: 63.576%; vertical-align: top; text-align: left; background-color: #cd2662;\"><strong><span style=\"color: #ffffff;\">Gdansk<\/span><\/strong><\/td>\n<td style=\"width: 24.5104%; vertical-align: top; text-align: left; background-color: #cd2662;\"><span style=\"color: #000000;\">\u00a0<\/span><\/td>\n<\/tr>\n<tr>\n<td style=\"width: 11.1884%; vertical-align: top; text-align: left;\"><span style=\"color: #000000;\">meisterlikkuse medal<\/span><\/td>\n<td style=\"width: 63.576%; vertical-align: top; text-align: left;\"><strong><span style=\"color: #000000;\">Renate Paevere, kokk<\/span><\/strong><\/td>\n<td style=\"width: 24.5104%; vertical-align: top; text-align: left;\"><span style=\"color: #000000;\">Kristi Tiido<\/span><\/td>\n<\/tr>\n<tr>\n<td style=\"width: 11.1884%; vertical-align: top; text-align: left;\"><span style=\"color: #000000;\">osalemine<\/span><\/td>\n<td style=\"width: 63.576%; vertical-align: top; text-align: left;\"><strong><span style=\"color: #000000;\">Karolina Lass (restoraniteenindus)<\/span><\/strong><\/td>\n<td style=\"width: 24.5104%; vertical-align: top; text-align: left;\"><span style=\"color: #000000;\">Kaimar Palm<\/span><\/td>\n<\/tr>\n<tr style=\"height: 24x;\">\n<td style=\"width: 99.2748%; height: 24px; background-color: #cd2662; text-align: left; vertical-align: top;\" colspan=\"3\"><strong><span style=\"color: #ffffff;\">Hotelliadministraator \/ Teko meistriv\u00f5istlused 2.02.2023<\/span><\/strong><span style=\"color: #000000;\"><br \/>\n<\/span><\/td>\n<\/tr>\n<tr style=\"height: 24px;\">\n<td style=\"width: 11.1884%; vertical-align: top; text-align: left; height: 24px;\">I koht<\/td>\n<td style=\"width: 63.576%; vertical-align: top; text-align: left; height: 24px;\"><strong><span style=\"color: #000000;\"> Valerija Genski<\/span><\/strong><\/td>\n<td style=\"width: 24.5104%; vertical-align: top; text-align: left; height: 24px;\"><span style=\"color: #000000;\"> Yuliya Kalinyuk<\/span><\/td>\n<\/tr>\n<tr style=\"height: 24px;\">\n<td style=\"width: 11.1884%; vertical-align: top; text-align: left; height: 24px;\"><span style=\"color: #000000;\">II koht<\/span><\/td>\n<td style=\"width: 63.576%; vertical-align: top; text-align: left; height: 24px;\"><strong><span style=\"color: #000000;\"> Aleksandra Polokainen<\/span><\/strong><\/td>\n<td style=\"width: 24.5104%; vertical-align: top; text-align: left; height: 24px;\"><span style=\"color: #000000;\">Kerli Vint<\/span><\/td>\n<\/tr>\n<tr style=\"height: 10px;\">\n<td style=\"width: 11.1884%; vertical-align: top; text-align: left; height: 10px;\"><span style=\"color: #000000;\">III koht<\/span><\/td>\n<td style=\"width: 63.576%; vertical-align: top; text-align: left; height: 10px;\"><strong><span style=\"color: #000000;\"> Stella Puz\u00f5rjov<\/span><\/strong><\/td>\n<td style=\"width: 24.5104%; vertical-align: top; text-align: left; height: 10px;\"><span style=\"color: #000000;\">Kerli Vint<\/span><\/td>\n<\/tr>\n<tr style=\"height: 24px;\">\n<td style=\"width: 99.2748%; height: 24px; background-color: #cd2662; text-align: left; vertical-align: top;\" colspan=\"3\"><strong><span style=\"color: #ffffff;\">Hotelliteenindaja \/ Teko meistriv\u00f5istlused 2.02.2023<\/span><\/strong><\/td>\n<\/tr>\n<tr style=\"height: 24px;\">\n<td style=\"width: 11.1884%; vertical-align: top; text-align: left; height: 24px;\"><span style=\"color: #000000;\">I koht<\/span><\/td>\n<td style=\"width: 63.576%; vertical-align: top; text-align: left; height: 24px;\"><strong><span style=\"color: #000000;\"> Karolis Rebane, Grete-Ly Nurmberg<\/span><\/strong><\/td>\n<td style=\"width: 24.5104%; vertical-align: top; text-align: left; height: 24px;\"><span style=\"color: #000000;\"> Triin Henn<\/span><\/td>\n<\/tr>\n<tr style=\"height: 24px;\">\n<td style=\"width: 11.1884%; vertical-align: top; text-align: left; height: 24px;\"><span style=\"color: #000000;\">II koht<\/span><\/td>\n<td style=\"width: 63.576%; vertical-align: top; text-align: left; height: 24px;\"><strong><span style=\"color: #000000;\"> Miia Sakk, Mia-Liisi M\u00e4gi<\/span><\/strong><\/td>\n<td style=\"width: 24.5104%; vertical-align: top; text-align: left; height: 24px;\"><span style=\"color: #000000;\"> Triin Henn<\/span><\/td>\n<\/tr>\n<tr style=\"height: 24px;\">\n<td style=\"width: 11.1884%; vertical-align: top; text-align: left; height: 24px;\"><span style=\"color: #000000;\">III koht<\/span><\/td>\n<td style=\"width: 63.576%; vertical-align: top; text-align: left; height: 24px;\"><strong><span style=\"color: #000000;\"> Meribel Suurorg, Mia Maris Hamburg<\/span><\/strong><\/td>\n<td style=\"width: 24.5104%; vertical-align: top; text-align: left; height: 24px;\"><span style=\"color: #000000;\"> Triin Henn<\/span><\/td>\n<\/tr>\n<tr style=\"height: 24px;\">\n<td style=\"width: 99.2748%; height: 24px; background-color: #cd2662; text-align: left; vertical-align: top;\" colspan=\"3\"><span style=\"color: #000000;\"><strong><span style=\"color: #ffffff;\">Restoraniteenindaja \/ Teko meistriv\u00f5istlused 2.02.2023<\/span><\/strong>\u00a0<\/span><\/td>\n<\/tr>\n<tr style=\"height: 24px;\">\n<td style=\"width: 11.1884%; vertical-align: top; text-align: left; height: 24px;\"><span style=\"color: #000000;\">I koht<\/span><\/td>\n<td style=\"width: 63.576%; vertical-align: top; text-align: left; height: 24px;\"><strong><span style=\"color: #000000;\"> Hanna Mandre, Robert Sepp<\/span><\/strong><\/td>\n<td style=\"width: 24.5104%; vertical-align: top; text-align: left; height: 24px;\"><span style=\"color: #000000;\"> Kaimar Palm<\/span><\/td>\n<\/tr>\n<tr style=\"height: 24px;\">\n<td style=\"width: 11.1884%; vertical-align: top; text-align: left; height: 24px;\"><span style=\"color: #000000;\">II koht<\/span><\/td>\n<td style=\"width: 63.576%; vertical-align: top; text-align: left; height: 24px;\"><strong><span style=\"color: #000000;\"> Karolina Lass, Valerija Jusupova<\/span><\/strong><\/td>\n<td style=\"width: 24.5104%; vertical-align: top; text-align: left; height: 24px;\"><span style=\"color: #000000;\"> Kaimar Palm<\/span><\/td>\n<\/tr>\n<tr style=\"height: 24px;\">\n<td style=\"width: 11.1884%; vertical-align: top; text-align: left; height: 24px;\"><span style=\"color: #000000;\">III koht<\/span><\/td>\n<td style=\"width: 63.576%; vertical-align: top; text-align: left; height: 24px;\"><strong><span style=\"color: #000000;\"> Aliya Raag, Patrik Loit\u00a0<\/span><\/strong><\/td>\n<td style=\"width: 24.5104%; vertical-align: top; text-align: left; height: 24px;\"><span style=\"color: #000000;\"> Kaimar Palm<\/span><\/td>\n<\/tr>\n<tr style=\"height: 24px;\">\n<td style=\"width: 99.2748%; height: 24px; background-color: #cd2662; text-align: left; vertical-align: top;\" colspan=\"3\"><strong><span style=\"color: #000000;\"><span style=\"color: #ffffff;\">Ilutegija \/ Teko meistriv\u00f5istlused 2.02.2023<\/span><\/span><\/strong><\/td>\n<\/tr>\n<tr style=\"height: 24px;\">\n<td style=\"width: 11.1884%; vertical-align: top; text-align: left; height: 24px;\"><span style=\"color: #000000;\">I koht<\/span><\/td>\n<td style=\"width: 63.576%; vertical-align: top; text-align: left; height: 24px;\"><strong><span style=\"color: #000000;\"> Sandra Saarestik<\/span><\/strong><\/td>\n<td style=\"width: 24.5104%; vertical-align: top; text-align: left; height: 24px;\"><span style=\"color: #000000;\"> Siret Rannik<\/span><\/td>\n<\/tr>\n<tr style=\"height: 24px;\">\n<td style=\"width: 11.1884%; vertical-align: top; text-align: left; height: 24px;\"><span style=\"color: #000000;\">II koht<\/span><\/td>\n<td style=\"width: 63.576%; vertical-align: top; text-align: left; height: 24px;\"><strong><span style=\"color: #000000;\"> Kairi Elbashatly<\/span><\/strong><\/td>\n<td style=\"width: 24.5104%; vertical-align: top; text-align: left; height: 24px;\"><span style=\"color: #000000;\"> Hege Lehtma<\/span><\/td>\n<\/tr>\n<tr style=\"height: 24px;\">\n<td style=\"width: 11.1884%; vertical-align: top; text-align: left; height: 24px;\"><span style=\"color: #000000;\">III koht<\/span><\/td>\n<td style=\"width: 63.576%; vertical-align: top; text-align: left; height: 24px;\"><strong><span style=\"color: #000000;\"> Maria Beljakov\u00a0<\/span><\/strong><\/td>\n<td style=\"width: 24.5104%; vertical-align: top; text-align: left; height: 24px;\"><span style=\"color: #000000;\"> Hege Lehtma<\/span><\/td>\n<\/tr>\n<tr style=\"height: 24px;\">\n<td style=\"width: 99.2748%; height: 24px; background-color: #cd2662; text-align: left; vertical-align: top;\" colspan=\"3\"><span style=\"color: #000000;\"> <strong><span style=\"color: #ffffff;\">K\u00fc\u00fcnetehnik \/ Teko meistriv\u00f5istlused 2.02.2023<\/span><\/strong><\/span><\/td>\n<\/tr>\n<tr style=\"height: 24px;\">\n<td style=\"width: 11.1884%; vertical-align: top; text-align: left; height: 24px;\"><span style=\"color: #000000;\">I koht<\/span><\/td>\n<td style=\"width: 63.576%; vertical-align: top; text-align: left; height: 24px;\"><strong><span style=\"color: #000000;\"> Keidi Niit\u00a0<\/span><\/strong><\/td>\n<td style=\"width: 24.5104%; vertical-align: top; text-align: left; height: 24px;\"><span style=\"color: #000000;\"> Hege Lehtma<\/span><\/td>\n<\/tr>\n<tr style=\"height: 24px;\">\n<td style=\"width: 11.1884%; vertical-align: top; text-align: left; height: 24px;\"><span style=\"color: #000000;\">II koht<\/span><\/td>\n<td style=\"width: 63.576%; vertical-align: top; text-align: left; height: 24px;\"><strong><span style=\"color: #000000;\"> Gerta Raidma<\/span><\/strong><\/td>\n<td style=\"width: 24.5104%; vertical-align: top; text-align: left; height: 24px;\"><span style=\"color: #000000;\"> Anastasia Poddubko<\/span><\/td>\n<\/tr>\n<tr style=\"height: 24px;\">\n<td style=\"width: 11.1884%; vertical-align: top; text-align: left; height: 24px;\"><span style=\"color: #000000;\">III koht<\/span><\/td>\n<td style=\"width: 63.576%; vertical-align: top; text-align: left; height: 24px;\"><strong><span style=\"color: #000000;\"> Kaili P\u00f5lendik<\/span><\/strong><\/td>\n<td style=\"width: 24.5104%; vertical-align: top; text-align: left; height: 24px;\"><span style=\"color: #000000;\"> Anastasia Poddubko<\/span><\/td>\n<\/tr>\n<tr style=\"height: 24px;\">\n<td style=\"width: 99.2748%; height: 24px; background-color: #cd2662; text-align: left; vertical-align: top;\" colspan=\"3\"><span style=\"color: #000000;\"> <strong><span style=\"color: #ffffff;\">Spaateenindaja \/ Teko meistriv\u00f5istlused 2.02.2023<\/span><\/strong><\/span><span style=\"color: #000000;\">\u00a0<\/span><\/td>\n<\/tr>\n<tr style=\"height: 24px;\">\n<td style=\"width: 11.1884%; vertical-align: top; text-align: left; height: 24px;\"><span style=\"color: #000000;\">I koht<\/span><\/td>\n<td style=\"width: 63.576%; vertical-align: top; text-align: left; height: 24px;\"><strong><span style=\"color: #000000;\"> Carolin Klausner<\/span><\/strong><\/td>\n<td style=\"width: 24.5104%; vertical-align: top; text-align: left; height: 24px;\"><span style=\"color: #000000;\">Sirje Tammeoks<\/span><\/td>\n<\/tr>\n<tr style=\"height: 24px;\">\n<td style=\"width: 11.1884%; vertical-align: top; text-align: left; height: 24px;\"><span style=\"color: #000000;\">II koht<\/span><\/td>\n<td style=\"width: 63.576%; vertical-align: top; text-align: left; height: 24px;\"><strong><span style=\"color: #000000;\"> Karin Muru<\/span><\/strong><\/td>\n<td style=\"width: 24.5104%; vertical-align: top; text-align: left; height: 24px;\"><span style=\"color: #000000;\">Sirje Tammeoks<\/span><\/td>\n<\/tr>\n<tr style=\"height: 24px;\">\n<td style=\"width: 11.1884%; vertical-align: top; text-align: left; height: 24px;\"><span style=\"color: #000000;\">III koht<\/span><\/td>\n<td style=\"width: 63.576%; vertical-align: top; text-align: left; height: 24px;\"><strong><span style=\"color: #000000;\"> Kai Reilent<\/span><\/strong><\/td>\n<td style=\"width: 24.5104%; vertical-align: top; text-align: left; height: 24px;\"><span style=\"color: #000000;\">Sirje Tammeoks<\/span><\/td>\n<\/tr>\n<tr style=\"height: 24px;\">\n<td style=\"width: 99.2748%; height: 24px; background-color: #cd2662; text-align: left; vertical-align: top;\" colspan=\"3\"><span style=\"color: #000000;\"> <strong><span style=\"color: #ffffff;\">Klienditeenindaja \/ Teko meistriv\u00f5istlused 2.02.2023<\/span><\/strong>\u00a0<\/span><\/td>\n<\/tr>\n<tr style=\"height: 24px;\">\n<td style=\"width: 11.1884%; vertical-align: top; text-align: left; height: 24px;\"><span style=\"color: #000000;\">I koht<\/span><\/td>\n<td style=\"width: 63.576%; vertical-align: top; text-align: left; height: 24px;\"><strong><span style=\"color: #000000;\">Elis-Marie Lillem\u00e4e<\/span><\/strong><\/td>\n<td style=\"width: 24.5104%; vertical-align: top; text-align: left; height: 24px;\"><span style=\"color: #000000;\">Aive Antson, Kristi Vilkis<\/span><\/td>\n<\/tr>\n<tr style=\"height: 24px;\">\n<td style=\"width: 11.1884%; vertical-align: top; text-align: left; height: 24px;\"><span style=\"color: #000000;\">II koht<\/span><\/td>\n<td style=\"width: 63.576%; vertical-align: top; text-align: left; height: 24px;\"><strong><span style=\"color: #000000;\">Dolores T\u0161i\u017eikova<\/span><\/strong><\/td>\n<td style=\"width: 24.5104%; vertical-align: top; text-align: left; height: 24px;\"><span style=\"color: #000000;\">Aive Antson, Kristi Vilkis<\/span><\/td>\n<\/tr>\n<tr style=\"height: 24px;\">\n<td style=\"width: 11.1884%; vertical-align: top; text-align: left; height: 24px;\"><span style=\"color: #000000;\">III koht<\/span><\/td>\n<td style=\"width: 63.576%; vertical-align: top; text-align: left; height: 24px;\"><strong><span style=\"color: #000000;\">Elisabeth-Mary Vainrauh-Piilik\u00a0<\/span><\/strong><\/td>\n<td style=\"width: 24.5104%; vertical-align: top; text-align: left; height: 24px;\"><span style=\"color: #000000;\">Aive Antson, Kristi Vilkis<\/span><\/td>\n<\/tr>\n<tr style=\"height: 24px;\">\n<td style=\"width: 99.2748%; height: 24px; background-color: #cd2662; text-align: left; vertical-align: top;\" colspan=\"3\"><span style=\"color: #000000;\"><strong><span style=\"color: #ffffff;\">M\u00fc\u00fcgiproff \/ Teko meistriv\u00f5istlused 2.02.2023<\/span><\/strong><\/span><span style=\"color: #000000;\">\u00a0<\/span><\/td>\n<\/tr>\n<tr style=\"height: 24px;\">\n<td style=\"width: 11.1884%; vertical-align: top; text-align: left; height: 24px;\"><span style=\"color: #000000;\">I koht<\/span><\/td>\n<td style=\"width: 63.576%; vertical-align: top; text-align: left; height: 24px;\"><strong><span style=\"color: #000000;\">Jevgeni Jelisejev<\/span><\/strong><\/td>\n<td style=\"width: 24.5104%; vertical-align: top; text-align: left; height: 24px;\">Aive Antson, Kristi Vilkis<\/td>\n<\/tr>\n<tr style=\"height: 24px;\">\n<td style=\"width: 11.1884%; vertical-align: top; text-align: left; height: 24px;\"><span style=\"color: #000000;\">II koht<\/span><\/td>\n<td style=\"width: 63.576%; vertical-align: top; text-align: left; height: 24px;\"><strong><span style=\"color: #000000;\">Veronika Jaku\u0161enok <\/span><\/strong><\/td>\n<td style=\"width: 24.5104%; vertical-align: top; text-align: left; height: 24px;\">Aive Antson, Kristi Vilkis<\/td>\n<\/tr>\n<tr style=\"height: 24px;\">\n<td style=\"width: 11.1884%; vertical-align: top; text-align: left; height: 24px;\"><span style=\"color: #000000;\">III koht<\/span><\/td>\n<td style=\"width: 63.576%; vertical-align: top; text-align: left; height: 24px;\"><strong><span style=\"color: #000000;\">Marju Luide\u00a0<\/span><\/strong><\/td>\n<td style=\"width: 24.5104%; vertical-align: top; text-align: left; height: 24px;\"><span style=\"color: #000000;\">Aive Antson, Kristi Vilkis<\/span><\/td>\n<\/tr>\n<tr style=\"height: 24px;\">\n<td style=\"width: 99.2748%; background-color: #cd2662; text-align: left; vertical-align: top; height: 24px;\" colspan=\"3\"><span style=\"color: #000000;\"><strong><span style=\"color: #ffffff;\">M\u00fc\u00fcgikorraldaja \/ Teko meistriv\u00f5istlused 2.02.2023<\/span><\/strong><\/span><span style=\"color: #000000;\">\u00a0<\/span><span style=\"color: #000000;\"><br \/>\n<\/span><\/td>\n<\/tr>\n<tr style=\"height: 24px;\">\n<td style=\"width: 11.1884%; vertical-align: top; text-align: left; height: 24px;\"><span style=\"color: #000000;\">I koht<\/span><\/td>\n<td style=\"width: 63.576%; vertical-align: top; text-align: left; height: 24px;\"><strong><span style=\"color: #000000;\">Irina Ar\u0161avskaja<\/span><\/strong><\/td>\n<td style=\"width: 24.5104%; vertical-align: top; text-align: left; height: 24px;\"><span style=\"color: #000000;\"> Aive Antson, Kristi Vilkis<\/span><\/td>\n<\/tr>\n<tr style=\"height: 24px;\">\n<td style=\"width: 11.1884%; vertical-align: top; text-align: left; height: 24px;\"><span style=\"color: #000000;\">II koht<\/span><\/td>\n<td style=\"width: 63.576%; vertical-align: top; text-align: left; height: 24px;\"><strong><span style=\"color: #000000;\">Signe Sahkai<\/span><\/strong><\/td>\n<td style=\"width: 24.5104%; vertical-align: top; text-align: left; height: 24px;\"><span style=\"color: #000000;\"> Aive Antson, Kristi Vilkis<\/span><\/td>\n<\/tr>\n<tr style=\"height: 24px;\">\n<td style=\"width: 11.1884%; vertical-align: top; text-align: left; height: 24px;\">III koht<\/td>\n<td style=\"width: 63.576%; vertical-align: top; text-align: left; height: 24px;\"><strong><span style=\"color: #000000;\">Margit H\u00e4rma<\/span><\/strong><\/td>\n<td style=\"width: 24.5104%; vertical-align: top; text-align: left; height: 24px;\"><span style=\"color: #000000;\">Aive Antson, Kristi Vilkis<\/span><\/td>\n<\/tr>\n<tr style=\"height: 24px;\">\n<td style=\"width: 99.2748%; background-color: #cd2662; text-align: left; vertical-align: top; height: 24px;\" colspan=\"3\"><span style=\"color: #000000;\"><strong><span style=\"color: #ffffff;\">Kuldne Kulp \/ Teko meistriv\u00f5istlused 2.02.2023<\/span><\/strong><\/span><\/td>\n<\/tr>\n<tr style=\"height: 24px;\">\n<td style=\"width: 11.1884%; vertical-align: top; text-align: left; height: 24px;\">I koht<\/td>\n<td style=\"width: 63.576%; vertical-align: top; text-align: left; height: 24px;\"><strong><span style=\"color: #000000;\">Oleksandr Bozbey <\/span><\/strong><\/td>\n<td style=\"width: 24.5104%; vertical-align: top; text-align: left; height: 24px;\"><span style=\"color: #000000;\">Maria Stulova<\/span><\/td>\n<\/tr>\n<tr style=\"height: 24px;\">\n<td style=\"width: 11.1884%; vertical-align: top; text-align: left; height: 24px;\"><span style=\"color: #000000;\">II koht<\/span><\/td>\n<td style=\"width: 63.576%; vertical-align: top; text-align: left; height: 24px;\"><strong><span style=\"color: #000000;\">Renate Paevere<\/span><\/strong><\/td>\n<td style=\"width: 24.5104%; vertical-align: top; text-align: left; height: 24px;\"><span style=\"color: #000000;\">Eero-Olavi Kippa<\/span><\/td>\n<\/tr>\n<tr style=\"height: 24px;\">\n<td style=\"width: 11.1884%; vertical-align: top; text-align: left; height: 24px;\"><span style=\"color: #000000;\">III koht<\/span><\/td>\n<td style=\"width: 63.576%; vertical-align: top; text-align: left; height: 24px;\"><strong><span style=\"color: #000000;\">Viola Dju\u017eeva<\/span><\/strong><\/td>\n<td style=\"width: 24.5104%; vertical-align: top; text-align: left; height: 24px;\"><span style=\"color: #000000;\">Diane Sarapuu-Kelder<\/span><\/td>\n<\/tr>\n<tr style=\"height: 24px;\">\n<td style=\"width: 99.2748%; height: 24px; background-color: #cd2662; text-align: left; vertical-align: top;\" colspan=\"3\"><span style=\"color: #000000;\"><strong><span style=\"color: #ffffff;\">TekDok \/ Teko meistriv\u00f5istlused 2.02.2023<\/span><\/strong><\/span><\/td>\n<\/tr>\n<tr style=\"height: 24px;\">\n<td style=\"width: 11.1884%; vertical-align: top; text-align: left; height: 24px;\"><span style=\"color: #000000;\">I koht<\/span><\/td>\n<td style=\"width: 63.576%; vertical-align: top; text-align: left; height: 24px;\"><strong><span style=\"color: #000000;\">Chris Caspar Sommer, Kristjan Ulmre, Juhan Aleksander Tepandi<\/span><\/strong><\/td>\n<td style=\"width: 24.5104%; vertical-align: top; text-align: left; height: 24px;\"><span style=\"color: #000000;\">Diane Sarapuu-Kelder, Merit Martin<\/span><\/td>\n<\/tr>\n<tr style=\"height: 24px;\">\n<td style=\"width: 11.1884%; vertical-align: top; text-align: left; height: 24px;\"><span style=\"color: #000000;\">II koht<\/span><\/td>\n<td style=\"width: 63.576%; vertical-align: top; text-align: left; height: 24px;\"><strong><span style=\"color: #000000;\">Kaja Baburina, Polina Konovalova, Viktoria Kostrikova<\/span><\/strong><\/td>\n<td style=\"width: 24.5104%; vertical-align: top; text-align: left; height: 24px;\"><span style=\"color: #000000;\">Irina Horo\u0161ihh, Sofia Vakulich<\/span><\/td>\n<\/tr>\n<tr style=\"height: 24px;\">\n<td style=\"width: 11.1884%; vertical-align: top; text-align: left; height: 24px;\"><span style=\"color: #000000;\">III koht<\/span><\/td>\n<td style=\"width: 63.576%; vertical-align: top; text-align: left; height: 24px;\"><strong><span style=\"color: #000000;\">Regina Kolev, Ivan Baranovski, Antonina Kozlova<\/span><\/strong><\/td>\n<td style=\"width: 24.5104%; vertical-align: top; text-align: left; height: 24px;\"><span style=\"color: #000000;\"> Ljudmilla Kolt\u0161enko, Maria Stulova<\/span><\/td>\n<\/tr>\n<tr style=\"height: 24px;\">\n<td style=\"width: 99.2748%; background-color: #cd2662; text-align: left; vertical-align: top; height: 24px;\" colspan=\"3\"><span style=\"color: #000000;\"> <strong><span style=\"color: #ffffff;\">Komm \/ Teko meistriv\u00f5istlused 2.02.2023<\/span><\/strong><\/span><\/td>\n<\/tr>\n<tr style=\"height: 24px;\">\n<td style=\"width: 11.1884%; vertical-align: top; text-align: left; height: 24px;\"><span style=\"color: #000000;\">I koht<\/span><\/td>\n<td style=\"width: 63.576%; vertical-align: top; text-align: left; height: 24px;\"><strong><span style=\"color: #000000;\">Anne Toome<\/span><\/strong><\/td>\n<td style=\"width: 24.5104%; vertical-align: top; text-align: left; height: 24px;\"><span style=\"color: #000000;\">Ellen Lessel<\/span><\/td>\n<\/tr>\n<tr style=\"height: 24px;\">\n<td style=\"width: 11.1884%; vertical-align: top; text-align: left; height: 24px;\"><span style=\"color: #000000;\">II koht<\/span><\/td>\n<td style=\"width: 63.576%; vertical-align: top; text-align: left; height: 24px;\"><strong><span style=\"color: #000000;\">Oksana Murzits\u00a0<\/span><\/strong><\/td>\n<td style=\"width: 24.5104%; vertical-align: top; text-align: left; height: 24px;\"><span style=\"color: #000000;\">Ljudmilla Iljina<\/span><\/td>\n<\/tr>\n<tr style=\"height: 24px;\">\n<td style=\"width: 11.1884%; vertical-align: top; text-align: left; height: 24px;\"><span style=\"color: #000000;\">III koht<\/span><\/td>\n<td style=\"width: 63.576%; vertical-align: top; text-align: left; height: 24px;\"><strong>Olesja Solonko<\/strong><\/td>\n<td style=\"width: 24.5104%; vertical-align: top; text-align: left; height: 24px;\"><span style=\"color: #000000;\">Ljudmilla Iljina<\/span><\/td>\n<\/tr>\n<tr style=\"height: 24px;\">\n<td style=\"width: 99.2748%; background-color: #cd2662; text-align: left; vertical-align: top; height: 24px;\" colspan=\"3\"><span style=\"color: #000000;\"><strong><span style=\"color: #ffffff;\">Kondiiter \/ Teko meistriv\u00f5istlused 2.02.2023<\/span><\/strong><\/span><span style=\"color: #000000;\">\u00a0<\/span><\/td>\n<\/tr>\n<tr style=\"height: 24px;\">\n<td style=\"width: 11.1884%; vertical-align: top; text-align: left; height: 24px;\"><span style=\"color: #000000;\">I koht<\/span><\/td>\n<td style=\"width: 63.576%; vertical-align: top; text-align: left; height: 24px;\"><strong><span style=\"color: #000000;\">Elizabeth Kiveste<\/span><\/strong><\/td>\n<td style=\"width: 24.5104%; vertical-align: top; text-align: left; height: 24px;\"><span style=\"color: #000000;\">Ljudmila Butnik<\/span><\/td>\n<\/tr>\n<tr style=\"height: 24px;\">\n<td style=\"width: 11.1884%; vertical-align: top; text-align: left; height: 24px;\"><span style=\"color: #000000;\">II koht<\/span><\/td>\n<td style=\"width: 63.576%; vertical-align: top; text-align: left; height: 24px;\"><strong><span style=\"color: #000000;\">Kristiine Kalev<\/span><\/strong><\/td>\n<td style=\"width: 24.5104%; vertical-align: top; text-align: left; height: 24px;\"><span style=\"color: #000000;\">Ellen Lessel<\/span><\/td>\n<\/tr>\n<tr style=\"height: 24px;\">\n<td style=\"width: 11.1884%; vertical-align: top; text-align: left; height: 24px;\"><span style=\"color: #000000;\">III koht<\/span><\/td>\n<td style=\"width: 63.576%; vertical-align: top; text-align: left; height: 24px;\"><strong><span style=\"color: #000000;\">Valeria Leppik<\/span><\/strong><\/td>\n<td style=\"width: 24.5104%; vertical-align: top; text-align: left; height: 24px;\"><span style=\"color: #000000;\">Ljudmila Butnik<\/span><\/td>\n<\/tr>\n<tr style=\"height: 24px;\">\n<td style=\"width: 99.2748%; background-color: #cd2662; text-align: left; vertical-align: top; height: 24px;\" colspan=\"3\"><span style=\"color: #000000;\"><strong><span style=\"color: #ffffff;\">Pagar \/ Teko meistriv\u00f5istlused 2.02.2023<\/span><\/strong><\/span><span style=\"color: #000000;\"><br \/>\n<\/span><\/td>\n<\/tr>\n<tr style=\"height: 24px;\">\n<td style=\"width: 11.1884%; vertical-align: top; text-align: left; height: 24px;\"><span style=\"color: #000000;\">I koht<\/span><\/td>\n<td style=\"width: 63.576%; vertical-align: top; text-align: left; height: 24px;\"><strong>Ksenija Polivenko<\/strong><\/td>\n<td style=\"width: 24.5104%; vertical-align: top; text-align: left; height: 24px;\"><span style=\"color: #000000;\">Jevgeni Kirilahha<\/span><\/td>\n<\/tr>\n<tr style=\"height: 24px;\">\n<td style=\"width: 11.1884%; vertical-align: top; text-align: left; height: 24px;\"><span style=\"color: #000000;\">II koht<\/span><\/td>\n<td style=\"width: 63.576%; vertical-align: top; text-align: left; height: 24px;\"><strong><span style=\"color: #000000;\">Daria Popova<\/span><\/strong><\/td>\n<td style=\"width: 24.5104%; vertical-align: top; text-align: left; height: 24px;\"><span style=\"color: #000000;\">Diana Kaurkina<\/span><\/td>\n<\/tr>\n<tr style=\"height: 24px;\">\n<td style=\"width: 11.1884%; vertical-align: top; text-align: left; height: 24px;\"><span style=\"color: #000000;\">III koht<\/span><\/td>\n<td style=\"width: 63.576%; vertical-align: top; text-align: left; height: 24px;\"><strong><span style=\"color: #000000;\">Viktoriia Shepeta<\/span><\/strong><\/td>\n<td style=\"width: 24.5104%; vertical-align: top; text-align: left; height: 24px;\"><span style=\"color: #000000;\">Diana Kaurkina<\/span><\/td>\n<\/tr>\n<tr style=\"height: 24px;\">\n<td style=\"width: 99.2748%; height: 24px; background-color: #cd2662; text-align: left; vertical-align: top;\" colspan=\"3\"><span style=\"color: #000000;\"><strong><span style=\"color: #ffffff;\">Wikiteko \/ Teko meistriv\u00f5istlused 2.02.2023<\/span><\/strong><\/span><span style=\"color: #000000;\">\u00a0<\/span><\/td>\n<\/tr>\n<tr style=\"height: 24px;\">\n<td style=\"width: 11.1884%; vertical-align: top; text-align: left; height: 24px;\"><span style=\"color: #000000;\">I koht<\/span><\/td>\n<td style=\"width: 63.576%; vertical-align: top; text-align: left; height: 24px;\"><strong>Ergo Boisen, Laura Pastel, Oliver J\u00f5gis<\/strong><\/td>\n<td style=\"width: 24.5104%; vertical-align: top; text-align: left; height: 24px;\"><span style=\"color: #000000;\">\u00a0\u2013<\/span><\/td>\n<\/tr>\n<tr style=\"height: 24px;\">\n<td style=\"width: 11.1884%; vertical-align: top; text-align: left; height: 24px;\"><span style=\"color: #000000;\">II koht<\/span><\/td>\n<td style=\"width: 63.576%; vertical-align: top; text-align: left; height: 24px;\"><strong><span style=\"color: #000000;\">Eren Danel Remsi Kilic, Karl Marten Tammisaar, Oliver Parmas <\/span><\/strong><\/td>\n<td style=\"width: 24.5104%; vertical-align: top; text-align: left; height: 24px;\"><span style=\"color: #000000;\">\u00a0\u2013<\/span><\/td>\n<\/tr>\n<tr style=\"height: 24px;\">\n<td style=\"width: 11.1884%; vertical-align: top; text-align: left; height: 24px;\"><span style=\"color: #000000;\">III koht<\/span><\/td>\n<td style=\"width: 63.576%; vertical-align: top; text-align: left; height: 24px;\"><strong><span style=\"color: #000000;\">Marit Aru, Cassandra Niitep\u00f5ld, Hanna Eliise K\u00f5ivastik<\/span><\/strong><\/td>\n<td style=\"width: 24.5104%; vertical-align: top; text-align: left; height: 24px;\"><span style=\"color: #000000;\">\u00a0\u2013<\/span><\/td>\n<\/tr>\n<tr class=\"alt\" style=\"height: 24px;\">\n<td style=\"height: 24px; background-color: #cd2662; vertical-align: top; width: 99.2748%; text-align: left;\" colspan=\"3\"><span style=\"color: #ffffff;\"><strong>Swissotel&#8217;i piparkoogimajade v\u00f5istlus \/ <\/strong>11.2022-01.2023 Tallinn<\/span><\/td>\n<\/tr>\n<tr style=\"height: 24px;\">\n<td style=\"width: 11.1884%; height: 24px; vertical-align: top; text-align: left;\">K\u00fclaliste lemmik<\/td>\n<td style=\"width: 63.576%; height: 24px; vertical-align: top; text-align: left;\"><strong>Liliana Mart\u00f5nova, Jelizaveta Vjatkina<\/strong><\/td>\n<td style=\"width: 24.5104%; height: 24px; vertical-align: top; text-align: left;\"><span style=\"color: #000000;\">Ljudmila Butnik<\/span><\/td>\n<\/tr>\n<tr style=\"height: 48px;\">\n<td style=\"width: 11.1884%; vertical-align: top; text-align: left; height: 48px;\">T\u00f6\u00f6tajate lemmik<\/td>\n<td style=\"width: 63.576%; vertical-align: top; text-align: left; height: 48px;\"><strong>Tereza-Diana Chemiorkina, Oleksandra Shyliuk<\/strong><\/td>\n<td style=\"width: 24.5104%; vertical-align: top; text-align: left; height: 48px;\"><span style=\"color: #000000;\">Ljudmila Butnik<\/span><\/td>\n<\/tr>\n<tr style=\"height: 24px;\">\n<td style=\"width: 11.1884%; vertical-align: top; text-align: left; height: 24px;\">Kohtunike lemmik<\/td>\n<td style=\"width: 63.576%; vertical-align: top; text-align: left; height: 24px;\"><strong>Maria Knjazeva, Karina Kovri\u017en\u00f5hh<\/strong><\/td>\n<td style=\"width: 24.5104%; vertical-align: top; text-align: left; height: 24px;\"><span style=\"color: #000000;\">Ljudmila Butnik<\/span><span style=\"color: #000000;\"><br \/>\n<\/span><\/td>\n<\/tr>\n<\/tbody>\n<\/table>\n<h3><span style=\"color: #cd2662;\">Huvitegevus<\/span><\/h3>\n<table style=\"width: 100%; height: 120px;\">\n<tbody>\n<tr style=\"height: 24px;\">\n<td style=\"width: 51.29%; vertical-align: top; height: 24px; text-align: left;\"><span style=\"color: #cd2662;\"><em>v\u00f5istlus\/\u00fcritus \/ kuup\u00e4ev<\/em><\/span><\/td>\n<td style=\"width: 23.4744%; vertical-align: top; height: 24px; text-align: left;\"><span style=\"color: #cd2662;\"><em>osaleja<\/em><\/span><\/td>\n<td style=\"width: 24.5104%; vertical-align: top; height: 24px; text-align: left;\"><span style=\"color: #cd2662;\"><em>juhendaja<\/em><\/span><\/td>\n<\/tr>\n<tr>\n<td style=\"width: 99.2748%; background-color: #cd2662; text-align: left; vertical-align: top;\" colspan=\"3\"><span style=\"color: #ffffff;\"><strong>Eesti harrastusteatrite l\u00fchilavastuste festival &#8220;Loomelend&#8221; <\/strong>\/ 25.03.2023 Kiili<\/span><\/td>\n<\/tr>\n<tr>\n<td style=\"background-color: #ffffff; text-align: left; vertical-align: top; width: 51.29%;\"><span style=\"color: #000000;\">Parim naisosat\u00e4itja<\/span><\/td>\n<td style=\"background-color: #ffffff; text-align: left; vertical-align: top; width: 23.4744%;\"><span style=\"color: #000000;\"><strong>Annely R Kallo<\/strong><\/span><\/td>\n<td style=\"background-color: #ffffff; text-align: left; vertical-align: top; width: 24.5104%;\"><span style=\"color: #000000;\">Annely R Kallo<\/span><\/td>\n<\/tr>\n<tr style=\"height: 24px;\">\n<td style=\"height: 24px; background-color: #cd2662; text-align: left; vertical-align: top; width: 99.2748%;\" colspan=\"3\"><span style=\"color: #ffffff;\"><strong>Eesti Maastikuvibu Liidu sisemeistriv\u00f5istlused 2023 \/ <\/strong>11.-12.03.2022 \/ J\u00f5geva<\/span><\/td>\n<\/tr>\n<tr style=\"height: 24px;\">\n<td style=\"width: 51.29%; vertical-align: top; text-align: left; height: 24px;\">II koht sportvibu naiste arvestuses<\/td>\n<td style=\"width: 23.4744%; vertical-align: top; text-align: left; height: 24px;\"><strong>Aliya Raag<\/strong><\/td>\n<td style=\"width: 24.5104%; vertical-align: top; text-align: left; height: 24px;\">Anu Uusmaa<\/td>\n<\/tr>\n<tr class=\"alt\" style=\"height: 24px;\">\n<td style=\"height: 24px; background-color: #cd2662; vertical-align: top; width: 99.2748%; text-align: left;\" colspan=\"3\"><span style=\"color: #ffffff;\"><strong>Sud de France &#8211; Nimes Archery Tournament 2023 \/ <\/strong>20.-22.01.2022 \/ Nimes FRA<\/span><\/td>\n<\/tr>\n<tr style=\"height: 24px;\">\n<td style=\"width: 51.29%; height: 24px; vertical-align: top; text-align: left;\">I koht plokkvibu <span style=\"color: #000000;\">naiste arvestuses<\/span><\/td>\n<td style=\"width: 23.4744%; height: 24px; vertical-align: top; text-align: left;\"><strong>Lisell J\u00e4\u00e4tma<\/strong><\/td>\n<td style=\"width: 24.5104%; height: 24px; vertical-align: top; text-align: left;\"><span style=\"color: #000000;\">Maarika J\u00e4\u00e4tma<\/span><\/td>\n<\/tr>\n<\/tbody>\n<\/table>\n<h2><span style=\"color: #cd2662;\"><a id=\"S2022\"><\/a>2022<\/span><\/h2>\n<h3><span style=\"color: #cd2662;\">Kutsev\u00f5istlused<\/span><\/h3>\n<table style=\"width: 100%; height: 1066px;\">\n<tbody>\n<tr style=\"height: 24px;\">\n<td style=\"width: 51.29%; text-align: left; vertical-align: top; height: 24px;\"><span style=\"color: #cd2662;\"><em>v\u00f5istlus \/ kuup\u00e4ev<\/em><\/span><\/td>\n<td style=\"width: 23.4744%; vertical-align: top; height: 24px; text-align: left;\"><span style=\"color: #cd2662;\"><em>osaleja<\/em><\/span><\/td>\n<td style=\"width: 24.5104%; text-align: left; vertical-align: top; height: 24px;\"><span style=\"color: #cd2662;\"><em>juhendaja<\/em><\/span><\/td>\n<\/tr>\n<tr style=\"height: 24px;\">\n<td style=\"width: 51.29%; height: 24px; background-color: #cd2662; text-align: left; vertical-align: top;\" colspan=\"3\"><span style=\"color: #ffffff;\"><strong>Noor meister iluteenindaja 2022 \/ 17.11.2022 \/ Tartu<\/strong><\/span><\/td>\n<\/tr>\n<tr style=\"height: 24px;\">\n<td style=\"width: 51.29%; text-align: left; vertical-align: top; height: 24px;\"><span style=\"color: #000000;\">I k<\/span><span style=\"color: #000000;\">oht<\/span><\/td>\n<td style=\"width: 23.4744%; vertical-align: top; text-align: left; height: 24px;\"><span style=\"color: #000000;\"><strong>Laura Looga<\/strong><\/span><\/td>\n<td style=\"width: 24.5104%; text-align: left; vertical-align: top; height: 24px;\"><span style=\"color: #000000;\">Siret Rannik, Sevil \u0160ukurjova<\/span><\/td>\n<\/tr>\n<tr style=\"height: 24px;\">\n<td style=\"width: 51.29%; text-align: left; vertical-align: top; height: 24px;\"><span style=\"color: #000000;\">II koht<\/span><\/td>\n<td style=\"width: 23.4744%; vertical-align: top; text-align: left; height: 24px;\"><span style=\"color: #000000;\"><strong>Marion Mariette Manni<\/strong><\/span><\/td>\n<td style=\"width: 24.5104%; text-align: left; vertical-align: top; height: 24px;\"><span style=\"color: #000000;\">Siret Rannik, Sevil \u0160ukurjova<\/span><\/td>\n<\/tr>\n<tr style=\"height: 24px;\">\n<td style=\"width: 99.2748%; background-color: #cd2662; text-align: left; vertical-align: top; height: 10px;\" colspan=\"3\"><span style=\"color: #ffffff;\"><strong>Noorkokk 2022 \/ 29.09.2022 \/ Tallinn FoodFest 2022<\/strong><\/span><\/td>\n<\/tr>\n<tr style=\"height: 24px;\">\n<td style=\"text-align: left; vertical-align: top; width: 51.29%; height: 24px;\">I koht<\/td>\n<td style=\"text-align: left; vertical-align: top; width: 23.4744%; height: 24px;\"><strong>Jelizaveta \u0160alova<\/strong><\/td>\n<td style=\"text-align: left; vertical-align: top; width: 24.5104%; height: 24px;\">Eero-Olavi Kippa<\/td>\n<\/tr>\n<tr style=\"height: 24px;\">\n<td style=\"background-color: #cd2662; text-align: left; vertical-align: top; height: 24px; width: 99.2748%;\" colspan=\"3\"><span style=\"color: #ffffff;\"><strong>Riia Zero Waste Challenge 2022 \/ 10.09.2022<\/strong><\/span><\/td>\n<\/tr>\n<tr style=\"height: 24px;\">\n<td style=\"background-color: #ffffff; height: 24px; text-align: left; vertical-align: top; width: 51.29%;\"><span style=\"color: #000000;\">I koht<strong><br \/>\n<\/strong><\/span><\/td>\n<td style=\"background-color: #ffffff; text-align: left; vertical-align: top; width: 23.4744%; height: 24px;\"><span style=\"color: #000000;\"><strong>Anna Volt\u0161kova, Helmut Mitrovski<\/strong><\/span><\/td>\n<td style=\"background-color: #ffffff; text-align: left; vertical-align: top; width: 24.5104%; height: 24px;\"><span style=\"color: #000000;\">Maria Stulova<\/span><\/td>\n<\/tr>\n<tr style=\"height: 24px;\">\n<td style=\"background-color: #cd2662; text-align: left; vertical-align: top; height: 24px; width: 99.2748%;\" colspan=\"3\"><span style=\"color: #ffffff;\"><strong>Noor meister 2022 kokk \/ 13.-14.04.2022<\/strong><\/span><\/td>\n<\/tr>\n<tr style=\"height: 24px;\">\n<td style=\"text-align: left; vertical-align: top; width: 51.29%; background-color: #ffffff; height: 24px;\"><span style=\"color: #000000;\">I koht<\/span><\/td>\n<td style=\"text-align: left; vertical-align: top; width: 23.4744%; background-color: #ffffff; height: 24px;\"><span style=\"color: #000000;\"><strong>Jelizaveta \u0160alova<\/strong><\/span><\/td>\n<td style=\"text-align: left; vertical-align: top; width: 24.5104%; background-color: #ffffff; height: 24px;\"><span style=\"color: #000000;\">Eero-Olavi Kippa<\/span><\/td>\n<\/tr>\n<tr style=\"height: 24px;\">\n<td style=\"text-align: left; vertical-align: top; width: 51.29%; background-color: #ffffff; height: 24px;\"><span style=\"color: #000000;\">finalist<\/span><\/td>\n<td style=\"text-align: left; vertical-align: top; width: 23.4744%; background-color: #ffffff; height: 24px;\"><span style=\"color: #000000;\"><strong>Aljona Koch<\/strong><\/span><\/td>\n<td style=\"text-align: left; vertical-align: top; width: 24.5104%; background-color: #ffffff; height: 24px;\"><span style=\"color: #000000;\">Pirje P\u00e4rimets<\/span><\/td>\n<\/tr>\n<tr style=\"height: 24px;\">\n<td style=\"background-color: #cd2662; text-align: left; vertical-align: top; height: 24px; width: 99.2748%;\" colspan=\"3\"><span style=\"color: #ffffff;\"><strong>Noor meister 2022 vastuv\u00f5tu administraator<\/strong> \/ 6.04.2022<\/span><\/td>\n<\/tr>\n<tr style=\"height: 24px;\">\n<td style=\"width: 51.29%; text-align: left; vertical-align: top; height: 24px;\">I koht<\/td>\n<td style=\"width: 23.4744%; vertical-align: top; text-align: left; height: 24px;\"><strong><span style=\"color: #000000;\">Helena Haldma<\/span><\/strong><\/td>\n<td style=\"width: 24.5104%; text-align: left; vertical-align: top; height: 24px;\">Kerli Vint<\/td>\n<\/tr>\n<tr style=\"height: 24px;\">\n<td style=\"width: 99.2748%; height: 24px; background-color: #cd2662; text-align: left; vertical-align: top;\" colspan=\"3\"><span style=\"color: #000000;\"><span style=\"color: #ffffff;\"><strong>Noor meister 2022 majutusteenindaja<\/strong> \/ 6.04.2022<\/span><\/span><\/td>\n<\/tr>\n<tr style=\"height: 24px;\">\n<td style=\"width: 51.29%; text-align: left; vertical-align: top; height: 24px;\">I koht<\/td>\n<td style=\"width: 23.4744%; vertical-align: top; text-align: left; height: 24px;\"><strong><span style=\"color: #000000;\">Karolina Lass<\/span><\/strong><\/td>\n<td style=\"width: 24.5104%; text-align: left; vertical-align: top; height: 24px;\"><span style=\"color: #000000;\">Kaimar Palm<\/span><\/td>\n<\/tr>\n<tr style=\"height: 24px;\">\n<td style=\"width: 51.29%; text-align: left; vertical-align: top; height: 24px;\"><span style=\"color: #000000;\">III koht\u00a0<\/span><\/td>\n<td style=\"width: 23.4744%; vertical-align: top; text-align: left; height: 24px;\"><span style=\"color: #000000;\"><strong>Stella Puzerov<\/strong><br \/>\n<\/span><\/td>\n<td style=\"width: 24.5104%; text-align: left; vertical-align: top; height: 24px;\"><span style=\"color: #000000;\">Triin Henn<\/span><\/td>\n<\/tr>\n<tr style=\"height: 24px;\">\n<td style=\"width: 99.2748%; background-color: #cd2662; text-align: left; vertical-align: top; height: 24px;\" colspan=\"3\"><span style=\"color: #ffffff;\"><strong>Monin Junior Cup 2022<\/strong> \/ 5.04.2022<\/span><\/td>\n<\/tr>\n<tr style=\"height: 24px;\">\n<td style=\"width: 51.29%; text-align: left; vertical-align: top; height: 24px;\"><span style=\"color: #000000;\">I koht<\/span><\/td>\n<td style=\"width: 23.4744%; vertical-align: top; text-align: left; height: 24px;\"><span style=\"color: #000000;\"><strong>Kaie Ahven<\/strong><\/span><\/td>\n<td style=\"width: 24.5104%; text-align: left; vertical-align: top; height: 24px;\"><span style=\"color: #000000;\">Kaimar Palm<\/span><\/td>\n<\/tr>\n<tr style=\"height: 24px;\">\n<td style=\"width: 51.29%; text-align: left; vertical-align: top; height: 24px;\"><span style=\"color: #000000;\">II koht<\/span><\/td>\n<td style=\"width: 23.4744%; vertical-align: top; text-align: left; height: 24px;\"><span style=\"color: #000000;\"><strong>Kelian J\u00e4rv<\/strong><\/span><\/td>\n<td style=\"width: 24.5104%; text-align: left; vertical-align: top; height: 24px;\"><span style=\"color: #000000;\">Haim Vital Grinfeld<\/span><\/td>\n<\/tr>\n<tr style=\"height: 24px;\">\n<td style=\"width: 99.2748%; height: 24px; background-color: #cd2662; text-align: left; vertical-align: top;\" colspan=\"3\"><span style=\"color: #000000;\"><span style=\"color: #ffffff;\"><strong>or meister 2022 restoraniteenindaja<\/strong> \/ 16.03.2022<\/span><\/span><\/td>\n<\/tr>\n<tr style=\"height: 24px;\">\n<td style=\"width: 51.29%; text-align: left; vertical-align: top; height: 24px;\"><span style=\"color: #000000;\">II koht<\/span><\/td>\n<td style=\"width: 23.4744%; vertical-align: top; text-align: left; height: 24px;\"><strong><span style=\"color: #000000;\">Karolina Lass<\/span><\/strong><\/td>\n<td style=\"width: 24.5104%; text-align: left; vertical-align: top; height: 24px;\"><span style=\"color: #000000;\">Kaimar Palm<\/span><\/td>\n<\/tr>\n<tr style=\"height: 24px;\">\n<td style=\"width: 51.29%; text-align: left; vertical-align: top; height: 24px;\"><span style=\"color: #000000;\">III koht<\/span><\/td>\n<td style=\"width: 23.4744%; vertical-align: top; text-align: left; height: 24px;\"><strong><span style=\"color: #000000;\">Kaie Ahven<\/span><\/strong><\/td>\n<td style=\"width: 24.5104%; text-align: left; vertical-align: top; height: 24px;\"><span style=\"color: #000000;\">Kaimar Palm<\/span><\/td>\n<\/tr>\n<tr style=\"height: 24px;\">\n<td style=\"width: 99.2748%; background-color: #cd2662; text-align: left; vertical-align: top; height: 24px;\" colspan=\"3\"><span style=\"color: #cd2662;\"><span style=\"color: #ffffff;\"><strong>M\u00fc\u00fcgikorraldaja <\/strong>03.03.2023 \/ Teko V meistriv\u00f5istlused<\/span><\/span><\/td>\n<\/tr>\n<tr style=\"height: 24px;\">\n<td style=\"width: 51.29%; text-align: left; vertical-align: top; height: 24px;\"><span style=\"color: #000000;\">I koht<\/span><\/td>\n<td style=\"width: 23.4744%; vertical-align: top; text-align: left; height: 24px;\"><strong><span style=\"color: #000000;\">Anneli Seppen<\/span><\/strong><\/td>\n<td style=\"width: 24.5104%; text-align: left; vertical-align: top; height: 24px;\"><span style=\"color: #000000;\">Aive Antson, Kristi Vilkis<\/span><\/td>\n<\/tr>\n<tr style=\"height: 24px;\">\n<td style=\"width: 51.29%; text-align: left; vertical-align: top; height: 24px;\"><span style=\"color: #000000;\">II koht<\/span><\/td>\n<td style=\"width: 23.4744%; vertical-align: top; text-align: left; height: 24px;\"><strong><span style=\"color: #000000;\">Pilleriin K\u00fcttmann<\/span><\/strong><\/td>\n<td style=\"width: 24.5104%; text-align: left; vertical-align: top; height: 24px;\"><span style=\"color: #000000;\">Aive Antson, Kristi Vilkis<\/span><\/td>\n<\/tr>\n<tr style=\"height: 24px;\">\n<td style=\"width: 51.29%; text-align: left; vertical-align: top; height: 24px;\"><span style=\"color: #000000;\">III koht<\/span><\/td>\n<td style=\"width: 23.4744%; vertical-align: top; text-align: left; height: 24px;\"><strong><span style=\"color: #000000;\">Gerli Kekki<\/span><\/strong><\/td>\n<td style=\"width: 24.5104%; text-align: left; vertical-align: top; height: 24px;\"><span style=\"color: #000000;\">Aive Antson, Kristi Vilkis<\/span><\/td>\n<\/tr>\n<tr style=\"height: 24px;\">\n<td style=\"width: 99.2748%; height: 24px; background-color: #cd2662; text-align: left; vertical-align: top;\" colspan=\"3\"><span style=\"color: #000000;\"><span style=\"color: #cd2662;\"><span style=\"color: #ffffff;\"><strong>M\u00fc\u00fcgiproff <\/strong>03.03.2023 \/ Teko V meistriv\u00f5istlused<\/span><\/span><\/span><\/td>\n<\/tr>\n<tr style=\"height: 24px;\">\n<td style=\"width: 51.29%; text-align: left; vertical-align: top; height: 24px;\"><span style=\"color: #000000;\">I koht<\/span><\/td>\n<td style=\"width: 23.4744%; vertical-align: top; text-align: left; height: 24px;\"><strong><span style=\"color: #000000;\">Getrin Halling<\/span><\/strong><\/td>\n<td style=\"width: 24.5104%; text-align: left; vertical-align: top; height: 24px;\"><span style=\"color: #000000;\">Aive Antson, Kristi Vilkis<\/span><\/td>\n<\/tr>\n<tr style=\"height: 24px;\">\n<td style=\"width: 51.29%; text-align: left; vertical-align: top; height: 24px;\"><span style=\"color: #000000;\">II koht<\/span><\/td>\n<td style=\"width: 23.4744%; vertical-align: top; text-align: left; height: 24px;\"><strong><span style=\"color: #000000;\">Tiia Laanisto<\/span><\/strong><\/td>\n<td style=\"width: 24.5104%; text-align: left; vertical-align: top; height: 24px;\"><span style=\"color: #000000;\">Aive Antson, Kristi Vilkis<\/span><\/td>\n<\/tr>\n<tr style=\"height: 24px;\">\n<td style=\"width: 51.29%; text-align: left; vertical-align: top; height: 24px;\"><span style=\"color: #000000;\">III koht<\/span><\/td>\n<td style=\"width: 23.4744%; vertical-align: top; text-align: left; height: 24px;\"><strong><span style=\"color: #000000;\">Janeli Mumme<\/span><\/strong><\/td>\n<td style=\"width: 24.5104%; text-align: left; vertical-align: top; height: 24px;\"><span style=\"color: #000000;\">Aive Antson, Kristi Vilkis<\/span><\/td>\n<\/tr>\n<tr class=\"alt\" style=\"height: 24px;\">\n<td style=\"height: 24px; background-color: #cd2662; vertical-align: top; text-align: left; width: 99.2748%;\" colspan=\"3\"><span style=\"color: #ffffff;\"><strong>Kuldne kulp 2022 <\/strong>09.02.2023 \/ Teko V meistriv\u00f5istlused<\/span><\/td>\n<\/tr>\n<tr style=\"height: 24px;\">\n<td style=\"width: 51.29%; height: 24px; text-align: left; vertical-align: top;\">I koht ja\u00a0<em>chef<\/em>\u00a0Martti eripreemia<\/td>\n<td style=\"width: 23.4744%; height: 24px; text-align: left; vertical-align: top;\"><strong>Aljona Koch<\/strong><\/td>\n<td style=\"width: 24.5104%; height: 24px; text-align: left; vertical-align: top;\">Pirje P\u00e4rimets<\/td>\n<\/tr>\n<tr class=\"alt\" style=\"height: 24px;\">\n<td style=\"width: 51.29%; height: 24px; text-align: left; vertical-align: top;\">parima k\u00f6\u00f6git\u00f6\u00f6 ja tehnoloogiate valdamise eripreemia<\/td>\n<td style=\"width: 23.4744%; height: 24px; text-align: left; vertical-align: top;\"><strong>Jelizaveta \u0160alova<\/strong><\/td>\n<td style=\"width: 24.5104%; height: 24px; text-align: left; vertical-align: top;\">Ljumilla Kolt\u0161enko<\/td>\n<\/tr>\n<tr style=\"height: 24px;\">\n<td style=\"width: 99.2748%; height: 24px; background-color: #cd2662; vertical-align: top; text-align: left;\" colspan=\"3\"><span style=\"color: #ffffff;\"><strong>Teko k\u00fc\u00fcnetehnik 2022 <\/strong>27.01.2022 \/ Teko V meistriv\u00f5istlused\u00a0<\/span><\/td>\n<\/tr>\n<tr style=\"height: 24px;\">\n<td style=\"width: 51.29%; text-align: left; vertical-align: top; height: 24px;\">I koht<\/td>\n<td style=\"width: 23.4744%; vertical-align: top; height: 24px; text-align: left;\"><strong>Liisi Saueauk<\/strong><\/td>\n<td style=\"width: 24.5104%; text-align: left; vertical-align: top; height: 24px;\">Siret Rannik<\/td>\n<\/tr>\n<tr style=\"height: 24px;\">\n<td style=\"width: 51.29%; text-align: left; vertical-align: top; height: 24px;\">II koht<\/td>\n<td style=\"width: 23.4744%; vertical-align: top; height: 24px; text-align: left;\"><strong>Birgit Kudi<\/strong><\/td>\n<td style=\"width: 24.5104%; text-align: left; vertical-align: top; height: 24px;\">Siret Rannik<\/td>\n<\/tr>\n<tr style=\"height: 24px;\">\n<td style=\"width: 51.29%; text-align: left; vertical-align: top; height: 24px;\">III koht<\/td>\n<td style=\"width: 23.4744%; vertical-align: top; height: 24px; text-align: left;\"><strong>Hanna-Liisa Liin<\/strong><\/td>\n<td style=\"width: 24.5104%; text-align: left; vertical-align: top; height: 24px;\">Siret Rannik<\/td>\n<\/tr>\n<tr style=\"height: 24px;\">\n<td style=\"width: 51.29%; text-align: left; vertical-align: top; height: 24px;\">k\u00f5ige julgema ja mitmek\u00fclgsema disaini eripreemia<\/td>\n<td style=\"width: 23.4744%; vertical-align: top; text-align: left; height: 24px;\"><strong>Bianca Ilona Ilu<\/strong><\/td>\n<td style=\"width: 24.5104%; text-align: left; vertical-align: top; height: 24px;\">Siret Rannik<\/td>\n<\/tr>\n<tr style=\"height: 24px;\">\n<td style=\"width: 51.29%; text-align: left; vertical-align: top; height: 24px;\">k\u00fcmne k\u00fc\u00fcne disaini eripreemia<\/td>\n<td style=\"width: 23.4744%; vertical-align: top; text-align: left; height: 24px;\"><strong>Merili Saks<\/strong><\/td>\n<td style=\"width: 24.5104%; text-align: left; vertical-align: top; height: 24px;\">Siret Rannik<\/td>\n<\/tr>\n<tr style=\"height: 24px;\">\n<td style=\"height: 24px; background-color: #cd2662; vertical-align: top; text-align: left; width: 99.2748%;\" colspan=\"3\"><span style=\"color: #ffffff;\"><strong>Teko spaateenindaja 2021 <\/strong>27.01.2022 \/ Teko V meistriv\u00f5istlused\u00a0<\/span><\/td>\n<\/tr>\n<tr style=\"height: 24px;\">\n<td style=\"width: 51.29%; text-align: left; vertical-align: top; height: 24px;\">I koht<\/td>\n<td style=\"width: 23.4744%; vertical-align: top; height: 24px; text-align: left;\"><strong>Annika Mikk<\/strong><\/td>\n<td style=\"width: 24.5104%; text-align: left; vertical-align: top; height: 24px;\">Sirje Tammeoks<\/td>\n<\/tr>\n<tr style=\"height: 24px;\">\n<td style=\"width: 51.29%; text-align: left; vertical-align: top; height: 24px;\">II koht<\/td>\n<td style=\"width: 23.4744%; vertical-align: top; height: 24px; text-align: left;\"><strong>Jana Laide<\/strong><\/td>\n<td style=\"width: 24.5104%; text-align: left; vertical-align: top; height: 24px;\">Sirje Tammeoks<\/td>\n<\/tr>\n<tr style=\"height: 24px;\">\n<td style=\"width: 51.29%; text-align: left; vertical-align: top; height: 24px;\">III koht<\/td>\n<td style=\"width: 23.4744%; vertical-align: top; height: 24px; text-align: left;\"><strong>Reti Pauklin<\/strong><\/td>\n<td style=\"width: 24.5104%; text-align: left; vertical-align: top; height: 24px;\">Sirje Tammeoks<\/td>\n<\/tr>\n<tr style=\"height: 24px;\">\n<td style=\"width: 51.29%; text-align: left; vertical-align: top; height: 24px;\">massaa\u017ei eripreemia<\/td>\n<td style=\"width: 23.4744%; vertical-align: top; text-align: left; height: 24px;\"><strong>Lavrenti N\u00e4kk<\/strong><\/td>\n<td style=\"width: 24.5104%; text-align: left; vertical-align: top; height: 24px;\">Sirje Tammeoks<\/td>\n<\/tr>\n<tr style=\"height: 24px;\">\n<td style=\"width: 51.29%; text-align: left; vertical-align: top; height: 24px;\">klienditeeninduse eripreemia<\/td>\n<td style=\"width: 23.4744%; vertical-align: top; text-align: left; height: 24px;\"><strong>Liis Tobreluts<\/strong><\/td>\n<td style=\"width: 24.5104%; text-align: left; vertical-align: top; height: 24px;\">Sirje Tammeoks<\/td>\n<\/tr>\n<\/tbody>\n<\/table>\n<h3><span style=\"color: #cd2662;\">Sport<\/span><\/h3>\n<table style=\"width: 100%; height: 288px;\">\n<tbody>\n<tr style=\"height: 24px;\">\n<td style=\"width: 51.29%; vertical-align: top; height: 24px; text-align: left;\"><span style=\"color: #cd2662;\"><em>v\u00f5istlus \/ kuup\u00e4ev<\/em><\/span><\/td>\n<td style=\"width: 23.4744%; vertical-align: top; height: 24px; text-align: left;\"><span style=\"color: #cd2662;\"><em>osaleja<\/em><\/span><\/td>\n<td style=\"width: 24.5104%; vertical-align: top; height: 24px; text-align: left;\"><span style=\"color: #cd2662;\"><em>juhendaja<\/em><\/span><\/td>\n<\/tr>\n<tr>\n<td style=\"width: 51.29%; background-color: #cd2662; text-align: left; vertical-align: top;\" colspan=\"3\"><span style=\"color: #ffffff;\"><strong>Eesti Kutsekoolispordi Liidu aasta sportlane, aasta tegu ja spordihing<\/strong><\/span><\/td>\n<\/tr>\n<tr>\n<td style=\"width: 51.29%; vertical-align: top; text-align: left;\">Eesti Kutsekoolispordi Liidu aasta naissportlane 2022<\/td>\n<td style=\"width: 23.4744%; vertical-align: top; text-align: left;\"><strong>Aliya Raag<\/strong><\/td>\n<td style=\"width: 24.5104%; vertical-align: top; text-align: left;\">Anu Uusmaa<\/td>\n<\/tr>\n<tr style=\"height: 24px;\">\n<td style=\"width: 51.29%; background-color: #cd2662; text-align: left; vertical-align: top; height: 24px;\" colspan=\"3\"><span style=\"color: #cd2662;\"><span style=\"color: #ffffff;\"><strong>International Field Archery Association maailameistriv\u00f5istlused maastikulaskmises <\/strong>5.-13.08.2022 \/ Tahkuranna, Eesti<\/span><\/span><\/td>\n<\/tr>\n<tr style=\"height: 24px;\">\n<td style=\"width: 51.29%; vertical-align: top; text-align: left; height: 24px;\"><span style=\"color: #000000;\"> III koht sportvibu U21 naiste arvestuses<\/span><\/td>\n<td style=\"width: 23.4744%; vertical-align: top; text-align: left; height: 24px;\"><span style=\"color: #cd2662;\"> <strong><span style=\"color: #000000;\">Aliya Raag<\/span><\/strong><\/span><\/td>\n<td style=\"width: 24.5104%; vertical-align: top; text-align: left; height: 24px;\"><span style=\"color: #cd2662;\"> <span style=\"color: #000000;\">Anu Uusmaa<\/span><\/span><\/td>\n<\/tr>\n<tr style=\"height: 24px;\">\n<td style=\"width: 99.2748%; background-color: #cd2662; vertical-align: top; height: 24px; text-align: left;\" colspan=\"3\"><span style=\"color: #cd2662;\"><span style=\"color: #ffffff;\"><strong>International Field Archery Association Euroopa meistriv\u00f5istlused siselaskmises 1<\/strong>6.-19.03.2022 \/ Sein\u00e4joki, Soome<\/span><\/span><\/td>\n<\/tr>\n<tr style=\"height: 24px;\">\n<td style=\"width: 51.29%; vertical-align: top; text-align: left; height: 24px;\"><span style=\"color: #000000;\">II koht jahiplokkvibude naiste\u00a0\u00a0arvestuses, Euroopa rekord <em>flint<\/em> v\u00f5istlusformaadis<br \/>\n<\/span><\/td>\n<td style=\"width: 23.4744%; vertical-align: top; text-align: left; height: 24px;\"><strong><span style=\"color: #000000;\">Anu Uusmaa<\/span><\/strong><\/td>\n<td style=\"width: 24.5104%; vertical-align: top; text-align: left; height: 24px;\"><span style=\"color: #000000;\">Anu Uusmaa<\/span><\/td>\n<\/tr>\n<tr style=\"height: 24px;\">\n<td style=\"width: 99.2748%; background-color: #cd2662; vertical-align: top; text-align: left; height: 24px;\" colspan=\"3\"><span style=\"color: #000000;\"><span style=\"color: #cd2662;\"><span style=\"color: #ffffff;\"><strong>Maastikuvibu meistriv\u00f5istlused Estonian Open 2022 \/ 29.-31.07.2022<\/strong><\/span><\/span><\/span><\/td>\n<\/tr>\n<tr style=\"height: 24px;\">\n<td style=\"background-color: #ffffff; text-align: left; vertical-align: top; width: 51.29%; height: 24px;\">III koht sportvibu naiste arvestuses<\/td>\n<td style=\"background-color: #ffffff; text-align: left; vertical-align: top; width: 23.4744%; height: 24px;\"><strong><span style=\"color: #000000;\">Aliya Raag<\/span><\/strong><\/td>\n<td style=\"background-color: #ffffff; text-align: left; vertical-align: top; width: 24.5104%; height: 24px;\">Anu Uusmaa<\/td>\n<\/tr>\n<tr style=\"height: 24px;\">\n<td style=\"height: 24px; background-color: #cd2662; vertical-align: top; text-align: left; width: 99.2748%;\" colspan=\"3\"><span style=\"color: #000000;\"><span style=\"color: #cd2662;\"><span style=\"color: #ffffff;\"><strong>Eesti Vibuliidu noorte sisemeistriv\u00f5istlused <\/strong>05.03.2022 \/ Saku<\/span><\/span><\/span><\/td>\n<\/tr>\n<tr style=\"height: 24px;\">\n<td style=\"width: 51.29%; vertical-align: top; height: 24px; text-align: left;\"><span style=\"color: #000000;\">IV koht lihtvibu naisjuuniorite arvestuses<\/span><\/td>\n<td style=\"width: 23.4744%; vertical-align: top; height: 24px; text-align: left;\"><strong><span style=\"color: #000000;\">Aliya Raag<\/span><\/strong><\/td>\n<td style=\"width: 24.5104%; vertical-align: top; height: 24px; text-align: left;\"><span style=\"color: #000000;\">Anu Uusmaa<\/span><\/td>\n<\/tr>\n<tr style=\"height: 24px;\">\n<td style=\"width: 51.29%; vertical-align: top; height: 24px; text-align: left;\"><span style=\"color: #000000;\">IV koht lihtvibu meesjuuniorite arvestuses<\/span><\/td>\n<td style=\"width: 23.4744%; vertical-align: top; height: 24px; text-align: left;\"><strong><span style=\"color: #000000;\">Pavel Jefimov<\/span><\/strong><\/td>\n<td style=\"width: 24.5104%; vertical-align: top; height: 24px; text-align: left;\"><span style=\"color: #000000;\">Anu Uusmaa<\/span><\/td>\n<\/tr>\n<tr class=\"alt\" style=\"height: 24px;\">\n<td style=\"height: 24px; background-color: #cd2662; vertical-align: top; width: 99.2748%; text-align: left;\" colspan=\"3\"><span style=\"color: #ffffff;\"><strong>Klubide karikas 2022 1. etapp <\/strong>15.01.2022 \/ Tallinn<\/span><\/td>\n<\/tr>\n<tr style=\"height: 24px;\">\n<td style=\"width: 51.29%; height: 24px; vertical-align: top; text-align: left;\">III koht traditsioonilise vibu <span style=\"color: #000000;\">naiste arvestuses<\/span><\/td>\n<td style=\"width: 23.4744%; height: 24px; vertical-align: top; text-align: left;\"><strong>Aliya Raag<\/strong><\/td>\n<td style=\"width: 24.5104%; height: 24px; vertical-align: top; text-align: left;\"><span style=\"color: #000000;\">Anu Uusmaa<\/span><\/td>\n<\/tr>\n<\/tbody>\n<\/table>\n<h3><span style=\"color: #cd2662;\">Huvitegevus<\/span><\/h3>\n<table style=\"width: 100%; height: 72px;\">\n<tbody>\n<tr style=\"height: 24px;\">\n<td style=\"height: 24px; width: 27.9188%; vertical-align: top; text-align: left;\"><span style=\"color: #cd2662;\"><em>v\u00f5istlus \/ koht<\/em><\/span><\/td>\n<td style=\"height: 24px; width: 53.8116%; vertical-align: top;\" colspan=\"2\"><span style=\"color: #cd2662;\"><em>osaleja\u00a0<\/em><\/span><\/td>\n<td style=\"width: 17.3338%; height: 24px; vertical-align: top;\"><em style=\"color: #cd2662;\">juhendaja<\/em><\/td>\n<\/tr>\n<tr style=\"height: 24px;\">\n<td style=\"width: 99.0642%; height: 24px; background-color: #cd2662; vertical-align: top;\" colspan=\"4\"><strong><span style=\"color: #ffffff;\">Saaremaa Miniteatrip\u00e4evad 2021 <\/span><\/strong><span style=\"color: #ffffff;\">\/ 14.-15.05.2021<\/span><\/td>\n<\/tr>\n<tr style=\"height: 24px;\">\n<td style=\"width: 27.9188%; vertical-align: top; height: 24px; text-align: left;\">eripreemia<\/td>\n<td style=\"width: 53.8116%; vertical-align: top; height: 24px;\" colspan=\"2\"><span style=\"color: #000000;\">lavastus &#8220;Salme<\/span>&#8220;<\/td>\n<td style=\"width: 17.3338%; vertical-align: top; height: 24px;\"><span style=\"color: #000000;\">Annely R Kallo<\/span><\/td>\n<\/tr>\n<\/tbody>\n<\/table>\n<h2><span style=\"color: #cd2662;\">2021<\/span><\/h2>\n<h3><span style=\"color: #cd2662;\">Kutsev\u00f5istlused<\/span><\/h3>\n<table style=\"width: 100%; height: 336px;\">\n<tbody>\n<tr style=\"height: 24px;\">\n<td style=\"width: 27.4112%; text-align: left; vertical-align: top; height: 24px;\"><span style=\"color: #cd2662;\"><em>v\u00f5istlus \/ kuup\u00e4ev<\/em><\/span><\/td>\n<td style=\"width: 47.3532%; vertical-align: top; height: 24px; text-align: left;\"><span style=\"color: #cd2662;\"><em>osaleja<\/em><\/span><\/td>\n<td style=\"width: 24.5104%; text-align: left; vertical-align: top; height: 24px;\"><span style=\"color: #cd2662;\"><em>juhendaja<\/em><\/span><\/td>\n<\/tr>\n<tr style=\"height: 24px;\">\n<td style=\"width: 99.2748%; background-color: #cd2662; vertical-align: top; height: 24px; text-align: left;\" colspan=\"3\"><span style=\"color: #ffffff;\"><strong>AEHT 34. aastakonverents ja v\u00f5istlused<\/strong> 1.-6.11.2021<\/span><\/td>\n<\/tr>\n<tr style=\"height: 24px;\">\n<td style=\"vertical-align: top; width: 27.4112%; background-color: #ffffff; height: 24px; text-align: left;\"><span style=\"color: #000000;\">II koht Margit H\u00e4rma<\/span><\/td>\n<td style=\"vertical-align: top; width: 47.3532%; background-color: #ffffff; height: 24px; text-align: left;\"><strong><span style=\"color: #000000;\">May-Liis Andema Decathlon<br \/>\n<\/span><\/strong><\/td>\n<td style=\"vertical-align: top; width: 24.5104%; background-color: #ffffff; height: 24px; text-align: left;\"><span style=\"color: #000000;\">Eero Olavi Kippa, Riina Laht<\/span><\/td>\n<\/tr>\n<tr style=\"height: 24px;\">\n<td style=\"vertical-align: top; width: 27.4112%; background-color: #ffffff; text-align: left; height: 24px;\"><span style=\"color: #000000;\">III koht<\/span><\/td>\n<td style=\"vertical-align: top; width: 47.3532%; background-color: #ffffff; text-align: left; height: 24px;\"><strong><span style=\"color: #000000;\">Kaie Ahven<\/span><\/strong><\/td>\n<td style=\"vertical-align: top; width: 24.5104%; background-color: #ffffff; text-align: left; height: 24px;\"><span style=\"color: #000000;\">Kaimar Palm<\/span><\/td>\n<\/tr>\n<tr>\n<td style=\"background-color: #cd2662; vertical-align: top; width: 99.2748%; text-align: left;\" colspan=\"3\"><span style=\"color: #ffffff;\"><strong>Aasta Kokk 2021<\/strong> 3.10.2021<\/span><\/td>\n<\/tr>\n<tr>\n<td style=\"vertical-align: top; text-align: left; width: 27.4112%; background-color: #ffffff;\"><span style=\"color: #000000;\">parim abiline<\/span><\/td>\n<td style=\"vertical-align: top; text-align: left; width: 47.3532%; background-color: #ffffff;\"><span style=\"color: #000000;\"><strong>Kelly Svi\u0161t\u0161o<\/strong><\/span><\/td>\n<td style=\"vertical-align: top; text-align: left; width: 24.5104%; background-color: #ffffff;\"><span style=\"color: #000000;\">Maria Stulova<\/span><\/td>\n<\/tr>\n<tr style=\"height: 24px;\">\n<td style=\"background-color: #cd2662; vertical-align: top; text-align: left; height: 24px; width: 99.2748%;\" colspan=\"3\"><span style=\"color: #ffffff;\"><strong>Aasta Noorkokk 2021<\/strong> 2.10.2021<\/span><\/td>\n<\/tr>\n<tr style=\"height: 24px;\">\n<td style=\"vertical-align: top; text-align: left; width: 27.4112%; background-color: #ffffff; height: 24px;\"><span style=\"color: #000000;\">II koht<\/span><\/td>\n<td style=\"vertical-align: top; text-align: left; width: 47.3532%; background-color: #ffffff; height: 24px;\"><span style=\"color: #000000;\"><strong>Ilja Frolov<\/strong><\/span><\/td>\n<td style=\"vertical-align: top; text-align: left; width: 24.5104%; background-color: #ffffff; height: 24px;\"><span style=\"color: #000000;\">Eero Olavi Kippa<\/span><\/td>\n<\/tr>\n<tr class=\"alt\" style=\"height: 24px;\">\n<td style=\"height: 24px; background-color: #cd2662; vertical-align: top; text-align: left; width: 99.2748%;\" colspan=\"3\"><span style=\"color: #ffffff;\"><strong>Kuldne kulp 2021 <\/strong>28.01.2021<\/span><\/td>\n<\/tr>\n<tr style=\"height: 24px;\">\n<td style=\"width: 27.4112%; height: 24px; text-align: left; vertical-align: top;\">I koht ja\u00a0<em>chef<\/em>\u00a0Martti eripreemia<\/td>\n<td style=\"width: 47.3532%; height: 24px; text-align: left; vertical-align: top;\"><strong>Aet Abramson<\/strong><\/td>\n<td style=\"width: 24.5104%; height: 24px; text-align: left; vertical-align: top;\">Eero Olavi Kippa<\/td>\n<\/tr>\n<tr class=\"alt\" style=\"height: 24px;\">\n<td style=\"width: 27.4112%; height: 24px; text-align: left; vertical-align: top;\">II koht<\/td>\n<td style=\"width: 47.3532%; height: 24px; text-align: left; vertical-align: top;\"><strong>Ilja Frolov<\/strong><\/td>\n<td style=\"width: 24.5104%; height: 24px; text-align: left; vertical-align: top;\">Eero Olavi Kippa<\/td>\n<\/tr>\n<tr style=\"height: 24px;\">\n<td style=\"width: 27.4112%; height: 24px; text-align: left; vertical-align: top;\">III koht<\/td>\n<td style=\"width: 47.3532%; height: 24px; text-align: left; vertical-align: top;\"><strong>Maksim Fomenkov<\/strong><\/td>\n<td style=\"width: 24.5104%; height: 24px; text-align: left; vertical-align: top;\">Ljudmilla Zahharova<\/td>\n<\/tr>\n<tr style=\"height: 24px;\">\n<td style=\"width: 99.2748%; height: 24px; background-color: #cd2662; vertical-align: top; text-align: left;\" colspan=\"3\"><span style=\"color: #ffffff;\"><strong>Teko spaateenindaja 2021 <\/strong>28.01.2021<\/span><\/td>\n<\/tr>\n<tr style=\"height: 24px;\">\n<td style=\"width: 27.4112%; text-align: left; vertical-align: top; height: 24px;\">I koht<\/td>\n<td style=\"width: 47.3532%; vertical-align: top; height: 24px; text-align: left;\"><strong>Merit Birnbaum<\/strong><\/td>\n<td style=\"width: 24.5104%; text-align: left; vertical-align: top; height: 24px;\">Sirje Tammeoks<\/td>\n<\/tr>\n<tr style=\"height: 24px;\">\n<td style=\"width: 27.4112%; text-align: left; vertical-align: top; height: 24px;\">II koht<\/td>\n<td style=\"width: 47.3532%; vertical-align: top; height: 24px; text-align: left;\"><strong>Siiri Saarestik<\/strong><\/td>\n<td style=\"width: 24.5104%; text-align: left; vertical-align: top; height: 24px;\">Sirje Tammeoks<\/td>\n<\/tr>\n<tr style=\"height: 24px;\">\n<td style=\"width: 27.4112%; text-align: left; vertical-align: top; height: 24px;\">III koht<\/td>\n<td style=\"width: 47.3532%; vertical-align: top; height: 24px; text-align: left;\"><strong>Anna Kuznetsova<\/strong><\/td>\n<td style=\"width: 24.5104%; text-align: left; vertical-align: top; height: 24px;\">Sirje Tammeoks<\/td>\n<\/tr>\n<\/tbody>\n<\/table>\n<h3><span style=\"color: #cd2662;\">Huvitegevus<\/span><\/h3>\n<table style=\"width: 100%; height: 72px;\">\n<tbody>\n<tr style=\"height: 24px;\">\n<td style=\"height: 24px; width: 27.9188%; vertical-align: top; text-align: left;\"><span style=\"color: #cd2662;\"><em>v\u00f5istlus \/ koht<\/em><\/span><\/td>\n<td style=\"height: 24px; width: 53.8116%; vertical-align: top;\" colspan=\"2\"><span style=\"color: #cd2662;\"><em>osaleja\u00a0<\/em><\/span><\/td>\n<td style=\"width: 17.3338%; height: 24px; vertical-align: top;\"><em style=\"color: #cd2662;\">juhendaja<\/em><\/td>\n<\/tr>\n<tr style=\"height: 24px;\">\n<td style=\"width: 99.0642%; height: 24px; background-color: #cd2662; vertical-align: top;\" colspan=\"4\"><strong><span style=\"color: #ffffff;\">Saaremaa Miniteatrip\u00e4evad 2021 <\/span><\/strong><span style=\"color: #ffffff;\">\/ 14.-15.05.2021<\/span><\/td>\n<\/tr>\n<tr style=\"height: 24px;\">\n<td style=\"width: 27.9188%; vertical-align: top; height: 24px; text-align: left;\">eripreemia<\/td>\n<td style=\"width: 53.8116%; vertical-align: top; height: 24px;\" colspan=\"2\"><span style=\"color: #000000;\"><strong>Mirell-Liis Orgus <\/strong>\/ lavastus &#8220;T\u00e4na, homme ja aegade l\u00f5puni<\/span>&#8220;<\/td>\n<td style=\"width: 17.3338%; vertical-align: top; height: 24px;\"><span style=\"color: #000000;\">Annely R Kallo<\/span><\/td>\n<\/tr>\n<\/tbody>\n<\/table>\n<h2><span style=\"color: #cd2662;\"><a id=\"S2020\"><\/a>2020<\/span><\/h2>\n<h3><span style=\"color: #cd2662;\">Kutsev\u00f5istlused<\/span><\/h3>\n<table style=\"width: 99.2748%; height: 1309px;\">\n<tbody>\n<tr style=\"height: 24px;\">\n<td style=\"width: 27.4112%; text-align: left; vertical-align: top; height: 24px;\"><span style=\"color: #cd2662;\"><em>v\u00f5istlus \/ kuup\u00e4ev<\/em><\/span><\/td>\n<td style=\"width: 47.3532%; text-align: left; vertical-align: top; height: 24px;\"><span style=\"color: #cd2662;\"><em>osaleja<\/em><\/span><\/td>\n<td style=\"width: 24.5104%; text-align: left; vertical-align: top; height: 24px;\"><span style=\"color: #cd2662;\"><em>juhendaja<\/em><\/span><\/td>\n<\/tr>\n<tr class=\"alt\" style=\"height: 24px;\">\n<td style=\"height: 24px; background-color: #cd2662; text-align: left; vertical-align: top; width: 99.2748%;\" colspan=\"3\"><span style=\"color: #ffffff;\"><strong>Eesti maitsed 2020 \/ <\/strong>Teko meistriv\u00f5istlused 2020 30.01<\/span><\/td>\n<\/tr>\n<tr style=\"height: 24px;\">\n<td style=\"width: 27.4112%; height: 24px; text-align: left; vertical-align: top;\">I koht<\/td>\n<td style=\"width: 47.3532%; height: 24px; text-align: left; vertical-align: top;\"><strong>Elisabeth Eisen<\/strong><\/td>\n<td style=\"width: 24.5104%;\">Eero Olavi Kippa<\/td>\n<\/tr>\n<tr class=\"alt\" style=\"height: 24px;\">\n<td style=\"width: 27.4112%; height: 24px; text-align: left; vertical-align: top;\">II koht<\/td>\n<td style=\"width: 47.3532%; height: 24px;\"><strong>Ranet Sikk<\/strong><\/td>\n<td style=\"width: 24.5104%;\">Diane Sarapuu-Kelder<\/td>\n<\/tr>\n<tr style=\"height: 24px;\">\n<td style=\"width: 27.4112%; height: 24px; text-align: left; vertical-align: top;\">III koht<\/td>\n<td style=\"width: 47.3532%; height: 24px;\"><strong>Stanislav Petrov<\/strong><\/td>\n<td style=\"width: 24.5104%;\">Maria Stulova<\/td>\n<\/tr>\n<tr>\n<td style=\"width: 27.4112%;\">Parima karaski eripreemia<\/td>\n<td style=\"width: 47.3532%; height: 24px;\"><strong>Kristjan \u00dclevaino<\/strong><\/td>\n<td style=\"width: 24.5104%;\">Riina Laht, Gerda Sepp, Kristi Tiido<\/td>\n<\/tr>\n<tr class=\"alt\">\n<td style=\"width: 27.4112%;\">K\u00f6\u00f6git\u00f6\u00f6 eripreemia<\/td>\n<td style=\"width: 47.3532%;\"><strong>Philip T\u0161unihhin<\/strong><\/td>\n<td style=\"width: 24.5104%;\">Riina Laht, Gerda Sepp<\/td>\n<\/tr>\n<tr class=\"alt\" style=\"height: 24px;\">\n<td style=\"width: 99.2748%; height: 24px; background-color: #cd2662; text-align: left; vertical-align: top;\" colspan=\"3\"><span style=\"color: #ffffff;\"><strong>Kuldne kulp 2020 \/\u00a0<\/strong>Teko meistriv\u00f5istlused 2020 30.01<\/span><\/td>\n<\/tr>\n<tr style=\"height: 24px;\">\n<td style=\"width: 27.4112%; height: 24px; text-align: left; vertical-align: top;\">I koht ja\u00a0<em>chef<\/em>\u00a0Martti eripreemia<\/td>\n<td style=\"width: 47.3532%;\"><strong>Chris Oscar Sommer<\/strong><\/td>\n<td style=\"width: 24.5104%; height: 24px; text-align: left; vertical-align: top;\">Kristi Tiido, Joonas Koppel<\/td>\n<\/tr>\n<tr class=\"alt\" style=\"height: 24px;\">\n<td style=\"width: 27.4112%; height: 24px; text-align: left; vertical-align: top;\">II koht<\/td>\n<td style=\"width: 47.3532%;\"><strong>Kevin Nefjodov<\/strong><\/td>\n<td style=\"width: 24.5104%; height: 24px; text-align: left; vertical-align: top;\">Eero Olavi Kippa<\/td>\n<\/tr>\n<tr style=\"height: 24px;\">\n<td style=\"width: 27.4112%; height: 24px; text-align: left; vertical-align: top;\">III koht<\/td>\n<td style=\"width: 47.3532%;\"><\/td>\n<td style=\"width: 24.5104%; height: 24px; text-align: left; vertical-align: top;\">Kristi Tiido<\/td>\n<\/tr>\n<tr>\n<td style=\"width: 27.4112%; text-align: left; vertical-align: top;\">Parima pearoa kastme eripreemia<\/td>\n<td style=\"width: 47.3532%;\"><strong>Andro Treialt<\/strong><\/td>\n<td style=\"width: 24.5104%; text-align: left; vertical-align: top;\">Diane Sarapuu-Kelder<\/td>\n<\/tr>\n<tr class=\"alt\" style=\"height: 24px;\">\n<td style=\"width: 99.2748%; height: 24px; background-color: #cd2662; text-align: left; vertical-align: top;\" colspan=\"3\"><span style=\"color: #ffffff;\"><strong>Kokkade seitsmev\u00f5istlus 2020 \/\u00a0<\/strong>Teko meistriv\u00f5istlused 2020 30.01<\/span><\/td>\n<\/tr>\n<tr style=\"height: 24px;\">\n<td style=\"width: 27.4112%; height: 24px; text-align: left; vertical-align: top;\">I koht<\/td>\n<td style=\"width: 47.3532%; height: 24px; text-align: left; vertical-align: top;\"><strong>Aljona Ivanova, Maria Janu\u0161, Pavel Jefimov<\/strong><\/td>\n<td style=\"width: 24.5104%; height: 24px; text-align: left; vertical-align: top;\">Diane Sarapuu-Kelder<\/td>\n<\/tr>\n<tr class=\"alt\" style=\"height: 24px;\">\n<td style=\"width: 27.4112%; height: 24px; text-align: left; vertical-align: top;\">II koht<\/td>\n<td style=\"width: 47.3532%; height: 24px; text-align: left; vertical-align: top;\"><strong>Lala Mnatsakanyan, Aleksandre Dokvadze, Aleksandr Gussev<\/strong><\/td>\n<td style=\"width: 24.5104%; height: 24px; text-align: left; vertical-align: top;\">Maria Stulova<\/td>\n<\/tr>\n<tr style=\"height: 24px;\">\n<td style=\"width: 27.4112%; height: 24px; text-align: left; vertical-align: top;\">III koht<\/td>\n<td style=\"width: 47.3532%; height: 24px; text-align: left; vertical-align: top;\"><strong>Christin Veskim\u00e4e, Romeo Rebel, Robin Reidma<\/strong><\/td>\n<td style=\"width: 24.5104%; height: 24px; text-align: left; vertical-align: top;\">Kristi Tiido<\/td>\n<\/tr>\n<tr style=\"height: 24px;\">\n<td style=\"width: 99.2748%; height: 24px; background-color: #cd2662; text-align: left; vertical-align: top;\" colspan=\"3\"><span style=\"color: #ffffff;\"><strong>Teko kelner 2020 \/\u00a0<\/strong>Teko meistriv\u00f5istlused\u00a0 2020 30.01<\/span><\/td>\n<\/tr>\n<tr class=\"alt\" style=\"height: 24px;\">\n<td style=\"width: 27.4112%; height: 24px; text-align: left; vertical-align: top;\">I koht<\/td>\n<td style=\"width: 47.3532%; height: 24px; text-align: left; vertical-align: top;\">Trini L\u00f5pp<\/td>\n<td style=\"width: 24.5104%; height: 24px; text-align: left; vertical-align: top;\">Marge Oldermann<\/td>\n<\/tr>\n<tr style=\"height: 24px;\">\n<td style=\"width: 27.4112%; height: 24px; text-align: left; vertical-align: top;\">Parima kohvi valmistaja eripreemia<\/td>\n<td style=\"width: 47.3532%; height: 24px; text-align: left; vertical-align: top;\">Aleksander Luik<\/td>\n<td style=\"width: 24.5104%; height: 24px; text-align: left; vertical-align: top;\">Marge Oldermann<\/td>\n<\/tr>\n<tr style=\"height: 24px;\">\n<td style=\"width: 99.2748%; height: 24px; background-color: #cd2662; text-align: left; vertical-align: top;\" colspan=\"3\"><span style=\"color: #ffffff;\"><strong>Teko komm 2018 \/\u00a0<\/strong>Teko meistriv\u00f5istlused 2020 30.01<\/span><\/td>\n<\/tr>\n<tr class=\"alt\" style=\"height: 24px;\">\n<td style=\"width: 27.4112%; height: 24px; text-align: left; vertical-align: top;\">I koht<\/td>\n<td style=\"width: 47.3532%; height: 24px; text-align: left; vertical-align: top;\">Eliis Viljaste<\/td>\n<td style=\"width: 24.5104%; height: 24px; text-align: left; vertical-align: top;\">Sirje Tenok<\/td>\n<\/tr>\n<tr style=\"height: 24px;\">\n<td style=\"width: 27.4112%; height: 24px; text-align: left; vertical-align: top;\">II koht<\/td>\n<td style=\"width: 47.3532%; height: 24px; text-align: left; vertical-align: top;\">Nikol Zelyoni<\/td>\n<td style=\"width: 24.5104%; height: 24px; text-align: left; vertical-align: top;\">Maria Stulova<\/td>\n<\/tr>\n<tr class=\"alt\" style=\"height: 24px;\">\n<td style=\"width: 27.4112%; height: 24px; text-align: left; vertical-align: top;\">III koht<\/td>\n<td style=\"width: 47.3532%; height: 24px; text-align: left; vertical-align: top;\">Eneli Vint<\/td>\n<td style=\"width: 24.5104%; height: 24px; text-align: left; vertical-align: top;\">Ellen Lessel<\/td>\n<\/tr>\n<tr style=\"height: 24px;\">\n<td style=\"width: 27.4112%; height: 24px; text-align: left; vertical-align: top;\">Parima v\u00e4limuse ja maitse koosluse erippreemia<\/td>\n<td style=\"width: 47.3532%; height: 24px; text-align: left; vertical-align: top;\">Eneli Vint<\/td>\n<td style=\"width: 24.5104%; height: 24px; text-align: left; vertical-align: top;\">\u00a0Ellen Lessel<\/td>\n<\/tr>\n<tr style=\"height: 24px;\">\n<td style=\"width: 99.2748%; height: 24px; background-color: #cd2662; text-align: left; vertical-align: top;\" colspan=\"3\"><span style=\"color: #ffffff;\"><strong>Teko kondiiter 2020 \/\u00a0<\/strong>Teko meistriv\u00f5istlused 2020 30.01<\/span><\/td>\n<\/tr>\n<tr class=\"alt\" style=\"height: 24px;\">\n<td style=\"width: 27.4112%; height: 24px; text-align: left; vertical-align: top;\">I koht<\/td>\n<td style=\"width: 47.3532%; height: 24px; text-align: left; vertical-align: top;\">Karin Kaldma<\/td>\n<td style=\"width: 24.5104%; height: 24px; text-align: left; vertical-align: top;\">Ellen Lessel<\/td>\n<\/tr>\n<tr style=\"height: 24px;\">\n<td style=\"width: 27.4112%; height: 24px; text-align: left; vertical-align: top;\">II koht<\/td>\n<td style=\"width: 47.3532%; height: 24px; text-align: left; vertical-align: top;\">Annabel Koots<\/td>\n<td style=\"width: 24.5104%; height: 24px; text-align: left; vertical-align: top;\">Sirje Tenok<\/td>\n<\/tr>\n<tr class=\"alt\" style=\"height: 24px;\">\n<td style=\"width: 27.4112%; height: 24px; text-align: left; vertical-align: top;\">III koht<\/td>\n<td style=\"width: 47.3532%; height: 24px; text-align: left; vertical-align: top;\">Loretta Plees<\/td>\n<td style=\"width: 24.5104%; height: 24px; text-align: left; vertical-align: top;\">Ellen Lessel<\/td>\n<\/tr>\n<tr style=\"height: 24px;\">\n<td style=\"width: 99.2748%; height: 24px; background-color: #cd2662; text-align: left; vertical-align: top;\" colspan=\"3\"><span style=\"color: #ffffff;\"><strong>Teko pagar 2020<\/strong> \/ Teko meistriv\u00f5istlused 2020 30.01<\/span><\/td>\n<\/tr>\n<tr style=\"height: 24px;\">\n<td style=\"width: 27.4112%; text-align: left; vertical-align: top; height: 24px;\">I koht<\/td>\n<td style=\"width: 47.3532%; text-align: left; vertical-align: top; height: 24px;\">Anastasia Djakova<\/td>\n<td style=\"width: 24.5104%; text-align: left; vertical-align: top; height: 24px;\">Jevgeni Kirilahha<\/td>\n<\/tr>\n<tr style=\"height: 24px;\">\n<td style=\"width: 27.4112%; text-align: left; vertical-align: top; height: 24px;\">II koht<\/td>\n<td style=\"width: 47.3532%; text-align: left; vertical-align: top; height: 24px;\">Sofia Kozlova-Zurheide<\/td>\n<td style=\"width: 24.5104%; text-align: left; vertical-align: top; height: 24px;\">Jevgeni Kirilahha<\/td>\n<\/tr>\n<tr style=\"height: 24px;\">\n<td style=\"width: 27.4112%; text-align: left; vertical-align: top; height: 24px;\">III koht<\/td>\n<td style=\"width: 47.3532%; text-align: left; vertical-align: top; height: 24px;\">J\u00fcri Mart\u0161enko<\/td>\n<td style=\"width: 24.5104%; text-align: left; vertical-align: top; height: 24px;\">Ellen Lessel<\/td>\n<\/tr>\n<tr style=\"height: 24px;\">\n<td style=\"width: 99.2748%; background-color: #cd2662; text-align: left; vertical-align: top; height: 24px;\" colspan=\"3\"><span style=\"color: #ffffff;\"><strong>Teko majutusteenindaja 2020<\/strong>\/ Teko meistriv\u00f5istlused 2020 30.01<\/span><\/td>\n<\/tr>\n<tr style=\"height: 24px;\">\n<td style=\"width: 27.4112%; text-align: left; vertical-align: top; height: 24px;\">I koht<\/td>\n<td style=\"width: 47.3532%; text-align: left; vertical-align: top; height: 24px;\">Vladislav Grigorjev<\/td>\n<td style=\"width: 24.5104%; text-align: left; vertical-align: top; height: 24px;\">Diana Malkevit\u0161<\/td>\n<\/tr>\n<tr style=\"height: 24px;\">\n<td style=\"width: 27.4112%; text-align: left; vertical-align: top; height: 24px;\">II koht<\/td>\n<td style=\"width: 47.3532%; text-align: left; vertical-align: top; height: 24px;\">Angelina Odintsova<\/td>\n<td style=\"width: 24.5104%; text-align: left; vertical-align: top; height: 24px;\">Heikki Eskusson<\/td>\n<\/tr>\n<tr style=\"height: 24px;\">\n<td style=\"width: 27.4112%; text-align: left; vertical-align: top; height: 24px;\">III koht<\/td>\n<td style=\"width: 47.3532%; text-align: left; vertical-align: top; height: 24px;\">Marleen Raadiku<\/td>\n<td style=\"width: 24.5104%; text-align: left; vertical-align: top; height: 24px;\">Heikki Eskusson<\/td>\n<\/tr>\n<tr style=\"height: 24px;\">\n<td style=\"width: 99.2748%; background-color: #cd2662; text-align: left; vertical-align: top; height: 24px;\" colspan=\"3\"><span style=\"color: #ffffff;\"><strong>Teko ilutegija 2020 <\/strong>\/ Teko meistriv\u00f5istlused 2020 30.01<\/span><\/td>\n<\/tr>\n<tr style=\"height: 24px;\">\n<td style=\"width: 27.4112%; text-align: left; vertical-align: top; height: 24px;\">I koht<\/td>\n<td style=\"width: 47.3532%; text-align: left; vertical-align: top; height: 24px;\">Kadri Kevade<\/td>\n<td style=\"width: 24.5104%; text-align: left; vertical-align: top; height: 24px;\">Siret Rannik<\/td>\n<\/tr>\n<tr style=\"height: 24px;\">\n<td style=\"width: 27.4112%; text-align: left; vertical-align: top; height: 24px;\">II koht<\/td>\n<td style=\"width: 47.3532%; text-align: left; vertical-align: top; height: 24px;\">Leaanika Randmets<\/td>\n<td style=\"width: 24.5104%; text-align: left; vertical-align: top; height: 24px;\">Siret Rannik<\/td>\n<\/tr>\n<tr style=\"height: 24px;\">\n<td style=\"width: 27.4112%; text-align: left; vertical-align: top; height: 24px;\">III koht<\/td>\n<td style=\"width: 47.3532%; text-align: left; vertical-align: top; height: 24px;\">Kerli Jaago<\/td>\n<td style=\"width: 24.5104%; text-align: left; vertical-align: top; height: 24px;\">Siret Rannik<\/td>\n<\/tr>\n<tr style=\"height: 24px;\">\n<td style=\"width: 27.4112%; text-align: left; vertical-align: top; height: 24px;\">Eripreemia<\/td>\n<td style=\"width: 47.3532%; text-align: left; vertical-align: top; height: 24px;\">Sevil \u0160ukjurova<\/td>\n<td style=\"width: 24.5104%; text-align: left; vertical-align: top; height: 24px;\">Siret Rannik<\/td>\n<\/tr>\n<tr style=\"height: 24px;\">\n<td style=\"width: 99.2748%; height: 24px; background-color: #cd2662; text-align: left; vertical-align: top;\" colspan=\"3\"><span style=\"color: #ffffff;\"><strong>Teko spaateenindaja 2020<\/strong>\/ Teko meistriv\u00f5istlused 2020 30.01<\/span><\/td>\n<\/tr>\n<tr style=\"height: 24px;\">\n<td style=\"width: 27.4112%; text-align: left; vertical-align: top; height: 24px;\">I koht<\/td>\n<td style=\"width: 47.3532%; text-align: left; vertical-align: top; height: 24px;\">Ksenia Anfilatova<\/td>\n<td style=\"width: 24.5104%; text-align: left; vertical-align: top; height: 24px;\">Sirje Tammeoks<\/td>\n<\/tr>\n<tr style=\"height: 24px;\">\n<td style=\"width: 27.4112%; text-align: left; vertical-align: top; height: 24px;\">II koht<\/td>\n<td style=\"width: 47.3532%; text-align: left; vertical-align: top; height: 24px;\">Kristi M\u00e4e<\/td>\n<td style=\"width: 24.5104%; text-align: left; vertical-align: top; height: 24px;\">Sirje Tammeoks<\/td>\n<\/tr>\n<tr style=\"height: 24px;\">\n<td style=\"width: 27.4112%; text-align: left; vertical-align: top; height: 24px;\">III koht<\/td>\n<td style=\"width: 47.3532%; text-align: left; vertical-align: top; height: 24px;\">Piret Piesk\u00e4<\/td>\n<td style=\"width: 24.5104%; text-align: left; vertical-align: top; height: 24px;\">Sirje Tammeoks<\/td>\n<\/tr>\n<tr style=\"height: 24px;\">\n<td style=\"width: 99.2748%; height: 24px; background-color: #cd2662; text-align: left; vertical-align: top;\" colspan=\"3\"><span style=\"color: #ffffff;\"><strong>Teko m\u00fc\u00fcgiproff 2020 \/\u00a0<\/strong>Teko meistriv\u00f5istlused 2020 30.01<\/span><\/td>\n<\/tr>\n<tr class=\"alt\" style=\"height: 24px;\">\n<td style=\"width: 27.4112%; text-align: left; vertical-align: top; height: 24px;\">I koht<\/td>\n<td style=\"width: 47.3532%; text-align: left; vertical-align: top; height: 24px;\">Olga Trifonova<\/td>\n<td style=\"width: 24.5104%; text-align: left; vertical-align: top; height: 24px;\">Aive Antson, K\u00fclliki T\u00fcri,\u00a0Anu Uusmaa<\/td>\n<\/tr>\n<tr style=\"height: 24px;\">\n<td style=\"width: 27.4112%; text-align: left; vertical-align: top; height: 24px;\">II koht<\/td>\n<td style=\"width: 47.3532%; text-align: left; vertical-align: top; height: 24px;\">Alla Lesdorf<\/td>\n<td style=\"width: 24.5104%; text-align: left; vertical-align: top; height: 24px;\">Aive Antson, K\u00fclliki T\u00fcri,\u00a0Anu Uusmaa<\/td>\n<\/tr>\n<tr class=\"alt\" style=\"height: 24px;\">\n<td style=\"width: 27.4112%; text-align: left; vertical-align: top; height: 13px;\">III koht<\/td>\n<td style=\"width: 47.3532%; text-align: left; vertical-align: top; height: 13px;\">H\u00fclle Avi<\/td>\n<td style=\"width: 24.5104%; text-align: left; vertical-align: top; height: 13px;\">Aive Antson, K\u00fclliki T\u00fcri,\u00a0Anu Uusmaa<\/td>\n<\/tr>\n<tr style=\"height: 24px;\">\n<td style=\"width: 27.4112%; height: 24px; text-align: left; vertical-align: top;\">Parima ostu-m\u00fc\u00fcgisituatsiooni teenindaja eripreemia<\/td>\n<td style=\"width: 47.3532%; height: 24px; text-align: left; vertical-align: top;\">Olga Trifonova<\/td>\n<td style=\"width: 24.5104%; height: 24px; text-align: left; vertical-align: top;\">Aive Antson, K\u00fclliki T\u00fcri,\u00a0Anu Uusmaa<\/td>\n<\/tr>\n<tr class=\"alt\" style=\"height: 24px;\">\n<td style=\"width: 99.2748%; height: 24px; background-color: #cd2662; text-align: left; vertical-align: top;\" colspan=\"3\"><span style=\"color: #ffffff;\"><strong>Teko m\u00fc\u00fcgikorraldaja 2020 \/ <\/strong>Teko meistriv\u00f5istlused 2020 30.01<\/span><\/td>\n<\/tr>\n<tr style=\"height: 24px;\">\n<td style=\"width: 27.4112%; height: 24px; text-align: left; vertical-align: top;\">I koht<\/td>\n<td style=\"width: 47.3532%; height: 24px; text-align: left; vertical-align: top;\">Liilian Ots<\/td>\n<td style=\"width: 24.5104%; height: 24px; text-align: left; vertical-align: top;\">Aive Antson, K\u00fclliki T\u00fcri,\u00a0Anu Uusmaa<\/td>\n<\/tr>\n<tr class=\"alt\" style=\"height: 24px;\">\n<td style=\"width: 27.4112%; height: 24px; text-align: left; vertical-align: top;\">II koht<\/td>\n<td style=\"width: 47.3532%; height: 24px; text-align: left; vertical-align: top;\">Anu Kala<\/td>\n<td style=\"width: 24.5104%; height: 24px; text-align: left; vertical-align: top;\">Aive Antson, K\u00fclliki T\u00fcri,\u00a0Anu Uusmaa<\/td>\n<\/tr>\n<tr style=\"height: 24px;\">\n<td style=\"width: 27.4112%; height: 24px; text-align: left; vertical-align: top;\">III koht<\/td>\n<td style=\"width: 47.3532%; height: 24px; text-align: left; vertical-align: top;\">Jaana Jurkin<\/td>\n<td style=\"width: 24.5104%; height: 24px; text-align: left; vertical-align: top;\">Aive Antson, K\u00fclliki T\u00fcri,\u00a0Anu Uusmaa<\/td>\n<\/tr>\n<tr style=\"height: 24px;\">\n<td style=\"width: 27.4112%; text-align: left; vertical-align: top; height: 24px;\">Parima kauba vastuv\u00f5tja eripreemia<\/td>\n<td style=\"width: 47.3532%; text-align: left; vertical-align: top; height: 24px;\">Anu Kala<\/td>\n<td style=\"width: 24.5104%; text-align: left; vertical-align: top; height: 24px;\">Aive Antson, K\u00fclliki T\u00fcri,\u00a0Anu Uusmaa<\/td>\n<\/tr>\n<\/tbody>\n<\/table>\n<h3><span style=\"color: #cd2662;\">Huvitegevus<\/span><\/h3>\n<table style=\"width: 100%; height: 72px;\">\n<tbody>\n<tr style=\"height: 24px;\">\n<td style=\"height: 24px; width: 27.9188%; vertical-align: top; text-align: left;\"><span style=\"color: #cd2662;\"><em>v\u00f5istlus \/ koht<\/em><\/span><\/td>\n<td style=\"height: 24px; width: 53.8116%; vertical-align: top;\" colspan=\"2\"><span style=\"color: #cd2662;\"><em>osaleja\u00a0<\/em><\/span><\/td>\n<td style=\"width: 17.3338%; height: 24px; vertical-align: top;\"><em style=\"color: #cd2662;\">juhendaja<\/em><\/td>\n<\/tr>\n<tr style=\"height: 24px;\">\n<td style=\"width: 99.0642%; height: 24px; background-color: #cd2662; vertical-align: top;\" colspan=\"4\"><strong><span style=\"color: #ffffff;\">Tallinna G\u00fcmnaasiumite videofestival 2020 <\/span><\/strong><span style=\"color: #ffffff;\">\/ september 2020<\/span><\/td>\n<\/tr>\n<tr style=\"height: 24px;\">\n<td style=\"width: 27.9188%; vertical-align: top; height: 24px; text-align: left;\">parim naisn\u00e4itleja<\/td>\n<td style=\"width: 53.8116%; vertical-align: top; height: 24px;\" colspan=\"2\"><span style=\"color: #000000;\"><strong>Mirell-Liis Orgus <\/strong>\/ lavastus &#8220;T\u00e4na, homme ja aegade l\u00f5puni<\/span>&#8220;<\/td>\n<td style=\"width: 17.3338%; vertical-align: top; height: 24px;\"><span style=\"color: #000000;\">Annely R Kallo<\/span><\/td>\n<\/tr>\n<\/tbody>\n<\/table>\n<h2><span style=\"color: #cd2662;\"><a id=\"s2019\"><\/a>2019<\/span><\/h2>\n<h3><span style=\"color: #cd2662;\">Kutsev\u00f5istlused<\/span><\/h3>\n<table style=\"width: 99.2748%;\">\n<tbody>\n<tr style=\"height: 66px;\">\n<td style=\"width: 27.4112%; vertical-align: top; height: 66px;\"><span style=\"color: #cd2662;\"><em>v\u00f5istlus \/ kuup\u00e4ev<\/em><\/span><\/td>\n<td style=\"width: 47.3532%; vertical-align: top; height: 66px;\"><span style=\"color: #cd2662;\"><em>osaleja<\/em><\/span><\/td>\n<td style=\"width: 24.5104%; vertical-align: top; height: 66px;\"><span style=\"color: #cd2662;\"><em>juhendaja<\/em><\/span><\/td>\n<\/tr>\n<tr style=\"height: 24px;\">\n<td style=\"width: 100%; background-color: #cd2662; vertical-align: top; height: 24px;\" colspan=\"3\"><span style=\"color: #ffffff;\"><strong>AEHT 2019 <strong style=\"color: #ffffff; background-color: #cd2662;\">\/<\/strong><\/strong>\u00a0<span style=\"color: #ffffff; background-color: #cd2662;\">11.-15.11.2019<\/span><\/span><\/td>\n<\/tr>\n<tr style=\"height: 24px;\">\n<td style=\"width: 27.4112%; height: 24px; vertical-align: top;\">II koht vastuv\u00f5tu administraatorite <em>(Front Office)<\/em> v\u00f5istlus<\/td>\n<td style=\"width: 47.3532%; height: 24px; vertical-align: top;\">Olesja Tumilovit\u0161<\/td>\n<td style=\"width: 24.5104%; height: 24px; vertical-align: top;\">Kristi Tarik<\/td>\n<\/tr>\n<tr style=\"height: 24px;\">\n<td style=\"width: 27.4112%; vertical-align: top; height: 66px;\">III koht kondiitrite<em> (Pastry)<\/em> v\u00f5istlus<\/td>\n<td style=\"width: 47.3532%; vertical-align: top; height: 66px;\">Karin Kaldma<\/td>\n<td style=\"width: 24.5104%; vertical-align: top; height: 66px;\">Ellen Lessel<\/td>\n<\/tr>\n<tr style=\"height: 24px;\">\n<td style=\"width: 27.4112%; vertical-align: top; height: 66px;\"><em>Culinary Art<\/em> v\u00f5istlus, osaleja<\/td>\n<td style=\"width: 47.3532%; vertical-align: top; height: 66px;\">Noel Moglia<\/td>\n<td style=\"width: 24.5104%; vertical-align: top; height: 66px;\">Diane Sarapuu-Kelder<\/td>\n<\/tr>\n<tr class=\"alt\" style=\"height: 24px;\">\n<td style=\"height: 24px; background-color: #cd2662; vertical-align: top; width: 99.2748%;\" colspan=\"3\"><span style=\"color: #ffffff;\"><strong>Aasta \u00d5petaja 2019 <strong style=\"color: #ffffff; background-color: #cd2662;\">\/<\/strong><\/strong>\u00a0<span style=\"color: #ffffff; background-color: #cd2662;\">7.10.2019<\/span><\/span><\/td>\n<\/tr>\n<tr style=\"height: 24px;\">\n<td style=\"width: 27.4112%; text-align: left; vertical-align: top; height: 66px;\">Aasta Kutse\u00f5petaja nominent<\/td>\n<td style=\"width: 47.3532%; text-align: left; vertical-align: top; height: 66px;\">Kristi Tiido<\/td>\n<td style=\"width: 24.5104%; text-align: left; vertical-align: top; height: 66px;\"><\/td>\n<\/tr>\n<tr style=\"height: 24px;\">\n<td style=\"width: 27.4112%; background-color: #cd2662; text-align: left; vertical-align: top; height: 24px;\" colspan=\"3\"><strong style=\"color: #ffffff; background-color: #cd2662;\">World Skills 2019 \/\u00a0<\/strong><span style=\"color: #ffffff; background-color: #cd2662;\">22.-27.08.2019<\/span><\/td>\n<\/tr>\n<tr style=\"height: 24px;\">\n<td style=\"width: 27.4112%; text-align: left; vertical-align: top; height: 66px;\">Kokandusv\u00f5istluse kutsemeisterlikkuse medal<\/td>\n<td style=\"width: 47.3532%; text-align: left; vertical-align: top; height: 66px;\">M\u00e4rten Kadu<\/td>\n<td style=\"width: 24.5104%; text-align: left; vertical-align: top; height: 66px;\">Kristi Tiido<\/td>\n<\/tr>\n<tr style=\"height: 24px;\">\n<td style=\"width: 27.4112%; text-align: left; vertical-align: top; height: 66px;\">Vastuv\u00f5tu administraatorite v\u00f5istlus, osaleja<\/td>\n<td style=\"width: 47.3532%; text-align: left; vertical-align: top; height: 66px;\">Liisa Meidla<\/td>\n<td style=\"width: 24.5104%; text-align: left; vertical-align: top; height: 66px;\">Kristi Tarik<\/td>\n<\/tr>\n<tr style=\"height: 24px;\">\n<td style=\"width: 27.4112%; background-color: #cd2662; text-align: left; vertical-align: top; height: 24px;\" colspan=\"3\"><span style=\"color: #ffffff;\"><strong>Grillium 2019 \/ <\/strong>7.06.2019<\/span><\/td>\n<\/tr>\n<tr style=\"height: 24px;\">\n<td style=\"width: 27.4112%; text-align: left; vertical-align: top; height: 66px;\">Fantaasiavooru eripreemia<\/td>\n<td style=\"width: 47.3532%; text-align: left; vertical-align: top; height: 66px;\">Teko v\u00f5istkond; Tallinna Teeninduskooli ja Ehituskooli \u00fchendv\u00f5istkond<\/td>\n<td style=\"width: 24.5104%; text-align: left; vertical-align: top; height: 66px;\">Diane Sarapuu-Kelder<\/td>\n<\/tr>\n<tr style=\"height: 24px;\">\n<td style=\"width: 27.4112%; text-align: left; vertical-align: top; height: 66px;\">\u00dcllatusvooru III koht<\/td>\n<td style=\"width: 47.3532%; text-align: left; vertical-align: top; height: 66px;\">Teko v\u00f5istkond<\/td>\n<td style=\"width: 24.5104%; text-align: left; vertical-align: top; height: 66px;\">Diane Sarapuu-Kelder<\/td>\n<\/tr>\n<tr style=\"height: 24px;\">\n<td style=\"width: 27.4112%; background-color: #cd2662; height: 24px; text-align: left; vertical-align: top;\" colspan=\"3\"><span style=\"color: #ffffff;\"><strong>Noor Meister 2019 \/ <\/strong>6.03-3.05.2019<\/span><\/td>\n<\/tr>\n<tr style=\"height: 24px;\">\n<td style=\"width: 27.4112%; height: 24px; text-align: left; vertical-align: top;\">I koht parim vastuv\u00f5tu administraator<\/td>\n<td style=\"width: 47.3532%; height: 24px; text-align: left; vertical-align: top;\">Olesja Tumilovit\u0161<\/td>\n<td style=\"width: 24.5104%; height: 24px; text-align: left; vertical-align: top;\">Kristi Tarik<\/td>\n<\/tr>\n<tr class=\"alt\" style=\"height: 24px;\">\n<td style=\"width: 27.4112%; height: 24px; text-align: left; vertical-align: top;\">II koht parim vastuv\u00f5tu administraator<\/td>\n<td style=\"width: 47.3532%; height: 24px; text-align: left; vertical-align: top;\">Sirli Salup\u00f5ld<\/td>\n<td style=\"width: 24.5104%; height: 24px; text-align: left; vertical-align: top;\">Kristi Tarik<\/td>\n<\/tr>\n<tr style=\"height: 24px;\">\n<td style=\"width: 27.4112%; text-align: left; vertical-align: top; height: 24px;\">II koht parim majutusteenindaja<\/td>\n<td style=\"width: 47.3532%; text-align: left; vertical-align: top; height: 24px;\">Marleen Raadiku<\/td>\n<td style=\"width: 24.5104%; text-align: left; vertical-align: top; height: 24px;\">Kristi tarik<\/td>\n<\/tr>\n<tr style=\"height: 24px;\">\n<td style=\"width: 27.4112%; height: 24px; text-align: left; vertical-align: top;\">II koht parim pagar<\/td>\n<td style=\"width: 47.3532%; height: 24px; text-align: left; vertical-align: top;\">Anastasia Djakova<\/td>\n<td style=\"width: 24.5104%; height: 24px; text-align: left; vertical-align: top;\">Jevgeni Kirilahha<\/td>\n<\/tr>\n<tr class=\"alt\" style=\"height: 24px;\">\n<td style=\"width: 27.4112%; height: 24px; text-align: left; vertical-align: top;\">III koht parim kokk<\/td>\n<td style=\"width: 47.3532%; height: 24px; text-align: left; vertical-align: top;\">Marcus P\u00f5lluvee<\/td>\n<td style=\"width: 24.5104%; height: 24px; text-align: left; vertical-align: top;\">Pirje P\u00e4rimets<\/td>\n<\/tr>\n<tr style=\"height: 24px;\">\n<td style=\"width: 27.4112%; height: 24px; text-align: left; vertical-align: top;\">osaleja parim kokk<\/td>\n<td style=\"width: 47.3532%; height: 24px; text-align: left; vertical-align: top;\">Noel Moglia<\/td>\n<td style=\"width: 24.5104%; height: 24px; text-align: left; vertical-align: top;\">Diane Sarapuu-Kelder<\/td>\n<\/tr>\n<tr style=\"height: 24px;\">\n<td style=\"width: 27.4112%; text-align: left; vertical-align: top; height: 24px;\">osaleja parim restoraniteenindaja<\/td>\n<td style=\"width: 47.3532%; text-align: left; vertical-align: top; height: 24px;\">Kadri Lehis<\/td>\n<td style=\"width: 24.5104%; text-align: left; vertical-align: top; height: 24px;\">Gerda Sepp<\/td>\n<\/tr>\n<tr style=\"height: 24px;\">\n<td style=\"width: 27.4112%; text-align: left; vertical-align: top; height: 24px;\">osaleja parim m\u00fc\u00fcgikorraldaja<\/td>\n<td style=\"width: 47.3532%; text-align: left; vertical-align: top; height: 24px;\">Anu Kala<\/td>\n<td style=\"width: 24.5104%; text-align: left; vertical-align: top; height: 24px;\">Aive Antson, K\u00fclliki T\u00fcri, Anu Uusmaa<\/td>\n<\/tr>\n<tr style=\"height: 24px;\">\n<td style=\"width: 27.4112%; text-align: left; vertical-align: top; height: 24px;\">osaleja parim m\u00fc\u00fcgikorraldaja<\/td>\n<td style=\"width: 47.3532%; text-align: left; vertical-align: top; height: 24px;\">Jaana Jurkin<\/td>\n<td style=\"width: 24.5104%; text-align: left; vertical-align: top; height: 24px;\">Aive Antson, K\u00fclliki T\u00fcri, Anu Uusmaa<\/td>\n<\/tr>\n<tr style=\"height: 24px;\">\n<td style=\"width: 27.4112%; text-align: left; vertical-align: top; height: 24px;\">osaleja parim kondiiter<\/td>\n<td style=\"width: 47.3532%; text-align: left; vertical-align: top; height: 24px;\">Katrin Kaldma<\/td>\n<td style=\"width: 24.5104%; text-align: left; vertical-align: top; height: 24px;\"><\/td>\n<\/tr>\n<tr class=\"alt\" style=\"height: 24px;\">\n<td style=\"height: 24px; background-color: #cd2662; text-align: left; vertical-align: top; width: 99.2748%;\" colspan=\"3\"><span style=\"color: #ffffff;\"><strong>Eesti Maitsed 2019 \/\u00a0<\/strong>Teko meistriv\u00f5istlused 2019 \/\u00a031.01.2019<\/span><\/td>\n<\/tr>\n<tr style=\"height: 24px;\">\n<td style=\"width: 27.4112%; height: 24px; text-align: left; vertical-align: top;\">I koht<\/td>\n<td style=\"width: 47.3532%; height: 24px; text-align: left; vertical-align: top;\">Kristel Kondas<\/td>\n<td style=\"width: 24.5104%; height: 24px; text-align: left; vertical-align: top;\">Pirje P\u00e4rimets<\/td>\n<\/tr>\n<tr class=\"alt\" style=\"height: 24px;\">\n<td style=\"width: 27.4112%; height: 24px; text-align: left; vertical-align: top;\">II koht<\/td>\n<td style=\"width: 47.3532%; height: 24px; text-align: left; vertical-align: top;\">Ants Leidmaa<\/td>\n<td style=\"width: 24.5104%; height: 24px; text-align: left; vertical-align: top;\">Maria Stulova<\/td>\n<\/tr>\n<tr style=\"height: 24px;\">\n<td style=\"width: 27.4112%; height: 24px; text-align: left; vertical-align: top;\">III koht<\/td>\n<td style=\"width: 47.3532%; height: 24px; text-align: left; vertical-align: top;\">Stanislav Petrov<\/td>\n<td style=\"width: 24.5104%; height: 24px; text-align: left; vertical-align: top;\">Maria Stulova<\/td>\n<\/tr>\n<tr class=\"alt\" style=\"height: 24px;\">\n<td style=\"width: 27.4112%; height: 24px; text-align: left; vertical-align: top;\">Parima pearoa eripreemia<\/td>\n<td style=\"width: 47.3532%; height: 24px; text-align: left; vertical-align: top;\">Arina Kravt\u0161uk<\/td>\n<td style=\"width: 24.5104%; height: 24px; text-align: left; vertical-align: top;\">Kristi Tiido<\/td>\n<\/tr>\n<tr style=\"height: 24px;\">\n<td style=\"width: 27.4112%; height: 24px; text-align: left; vertical-align: top;\">Parima desserdi eripreemia<\/td>\n<td style=\"width: 47.3532%; height: 24px; text-align: left; vertical-align: top;\">Glen Gregor Malla<\/td>\n<td style=\"width: 24.5104%; height: 24px; text-align: left; vertical-align: top;\">Gerda Sepp<\/td>\n<\/tr>\n<tr class=\"alt\" style=\"height: 24px;\">\n<td style=\"width: 99.2748%; height: 24px; background-color: #cd2662; text-align: left; vertical-align: top;\" colspan=\"3\"><span style=\"color: #ffffff;\"><strong>Kuldne kulp 2019 \/\u00a0<\/strong>Teko meistriv\u00f5istlused 2019 \/\u00a031.01.2019<\/span><\/td>\n<\/tr>\n<tr style=\"height: 24px;\">\n<td style=\"width: 27.4112%; height: 24px; text-align: left; vertical-align: top;\">I koht<\/td>\n<td style=\"width: 47.3532%; height: 24px; text-align: left; vertical-align: top;\">Marcus P\u00f5lluvee<\/td>\n<td style=\"width: 24.5104%; height: 24px; text-align: left; vertical-align: top;\">Pirje P\u00e4rimets<\/td>\n<\/tr>\n<tr class=\"alt\" style=\"height: 24px;\">\n<td style=\"width: 27.4112%; height: 24px; text-align: left; vertical-align: top;\">II koht<\/td>\n<td style=\"width: 47.3532%; height: 24px; text-align: left; vertical-align: top;\">Noel Moglia<\/td>\n<td style=\"width: 24.5104%; height: 24px; text-align: left; vertical-align: top;\">Diane Sarapuu-Kelder<\/td>\n<\/tr>\n<tr style=\"height: 24px;\">\n<td style=\"width: 27.4112%; height: 24px; text-align: left; vertical-align: top;\">III koht<\/td>\n<td style=\"width: 47.3532%; height: 24px; text-align: left; vertical-align: top;\">Sofia Randlepp<\/td>\n<td style=\"width: 24.5104%; height: 24px; text-align: left; vertical-align: top;\">Gerda Sepp<\/td>\n<\/tr>\n<tr class=\"alt\" style=\"height: 24px;\">\n<td style=\"width: 99.2748%; height: 24px; background-color: #cd2662; text-align: left; vertical-align: top;\" colspan=\"3\"><span style=\"color: #ffffff;\"><strong>Kokkade seitsmev\u00f5istlus 2019 \/\u00a0<\/strong>Teko meistriv\u00f5istlused 2019 \/\u00a031.01.2019<\/span><\/td>\n<\/tr>\n<tr style=\"height: 24px;\">\n<td style=\"width: 27.4112%; height: 24px; text-align: left; vertical-align: top;\">I koht<\/td>\n<td style=\"width: 47.3532%; height: 24px; text-align: left; vertical-align: top;\">Radislav Krutit\u0161enko, Ronald Juksar<\/td>\n<\/tr>\n<\/tbody>\n<\/table>\n<h3><span style=\"color: #cd2662;\">Huvitegevus<\/span><\/h3>\n<table style=\"width: 100%; height: 144px;\">\n<tbody>\n<tr style=\"height: 24px;\">\n<td style=\"height: 24px; width: 27.9188%; vertical-align: top; text-align: left;\"><span style=\"color: #cd2662;\"><em>v\u00f5istlus \/ koht<\/em><\/span><\/td>\n<td style=\"height: 24px; width: 53.8116%; vertical-align: top; text-align: left;\" colspan=\"2\"><span style=\"color: #cd2662;\"><em>osaleja\u00a0<\/em><\/span><\/td>\n<td style=\"width: 17.3338%; height: 24px; vertical-align: top; text-align: left;\"><em style=\"color: #cd2662;\">juhendaja<\/em><\/td>\n<\/tr>\n<tr style=\"height: 24px;\">\n<td style=\"width: 99.0642%; height: 24px; background-color: #cd2662; vertical-align: top; text-align: left;\" colspan=\"4\"><strong><span style=\"color: #ffffff;\">Tallinna Kooliteatrite festival 2019 <\/span><\/strong><span style=\"color: #ffffff;\">\/ 28.-29.03.2019 Tallinn<\/span><\/td>\n<\/tr>\n<tr style=\"height: 24px;\">\n<td style=\"width: 27.9188%; height: 24px; vertical-align: top; text-align: left;\">n\u00e4itleja-ja lavastajapreemia<\/td>\n<td style=\"height: 24px; vertical-align: top; text-align: left;\" colspan=\"2\"><span style=\"color: #000000;\"><strong>Timofei Golovat\u00f5i<\/strong> \/ lavastus &#8220;Selja taga&#8221;<\/span><\/td>\n<td style=\"width: 17.3338%; height: 24px; vertical-align: top; text-align: left;\"><span style=\"color: #000000;\">Annely R Kallo<\/span><\/td>\n<\/tr>\n<tr style=\"height: 24px;\">\n<td style=\"width: 27.9188%; vertical-align: top; height: 24px; text-align: left;\">parim naisn\u00e4itleja<\/td>\n<td style=\"width: 53.8116%; vertical-align: top; height: 24px; text-align: left;\" colspan=\"2\"><span style=\"color: #000000;\"><span style=\"color: #000000;\"><strong>Mirell-Liis Orgus <\/strong>\/ lavastus &#8220;<\/span><\/span>Kodaniku kohus&#8221;<\/td>\n<td style=\"width: 17.3338%; vertical-align: top; height: 24px; text-align: left;\"><span style=\"color: #000000;\">Annely R Kallo<\/span><\/td>\n<\/tr>\n<tr style=\"height: 24px;\">\n<td style=\"width: 99.0642%; background-color: #cd2662; vertical-align: top; height: 24px; text-align: left;\" colspan=\"4\"><span style=\"color: #ffffff;\"><strong>Maardu XI Teatrifestival<\/strong> \/ 28.-31.03.2019 Maardu<\/span><em style=\"color: #cd2662;\"><br \/>\n<\/em><\/td>\n<\/tr>\n<tr style=\"height: 24px;\">\n<td style=\"width: 27.9188%; height: 24px; vertical-align: top; text-align: left;\">parim meesn\u00e4itleja<\/td>\n<td style=\"height: 24px; vertical-align: top; width: 53.8116%; text-align: left;\" colspan=\"2\"><strong>Timofei Golovat\u00f5i <\/strong><\/td>\n<td style=\"width: 17.3338%; height: 24px; vertical-align: top; text-align: left;\"><span style=\"color: #000000;\">Annely R Kallo<\/span><\/td>\n<\/tr>\n<\/tbody>\n<\/table>\n<h2><span style=\"color: #cd2662;\"><a id=\"s2018\"><\/a>2018<br \/>\n<\/span><\/h2>\n<h3><span style=\"color: #cd2662;\">Kutsev\u00f5istlused\u00a0<\/span><\/h3>\n<table style=\"width: 100%; height: 2160px;\">\n<tbody>\n<tr style=\"height: 24px;\">\n<td style=\"height: 24px; width: 24.7281%;\"><span style=\"color: #cd2662;\"><em>v\u00f5istlus \/ kuup\u00e4ev<\/em><\/span><\/td>\n<td style=\"height: 24px; width: 50.979%;\"><span style=\"color: #cd2662;\"><em>osaleja<\/em><\/span><\/td>\n<td style=\"height: 24px; width: 23.5678%;\"><span style=\"color: #cd2662;\"><em>juhendaja<\/em><\/span><\/td>\n<\/tr>\n<tr class=\"alt\" style=\"height: 24px;\">\n<td style=\"background-color: #cd2662; height: 24px; width: 99.2748%;\" colspan=\"3\"><span style=\"color: #ffffff;\"><strong>Noorkokk 2018 <\/strong>\/ 25.10.2018 Tallinn<\/span><em><br \/>\n<\/em><\/td>\n<\/tr>\n<tr style=\"height: 24px;\">\n<td style=\"height: 24px; width: 24.7281%;\">Noorkokk 2018 I koht<\/td>\n<td style=\"height: 24px; width: 50.979%;\"><strong>Roland Visnapuu<\/strong><\/td>\n<td style=\"height: 24px; width: 23.5678%;\">Eero Olavi Kippa<\/td>\n<\/tr>\n<tr class=\"alt\" style=\"height: 24px;\">\n<td style=\"height: 24px; width: 24.7281%;\">Noorkokk 2018 III koht<\/td>\n<td style=\"height: 24px; width: 50.979%;\"><strong>Lilija Vitkovskaja<\/strong><\/td>\n<td style=\"height: 24px; width: 23.5678%;\">Ljudmilla Kolt\u0161enko<\/td>\n<\/tr>\n<tr style=\"height: 24px;\">\n<td style=\"height: 24px; width: 24.7281%;\">Noorkokk 2018 parim juhendaja<\/td>\n<td style=\"height: 24px; width: 50.979%;\"><strong>Eero Olavi Kippa<\/strong><\/td>\n<td style=\"height: 24px; width: 23.5678%;\"><\/td>\n<\/tr>\n<tr class=\"alt\" style=\"height: 24px;\">\n<td style=\"background-color: #cd2662; height: 24px; width: 99.2748%;\" colspan=\"3\"><span style=\"color: #ffffff;\"><strong>Grillium 2018 <\/strong>\/ 9.06.2018 P\u00e4rnu<\/span><em><br \/>\n<\/em><\/td>\n<\/tr>\n<tr style=\"height: 48px;\">\n<td style=\"height: 48px; width: 24.7281%;\">Kanalihavoor I koht<br \/>\n\u00dcldarvestus II koht<\/td>\n<td style=\"height: 48px; width: 50.979%;\"><strong>Julia Bhomrah ja Katleen Roos \u2013 v\u00f5istkond Grillimoorid<\/strong><\/td>\n<td style=\"height: 48px; width: 23.5678%;\">Diane Sarapuu-Kelder<\/td>\n<\/tr>\n<tr class=\"alt\" style=\"height: 48px;\">\n<td style=\"height: 48px; width: 24.7281%;\">Kanalihavoor III koht<br \/>\nAtraktiivseim grillimasin<\/td>\n<td style=\"height: 48px; width: 50.979%;\"><strong>Lilli Orav, Timofei Golovat\u00f5i, Kalle Paltsi (Tallinna Ehituskool), Henri Saarep (Tallinna Ehituskool) \u2013 v\u00f5istkond Meistrite Gild<\/strong><\/td>\n<td style=\"height: 48px; width: 23.5678%;\">Diane Sarapuu-Kelder<\/td>\n<\/tr>\n<tr style=\"height: 24px;\">\n<td style=\"background-color: #cd2662; height: 24px; width: 99.2748%;\" colspan=\"3\"><span style=\"color: #ffffff;\"><strong>Noor Meister <\/strong>\/ 3.-4.05.2018 Tallinn<\/span><\/td>\n<\/tr>\n<tr class=\"alt\" style=\"height: 24px;\">\n<td style=\"height: 24px; width: 24.7281%;\">Kokkade v\u00f5istlus I koht<\/td>\n<td style=\"height: 24px; width: 50.979%;\"><strong>M\u00e4rten Kadu<\/strong><\/td>\n<td style=\"height: 24px; width: 23.5678%;\">Kristi Tiido<\/td>\n<\/tr>\n<tr style=\"height: 24px;\">\n<td style=\"height: 24px; width: 24.7281%;\">Vastuv\u00f5tu administraatorite v\u00f5istlus I koht<\/td>\n<td style=\"height: 24px; width: 50.979%;\"><strong>Kristina Velba<\/strong><\/td>\n<td style=\"height: 24px; width: 23.5678%;\">Kristi Leinus<\/td>\n<\/tr>\n<tr class=\"alt\" style=\"height: 24px;\">\n<td style=\"height: 24px; width: 24.7281%;\">Vastuv\u00f5tu administraatorite v\u00f5istlus II koht<\/td>\n<td style=\"height: 24px; width: 50.979%;\"><strong>Mari-Ann Tammik<\/strong><\/td>\n<td style=\"height: 24px; width: 23.5678%;\">Kristi Leinus<\/td>\n<\/tr>\n<tr style=\"height: 24px;\">\n<td style=\"height: 24px; width: 24.7281%;\">Vastuv\u00f5tu administraatorite v\u00f5istlus<\/td>\n<td style=\"height: 24px; width: 50.979%;\"><strong>Iris Loorits<\/strong><\/td>\n<td style=\"height: 24px; width: 23.5678%;\">Kristi Leinus<\/td>\n<\/tr>\n<tr class=\"alt\" style=\"height: 48px;\">\n<td style=\"height: 48px; width: 24.7281%;\">M\u00fc\u00fcgikorraldajate v\u00f5istlus III koht<\/td>\n<td style=\"height: 48px; width: 50.979%;\"><strong>Kersti Oja<\/strong><\/td>\n<td style=\"height: 48px; width: 23.5678%;\">Aive Antson, K\u00fcllike T\u00fcri, Anu Uusmaa<\/td>\n<\/tr>\n<tr style=\"height: 48px;\">\n<td style=\"height: 48px; width: 24.7281%;\">M\u00fc\u00fcgikorraldajate v\u00f5istlus v\u00e4ljapaneku eripreemia<\/td>\n<td style=\"height: 48px; width: 50.979%;\"><strong>Merelle Sein<\/strong><\/td>\n<td style=\"height: 48px; width: 23.5678%;\">Aive Antson, K\u00fcllike T\u00fcri, Anu Uusmaa<\/td>\n<\/tr>\n<tr class=\"alt\" style=\"height: 24px;\">\n<td style=\"height: 24px; width: 24.7281%;\">Kondiitrite v\u00f5istlus<\/td>\n<td style=\"height: 24px; width: 50.979%;\"><strong>Rebecca Moosus<\/strong><\/td>\n<td style=\"height: 24px; width: 23.5678%;\">Ellen Lessel<\/td>\n<\/tr>\n<tr style=\"height: 24px;\">\n<td style=\"height: 24px; width: 24.7281%;\">Pagarite v\u00f5istlus<\/td>\n<td style=\"height: 24px; width: 50.979%;\"><strong>Anastasia \u0160kljarova<\/strong><\/td>\n<td style=\"height: 24px; width: 23.5678%;\">Jevgeni Kirilahha<\/td>\n<\/tr>\n<tr class=\"alt\" style=\"height: 24px;\">\n<td style=\"height: 24px; width: 24.7281%;\">Majutusteenindajate v\u00f5istlus<\/td>\n<td style=\"height: 24px; width: 50.979%;\"><strong>Heli Tamm<\/strong><\/td>\n<td style=\"height: 24px; width: 23.5678%;\">Maie R\u00fcndva<\/td>\n<\/tr>\n<tr style=\"height: 24px;\">\n<td style=\"height: 24px; width: 24.7281%;\">Majutusteenindajate v\u00f5istlus<\/td>\n<td style=\"height: 24px; width: 50.979%;\"><strong>Sirli Salup\u00f5ld<\/strong><\/td>\n<td style=\"height: 24px; width: 23.5678%;\">Maie R\u00fcndva<\/td>\n<\/tr>\n<tr class=\"alt\" style=\"height: 24px;\">\n<td style=\"height: 24px; width: 24.7281%;\">Restoraniteenindajate v\u00f5istlus<\/td>\n<td style=\"height: 24px; width: 50.979%;\"><strong>Maarja-Liis Naarits<\/strong><\/td>\n<td style=\"height: 24px; width: 23.5678%;\">Kaimar Palm<\/td>\n<\/tr>\n<tr style=\"height: 24px;\">\n<td style=\"height: 24px; width: 24.7281%;\">Restoraniteenindajate v\u00f5istlus<\/td>\n<td style=\"height: 24px; width: 50.979%;\"><strong>Getter-Kelly Nikker<\/strong><\/td>\n<td style=\"height: 24px; width: 23.5678%;\">Kaimar Palm<\/td>\n<\/tr>\n<tr class=\"alt\" style=\"height: 24px;\">\n<td style=\"height: 24px; background-color: #cd2662; width: 99.2748%;\" colspan=\"3\"><span style=\"color: #ffffff;\"><strong>Kokakunst Kuressaares \/\u00a0<\/strong>15.-16.03.0218<\/span><\/td>\n<\/tr>\n<tr style=\"height: 24px;\">\n<td style=\"height: 24px; width: 24.7281%;\">III koht nooremas vanusegrupis<\/td>\n<td style=\"height: 24px; width: 50.979%;\"><strong>Krete Saluste<\/strong><\/td>\n<td style=\"height: 24px; width: 23.5678%;\">\u00a0Kaisa Kangur<\/td>\n<\/tr>\n<tr class=\"alt\" style=\"height: 24px;\">\n<td style=\"height: 24px; width: 24.7281%;\">III koht nooremas vanusegrupis<\/td>\n<td style=\"height: 24px; width: 50.979%;\"><strong>Andrei Kule\u0161ov<\/strong><\/td>\n<td style=\"height: 24px; width: 23.5678%;\">\u00a0Gerda Sepp<\/td>\n<\/tr>\n<tr style=\"height: 24px;\">\n<td style=\"height: 24px; background-color: #cd2662; width: 99.2748%;\" colspan=\"3\"><span style=\"color: #ffffff;\"><strong>Noor Meister 2018 kokkade ja restoraniteenindajate v\u00f5istluse poolfinaal \/ 1<\/strong>.03.0218<\/span><\/td>\n<\/tr>\n<tr class=\"alt\" style=\"height: 24px;\">\n<td style=\"height: 24px; width: 24.7281%;\">edasip\u00e4\u00e4s kokkade finaalv\u00f5istlusele<\/td>\n<td style=\"height: 24px; width: 50.979%;\"><strong>M\u00e4rten Kadu<\/strong><\/td>\n<td style=\"height: 24px; width: 23.5678%;\">Kristi Tiido<\/td>\n<\/tr>\n<tr style=\"height: 48px;\">\n<td style=\"height: 48px; width: 24.7281%;\">edasip\u00e4\u00e4s restoraniteenindajate finaalv\u00f5istlusele<\/td>\n<td style=\"height: 48px; width: 50.979%;\"><strong>Maarja-Liis Naarits<\/strong><\/td>\n<td style=\"height: 48px; width: 23.5678%;\">Kaimar Palm<\/td>\n<\/tr>\n<tr class=\"alt\" style=\"height: 48px;\">\n<td style=\"height: 48px; width: 24.7281%;\">edasip\u00e4\u00e4s restoraniteenindajate finaalv\u00f5istlusele<\/td>\n<td style=\"height: 48px; width: 50.979%;\"><strong>Getter-Kelly Nikker<\/strong><\/td>\n<td style=\"height: 48px; width: 23.5678%;\">Kaimar Palm<\/td>\n<\/tr>\n<tr style=\"height: 24px;\">\n<td style=\"height: 24px; width: 24.7281%;\"><\/td>\n<td style=\"height: 24px; width: 50.979%;\"><strong>Anastassia Gutnit\u0161enko<\/strong><\/td>\n<td style=\"height: 24px; width: 23.5678%;\">Ljudmilla Kolt\u0161enko<\/td>\n<\/tr>\n<tr class=\"alt\" style=\"height: 24px;\">\n<td style=\"height: 24px; background-color: #cd2662; width: 99.2748%;\" colspan=\"3\"><span style=\"color: #ffffff;\"><strong>Eesti 100 \/\u00a0<\/strong>Teko meistriv\u00f5istlused 2018 \/\u00a02.02.0218<\/span><\/td>\n<\/tr>\n<tr style=\"height: 24px;\">\n<td style=\"height: 24px; width: 24.7281%;\">I koht<\/td>\n<td style=\"height: 24px; width: 50.979%;\"><strong>Angelika Zelyoni<\/strong><\/td>\n<td style=\"height: 24px; width: 23.5678%;\">Maria Stulova<\/td>\n<\/tr>\n<tr class=\"alt\" style=\"height: 24px;\">\n<td style=\"height: 24px; width: 24.7281%;\">II koht<\/td>\n<td style=\"height: 24px; width: 50.979%;\"><strong>Pavel Jermolajev<\/strong><\/td>\n<td style=\"height: 24px; width: 23.5678%;\">Diane Sarapuu-Kelder<\/td>\n<\/tr>\n<tr style=\"height: 24px;\">\n<td style=\"height: 24px; width: 24.7281%;\">III koht<\/td>\n<td style=\"height: 24px; width: 50.979%;\"><strong>Kristel Kondas<\/strong><\/td>\n<td style=\"height: 24px; width: 23.5678%;\">Pirje P\u00e4rimets<\/td>\n<\/tr>\n<tr class=\"alt\" style=\"height: 24px;\">\n<td style=\"height: 24px; width: 24.7281%;\">Eesti Piimandusmuuesumi eripreemia<\/td>\n<td style=\"height: 24px; width: 50.979%;\"><strong>Vjat\u0161eslav Reimann<\/strong><\/td>\n<td style=\"height: 24px; width: 23.5678%;\">Eneken Eschholz, Dina Aarma<\/td>\n<\/tr>\n<tr style=\"height: 24px;\">\n<td style=\"height: 24px; width: 24.7281%;\">T\u00f6\u00f6h\u00fcgieeni eripreemia<\/td>\n<td style=\"height: 24px; width: 50.979%;\"><strong>Angelika Zelyoni<\/strong><\/td>\n<td style=\"height: 24px; width: 23.5678%;\">Pirje P\u00e4rimets<\/td>\n<\/tr>\n<tr class=\"alt\" style=\"height: 24px;\">\n<td style=\"height: 24px; background-color: #cd2662; width: 99.2748%;\" colspan=\"3\"><span style=\"color: #ffffff;\"><strong>Kuldne kulp 2018 \/\u00a0<\/strong>Teko meistriv\u00f5istlused 2018 \/\u00a02.02.0218<\/span><\/td>\n<\/tr>\n<tr style=\"height: 24px;\">\n<td style=\"height: 24px; width: 24.7281%;\">I koht<\/td>\n<td style=\"height: 24px; width: 50.979%;\">Anastassia Gutnitsenko<\/td>\n<td style=\"height: 24px; width: 23.5678%;\">Ljudmilla Kolt\u0161enko<\/td>\n<\/tr>\n<tr class=\"alt\" style=\"height: 24px;\">\n<td style=\"height: 24px; width: 24.7281%;\">II koht<\/td>\n<td style=\"height: 24px; width: 50.979%;\">Julia Bhomrah<\/td>\n<td style=\"height: 24px; width: 23.5678%;\">Diane Sarapuu-Kelder<\/td>\n<\/tr>\n<tr style=\"height: 24px;\">\n<td style=\"height: 24px; width: 24.7281%;\">III koht<\/td>\n<td style=\"height: 24px; width: 50.979%;\">M\u00e4rten Kadu<\/td>\n<td style=\"height: 24px; width: 23.5678%;\">Kristi Tiido<\/td>\n<\/tr>\n<tr class=\"alt\" style=\"height: 24px;\">\n<td style=\"height: 24px; width: 24.7281%;\">Parima pearoa eripreemia<\/td>\n<td style=\"height: 24px; width: 50.979%;\">Gert Nesselmann<\/td>\n<td style=\"height: 24px; width: 23.5678%;\">Diane Sarapuu-Kelder<\/td>\n<\/tr>\n<tr style=\"height: 24px;\">\n<td style=\"height: 24px; width: 24.7281%;\">Parima desserdi eripreemia<\/td>\n<td style=\"height: 24px; width: 50.979%;\">M\u00e4rten Kadu<\/td>\n<td style=\"height: 24px; width: 23.5678%;\">Kristi Tiido<\/td>\n<\/tr>\n<tr class=\"alt\" style=\"height: 24px;\">\n<td style=\"height: 24px; background-color: #cd2662; width: 99.2748%;\" colspan=\"3\"><span style=\"color: #ffffff;\"><strong>Kokkade seitsmev\u00f5istlus 2018 \/\u00a0<\/strong>Teko meistriv\u00f5istlused 2018 \/\u00a02.02.0218<\/span><\/td>\n<\/tr>\n<tr style=\"height: 24px;\">\n<td style=\"height: 24px; width: 24.7281%;\">I koht<\/td>\n<td style=\"height: 24px; width: 50.979%;\"><strong>Andris Erich Popp, Rauno K\u00fctt, Reneta Lja\u0161enko<\/strong><\/td>\n<td style=\"height: 24px; width: 23.5678%;\">Pirje P\u00e4rimets<\/td>\n<\/tr>\n<tr class=\"alt\" style=\"height: 24px;\">\n<td style=\"height: 24px; width: 24.7281%;\">II koht<\/td>\n<td style=\"height: 24px; width: 50.979%;\"><strong>Marjanne Valamaa, Melani K\u00e4sper, Janne M\u00fc\u00fcr<\/strong><\/td>\n<td style=\"height: 24px; width: 23.5678%;\">Gerda Sepp<\/td>\n<\/tr>\n<tr style=\"height: 24px;\">\n<td style=\"height: 24px; width: 24.7281%;\">III koht<\/td>\n<td style=\"height: 24px; width: 50.979%;\"><strong>Emile Maroun Abou-Raad, Sofia Randlepp, Timofei Golovat\u00f5i<\/strong><\/td>\n<td style=\"height: 24px; width: 23.5678%;\">Kaisa Kangur<\/td>\n<\/tr>\n<tr class=\"alt\" style=\"height: 24px;\">\n<td style=\"height: 24px; width: 24.7281%;\">\u00d5pilas\u017e\u00fcrii eripreemia<\/td>\n<td style=\"height: 24px; width: 50.979%;\"><strong>Andris Erich Popp, Rauno K\u00fctt, Reneta Lja\u0161enko<\/strong><\/td>\n<td style=\"height: 24px; width: 23.5678%;\">Pirje P\u00e4rimets<\/td>\n<\/tr>\n<tr style=\"height: 24px;\">\n<td style=\"height: 24px; background-color: #cd2662; width: 99.2748%;\" colspan=\"3\"><span style=\"color: #ffffff;\"><strong>Teko kelner 2018 \/\u00a0<\/strong>Teko meistriv\u00f5istlused 2018 \/\u00a02.02.0218<\/span><\/td>\n<\/tr>\n<tr class=\"alt\" style=\"height: 24px;\">\n<td style=\"height: 24px; width: 24.7281%;\">I koht<\/td>\n<td style=\"height: 24px; width: 50.979%;\"><strong>Maarja-Liis Naarits<\/strong><\/td>\n<td style=\"height: 24px; width: 23.5678%;\">Kaimar Palm<\/td>\n<\/tr>\n<tr style=\"height: 24px;\">\n<td style=\"height: 24px; width: 24.7281%;\">II koht<\/td>\n<td style=\"height: 24px; width: 50.979%;\"><strong>Getter-Kelly Nikker<\/strong><\/td>\n<td style=\"height: 24px; width: 23.5678%;\">Kaimar Palm<\/td>\n<\/tr>\n<tr class=\"alt\" style=\"height: 24px;\">\n<td style=\"height: 24px; width: 24.7281%;\">III koht<\/td>\n<td style=\"height: 24px; width: 50.979%;\"><strong>Ann Heliis Roost<\/strong><\/td>\n<td style=\"height: 24px; width: 23.5678%;\">Gerda Sepp<\/td>\n<\/tr>\n<tr style=\"height: 24px;\">\n<td style=\"height: 24px; width: 24.7281%;\">T\u00e4pseima veinivalaja eripreemia<\/td>\n<td style=\"height: 24px; width: 50.979%;\"><strong>Adely Jakovlev<\/strong><\/td>\n<td style=\"height: 24px; width: 23.5678%;\">Gerda Sepp<\/td>\n<\/tr>\n<tr class=\"alt\" style=\"height: 24px;\">\n<td style=\"height: 24px; width: 24.7281%;\">Parima kohvi valmistaja eripreemia<\/td>\n<td style=\"height: 24px; width: 50.979%;\"><strong>Getter-Kelly Nikker<\/strong><\/td>\n<td style=\"height: 24px; width: 23.5678%;\">Kaimar Palm<\/td>\n<\/tr>\n<tr style=\"height: 24px;\">\n<td style=\"height: 24px; width: 24.7281%;\">Osavaima s\u00e4rgitriikija eripreemia<\/td>\n<td style=\"height: 24px; width: 50.979%;\"><strong>Getter-Kelly Nikker<\/strong><\/td>\n<td style=\"height: 24px; width: 23.5678%;\">Kaimar Palm<\/td>\n<\/tr>\n<tr class=\"alt\" style=\"height: 24px;\">\n<td style=\"height: 24px; width: 24.7281%;\">Osavaima tordijagaja eripreemia<\/td>\n<td style=\"height: 24px; width: 50.979%;\"><strong>Maarja-Liis Naarits<\/strong><\/td>\n<td style=\"height: 24px; width: 23.5678%;\">Kaimar Palm<\/td>\n<\/tr>\n<tr style=\"height: 24px;\">\n<td style=\"height: 24px; background-color: #cd2662; width: 99.2748%;\" colspan=\"3\"><span style=\"color: #ffffff;\"><strong>Teko komm 2018 \/\u00a0<\/strong>Teko meistriv\u00f5istlused 2018 \/\u00a02.02.0218<\/span><\/td>\n<\/tr>\n<tr class=\"alt\" style=\"height: 24px;\">\n<td style=\"height: 24px; width: 24.7281%;\">I koht<\/td>\n<td style=\"height: 24px; width: 50.979%;\"><strong>Eneli Vint<\/strong><\/td>\n<td style=\"height: 24px; width: 23.5678%;\">Ellen Lessel<\/td>\n<\/tr>\n<tr style=\"height: 24px;\">\n<td style=\"height: 24px; width: 24.7281%;\">II koht<\/td>\n<td style=\"height: 24px; width: 50.979%;\"><strong>Diana No\u017eejeva<\/strong><\/td>\n<td style=\"height: 24px; width: 23.5678%;\">Ljudmilla Iljina<\/td>\n<\/tr>\n<tr class=\"alt\" style=\"height: 24px;\">\n<td style=\"height: 24px; width: 24.7281%;\">III koht<\/td>\n<td style=\"height: 24px; width: 50.979%;\"><strong>Ljubov T\u0161u\u017eaja<\/strong><\/td>\n<td style=\"height: 24px; width: 23.5678%;\">Ljudmilla Iljina<\/td>\n<\/tr>\n<tr style=\"height: 24px;\">\n<td style=\"height: 24px; background-color: #cd2662; width: 99.2748%;\" colspan=\"3\"><span style=\"color: #ffffff;\"><strong>Teko kondiiter 2018 \/\u00a0<\/strong>Teko meistriv\u00f5istlused 2018 \/\u00a02.02.0218<\/span><\/td>\n<\/tr>\n<tr class=\"alt\" style=\"height: 24px;\">\n<td style=\"height: 24px; width: 24.7281%;\">I koht<\/td>\n<td style=\"height: 24px; width: 50.979%;\"><strong>Simona Saaliste<\/strong><\/td>\n<td style=\"height: 24px; width: 23.5678%;\">Ellen Lessel<\/td>\n<\/tr>\n<tr style=\"height: 24px;\">\n<td style=\"height: 24px; width: 24.7281%;\">II koht<\/td>\n<td style=\"height: 24px; width: 50.979%;\"><strong>Rebecca Moosus<\/strong><\/td>\n<td style=\"height: 24px; width: 23.5678%;\">Ellen Lessel<\/td>\n<\/tr>\n<tr class=\"alt\" style=\"height: 24px;\">\n<td style=\"height: 24px; width: 24.7281%;\">III koht<\/td>\n<td style=\"height: 24px; width: 50.979%;\"><strong>Veronika Kiseljova<\/strong><\/td>\n<td style=\"height: 24px; width: 23.5678%;\">Ljudmilla Iljina<\/td>\n<\/tr>\n<tr style=\"height: 24px;\">\n<td style=\"height: 24px; background-color: #cd2662; width: 99.2748%;\" colspan=\"3\"><span style=\"color: #ffffff;\"><strong>Teko m\u00fc\u00fcgiproff 2018 \/\u00a0<\/strong>Teko meistriv\u00f5istlused 2018 \/\u00a02.02.0218<\/span><\/td>\n<\/tr>\n<tr class=\"alt\" style=\"height: 48px;\">\n<td style=\"height: 48px; width: 24.7281%;\">I koht<\/td>\n<td style=\"height: 48px; width: 50.979%;\"><strong>Laine Kourtchavyi<\/strong><\/td>\n<td style=\"height: 48px; width: 23.5678%;\">Aive Antson, K\u00fclliki T\u00fcri,\u00a0Anu Uusmaa<\/td>\n<\/tr>\n<tr style=\"height: 48px;\">\n<td style=\"height: 48px; width: 24.7281%;\">II koht<\/td>\n<td style=\"height: 48px; width: 50.979%;\"><strong>Riina Kippa<\/strong><\/td>\n<td style=\"height: 48px; width: 23.5678%;\">Aive Antson, K\u00fclliki T\u00fcri,\u00a0Anu Uusmaa<\/td>\n<\/tr>\n<tr class=\"alt\" style=\"height: 48px;\">\n<td style=\"height: 48px; width: 24.7281%;\">III koht<\/td>\n<td style=\"height: 48px; width: 50.979%;\"><strong>Virge J\u00f5gisalu<\/strong><\/td>\n<td style=\"height: 48px; width: 23.5678%;\">Aive Antson, K\u00fclliki T\u00fcri,\u00a0Anu Uusmaa<\/td>\n<\/tr>\n<tr style=\"height: 24px;\">\n<td style=\"height: 24px; background-color: #cd2662; width: 99.2748%;\" colspan=\"3\"><span style=\"color: #ffffff;\"><strong>Teko majutusteenindaja 2018 \/\u00a0<\/strong>Teko meistriv\u00f5istlused 2018 \/\u00a02.02.0218<\/span><\/td>\n<\/tr>\n<tr class=\"alt\" style=\"height: 24px;\">\n<td style=\"height: 24px; width: 24.7281%;\">I koht<\/td>\n<td style=\"height: 24px; width: 50.979%;\"><strong>Heli Tamm<\/strong><\/td>\n<td style=\"height: 24px; width: 23.5678%;\">Maie R\u00fcndva<\/td>\n<\/tr>\n<tr style=\"height: 24px;\">\n<td style=\"height: 24px; width: 24.7281%;\">II koht<\/td>\n<td style=\"height: 24px; width: 50.979%;\"><strong>Laura Arandi<\/strong><\/td>\n<td style=\"height: 24px; width: 23.5678%;\">Maie R\u00fcndva<\/td>\n<\/tr>\n<tr class=\"alt\" style=\"height: 24px;\">\n<td style=\"height: 24px; width: 24.7281%;\">III koht<\/td>\n<td style=\"height: 24px; width: 50.979%;\"><strong>Kristiin Zoova<\/strong><\/td>\n<td style=\"height: 24px; width: 23.5678%;\">Maie R\u00fcndva<\/td>\n<\/tr>\n<tr style=\"height: 24px;\">\n<td style=\"height: 24px; width: 24.7281%;\">eripreemia<\/td>\n<td style=\"height: 24px; width: 50.979%;\"><strong>Kaido Tiits<\/strong><\/td>\n<td style=\"height: 24px; width: 23.5678%;\">Heikki Eskusson<\/td>\n<\/tr>\n<tr class=\"alt\" style=\"height: 24px;\">\n<td style=\"height: 24px; background-color: #cd2662; width: 99.2748%;\" colspan=\"3\"><span style=\"color: #ffffff;\"><strong>Teko pagar 2018 \/\u00a0<\/strong>Teko meistriv\u00f5istlused 2018 \/\u00a02.02.0218<\/span><\/td>\n<\/tr>\n<tr style=\"height: 24px;\">\n<td style=\"height: 24px; width: 24.7281%;\">I koht<\/td>\n<td style=\"height: 24px; width: 50.979%;\"><strong>Anastasija \u0160kljarova<\/strong><\/td>\n<td style=\"height: 24px; width: 23.5678%;\">Jevgeni Kirilahha<\/td>\n<\/tr>\n<tr class=\"alt\" style=\"height: 24px;\">\n<td style=\"height: 24px; width: 24.7281%;\">II koht<\/td>\n<td style=\"height: 24px; width: 50.979%;\"><strong>Anastasia Djakova<\/strong><\/td>\n<td style=\"height: 24px; width: 23.5678%;\">Jevgeni Kirilahha<\/td>\n<\/tr>\n<tr style=\"height: 24px;\">\n<td style=\"height: 24px; width: 24.7281%;\">III koht<\/td>\n<td style=\"height: 24px; width: 50.979%;\"><strong>J\u00fcrii Mart\u0161enko<\/strong><\/td>\n<td style=\"height: 24px; width: 23.5678%;\">Ellen Lessel<\/td>\n<\/tr>\n<tr class=\"alt\" style=\"height: 24px;\">\n<td style=\"height: 24px; background-color: #cd2662; width: 99.2748%;\" colspan=\"3\"><span style=\"color: #ffffff;\"><strong>Teko spaateenindaja 2018 \/\u00a0<\/strong>Teko meistriv\u00f5istlused 2018 \/\u00a02.02.0218<\/span><\/td>\n<\/tr>\n<tr style=\"height: 24px;\">\n<td style=\"height: 24px; width: 24.7281%;\">I koht<\/td>\n<td style=\"height: 24px; width: 50.979%;\"><strong>Kristin Talu<\/strong><\/td>\n<td style=\"height: 24px; width: 23.5678%;\">Siret Rannik<\/td>\n<\/tr>\n<tr class=\"alt\" style=\"height: 24px;\">\n<td style=\"height: 24px; width: 24.7281%;\">II koht<\/td>\n<td style=\"height: 24px; width: 50.979%;\"><strong>Kristi M\u00e4e<\/strong><\/td>\n<td style=\"height: 24px; width: 23.5678%;\">Siret Rannik<\/td>\n<\/tr>\n<tr style=\"height: 24px;\">\n<td style=\"height: 24px; width: 24.7281%;\">III koht<\/td>\n<td style=\"height: 24px; width: 50.979%;\"><strong>Janne Ilistom<\/strong><\/td>\n<td style=\"height: 24px; width: 23.5678%;\">Siret Rannik<\/td>\n<\/tr>\n<tr class=\"alt\" style=\"height: 24px;\">\n<td style=\"height: 24px; width: 24.7281%;\">Parima disaini eripreemia<\/td>\n<td style=\"height: 24px; width: 50.979%;\"><strong>Aljona Kirejeva<\/strong><\/td>\n<td style=\"height: 24px; width: 23.5678%;\">Siret Rannik<\/td>\n<\/tr>\n<tr style=\"height: 24px;\">\n<td style=\"height: 24px; width: 24.7281%;\">Parima massaa\u017ei eripreemia<\/td>\n<td style=\"height: 24px; width: 50.979%;\"><strong>Ksenia Anfilatova<\/strong><\/td>\n<td style=\"height: 24px; width: 23.5678%;\">Siret Rannik<\/td>\n<\/tr>\n<\/tbody>\n<\/table>\n<h3><span style=\"color: #cd2662;\"><strong>Haridusinnovatsioon<\/strong><\/span><\/h3>\n<table style=\"width: 100%;\">\n<tbody>\n<tr class=\"alt\">\n<td><span style=\"color: #cd2662;\"><em>v\u00f5istlus \/ kuup\u00e4ev<\/em><\/span><\/td>\n<td><span style=\"color: #cd2662;\"><em>osaleja<\/em><\/span><\/td>\n<td><span style=\"color: #cd2662;\"><em>juhendaja<\/em><\/span><\/td>\n<\/tr>\n<tr>\n<td style=\"background-color: #cd2662;\" colspan=\"3\"><span style=\"color: #ffffff;\"><strong>\u00d5pifest 2018 \/\u00a0<\/strong>10.04.0218<\/span><\/td>\n<\/tr>\n<tr class=\"alt\">\n<td>I koht vanemas vanusegrupis<\/td>\n<td><strong>Marcus P\u00f5lluvee, Laury-Margus Lind, Raul Toomi, Jasper J\u00fcrisson<\/strong><\/td>\n<td>\u00a0Kaia Laansoo<\/td>\n<\/tr>\n<\/tbody>\n<\/table>\n<h3><span style=\"color: #cd2662;\">Sport<\/span><\/h3>\n<table>\n<tbody>\n<tr>\n<td><span style=\"color: #cd2662;\"><em>v\u00f5istlus \/ kuup\u00e4ev<\/em><\/span><\/td>\n<td><span style=\"color: #cd2662;\"><em>osaleja<\/em><\/span><\/td>\n<td><span style=\"color: #cd2662;\"><em>juhendaja<\/em><\/span><\/td>\n<\/tr>\n<tr class=\"alt\">\n<td style=\"background-color: #cd2662;\" colspan=\"3\"><span style=\"color: #ffffff;\"><strong>Eesti Kutsekoolispordi Liidu karikav\u00f5istlused \/\u00a0<\/strong>25.10.0218<\/span><\/td>\n<\/tr>\n<tr>\n<td>segav\u00f5rkpall V koht<\/td>\n<td><strong>Violetta Mihailova, Violetta N\u00f5gene, Julia Revnitseva, Timofei Golovat\u00f5i, Noel Moglia, Radislav Krutitsenko, Rasmus Soone , Robin Reidma ja Romeo Rebel<\/strong><\/td>\n<td>\u00a0Margus Puustusmaa<\/td>\n<\/tr>\n<\/tbody>\n<\/table>\n<h2><span style=\"color: #cd2662;\"><a id=\"s2017\"><\/a>2017<\/span><\/h2>\n<table style=\"width: 100%; height: 1957px;\" width=\"100%\" cellspacing=\"0\">\n<tbody>\n<tr style=\"height: 24px;\">\n<td style=\"height: 24px; text-align: left; vertical-align: top; width: 24.2204%;\" width=\"383\"><span style=\"color: #cd2662;\"><em>v\u00f5istlus \/ kuup\u00e4ev<\/em><\/span><\/td>\n<td style=\"height: 24px; text-align: left; vertical-align: top; width: 27.1936%;\" colspan=\"2\" width=\"444\"><span style=\"color: #cd2662;\"><em>osaleja<\/em><\/span><\/td>\n<td style=\"height: 24px; text-align: left; vertical-align: top; width: 14.7933%;\" width=\"237\"><span style=\"color: #cd2662;\"><em>juhendaja<\/em><\/span><\/td>\n<\/tr>\n<tr style=\"height: 24px;\">\n<td style=\"height: 24px; background-color: #cd2662; text-align: left; vertical-align: top; width: 99.855%;\" colspan=\"4\"><span style=\"color: #ffffff;\"><strong>Monin Cup 2017<\/strong><\/span><span style=\"color: #cd2662;\"><em><br \/>\n<\/em><\/span><\/td>\n<\/tr>\n<tr class=\"alt\" style=\"height: 24px;\">\n<td style=\"height: 24px; text-align: left; vertical-align: top; width: 24.2204%;\">I koht<\/td>\n<td style=\"height: 24px; text-align: left; vertical-align: top; width: 27.1936%;\" colspan=\"2\"><strong>Getter-Kelly Nikker, Merit J\u00f5gi, Jaan Parts, Melissa Alliksoo, Maarja-Liis Naarits, Kristi Piht<\/strong><\/td>\n<td style=\"height: 24px; text-align: left; vertical-align: top; width: 14.7933%;\">Kaimar Palm<\/td>\n<\/tr>\n<tr style=\"height: 13px;\">\n<td style=\"height: 13px; background-color: #cd2662; text-align: left; vertical-align: top; width: 99.855%;\" colspan=\"4\"><span style=\"color: #ffffff;\"><strong>Eesti Meistriv\u00f5istlus BBQ-s 2017<\/strong><\/span><strong><br \/>\n<\/strong><\/td>\n<\/tr>\n<tr style=\"height: 24px;\">\n<td style=\"height: 24px; text-align: left; vertical-align: top; width: 24.2204%;\">I koht<\/td>\n<td style=\"height: 24px; text-align: left; vertical-align: top; width: 27.1936%;\" colspan=\"2\"><strong>Julia Bhomrah, Rene-Reitto Ismael, Oliver Aoveer, Katleen Roos, Gert Nesselmann, Katre Sikk<\/strong><\/td>\n<td style=\"height: 24px; text-align: left; vertical-align: top; width: 14.7933%;\">Diane Sarapuu-Kelder<\/td>\n<\/tr>\n<tr style=\"height: 24px;\">\n<td style=\"background-color: #cd2662; text-align: left; vertical-align: top; height: 24px; width: 99.855%;\" colspan=\"4\"><span style=\"color: #ffffff;\"><strong>Koolidevaheline grillimisv\u00f5istlus<\/strong>\u00a0<strong>Grillium 2017<\/strong><\/span><strong><br \/>\n<\/strong><\/td>\n<\/tr>\n<tr class=\"alt\" style=\"height: 24px;\">\n<td style=\"height: 24px; text-align: left; vertical-align: top; width: 24.2204%;\"><strong>I koht \u00fcldarvestuses<br \/>\n<\/strong>I koht Rakvere \u00fcllatusvoorus,<br \/>\nIII koht Rakvere searibivoorus,<br \/>\nIII koht Talleggi kanavoorus<\/td>\n<td style=\"height: 24px; text-align: left; vertical-align: top; width: 27.1936%;\" colspan=\"2\"><strong>C\u00e4tlyn Priks, Helen Kotter, <\/strong><strong>Anete Ailiste, Martin Soome<\/strong><\/td>\n<td style=\"height: 24px; text-align: left; vertical-align: top; width: 14.7933%;\">Diane Sarapuu-Kelder<\/td>\n<\/tr>\n<tr style=\"height: 96px;\">\n<td style=\"height: 96px; text-align: left; vertical-align: top; width: 24.2204%;\"><strong>III koht \u00fcldarvestuses<br \/>\n<\/strong>I koht Kaupmehe fantaasiavoorus,<strong><br \/>\n<\/strong>II koht Talleggi kanavoorus,<br \/>\neripreemia atraktiivseima v\u00f5istlusplatsi eest<\/td>\n<td style=\"height: 96px; text-align: left; vertical-align: top; width: 27.1936%;\" colspan=\"2\"><strong>Julia Bhomrah, Oliver Aoveer, Katleen Roos, <\/strong><strong>Gert Nesselmann\u00a0<\/strong><\/td>\n<td style=\"height: 96px; text-align: left; vertical-align: top; width: 14.7933%;\">Diane Sarapuu-Kelder<\/td>\n<\/tr>\n<tr style=\"height: 24px;\">\n<td style=\"background-color: #cd2662; text-align: left; vertical-align: top; height: 24px; width: 99.855%;\" colspan=\"4\"><span style=\"color: #ffffff;\"><strong>\u201cNoor Meister\u201d 2017 majutusteenindajate v\u00f5istlus<\/strong><\/span><\/td>\n<\/tr>\n<tr class=\"alt\" style=\"height: 24px;\">\n<td style=\"height: 24px; text-align: left; vertical-align: top; width: 24.2204%;\">I koht<\/td>\n<td style=\"height: 24px; text-align: left; vertical-align: top; width: 27.1936%;\" colspan=\"2\"><strong>Kristina Velba<\/strong><\/td>\n<td style=\"height: 24px; text-align: left; vertical-align: top; width: 14.7933%;\">Maie R\u00fcndva<\/td>\n<\/tr>\n<tr style=\"height: 24px;\">\n<td style=\"height: 24px; background-color: #cd2662; text-align: left; vertical-align: top; width: 99.855%;\" colspan=\"4\"><span style=\"color: #ffffff;\"><strong>\u201cNoor Meister\u201d 2017 m\u00fc\u00fcja-klienditeenindajate v\u00f5istlus<\/strong><\/span><\/td>\n<\/tr>\n<tr class=\"alt\" style=\"height: 24px;\">\n<td style=\"height: 24px; text-align: left; vertical-align: top; width: 24.2204%;\">II koht<\/td>\n<td style=\"height: 24px; text-align: left; vertical-align: top; width: 27.1936%;\" colspan=\"2\"><strong>Laura Orup\u00f5ld<\/strong><\/td>\n<td style=\"height: 24px; text-align: left; vertical-align: top; width: 14.7933%;\">Aive Antson, K\u00fcllike T\u00fcri<\/td>\n<\/tr>\n<tr style=\"height: 24px;\">\n<td style=\"height: 24px; text-align: left; vertical-align: top; width: 24.2204%;\">III koht, eripreemia \u201cParim pakend\u201d<\/td>\n<td style=\"height: 24px; text-align: left; vertical-align: top; width: 27.1936%;\" colspan=\"2\"><strong>Maria Turba<\/strong><\/td>\n<td style=\"height: 24px; text-align: left; vertical-align: top; width: 14.7933%;\">Aive Antson, K\u00fcllike T\u00fcri<\/td>\n<\/tr>\n<tr style=\"height: 24px;\">\n<td style=\"height: 24px; background-color: #cd2662; text-align: left; vertical-align: top; width: 99.855%;\" colspan=\"4\"><span style=\"color: #ffffff;\">\u00a0<strong>\u201cNoor Meister\u201d 2017 m\u00fc\u00fcgikorraldajate v\u00f5istlus\u00a0t\u00f6\u00f6kohap\u00f5hises \u00f5ppes \u00f5ppijatele<\/strong><\/span><\/td>\n<\/tr>\n<tr class=\"alt\" style=\"height: 24px;\">\n<td style=\"height: 24px; text-align: left; vertical-align: top; width: 24.2204%;\">III koht<\/td>\n<td style=\"height: 24px; text-align: left; vertical-align: top; width: 27.1936%;\" colspan=\"2\"><strong>Ingrid Pukk<\/strong><\/td>\n<td style=\"height: 24px; text-align: left; vertical-align: top; width: 14.7933%;\">Aive Antson, K\u00fcllike T\u00fcri<\/td>\n<\/tr>\n<tr class=\"alt\" style=\"height: 24px;\">\n<td style=\"height: 24px; background-color: #cd2662; text-align: left; vertical-align: top; width: 99.855%;\" colspan=\"4\"><span style=\"color: #ffffff;\"><strong>\u201cNoor Meister\u201d 2017 vastuv\u00f5tu administraatorite v\u00f5istlus<\/strong><\/span><\/td>\n<\/tr>\n<tr style=\"height: 24px;\">\n<td style=\"height: 24px; text-align: left; vertical-align: top; width: 24.2204%;\">I koht<\/td>\n<td style=\"height: 24px; text-align: left; vertical-align: top; width: 27.1936%;\" colspan=\"2\"><strong>Liisa Meidla<\/strong><\/td>\n<td style=\"height: 24px; text-align: left; vertical-align: top; width: 14.7933%;\">Kristi Leinus<\/td>\n<\/tr>\n<tr class=\"alt\" style=\"height: 24px;\">\n<td style=\"height: 24px; text-align: left; vertical-align: top; width: 24.2204%;\">II koht<\/td>\n<td style=\"height: 24px; text-align: left; vertical-align: top; width: 27.1936%;\" colspan=\"2\"><strong>Elis Reis<\/strong><\/td>\n<td style=\"height: 24px; text-align: left; vertical-align: top; width: 14.7933%;\">Kristi Leinus<\/td>\n<\/tr>\n<tr style=\"height: 24px;\">\n<td style=\"background-color: #cd2662; text-align: left; vertical-align: top; height: 24px; width: 99.855%;\" colspan=\"4\"><span style=\"color: #ffffff;\"><strong>Kokakunst Kuressaares 2017 16.-17.03.2017<\/strong><\/span><strong><br \/>\n<\/strong><\/td>\n<\/tr>\n<tr class=\"alt\" style=\"height: 24px;\">\n<td style=\"height: 24px; text-align: left; vertical-align: top; width: 24.2204%;\">II koht 2. kursuste arvestuses<\/td>\n<td style=\"height: 24px; text-align: left; vertical-align: top; width: 27.1936%;\" colspan=\"2\"><strong>Danil Kovtun<\/strong><\/td>\n<td style=\"height: 24px; text-align: left; vertical-align: top; width: 14.7933%;\">Irina Hori\u0161ihh<\/td>\n<\/tr>\n<tr style=\"height: 24px;\">\n<td style=\"height: 24px; text-align: left; vertical-align: top; width: 24.2204%;\"><strong>\u00a0<\/strong>II koht 3. kursuste arvestuses<\/td>\n<td style=\"height: 24px; text-align: left; vertical-align: top; width: 27.1936%;\" colspan=\"2\"><strong>C\u00e4tlyn Priks<\/strong><\/td>\n<td style=\"height: 24px; text-align: left; vertical-align: top; width: 14.7933%;\">Diane Sarapuu-Kelder<\/td>\n<\/tr>\n<tr class=\"alt\" style=\"height: 24px;\">\n<td style=\"height: 24px; text-align: left; vertical-align: top; width: 24.2204%;\"><strong>\u00a0<\/strong>III koht 3. kursuste arvestuses<\/td>\n<td style=\"height: 24px; text-align: left; vertical-align: top; width: 27.1936%;\" colspan=\"2\"><strong>M\u00e4rten Kadu<\/strong><\/td>\n<td style=\"height: 24px; text-align: left; vertical-align: top; width: 14.7933%;\">Kristi Tiido<\/td>\n<\/tr>\n<tr style=\"height: 24px;\">\n<td style=\"background-color: #cd2662; text-align: left; vertical-align: top; height: 24px; width: 99.855%;\" colspan=\"4\"><span style=\"color: #ffffff;\"><strong>Hea Teeninduse Kuu\u00a0 \u201cTallinna parim teenindaja\u201d 16.03.2017<\/strong><\/span><strong><br \/>\n<\/strong><\/td>\n<\/tr>\n<tr style=\"height: 24px;\">\n<td style=\"height: 24px; text-align: left; vertical-align: top; width: 24.2204%;\">III koht<\/td>\n<td style=\"height: 24px; text-align: left; vertical-align: top; width: 27.1936%;\" colspan=\"2\"><strong>Piret Kaev<\/strong><\/td>\n<td style=\"height: 24px; text-align: left; vertical-align: top; width: 14.7933%;\"><\/td>\n<\/tr>\n<tr style=\"height: 24px;\">\n<td style=\"background-color: #cd2662; text-align: left; vertical-align: top; height: 24px; width: 99.855%;\" colspan=\"4\"><span style=\"color: #ffffff;\"><strong>Monin Junior Cup 2017 15. 03.2017\u00a0<\/strong><strong>alkoholivabade kokteilide valmistamise v\u00f5istlus\u00a0\u00f5pilastele<\/strong><\/span><strong><br \/>\n<\/strong><\/td>\n<\/tr>\n<tr class=\"alt\" style=\"height: 24px;\">\n<td style=\"height: 24px; text-align: left; vertical-align: top; width: 24.2204%;\">I koht<\/td>\n<td style=\"height: 24px; text-align: left; vertical-align: top; width: 27.1936%;\" colspan=\"2\"><strong>Kristi Piht<\/strong><\/td>\n<td style=\"height: 24px; text-align: left; vertical-align: top; width: 14.7933%;\">Kaimar Palm<\/td>\n<\/tr>\n<tr style=\"height: 24px;\">\n<td style=\"height: 24px; text-align: left; vertical-align: top; width: 24.2204%;\">II koht<\/td>\n<td style=\"height: 24px; text-align: left; vertical-align: top; width: 27.1936%;\" colspan=\"2\"><strong>Melissa Alliksoo<\/strong><\/td>\n<td style=\"height: 24px; text-align: left; vertical-align: top; width: 14.7933%;\">Kaimar Palm<\/td>\n<\/tr>\n<tr class=\"alt\" style=\"height: 24px;\">\n<td style=\"height: 24px; text-align: left; vertical-align: top; width: 24.2204%;\">III koht<\/td>\n<td style=\"height: 24px; text-align: left; vertical-align: top; width: 27.1936%;\" colspan=\"2\"><strong>Kristin Sitsi<\/strong><\/td>\n<td style=\"height: 24px; text-align: left; vertical-align: top; width: 14.7933%;\">Kaimar Palm<\/td>\n<\/tr>\n<tr style=\"height: 24px;\">\n<td style=\"height: 24px; background-color: #cd2662; text-align: left; vertical-align: top; width: 99.855%;\" colspan=\"4\"><span style=\"color: #ffffff;\"><strong>Kuldne Kulp 2017 <\/strong>\/ Teko meistriv\u00f5istlused 2017 3.02.2017<\/span><\/td>\n<\/tr>\n<tr class=\"alt\" style=\"height: 24px;\">\n<td style=\"height: 24px; text-align: left; vertical-align: top; width: 24.2204%;\">I koht<\/td>\n<td style=\"height: 24px; text-align: left; vertical-align: top; width: 27.1936%;\" colspan=\"2\"><strong>C\u00e4tlyn Priks<\/strong><\/td>\n<td style=\"height: 24px; text-align: left; vertical-align: top; width: 14.7933%;\">Diane Sarapuu-Kelder<\/td>\n<\/tr>\n<tr style=\"height: 24px;\">\n<td style=\"height: 24px; text-align: left; vertical-align: top; width: 24.2204%;\">II koht<\/td>\n<td style=\"height: 24px; text-align: left; vertical-align: top; width: 27.1936%;\" colspan=\"2\"><strong>Valeria Feldhuns<\/strong><\/td>\n<td style=\"height: 24px; text-align: left; vertical-align: top; width: 14.7933%;\">Irina Hori\u0161ihh<\/td>\n<\/tr>\n<tr class=\"alt\" style=\"height: 24px;\">\n<td style=\"height: 24px; text-align: left; vertical-align: top; width: 24.2204%;\">III koht<\/td>\n<td style=\"height: 24px; text-align: left; vertical-align: top; width: 27.1936%;\" colspan=\"2\"><strong>M\u00e4rten Kadu<\/strong><\/td>\n<td style=\"height: 24px; text-align: left; vertical-align: top; width: 14.7933%;\">Kristi Tiido<\/td>\n<\/tr>\n<tr style=\"height: 24px;\">\n<td style=\"height: 24px; text-align: left; vertical-align: top; width: 24.2204%;\">Parima pearoa eripreemia<\/td>\n<td style=\"height: 24px; text-align: left; vertical-align: top; width: 27.1936%;\" colspan=\"2\"><strong>Daniil Kovtun<\/strong><\/td>\n<td style=\"height: 24px; text-align: left; vertical-align: top; width: 14.7933%;\">Irina Hori\u0161ihh<\/td>\n<\/tr>\n<tr class=\"alt\" style=\"height: 24px;\">\n<td style=\"height: 24px; text-align: left; vertical-align: top; width: 24.2204%;\">Parima desserde eripreemia<\/td>\n<td style=\"height: 24px; text-align: left; vertical-align: top; width: 27.1936%;\" colspan=\"2\"><strong>Aleksander Tamming<\/strong><\/td>\n<td style=\"height: 24px; text-align: left; vertical-align: top; width: 14.7933%;\">Diane Sarapuu-Kelder<\/td>\n<\/tr>\n<tr style=\"height: 24px;\">\n<td style=\"height: 24px; text-align: left; vertical-align: top; width: 24.2204%;\">Parima noorkoka eripreemia<\/td>\n<td style=\"height: 24px; text-align: left; vertical-align: top; width: 27.1936%;\" colspan=\"2\"><strong>Merlin Vettik<\/strong><\/td>\n<td style=\"height: 24px; text-align: left; vertical-align: top; width: 14.7933%;\">Kristi Tiido<\/td>\n<\/tr>\n<tr class=\"alt\" style=\"height: 24px;\">\n<td style=\"height: 24px; text-align: left; vertical-align: top; width: 24.2204%;\">K\u00f6\u00f6git\u00f6\u00f6 eripreemia<\/td>\n<td style=\"height: 24px; text-align: left; vertical-align: top; width: 27.1936%;\" colspan=\"2\"><strong>Julia Bhomrah<\/strong><\/td>\n<td style=\"height: 24px; text-align: left; vertical-align: top; width: 14.7933%;\">Diane Sarapuu-Kelder<\/td>\n<\/tr>\n<tr style=\"height: 24px;\">\n<td style=\"height: 24px; width: 24.2204%; background-color: #cd2662; text-align: left; vertical-align: top;\" colspan=\"4\"><span style=\"color: #ffffff;\"><strong>Rannarahva Uued Maitsed 2017<\/strong> \/ Teko meistriv\u00f5istlused 2017 3.02.2017<\/span><strong><br \/>\n<\/strong><\/td>\n<\/tr>\n<tr style=\"height: 24px;\">\n<td style=\"height: 24px; text-align: left; vertical-align: top; width: 24.2204%;\">I koht<\/td>\n<td style=\"height: 24px; text-align: left; vertical-align: top; width: 27.1936%;\" colspan=\"2\"><strong>Adeele-Brigitta Kont-Kontson<\/strong><\/td>\n<td style=\"height: 24px; text-align: left; vertical-align: top; width: 14.7933%;\">Kristi Tiido<\/td>\n<\/tr>\n<tr class=\"alt\" style=\"height: 24px;\">\n<td style=\"height: 24px; text-align: left; vertical-align: top; width: 24.2204%;\">II koht<\/td>\n<td style=\"height: 24px; text-align: left; vertical-align: top; width: 27.1936%;\" colspan=\"2\"><strong>Kristina Deo<\/strong><\/td>\n<td style=\"height: 24px; text-align: left; vertical-align: top; width: 14.7933%;\">Diane Sarapuu-Kelder<\/td>\n<\/tr>\n<tr style=\"height: 24px;\">\n<td style=\"height: 24px; text-align: left; vertical-align: top; width: 24.2204%;\">III koht<\/td>\n<td style=\"height: 24px; text-align: left; vertical-align: top; width: 27.1936%;\" colspan=\"2\"><strong>Serhii Zymovets<\/strong><\/td>\n<td style=\"height: 24px; text-align: left; vertical-align: top; width: 14.7933%;\">Maria Stulova<\/td>\n<\/tr>\n<tr class=\"alt\" style=\"height: 24px;\">\n<td style=\"height: 24px; text-align: left; vertical-align: top; width: 24.2204%;\">Rannarahva Muuseumi eripreemia<\/td>\n<td style=\"height: 24px; text-align: left; vertical-align: top; width: 27.1936%;\" colspan=\"2\"><strong>Elina Roots<\/strong><\/td>\n<td style=\"height: 24px; text-align: left; vertical-align: top; width: 14.7933%;\">Kristi Tiido<\/td>\n<\/tr>\n<tr style=\"height: 24px;\">\n<td style=\"height: 24px; text-align: left; vertical-align: top; width: 24.2204%;\">K\u00f6\u00f6git\u00f6\u00f6 eripreemia<\/td>\n<td style=\"height: 24px; text-align: left; vertical-align: top; width: 27.1936%;\" colspan=\"2\"><strong>Anatoli Kropotov<\/strong><\/td>\n<td style=\"height: 24px; text-align: left; vertical-align: top; width: 14.7933%;\">Gerda Sepp<\/td>\n<\/tr>\n<tr style=\"height: 24px;\">\n<td style=\"width: 24.2204%; background-color: #cd2662; text-align: left; vertical-align: top; height: 24px;\" colspan=\"4\"><span style=\"color: #ffffff;\"><strong>Kokkade seitsmev\u00f5istlus 2017<\/strong> \/ Teko meistriv\u00f5istlused 2017 3.02.2017<\/span><strong><br \/>\n<\/strong><\/td>\n<\/tr>\n<tr class=\"alt\" style=\"height: 24px;\">\n<td style=\"height: 24px; text-align: left; vertical-align: top; width: 24.2204%;\">I koht<\/td>\n<td style=\"height: 24px; text-align: left; vertical-align: top; width: 27.1936%;\" colspan=\"2\"><strong>Maksim Saipov, Anna Danilova, Edgar Dudenus<\/strong><\/td>\n<td style=\"height: 24px; text-align: left; vertical-align: top; width: 14.7933%;\">Irina Horo\u0161ihh<\/td>\n<\/tr>\n<tr style=\"height: 24px;\">\n<td style=\"height: 24px; text-align: left; vertical-align: top; width: 24.2204%;\">II koht<\/td>\n<td style=\"height: 24px; text-align: left; vertical-align: top; width: 27.1936%;\" colspan=\"2\"><strong>Andrei\u00a0 Novik, Nikita Korzin, Anastassia Gutnit\u0161enko<\/strong><\/td>\n<td style=\"height: 24px; text-align: left; vertical-align: top; width: 14.7933%;\">Ljudmilla Kolt\u0161enko<\/td>\n<\/tr>\n<tr class=\"alt\" style=\"height: 24px;\">\n<td style=\"height: 24px; text-align: left; vertical-align: top; width: 24.2204%;\">III koht<\/td>\n<td style=\"height: 24px; text-align: left; vertical-align: top; width: 27.1936%;\" colspan=\"2\"><strong>Anna Pletnikova, Ljubov Alfjorova, Yana Obruch<\/strong><\/td>\n<td style=\"height: 24px; text-align: left; vertical-align: top; width: 14.7933%;\">Maria Stulova<\/td>\n<\/tr>\n<tr style=\"height: 24px;\">\n<td style=\"height: 24px; text-align: left; vertical-align: top; width: 24.2204%;\">eripreemia \u00f5pilas\u017e\u00fcriilt<\/td>\n<td style=\"height: 24px; text-align: left; vertical-align: top; width: 27.1936%;\" colspan=\"2\"><strong>Ksenia Hodorenko, Maria Ozol, Pavel Jermolajev<\/strong><\/td>\n<td style=\"height: 24px; text-align: left; vertical-align: top; width: 14.7933%;\">Diane Sarapuu-Kelder<\/td>\n<\/tr>\n<tr style=\"height: 24px;\">\n<td style=\"width: 24.2204%; background-color: #cd2662; text-align: left; vertical-align: top; height: 24px;\" colspan=\"4\"><span style=\"color: #ffffff;\"><strong>Teko Kondiiter 2017<\/strong>\/ Teko meistriv\u00f5istlused 2017 3.02.2017<\/span><strong><br \/>\n<\/strong><\/td>\n<\/tr>\n<tr class=\"alt\" style=\"height: 24px;\">\n<td style=\"height: 24px; text-align: left; vertical-align: top; width: 24.2204%;\">I koht<\/td>\n<td style=\"height: 24px; text-align: left; vertical-align: top; width: 27.1936%;\" colspan=\"2\"><strong>Nataliia Solovjova<\/strong><\/td>\n<td style=\"height: 24px; text-align: left; vertical-align: top; width: 14.7933%;\">Ljudmilla Iljina<\/td>\n<\/tr>\n<tr style=\"height: 24px;\">\n<td style=\"height: 24px; text-align: left; vertical-align: top; width: 24.2204%;\">II koht<strong>\u00a0<\/strong><\/td>\n<td style=\"height: 24px; text-align: left; vertical-align: top; width: 27.1936%;\" colspan=\"2\"><strong>Kristi Jalakas<\/strong><\/td>\n<td style=\"height: 24px; text-align: left; vertical-align: top; width: 14.7933%;\">Ellen Lessel<\/td>\n<\/tr>\n<tr class=\"alt\" style=\"height: 24px;\">\n<td style=\"height: 24px; text-align: left; vertical-align: top; width: 24.2204%;\">III koht<strong>\u00a0<\/strong><\/td>\n<td style=\"height: 24px; text-align: left; vertical-align: top; width: 27.1936%;\" colspan=\"2\"><strong>Valeria Norina<\/strong><\/td>\n<td style=\"height: 24px; text-align: left; vertical-align: top; width: 14.7933%;\">Ljudmilla Iljina<\/td>\n<\/tr>\n<tr style=\"height: 24px;\">\n<td style=\"width: 24.2204%; background-color: #cd2662; text-align: left; vertical-align: top; height: 24px;\" colspan=\"4\"><span style=\"color: #ffffff;\"><strong>Teko Pagar 2017 <\/strong>\/ Teko meistriv\u00f5istlused 2017 3.02.2017<\/span><strong><br \/>\n<\/strong><\/td>\n<\/tr>\n<tr style=\"height: 24px;\">\n<td style=\"height: 24px; text-align: left; vertical-align: top; width: 24.2204%;\">I koht<\/td>\n<td style=\"height: 24px; text-align: left; vertical-align: top; width: 27.1936%;\" colspan=\"2\"><strong>Martin V\u00e4lba<\/strong><\/td>\n<td style=\"height: 24px; text-align: left; vertical-align: top; width: 14.7933%;\">Jevgeni Kirilahha<\/td>\n<\/tr>\n<tr class=\"alt\" style=\"height: 24px;\">\n<td style=\"height: 24px; text-align: left; vertical-align: top; width: 24.2204%;\">II koht<\/td>\n<td style=\"height: 24px; text-align: left; vertical-align: top; width: 27.1936%;\" colspan=\"2\"><strong>Natalia Sapelkina<\/strong><\/td>\n<td style=\"height: 24px; text-align: left; vertical-align: top; width: 14.7933%;\">Jevgeni Kirilahha<\/td>\n<\/tr>\n<tr style=\"height: 24px;\">\n<td style=\"height: 24px; text-align: left; vertical-align: top; width: 24.2204%;\">III koht<strong>\u00a0<\/strong><\/td>\n<td style=\"height: 24px; text-align: left; vertical-align: top; width: 27.1936%;\" colspan=\"2\"><strong>Anastasija \u0160kljarova<\/strong><\/td>\n<td style=\"height: 24px; text-align: left; vertical-align: top; width: 14.7933%;\">Jevgeni Kirilahha<\/td>\n<\/tr>\n<tr style=\"height: 24px;\">\n<td style=\"width: 24.2204%; height: 24px; background-color: #cd2662; text-align: left; vertical-align: top;\" colspan=\"4\"><span style=\"color: #ffffff;\"><strong>Teko Komm 2017<\/strong> \/ Teko meistriv\u00f5istlused 2017 3.02.2017<\/span><strong><br \/>\n<\/strong><\/td>\n<\/tr>\n<tr class=\"alt\" style=\"height: 24px;\">\n<td style=\"height: 24px; text-align: left; vertical-align: top; width: 24.2204%;\">I koht<\/td>\n<td style=\"height: 24px; text-align: left; vertical-align: top; width: 27.1936%;\" colspan=\"2\"><strong>Nataliia Kolesnyk<\/strong><\/td>\n<td style=\"height: 24px; text-align: left; vertical-align: top; width: 14.7933%;\">Maria Stulova<\/td>\n<\/tr>\n<tr style=\"height: 24px;\">\n<td style=\"height: 24px; text-align: left; vertical-align: top; width: 24.2204%;\">II koht<strong>\u00a0<\/strong><\/td>\n<td style=\"height: 24px; text-align: left; vertical-align: top; width: 27.1936%;\" colspan=\"2\"><strong>Henri L\u00f5oke<\/strong><\/td>\n<td style=\"height: 24px; text-align: left; vertical-align: top; width: 14.7933%;\">Ellen Lessel<\/td>\n<\/tr>\n<tr class=\"alt\" style=\"height: 24px;\">\n<td style=\"height: 24px; text-align: left; vertical-align: top; width: 24.2204%;\">III koht<\/td>\n<td style=\"height: 24px; text-align: left; vertical-align: top; width: 27.1936%;\" colspan=\"2\"><strong>Lilija Vitkovskaja<\/strong><\/td>\n<td style=\"height: 24px; text-align: left; vertical-align: top; width: 14.7933%;\">Ljudmilla Iljina<\/td>\n<\/tr>\n<tr style=\"height: 24px;\">\n<td style=\"width: 24.2204%; height: 24px; background-color: #cd2662; text-align: left; vertical-align: top;\" colspan=\"4\"><span style=\"color: #ffffff;\"><strong>M\u00fc\u00fcgiproff 2017<\/strong> \/ Teko meistriv\u00f5istlused 2017 3.02.2017<\/span><strong><br \/>\n<\/strong><\/td>\n<\/tr>\n<tr style=\"height: 24px;\">\n<td style=\"height: 24px; text-align: left; vertical-align: top; width: 24.2204%;\">I koht p\u00f5hikoolij\u00e4rgsed \u00f5pilased<\/td>\n<td style=\"height: 24px; text-align: left; vertical-align: top; width: 27.1936%;\" colspan=\"2\"><strong>Maria Turba<\/strong><\/td>\n<td style=\"height: 24px; text-align: left; vertical-align: top; width: 14.7933%;\">K\u00fclliki T\u00fcri, Aive Antson<\/td>\n<\/tr>\n<tr class=\"alt\" style=\"height: 24px;\">\n<td style=\"height: 24px; text-align: left; vertical-align: top; width: 24.2204%;\">II koht p\u00f5hikoolij\u00e4rgsed \u00f5pilased<\/td>\n<td style=\"height: 24px; text-align: left; vertical-align: top; width: 27.1936%;\" colspan=\"2\"><strong>Laura Orup\u00f5ld<\/strong><\/td>\n<td style=\"height: 24px; text-align: left; vertical-align: top; width: 14.7933%;\">K\u00fclliki T\u00fcri, Aive Antson<\/td>\n<\/tr>\n<tr style=\"height: 24px;\">\n<td style=\"height: 24px; text-align: left; vertical-align: top; width: 24.2204%;\">III koht p\u00f5hikoolij\u00e4rgsed \u00f5pilased<\/td>\n<td style=\"height: 24px; text-align: left; vertical-align: top; width: 27.1936%;\" colspan=\"2\"><strong>Liis-Marleen Metsalu<\/strong><\/td>\n<td style=\"height: 24px; text-align: left; vertical-align: top; width: 14.7933%;\">K\u00fclliki T\u00fcri, Aive Antson<\/td>\n<\/tr>\n<tr class=\"alt\" style=\"height: 24px;\">\n<td style=\"height: 24px; text-align: left; vertical-align: top; width: 24.2204%;\">eripreemia \u201cParim teenindaja\u201d p\u00f5hikoolij\u00e4rgsed \u00f5pilased<\/td>\n<td style=\"height: 24px; text-align: left; vertical-align: top; width: 27.1936%;\" colspan=\"2\"><strong>Laura Orup\u00f5ld<\/strong><\/td>\n<td style=\"height: 24px; text-align: left; vertical-align: top; width: 14.7933%;\">K\u00fclliki T\u00fcri, Aive Antson<\/td>\n<\/tr>\n<tr style=\"height: 24px;\">\n<td style=\"height: 24px; text-align: left; vertical-align: top; width: 24.2204%;\">I koht keskkoolij\u00e4rgsed \u00f5pilased<\/td>\n<td style=\"height: 24px; text-align: left; vertical-align: top; width: 27.1936%;\" colspan=\"2\"><strong>Janne Laidinen<\/strong><\/td>\n<td style=\"height: 24px; text-align: left; vertical-align: top; width: 14.7933%;\">K\u00fclliki T\u00fcri, Aive Antson<\/td>\n<\/tr>\n<tr class=\"alt\" style=\"height: 24px;\">\n<td style=\"height: 24px; text-align: left; vertical-align: top; width: 24.2204%;\">II koht keskkoolij\u00e4rgsed \u00f5pilased<\/td>\n<td style=\"height: 24px; text-align: left; vertical-align: top; width: 27.1936%;\" colspan=\"2\"><strong>Kersti Oja<\/strong><\/td>\n<td style=\"height: 24px; text-align: left; vertical-align: top; width: 14.7933%;\">K\u00fclliki T\u00fcri, Aive Antson<\/td>\n<\/tr>\n<tr style=\"height: 24px;\">\n<td style=\"height: 24px; text-align: left; vertical-align: top; width: 24.2204%;\">III koht p\u00f5hikoolij\u00e4rgsed \u00f5pilased<\/td>\n<td style=\"height: 24px; text-align: left; vertical-align: top; width: 27.1936%;\" colspan=\"2\"><strong>Tiina Umal<\/strong><\/td>\n<td style=\"height: 24px; text-align: left; vertical-align: top; width: 14.7933%;\">K\u00fclliki T\u00fcri, Aive Antson<\/td>\n<\/tr>\n<tr class=\"alt\" style=\"height: 24px;\">\n<td style=\"height: 24px; text-align: left; vertical-align: top; width: 24.2204%;\">eripreemia \u201cParim teenindaja\u201d keskkoolij\u00e4rgsed \u00f5pilased<\/td>\n<td style=\"height: 24px; text-align: left; vertical-align: top; width: 27.1936%;\" colspan=\"2\"><strong>Kersti Oja<\/strong><\/td>\n<td style=\"height: 24px; text-align: left; vertical-align: top; width: 14.7933%;\">K\u00fclliki T\u00fcri, Aive Antson<\/td>\n<\/tr>\n<tr style=\"height: 24px;\">\n<td style=\"width: 24.2204%; background-color: #cd2662; text-align: left; vertical-align: top; height: 24px;\" colspan=\"4\"><span style=\"color: #ffffff;\"><strong>Majutusteenindaja 2017<\/strong> \/ Teko meistriv\u00f5istlused 2017 3.02.2017<\/span><\/td>\n<\/tr>\n<tr style=\"height: 24px;\">\n<td style=\"height: 24px; text-align: left; vertical-align: top; width: 24.2204%;\">I koht<\/td>\n<td style=\"height: 24px; text-align: left; vertical-align: top; width: 27.1936%;\" colspan=\"2\"><strong>Kristina Velba<\/strong><\/td>\n<td style=\"height: 24px; text-align: left; vertical-align: top; width: 14.7933%;\">Maie R\u00fcndva<\/td>\n<\/tr>\n<tr class=\"alt\" style=\"height: 24px;\">\n<td style=\"height: 24px; text-align: left; vertical-align: top; width: 24.2204%;\">II koht<\/td>\n<td style=\"height: 24px; text-align: left; vertical-align: top; width: 27.1936%;\" colspan=\"2\"><strong>Lilli Orav<\/strong><\/td>\n<td style=\"height: 24px; text-align: left; vertical-align: top; width: 14.7933%;\">Maie R\u00fcndva<\/td>\n<\/tr>\n<tr style=\"height: 24px;\">\n<td style=\"height: 24px; text-align: left; vertical-align: top; width: 24.2204%;\">III koht<\/td>\n<td style=\"height: 24px; text-align: left; vertical-align: top; width: 27.1936%;\" colspan=\"2\"><strong>Kelly Avguzev<\/strong><\/td>\n<td style=\"height: 24px; text-align: left; vertical-align: top; width: 14.7933%;\">Maie R\u00fcndva<\/td>\n<\/tr>\n<tr class=\"alt\" style=\"height: 24px;\">\n<td style=\"height: 24px; text-align: left; vertical-align: top; width: 24.2204%;\">eripreemia<\/td>\n<td style=\"height: 24px; text-align: left; vertical-align: top; width: 27.1936%;\" colspan=\"2\"><strong>Mariliis Hoang<\/strong><\/td>\n<td style=\"height: 24px; text-align: left; vertical-align: top; width: 14.7933%;\">Maie R\u00fcndva<\/td>\n<\/tr>\n<tr style=\"height: 24px;\">\n<td style=\"width: 24.2204%; background-color: #cd2662; text-align: left; vertical-align: top; height: 24px;\" colspan=\"4\"><span style=\"color: #ffffff;\"><strong>Teko Kelner 2017\u00a0<\/strong> \/ Teko meistriv\u00f5istlused 2017 3.02.2017<\/span><strong><br \/>\n<\/strong><\/td>\n<\/tr>\n<tr style=\"height: 24px;\">\n<td style=\"height: 24px; text-align: left; vertical-align: top; width: 24.2204%;\">I koht<\/td>\n<td style=\"height: 24px; text-align: left; vertical-align: top; width: 27.1936%;\" colspan=\"2\"><strong>Maarja-Liis Naarits<\/strong><\/td>\n<td style=\"height: 24px; text-align: left; vertical-align: top; width: 14.7933%;\">Kaimar Palm<\/td>\n<\/tr>\n<tr class=\"alt\" style=\"height: 24px;\">\n<td style=\"height: 24px; text-align: left; vertical-align: top; width: 24.2204%;\">II koht<\/td>\n<td style=\"height: 24px; text-align: left; vertical-align: top; width: 27.1936%;\" colspan=\"2\"><strong>Getter-Kelly Nikker<\/strong><\/td>\n<td style=\"height: 24px; text-align: left; vertical-align: top; width: 14.7933%;\">Kaimar Palm<\/td>\n<\/tr>\n<tr style=\"height: 24px;\">\n<td style=\"height: 24px; text-align: left; vertical-align: top; width: 24.2204%;\">III koht<\/td>\n<td style=\"height: 24px; text-align: left; vertical-align: top; width: 27.1936%;\" colspan=\"2\"><strong>Kristin Sitsi<\/strong><\/td>\n<td style=\"height: 24px; text-align: left; vertical-align: top; width: 14.7933%;\">Kaimar Palm<\/td>\n<\/tr>\n<tr class=\"alt\" style=\"height: 24px;\">\n<td style=\"height: 24px; text-align: left; vertical-align: top; width: 24.2204%;\">eripreemia parim kohvivalmistaja<\/td>\n<td style=\"height: 24px; text-align: left; vertical-align: top; width: 27.1936%;\" colspan=\"2\"><strong>Nikol Gorbov<\/strong><\/td>\n<td style=\"height: 24px; text-align: left; vertical-align: top; width: 14.7933%;\">Harriet Sv\u00e4rd<\/td>\n<\/tr>\n<tr style=\"height: 24px;\">\n<td style=\"height: 24px; text-align: left; vertical-align: top; width: 24.2204%;\">eripreemia parim mokteilivalmistaja<\/td>\n<td style=\"height: 24px; text-align: left; vertical-align: top; width: 27.1936%;\" colspan=\"2\"><strong>Lisette Urke<\/strong><\/td>\n<td style=\"height: 24px; text-align: left; vertical-align: top; width: 14.7933%;\">Kaimar Palm<\/td>\n<\/tr>\n<\/tbody>\n<\/table>\n<h2><span style=\"color: #cd2662;\"><a id=\"s2016\"><\/a>2016<\/span><\/h2>\n<table style=\"width: 100%; height: 1416px;\" width=\"100%\" cellspacing=\"0\">\n<tbody>\n<tr style=\"height: 24px;\">\n<td style=\"height: 24px; text-align: left; vertical-align: top;\" width=\"383\"><span style=\"color: #cd2662;\"><em>v\u00f5istlus \/ koht<\/em><\/span><\/td>\n<td style=\"height: 24px; text-align: left; vertical-align: top;\" width=\"444\"><span style=\"color: #cd2662;\"><em>osaleja<\/em><\/span><\/td>\n<td style=\"height: 24px; text-align: left; vertical-align: top;\" width=\"554\"><span style=\"color: #cd2662;\"><em>koht<\/em><\/span><\/td>\n<td style=\"height: 24px; text-align: left; vertical-align: top;\" width=\"237\"><span style=\"color: #cd2662;\"><em>juhendaja<\/em><\/span><\/td>\n<\/tr>\n<tr style=\"height: 24px;\">\n<td style=\"background-color: #cd2662; height: 24px; text-align: left; vertical-align: top;\" colspan=\"4\"><span style=\"color: #ffffff;\"><strong>Kokakunst Kuressaares 2016<\/strong><\/span><strong><br \/>\n<\/strong><\/td>\n<\/tr>\n<tr class=\"alt\" style=\"height: 24px;\">\n<td style=\"height: 24px; text-align: left; vertical-align: top;\">I koht<\/td>\n<td style=\"height: 24px; text-align: left; vertical-align: top;\" colspan=\"2\"><strong>K. Lahe<\/strong><\/td>\n<td style=\"height: 24px; text-align: left; vertical-align: top;\">Diane Sarapuu-Kelder<\/td>\n<\/tr>\n<tr style=\"height: 24px;\">\n<td style=\"height: 24px; text-align: left; vertical-align: top;\">II koht<\/td>\n<td style=\"height: 24px; text-align: left; vertical-align: top;\" colspan=\"2\"><strong>N. Vronskaja<\/strong><\/td>\n<td style=\"height: 24px; text-align: left; vertical-align: top;\">Diane Sarapuu-Kelder<\/td>\n<\/tr>\n<tr class=\"alt\" style=\"height: 24px;\">\n<td style=\"height: 24px; background-color: #cd2662; text-align: left; vertical-align: top;\" colspan=\"4\"><strong>\u00a0<\/strong><span style=\"color: #ffffff;\"><strong>Eesti MV Parim Puhastusteenindaja 2016<\/strong><\/span><\/td>\n<\/tr>\n<tr style=\"height: 24px;\">\n<td style=\"height: 24px; text-align: left; vertical-align: top;\">I koht<\/td>\n<td style=\"height: 24px; text-align: left; vertical-align: top;\" colspan=\"2\"><strong>K. Volodina<\/strong><\/td>\n<td style=\"height: 24px; text-align: left; vertical-align: top;\">Diana Malkevits<\/td>\n<\/tr>\n<tr style=\"height: 24px;\">\n<td style=\"background-color: #cd2662; height: 24px; text-align: left; vertical-align: top;\" colspan=\"4\"><span style=\"color: #ffffff;\"><strong>Eesti Baarmenite MV 2016<\/strong><strong><br \/>\n<\/strong><\/span><\/td>\n<\/tr>\n<tr class=\"alt\" style=\"height: 24px;\">\n<td style=\"height: 24px; text-align: left; vertical-align: top;\">II koht<\/td>\n<td style=\"height: 24px; text-align: left; vertical-align: top;\" colspan=\"2\"><strong>J. M\u00e4nnisalu<\/strong><\/td>\n<td style=\"height: 24px; text-align: left; vertical-align: top;\">Kaimar Palm<\/td>\n<\/tr>\n<tr style=\"height: 24px;\">\n<td style=\"height: 24px; text-align: left; vertical-align: top;\">III koht<\/td>\n<td style=\"height: 24px; text-align: left; vertical-align: top;\" colspan=\"2\"><strong>K. Jeedas<\/strong><\/td>\n<td style=\"height: 24px; text-align: left; vertical-align: top;\">Kaimar Palm<\/td>\n<\/tr>\n<tr class=\"alt\" style=\"height: 24px;\">\n<td style=\"height: 24px; background-color: #cd2662; text-align: left; vertical-align: top;\" colspan=\"4\"><span style=\"color: #ffffff;\"><strong>M\u00fc\u00fcgikorraldaja 2016<\/strong><\/span><\/td>\n<\/tr>\n<tr style=\"height: 48px;\">\n<td style=\"height: 48px; text-align: left; vertical-align: top;\">I koht<\/td>\n<td style=\"height: 48px; text-align: left; vertical-align: top;\" colspan=\"2\"><strong>Marlin Pruuli<\/strong><\/td>\n<td style=\"height: 48px; text-align: left; vertical-align: top;\">K\u00fcllike T\u00fcri, Kristi Vilkis ja Aive Antson<\/td>\n<\/tr>\n<tr class=\"alt\" style=\"height: 48px;\">\n<td style=\"height: 48px; text-align: left; vertical-align: top;\">III koht<\/td>\n<td style=\"height: 48px; text-align: left; vertical-align: top;\" colspan=\"2\"><strong>Jane Nilov<\/strong><\/td>\n<td style=\"height: 48px; text-align: left; vertical-align: top;\">K\u00fcllike T\u00fcri, Kristi Vilkis ja Aive Antson<\/td>\n<\/tr>\n<tr style=\"height: 24px;\">\n<td style=\"height: 24px; background-color: #cd2662; text-align: left; vertical-align: top;\" colspan=\"4\"><span style=\"color: #ffffff;\"><strong>Kolu K\u00f5rts 2016<\/strong><strong> \/<\/strong> Teko meistriv\u00f5istlused 2016<\/span><\/td>\n<\/tr>\n<tr style=\"height: 24px;\">\n<td style=\"height: 24px; text-align: left; vertical-align: top;\">I koht ja eripreemia PARIM MATSIV\u00d5ILEIB<\/td>\n<td style=\"height: 24px; text-align: left; vertical-align: top;\" colspan=\"2\"><strong>N. Voronskaja<\/strong><\/td>\n<td style=\"height: 24px; text-align: left; vertical-align: top;\">Diane Sarapuu-Kelder<\/td>\n<\/tr>\n<tr class=\"alt\" style=\"height: 24px;\">\n<td style=\"height: 24px; text-align: left; vertical-align: top;\">II koht ja eripreemia PARIM KARASK<\/td>\n<td style=\"height: 24px; text-align: left; vertical-align: top;\" colspan=\"2\"><strong>A. Roosma<\/strong><\/td>\n<td style=\"height: 24px; text-align: left; vertical-align: top;\">Kristi Tiido<\/td>\n<\/tr>\n<tr style=\"height: 24px;\">\n<td style=\"height: 24px; text-align: left; vertical-align: top;\">III koht ja eripreemia PARIM PASTEET<\/td>\n<td style=\"height: 24px; text-align: left; vertical-align: top;\" colspan=\"2\"><strong>S. Reinvelt<\/strong><\/td>\n<td style=\"height: 24px; text-align: left; vertical-align: top;\">Kristi Tiido<\/td>\n<\/tr>\n<tr style=\"height: 24px;\">\n<td style=\"background-color: #cd2662; height: 24px; text-align: left; vertical-align: top;\" colspan=\"4\"><span style=\"color: #ffffff;\"><strong>Kuldne Kulp 2016\/ Teko meistriv\u00f5istlused 2016<\/strong><\/span><strong><br \/>\n<\/strong><\/td>\n<\/tr>\n<tr class=\"alt\" style=\"height: 24px;\">\n<td style=\"height: 24px; text-align: left; vertical-align: top;\">I koht<\/td>\n<td style=\"height: 24px; text-align: left; vertical-align: top;\" colspan=\"2\"><strong>L. Sidorenko<\/strong><\/td>\n<td style=\"height: 24px; text-align: left; vertical-align: top;\">Irina Horoshihh<\/td>\n<\/tr>\n<tr style=\"height: 48px;\">\n<td style=\"height: 48px; text-align: left; vertical-align: top;\">II koht<br \/>\neripreemia PARIM DESSERT<br \/>\neripreemia PARIM NOORKOKK<strong>\u00a0<\/strong><\/td>\n<td style=\"height: 48px; text-align: left; vertical-align: top;\" colspan=\"2\"><strong>C\u00e4tlyn Priks<\/strong><\/td>\n<td style=\"height: 48px; text-align: left; vertical-align: top;\">Diane Sarapuu-Kelder<\/td>\n<\/tr>\n<tr class=\"alt\" style=\"height: 24px;\">\n<td style=\"height: 24px; text-align: left; vertical-align: top;\">III koht<strong>\u00a0<\/strong><\/td>\n<td style=\"height: 24px; text-align: left; vertical-align: top;\" colspan=\"2\"><strong>T. Praks<\/strong><\/td>\n<td style=\"height: 24px; text-align: left; vertical-align: top;\">Pirje P\u00e4rimets<\/td>\n<\/tr>\n<tr style=\"height: 24px;\">\n<td style=\"height: 24px; text-align: left; vertical-align: top;\">eripreemia PARIM PEAROOG<strong>\u00a0<\/strong><\/td>\n<td style=\"height: 24px; text-align: left; vertical-align: top;\" colspan=\"2\"><strong>M\u00e4rten Kadu<\/strong><\/td>\n<td style=\"height: 24px; text-align: left; vertical-align: top;\">Kristi Tiido<\/td>\n<\/tr>\n<tr style=\"height: 24px;\">\n<td style=\"background-color: #cd2662; height: 24px; text-align: left; vertical-align: top;\" colspan=\"4\"><span style=\"color: #ffffff;\"><strong>Teko Kelner 2016<\/strong> \/ Teko meistriv\u00f5istlused 2016<\/span><strong><br \/>\n<\/strong><\/td>\n<\/tr>\n<tr class=\"alt\" style=\"height: 24px;\">\n<td style=\"height: 24px; text-align: left; vertical-align: top;\">I koht<br \/>\neripreemia PARIM MOKTEILIVALMISTAJA<\/td>\n<td style=\"height: 24px; text-align: left; vertical-align: top;\" colspan=\"2\"><strong>K. Sitsi<\/strong><\/td>\n<td style=\"height: 24px; text-align: left; vertical-align: top;\">Kaimar Palm<\/td>\n<\/tr>\n<tr style=\"height: 24px;\">\n<td style=\"height: 24px; text-align: left; vertical-align: top;\">II koht<strong>\u00a0<\/strong><\/td>\n<td style=\"height: 24px; text-align: left; vertical-align: top;\" colspan=\"2\"><strong>A. P\u00f5im<\/strong><\/td>\n<td style=\"height: 24px; text-align: left; vertical-align: top;\"><\/td>\n<\/tr>\n<tr class=\"alt\" style=\"height: 24px;\">\n<td style=\"height: 24px; text-align: left; vertical-align: top;\">III koht ja eripreemia PARIM KALJAVALMISTAJA<strong>\u00a0<\/strong><\/td>\n<td style=\"height: 24px; text-align: left; vertical-align: top;\" colspan=\"2\"><strong>Anna-Bell Sku\u0161ka<\/strong><\/td>\n<td style=\"height: 24px; text-align: left; vertical-align: top;\">Kaimar Palm<\/td>\n<\/tr>\n<tr style=\"height: 24px;\">\n<td style=\"height: 24px; text-align: left; vertical-align: top;\">Eripreemia PARIM KOHVIVALMISTAJA<strong>\u00a0<\/strong><\/td>\n<td style=\"height: 24px; text-align: left; vertical-align: top;\" colspan=\"2\"><strong>Anu Ristissaar<\/strong><\/td>\n<td style=\"height: 24px; text-align: left; vertical-align: top;\">Pirje P\u00e4rimets<\/td>\n<\/tr>\n<tr style=\"height: 24px;\">\n<td style=\"background-color: #cd2662; text-align: left; vertical-align: top; height: 24px;\" colspan=\"4\"><span style=\"color: #ffffff;\"><strong>Teko Komm 2016<\/strong> \/ Teko meistriv\u00f5istlused 2016<\/span><strong><br \/>\n<\/strong><\/td>\n<\/tr>\n<tr class=\"alt\" style=\"height: 24px;\">\n<td style=\"height: 24px; text-align: left; vertical-align: top;\">I koht<\/td>\n<td style=\"height: 24px; text-align: left; vertical-align: top;\" colspan=\"2\"><strong>T. M\u00e4tlik<\/strong><\/td>\n<td style=\"height: 24px; text-align: left; vertical-align: top;\">Ellen Lessel<\/td>\n<\/tr>\n<tr style=\"height: 24px;\">\n<td style=\"height: 24px; text-align: left; vertical-align: top;\">II koht<\/td>\n<td style=\"height: 24px; text-align: left; vertical-align: top;\" colspan=\"2\"><strong>J. Ant\u00f5kova<\/strong><\/td>\n<td style=\"height: 24px; text-align: left; vertical-align: top;\">Ljudmilla Iljina<\/td>\n<\/tr>\n<tr class=\"alt\" style=\"height: 24px;\">\n<td style=\"height: 24px; text-align: left; vertical-align: top;\">III koht<\/td>\n<td style=\"height: 24px; text-align: left; vertical-align: top;\" colspan=\"2\"><strong>S. Kolosova<\/strong><\/td>\n<td style=\"height: 24px; text-align: left; vertical-align: top;\">Ljudmilla Iljina<\/td>\n<\/tr>\n<tr style=\"height: 24px;\">\n<td style=\"background-color: #cd2662; text-align: left; vertical-align: top; height: 24px;\" colspan=\"4\"><span style=\"color: #ffffff;\"><strong>Teko Kondiiter 2016 <\/strong>\/ Teko meistriv\u00f5istlused 2016<\/span><strong><br \/>\n<\/strong><\/td>\n<\/tr>\n<tr style=\"height: 24px;\">\n<td style=\"height: 24px; text-align: left; vertical-align: top;\">I koht<\/td>\n<td style=\"height: 24px; text-align: left; vertical-align: top;\" colspan=\"2\"><strong>A. Ansen-Markov<\/strong><\/td>\n<td style=\"height: 24px; text-align: left; vertical-align: top;\">Sirje Tenok<\/td>\n<\/tr>\n<tr class=\"alt\" style=\"height: 24px;\">\n<td style=\"height: 24px; text-align: left; vertical-align: top;\">II koht<\/td>\n<td style=\"height: 24px; text-align: left; vertical-align: top;\" colspan=\"2\"><strong>A. T\u0161ihhatsova<\/strong><\/td>\n<td style=\"height: 24px; text-align: left; vertical-align: top;\">Ljudmilla Iljina<\/td>\n<\/tr>\n<tr style=\"height: 24px;\">\n<td style=\"height: 24px; text-align: left; vertical-align: top;\">III koht<\/td>\n<td style=\"height: 24px; text-align: left; vertical-align: top;\" colspan=\"2\"><strong>K. Eiso<\/strong><\/td>\n<td style=\"height: 24px; text-align: left; vertical-align: top;\">Sirje Tenok<\/td>\n<\/tr>\n<tr class=\"alt\" style=\"height: 24px;\">\n<td style=\"height: 24px; text-align: left; vertical-align: top;\">Parima t\u00f6\u00f6kultuuri eripreemia<\/td>\n<td style=\"height: 24px; text-align: left; vertical-align: top;\" colspan=\"2\"><strong>R. Meri<\/strong><\/td>\n<td style=\"height: 24px; text-align: left; vertical-align: top;\">Ellen Lessel<\/td>\n<\/tr>\n<tr style=\"height: 24px;\">\n<td style=\"height: 24px; background-color: #cd2662; text-align: left; vertical-align: top;\" colspan=\"4\"><span style=\"color: #ffffff;\"><strong>Teko Majutusteenindaja 2016<\/strong> \/ Teko meistriv\u00f5istlused 2016<\/span><strong><br \/>\n<\/strong><\/td>\n<\/tr>\n<tr style=\"height: 24px;\">\n<td style=\"height: 24px; text-align: left; vertical-align: top;\">I koht<\/td>\n<td style=\"height: 24px; text-align: left; vertical-align: top;\" colspan=\"2\"><strong>Dagmar Rosenblatt<\/strong><\/td>\n<td style=\"height: 24px; text-align: left; vertical-align: top;\">Maie R\u00fcndva<\/td>\n<\/tr>\n<tr class=\"alt\" style=\"height: 24px;\">\n<td style=\"height: 24px; text-align: left; vertical-align: top;\">II koht<\/td>\n<td style=\"height: 24px; text-align: left; vertical-align: top;\" colspan=\"2\"><strong>K. Ploomipuu<\/strong><\/td>\n<td style=\"height: 24px; text-align: left; vertical-align: top;\">Maie R\u00fcndva<\/td>\n<\/tr>\n<tr style=\"height: 24px;\">\n<td style=\"height: 24px; text-align: left; vertical-align: top;\">III koht<\/td>\n<td style=\"height: 24px; text-align: left; vertical-align: top;\" colspan=\"2\"><strong>M. T. T. Hoang<\/strong><\/td>\n<td style=\"height: 24px; text-align: left; vertical-align: top;\">Maie \u00a0R\u00fcndva<\/td>\n<\/tr>\n<tr style=\"height: 24px;\">\n<td style=\"background-color: #cd2662; text-align: left; vertical-align: top; height: 24px;\" colspan=\"4\"><span style=\"color: #ffffff;\"><strong>Teko M\u00fc\u00fcgiproff 2016 \/ Teko meistriv\u00f5istlused 2016<\/strong><\/span><strong><br \/>\n<\/strong><\/td>\n<\/tr>\n<tr class=\"alt\" style=\"height: 24px;\">\n<td style=\"height: 24px; text-align: left; vertical-align: top;\">I koht p\u00f5hikooli \u00f5ppe baasil ja eripreemia PARIM TEENINDAJA<\/td>\n<td style=\"height: 24px; text-align: left; vertical-align: top;\" colspan=\"2\"><strong>Maria Turba<\/strong><\/td>\n<td style=\"height: 24px; text-align: left; vertical-align: top;\">Aive Antson, K\u00fcllike T\u00fcri<\/td>\n<\/tr>\n<tr style=\"height: 24px;\">\n<td style=\"height: 24px; text-align: left; vertical-align: top;\">II koht p\u00f5hikooli \u00f5ppe baasil<\/td>\n<td style=\"height: 24px; text-align: left; vertical-align: top;\" colspan=\"2\"><strong>Laura Orup\u00f5ld<\/strong><\/td>\n<td style=\"height: 24px; text-align: left; vertical-align: top;\">Aive Antson, K\u00fcllike T\u00fcri<\/td>\n<\/tr>\n<tr class=\"alt\" style=\"height: 24px;\">\n<td style=\"height: 24px; text-align: left; vertical-align: top;\">III koht p\u00f5hikooli \u00f5ppe baasil<\/td>\n<td style=\"height: 24px; text-align: left; vertical-align: top;\" colspan=\"2\"><strong>K. Smirnova<\/strong><\/td>\n<td style=\"height: 24px; text-align: left; vertical-align: top;\">Aive Antson, K\u00fcllike T\u00fcri<\/td>\n<\/tr>\n<tr style=\"height: 48px;\">\n<td style=\"height: 48px; text-align: left; vertical-align: top;\">I koht t\u00f6\u00f6kohap\u00f5hises \u00f5ppes ja eripreemia PARIM TEENINDAJA<\/td>\n<td style=\"height: 48px; text-align: left; vertical-align: top;\" colspan=\"2\"><strong>C\u00e4tlyn Metsik<\/strong><\/td>\n<td style=\"height: 48px; text-align: left; vertical-align: top;\">Aive Antson, K\u00fcllike T\u00fcri<\/td>\n<\/tr>\n<tr class=\"alt\" style=\"height: 24px;\">\n<td style=\"height: 24px; text-align: left; vertical-align: top;\">II koht t\u00f6\u00f6kohap\u00f5hises \u00f5ppes<\/td>\n<td style=\"height: 24px; text-align: left; vertical-align: top;\" colspan=\"2\"><strong>Elizaveta Tomingas<\/strong><\/td>\n<td style=\"height: 24px; text-align: left; vertical-align: top;\">Aive Antson, K\u00fcllike T\u00fcri<\/td>\n<\/tr>\n<tr style=\"height: 24px;\">\n<td style=\"height: 24px; text-align: left; vertical-align: top;\">III koht t\u00f6\u00f6kohap\u00f5hises \u00f5ppes<\/td>\n<td style=\"height: 24px; text-align: left; vertical-align: top;\" colspan=\"2\"><strong>J. Krot<\/strong><\/td>\n<td style=\"height: 24px; text-align: left; vertical-align: top;\">Aive Antson, K\u00fcllike T\u00fcri<\/td>\n<\/tr>\n<tr style=\"height: 24px;\">\n<td style=\"background-color: #cd0660; text-align: left; vertical-align: top; height: 24px;\" colspan=\"4\"><span style=\"color: #ffffff;\"><strong>Teko Pagar 2016 <\/strong>\/ Teko meistriv\u00f5istlused 2016<\/span><strong><br \/>\n<\/strong><\/td>\n<\/tr>\n<tr class=\"alt\" style=\"height: 24px;\">\n<td style=\"height: 24px; text-align: left; vertical-align: top;\">I koht ja eripreemia PARIM T\u00d6\u00d6KULTUUR<\/td>\n<td style=\"height: 24px; text-align: left; vertical-align: top;\" colspan=\"2\"><strong>I. Perk<\/strong><\/td>\n<td style=\"height: 24px; text-align: left; vertical-align: top;\">Sirje Tenok<\/td>\n<\/tr>\n<tr style=\"height: 24px;\">\n<td style=\"height: 24px; text-align: left; vertical-align: top;\">II koht<\/td>\n<td style=\"height: 24px; text-align: left; vertical-align: top;\" colspan=\"2\"><strong>A. Rudko<\/strong><\/td>\n<td style=\"height: 24px; text-align: left; vertical-align: top;\">Jevgeni Kirilahha<\/td>\n<\/tr>\n<tr class=\"alt\" style=\"height: 24px;\">\n<td style=\"height: 24px; text-align: left; vertical-align: top;\">III koht<\/td>\n<td style=\"height: 24px; text-align: left; vertical-align: top;\" colspan=\"2\"><strong>M. Heinvere<\/strong><\/td>\n<td style=\"height: 24px; text-align: left; vertical-align: top;\">Ellen Lessel<\/td>\n<\/tr>\n<tr style=\"height: 24px;\">\n<td style=\"height: 24px; background-color: #cd2662; text-align: left; vertical-align: top;\" colspan=\"4\"><span style=\"color: #ffffff;\"><strong>Teko Puhastusteenindaja 2016<\/strong> \/ Teko meistriv\u00f5istlused 2016<\/span><strong><br \/>\n<\/strong><\/td>\n<\/tr>\n<tr style=\"height: 24px;\">\n<td style=\"height: 24px; text-align: left; vertical-align: top;\">I koht<\/td>\n<td style=\"height: 24px; text-align: left; vertical-align: top;\" colspan=\"2\"><strong>K. Volodina<\/strong><\/td>\n<td style=\"height: 24px; text-align: left; vertical-align: top;\">Diana Malkevit\u0161<\/td>\n<\/tr>\n<tr class=\"alt\" style=\"height: 24px;\">\n<td style=\"height: 24px; text-align: left; vertical-align: top;\">II koht<\/td>\n<td style=\"height: 24px; text-align: left; vertical-align: top;\" colspan=\"2\"><strong>K. Sergejeva<\/strong><\/td>\n<td style=\"height: 24px; text-align: left; vertical-align: top;\">Diana Malkevit\u0161<\/td>\n<\/tr>\n<tr style=\"height: 24px;\">\n<td style=\"height: 24px; text-align: left; vertical-align: top;\">III koht<\/td>\n<td style=\"height: 24px; text-align: left; vertical-align: top;\" colspan=\"2\"><strong>R. Sumat\u0161eva<\/strong><\/td>\n<td style=\"height: 24px; text-align: left; vertical-align: top;\">Diana Malkevit\u0161<\/td>\n<\/tr>\n<tr class=\"alt\" style=\"height: 24px;\">\n<td style=\"height: 24px; text-align: left; vertical-align: top;\">Eripreemia v\u00f5istlevale \u00f5petajale<\/td>\n<td style=\"height: 24px; text-align: left; vertical-align: top;\" colspan=\"2\"><strong>K. Tiits<\/strong><\/td>\n<td style=\"height: 24px; text-align: left; vertical-align: top;\">Diana Malkevit\u0161<\/td>\n<\/tr>\n<\/tbody>\n<\/table>\n<h3><span style=\"color: #cd2662;\">Huvitegevus<\/span><\/h3>\n<table style=\"width: 100%; height: 120px;\">\n<tbody>\n<tr style=\"height: 24px;\">\n<td style=\"height: 24px; width: 27.9188%; vertical-align: top;\"><span style=\"color: #cd2662;\"><em>v\u00f5istlus \/ koht<\/em><\/span><\/td>\n<td style=\"height: 24px; width: 53.2496%; vertical-align: top;\" colspan=\"2\"><span style=\"color: #cd2662;\"><em>osaleja\u00a0<\/em><\/span><\/td>\n<td style=\"width: 17.3338%; height: 24px; vertical-align: top;\"><em style=\"color: #cd2662;\">juhendaja<\/em><\/td>\n<\/tr>\n<tr style=\"height: 24px;\">\n<td style=\"width: 98.5022%; height: 24px; background-color: #cd2662; vertical-align: top;\" colspan=\"4\"><strong><span style=\"color: #ffffff;\">Tallinna Kooliteatrite festival 2016 <\/span><\/strong><span style=\"color: #ffffff;\">\/ 30.-31.03.2016 Tallinn<\/span><\/td>\n<\/tr>\n<tr style=\"height: 24px;\">\n<td style=\"width: 27.9188%; height: 24px; vertical-align: top;\">parim meesn\u00e4itleja<\/td>\n<td style=\"height: 24px; width: 53.2496%; vertical-align: top;\" colspan=\"2\"><span style=\"color: #000000;\"><strong>Rene Tammleht<\/strong> \/ lavastus &#8220;Elu p\u00e4rast&#8221;<\/span><\/td>\n<td style=\"width: 17.3338%; height: 24px; vertical-align: top;\"><span style=\"color: #000000;\">\u00a0Annely R Kallo<\/span><\/td>\n<\/tr>\n<tr style=\"height: 24px;\">\n<td style=\"width: 98.5022%; background-color: #cd2662; vertical-align: top; height: 24px;\" colspan=\"4\"><span style=\"color: #ffffff;\"><strong>Kanutiaia Kann 2016<\/strong> \/ 17.-20.03.2016 Tallinn<\/span><em style=\"color: #cd2662;\"><br \/>\n<\/em><\/td>\n<\/tr>\n<tr style=\"height: 24px;\">\n<td style=\"width: 27.9188%; height: 24px; vertical-align: top;\">parim meesn\u00e4itleja<\/td>\n<td style=\"height: 24px; vertical-align: top; width: 53.2496%;\" colspan=\"2\"><strong><span style=\"color: #000000;\"> Rene Tammleht\u00a0<\/span><\/strong><\/td>\n<td style=\"width: 17.3338%; height: 24px; vertical-align: top;\"><span style=\"color: #000000;\">Annely R Kallo<\/span><\/td>\n<\/tr>\n<\/tbody>\n<\/table>\n<h2><span style=\"color: #cd2662;\"><a id=\"S2015\"><\/a>2015<\/span><\/h2>\n<h3><span style=\"color: #cd2662;\">Kutsev\u00f5istlused<\/span><\/h3>\n<table style=\"width: 100%; height: 1512px;\" width=\"100%\">\n<tbody>\n<tr style=\"height: 24px;\">\n<td style=\"height: 24px; width: 27.9188%;\"><span style=\"color: #cd2662;\"><em>v\u00f5istlus \/ koht<\/em><\/span><\/td>\n<td style=\"height: 24px; width: 30.2393%;\" colspan=\"2\"><span style=\"color: #cd2662;\"><em>osaleja\u00a0<\/em><\/span><\/td>\n<td style=\"height: 24px; width: 18.9993%;\"><span style=\"color: #cd2662;\"><em>juhendaja<\/em><\/span><\/td>\n<\/tr>\n<tr class=\"alt\" style=\"height: 24px;\">\n<td style=\"height: 24px; background-color: #cd2662; width: 99.0573%;\" colspan=\"4\"><span style=\"color: #ffffff;\"><strong>Kuldne Kulp 2015 <\/strong>\/ Teko Meistriv\u00f5istlused 2015<\/span><\/td>\n<\/tr>\n<tr style=\"height: 24px;\">\n<td style=\"height: 24px; width: 27.9188%;\">I koht<\/td>\n<td style=\"height: 24px; width: 52.1392%;\" colspan=\"2\"><strong>V. Jelissejev<\/strong><\/td>\n<td style=\"height: 24px; width: 18.9993%;\">Pirje P\u00e4rimets<\/td>\n<\/tr>\n<tr class=\"alt\" style=\"height: 24px;\">\n<td style=\"height: 24px; width: 27.9188%;\">II koht<\/td>\n<td style=\"height: 24px; width: 52.1392%;\" colspan=\"2\"><strong>Silver Beki\u0161<\/strong><\/td>\n<td style=\"height: 24px; width: 18.9993%;\">Kristi Tiido<\/td>\n<\/tr>\n<tr style=\"height: 24px;\">\n<td style=\"height: 24px; width: 27.9188%;\">III koht, parim pearoog<\/td>\n<td style=\"height: 24px; width: 52.1392%;\" colspan=\"2\"><strong>D. Aas<\/strong><\/td>\n<td style=\"height: 24px; width: 18.9993%;\">Dina Aarma<\/td>\n<\/tr>\n<tr class=\"alt\" style=\"height: 24px;\">\n<td style=\"height: 24px; width: 27.9188%;\">Parim isutekitaja<\/td>\n<td style=\"height: 24px; width: 52.1392%;\" colspan=\"2\"><strong>K. Ramazanov<\/strong><\/td>\n<td style=\"height: 24px; width: 18.9993%;\">Ljudmilla Kolt\u0161enko<\/td>\n<\/tr>\n<tr class=\"alt\" style=\"height: 24px;\">\n<td style=\"height: 24px; width: 27.9188%;\">Parim noorkokk<\/td>\n<td style=\"height: 24px; width: 52.1392%;\" colspan=\"2\"><strong>K. Hunt<\/strong><\/td>\n<td style=\"height: 24px; width: 18.9993%;\">Pirje P\u00e4rimets<\/td>\n<\/tr>\n<tr style=\"height: 24px;\">\n<td style=\"width: 99.0573%; background-color: #cd2662; height: 24px;\" colspan=\"4\"><span style=\"color: #ffffff;\"><strong>Teko Kelner 2015<\/strong> \/ Teko Meistriv\u00f5istlused 2015<\/span><strong><br \/>\n<\/strong><\/td>\n<\/tr>\n<tr style=\"height: 24px;\">\n<td style=\"height: 24px; width: 27.9188%;\">I koht<\/td>\n<td style=\"height: 24px; width: 52.1392%;\" colspan=\"2\"><strong>Kertu-Liina Mahla<\/strong><\/td>\n<td style=\"height: 24px; width: 18.9993%;\">Kaimar Palm<\/td>\n<\/tr>\n<tr class=\"alt\" style=\"height: 24px;\">\n<td style=\"height: 24px; width: 27.9188%;\">II koht<\/td>\n<td style=\"height: 24px; width: 52.1392%;\" colspan=\"2\"><strong>J.M. Raik<\/strong><\/td>\n<td style=\"height: 24px; width: 18.9993%;\">Kaimar Palm; Pirje P\u00e4rimets<\/td>\n<\/tr>\n<tr style=\"height: 24px;\">\n<td style=\"height: 24px; width: 27.9188%;\">III koht<\/td>\n<td style=\"height: 24px; width: 52.1392%;\" colspan=\"2\"><strong>K. Roosipuu<\/strong><\/td>\n<td style=\"height: 24px; width: 18.9993%;\">Kaimar Palm<\/td>\n<\/tr>\n<tr class=\"alt\" style=\"height: 24px;\">\n<td style=\"height: 24px; width: 27.9188%;\">Parim juustuserveerija<\/td>\n<td style=\"height: 24px; width: 52.1392%;\" colspan=\"2\"><strong>J.M. Raik<\/strong><\/td>\n<td style=\"height: 24px; width: 18.9993%;\">Kaimar Palm; Pirje P\u00e4rimets<\/td>\n<\/tr>\n<tr style=\"height: 24px;\">\n<td style=\"height: 24px; width: 27.9188%;\">Parim teevalmistaja<\/td>\n<td style=\"height: 24px; width: 52.1392%;\" colspan=\"2\"><strong>K.-L. Mahla<\/strong><\/td>\n<td style=\"height: 24px; width: 18.9993%;\">Kaimar Palm<\/td>\n<\/tr>\n<tr class=\"alt\" style=\"height: 24px;\">\n<td style=\"height: 24px; width: 27.9188%;\">Parim veinivalaja<\/td>\n<td style=\"height: 24px; width: 52.1392%;\" colspan=\"2\"><strong>K.-L. Mahla<\/strong><\/td>\n<td style=\"height: 24px; width: 18.9993%;\">Kaimar Palm<\/td>\n<\/tr>\n<tr style=\"height: 24px;\">\n<td style=\"height: 24px; width: 27.9188%;\">S\u00e4ravaim teenindaja<\/td>\n<td style=\"height: 24px; width: 52.1392%;\" colspan=\"2\"><strong>K. Tiits<\/strong><\/td>\n<td style=\"height: 24px; width: 18.9993%;\">Kaimar Palm<\/td>\n<\/tr>\n<tr style=\"height: 24px;\">\n<td style=\"width: 99.0573%; background-color: #cd2662; height: 24px;\" colspan=\"4\"><span style=\"color: #ffffff;\"><strong>Teko Majutusteenindaja 2015<\/strong> \/ Teko Meistriv\u00f5istlused 2015\u00a0<\/span><strong><br \/>\n<\/strong><\/td>\n<\/tr>\n<tr class=\"alt\" style=\"height: 24px;\">\n<td style=\"height: 24px; width: 27.9188%;\">I koht<\/td>\n<td style=\"height: 24px; width: 52.1392%;\" colspan=\"2\"><strong>A. Vannik<\/strong><\/td>\n<td style=\"height: 24px; width: 18.9993%;\"><\/td>\n<\/tr>\n<tr style=\"height: 24px;\">\n<td style=\"height: 24px; width: 27.9188%;\">II koht<\/td>\n<td style=\"height: 24px; width: 52.1392%;\" colspan=\"2\"><strong>L. Rannam\u00e4e<\/strong><\/td>\n<td style=\"height: 24px; width: 18.9993%;\"><\/td>\n<\/tr>\n<tr class=\"alt\" style=\"height: 24px;\">\n<td style=\"height: 24px; width: 27.9188%;\">III koht<\/td>\n<td style=\"height: 24px; width: 52.1392%;\" colspan=\"2\"><strong>I. Skljar<\/strong><\/td>\n<td style=\"height: 24px; width: 18.9993%;\"><\/td>\n<\/tr>\n<tr style=\"height: 24px;\">\n<td style=\"height: 24px; width: 27.9188%;\">Parim majutus\u00fclesandes<\/td>\n<td style=\"height: 24px; width: 52.1392%;\" colspan=\"2\"><strong>M.-L. Sepp<\/strong><\/td>\n<td style=\"height: 24px; width: 18.9993%;\">Maie R\u00fcndva<\/td>\n<\/tr>\n<tr class=\"alt\" style=\"height: 24px;\">\n<td style=\"height: 24px; width: 27.9188%;\">Parim teenindus\u00fclesandes<\/td>\n<td style=\"height: 24px; width: 52.1392%;\" colspan=\"2\"><strong>J. Volodina<\/strong><\/td>\n<td style=\"height: 24px; width: 18.9993%;\">Krista Kalmus<\/td>\n<\/tr>\n<tr style=\"height: 24px;\">\n<td style=\"width: 99.0573%; background-color: #cd2662; height: 24px;\" colspan=\"4\"><span style=\"color: #ffffff;\"><strong>Kokkade seitsmev\u00f5istlus 2015<\/strong> \/ Teko Meistriv\u00f5istlused 2015\u00a0<\/span><strong><br \/>\n<\/strong><\/td>\n<\/tr>\n<tr style=\"height: 24px;\">\n<td style=\"height: 24px; width: 27.9188%;\">I koht<\/td>\n<td style=\"height: 24px; width: 52.1392%;\" colspan=\"2\"><strong>Svetlana Morgunova, Sander Sepp<\/strong><\/td>\n<td style=\"height: 24px; width: 18.9993%;\">Pirje P\u00e4rimets<\/td>\n<\/tr>\n<tr class=\"alt\" style=\"height: 24px;\">\n<td style=\"height: 24px; width: 27.9188%;\">II koht<\/td>\n<td style=\"height: 24px; width: 52.1392%;\" colspan=\"2\"><strong>C\u00e4tlyn Priks, Helen Kotter, Martin Soome<\/strong><\/td>\n<td style=\"height: 24px; width: 18.9993%;\">Diane Sarapuu-Kelder<\/td>\n<\/tr>\n<tr style=\"height: 24px;\">\n<td style=\"height: 24px; width: 27.9188%;\">III koht<\/td>\n<td style=\"height: 24px; width: 52.1392%;\" colspan=\"2\"><strong>Jaan Jaago, Kaarin Keps, Riko Lai\u00f5un<\/strong><\/td>\n<td style=\"height: 24px; width: 18.9993%;\">Kristi Tiido<\/td>\n<\/tr>\n<tr class=\"alt\" style=\"height: 24px;\">\n<td style=\"height: 24px; width: 27.9188%;\">\u00d5pilas\u017e\u00fcrii preemia<\/td>\n<td style=\"height: 24px; width: 52.1392%;\" colspan=\"2\"><strong>Allan Aitman, Natalja Zakurakina, Ermo Ehas<\/strong><\/td>\n<td style=\"height: 24px; width: 18.9993%;\">Diane Sarapuu-Kelder<\/td>\n<\/tr>\n<tr style=\"height: 24px;\">\n<td style=\"width: 99.0573%; height: 24px; background-color: #cd2662;\" colspan=\"4\"><span style=\"color: #ffffff;\"><strong>Teko Puhastusteenindaja 2015<\/strong> \/ Teko Meistriv\u00f5istlused 2015\u00a0<\/span><strong><br \/>\n<\/strong><\/td>\n<\/tr>\n<tr style=\"height: 24px;\">\n<td style=\"height: 24px; width: 27.9188%;\">I koht, parim moppaja, parim t\u00f6\u00f6s tolmuimejaga, parim vigurs\u00f5idus<\/td>\n<td style=\"height: 24px; width: 52.1392%;\" colspan=\"2\"><strong>K. Volodina<\/strong><\/td>\n<td style=\"height: 24px; width: 18.9993%;\">Diana Malkevit\u0161<\/td>\n<\/tr>\n<tr class=\"alt\" style=\"height: 24px;\">\n<td style=\"height: 24px; width: 27.9188%;\">II koht<\/td>\n<td style=\"height: 24px; width: 52.1392%;\" colspan=\"2\"><strong>M. Kareva<\/strong><\/td>\n<td style=\"height: 24px; width: 18.9993%;\">Diana Malkevit\u0161<\/td>\n<\/tr>\n<tr style=\"height: 24px;\">\n<td style=\"height: 24px; width: 27.9188%;\">III koht, akna pesemises parim<\/td>\n<td style=\"height: 24px; width: 52.1392%;\" colspan=\"2\"><strong>K. Sergejeva<\/strong><\/td>\n<td style=\"height: 24px; width: 18.9993%;\">Diana Malkevit\u0161<\/td>\n<\/tr>\n<tr style=\"height: 24px;\">\n<td style=\"width: 99.0573%; height: 24px; background-color: #cd2662;\" colspan=\"4\"><span style=\"color: #ffffff;\"><strong>Teko Pagar 2015 <\/strong>\/ Teko Meistriv\u00f5istlused 2015\u00a0<\/span><strong><br \/>\n<\/strong><\/td>\n<\/tr>\n<tr class=\"alt\" style=\"height: 24px;\">\n<td style=\"height: 24px; width: 27.9188%;\">I koht<\/td>\n<td style=\"height: 24px; width: 52.1392%;\" colspan=\"2\"><strong>An\u017eela Serebrjakova<\/strong><\/td>\n<td style=\"height: 24px; width: 18.9993%;\">Ljudmila Butnik, Jevgeni Kirilahha<\/td>\n<\/tr>\n<tr style=\"height: 24px;\">\n<td style=\"height: 24px; width: 27.9188%;\">II koht<\/td>\n<td style=\"height: 24px; width: 52.1392%;\" colspan=\"2\"><strong>Angelina Rudko<\/strong><\/td>\n<td style=\"height: 24px; width: 18.9993%;\">Ljudmila Butnik, Jevgeni Kirilahha<\/td>\n<\/tr>\n<tr class=\"alt\" style=\"height: 24px;\">\n<td style=\"height: 24px; width: 27.9188%;\">III koht<\/td>\n<td style=\"height: 24px; width: 52.1392%;\" colspan=\"2\"><strong>Tatjana Klimenko<\/strong><\/td>\n<td style=\"height: 24px; width: 18.9993%;\">Ljudmila Butnik, Jevgeni Kirilahha<\/td>\n<\/tr>\n<tr style=\"height: 24px;\">\n<td style=\"width: 99.0573%; background-color: #cd2662; height: 24px;\" colspan=\"4\"><span style=\"color: #ffffff;\"><strong>Teko Kondiiter2015<\/strong> \/ Teko Meistriv\u00f5istlused 2015<\/span><\/td>\n<\/tr>\n<tr style=\"height: 24px;\">\n<td style=\"height: 24px; width: 27.9188%;\">I koht<\/td>\n<td style=\"height: 24px; width: 30.2393%;\" colspan=\"2\"><strong>Irina Afanasjeva<\/strong><\/td>\n<td style=\"height: 24px; width: 18.9993%;\">Ljudmilla Iljina<\/td>\n<\/tr>\n<tr class=\"alt\" style=\"height: 24px;\">\n<td style=\"height: 24px; width: 27.9188%;\">II koht<\/td>\n<td style=\"height: 24px; width: 30.2393%;\" colspan=\"2\"><strong>Sofia Vakulich<\/strong><\/td>\n<td style=\"height: 24px; width: 18.9993%;\">Ljudmilla Iljina<\/td>\n<\/tr>\n<tr style=\"height: 24px;\">\n<td style=\"height: 24px; width: 27.9188%;\">III koht<\/td>\n<td style=\"height: 24px; width: 30.2393%;\" colspan=\"2\"><strong>Kristina Lunev<\/strong><\/td>\n<td style=\"height: 24px; width: 18.9993%;\">Ljudmilla Iljina<\/td>\n<\/tr>\n<tr style=\"height: 24px;\">\n<td style=\"width: 99.0573%; background-color: #cd2662; height: 24px;\" colspan=\"4\"><span style=\"color: #ffffff;\"><strong>Teko M\u00fc\u00fcgiproff 2015<\/strong> \/ Teko Meistriv\u00f5istlused 2015\u00a0<\/span><strong><br \/>\n<\/strong><\/td>\n<\/tr>\n<tr class=\"alt\" style=\"height: 24px;\">\n<td style=\"height: 24px; width: 27.9188%;\">I koht p\u00f5hikooli baasil<\/td>\n<td style=\"height: 24px; width: 52.1392%;\" colspan=\"2\"><strong>Maria Turba<\/strong><\/td>\n<td style=\"height: 24px; width: 18.9993%;\">K\u00fcllike T\u00fcri, Aive Antson<\/td>\n<\/tr>\n<tr style=\"height: 24px;\">\n<td style=\"height: 24px; width: 27.9188%;\">II koht p\u00f5hikooli baasil<\/td>\n<td style=\"height: 24px; width: 52.1392%;\" colspan=\"2\"><strong>Mariliis Arm<\/strong><\/td>\n<td style=\"height: 24px; width: 18.9993%;\">K\u00fcllike T\u00fcri, Aive Antson<\/td>\n<\/tr>\n<tr class=\"alt\" style=\"height: 24px;\">\n<td style=\"height: 24px; width: 27.9188%;\">III koht p\u00f5hikooli baasil<\/td>\n<td style=\"height: 24px; width: 52.1392%;\" colspan=\"2\"><strong>Kerttu Veskimeister<\/strong><\/td>\n<td style=\"height: 24px; width: 18.9993%;\">K\u00fcllike T\u00fcri, Aive Antson<\/td>\n<\/tr>\n<tr style=\"height: 24px;\">\n<td style=\"height: 24px; width: 27.9188%;\">I koht g\u00fcmnaasiumi baasil<\/td>\n<td style=\"height: 24px; width: 52.1392%;\" colspan=\"2\"><strong>Ilona Vasar<\/strong><\/td>\n<td style=\"height: 24px; width: 18.9993%;\">K\u00fcllike T\u00fcri, Aive Antson<\/td>\n<\/tr>\n<tr class=\"alt\" style=\"height: 24px;\">\n<td style=\"height: 24px; width: 27.9188%;\">II koht g\u00fcmnaasiumi baasil<\/td>\n<td style=\"height: 24px; width: 52.1392%;\" colspan=\"2\"><strong>Lidia Elberg<\/strong><\/td>\n<td style=\"height: 24px; width: 18.9993%;\">K\u00fcllike T\u00fcri, Aive Antson<\/td>\n<\/tr>\n<tr style=\"height: 24px;\">\n<td style=\"height: 24px; width: 27.9188%;\">III koht g\u00fcmnaasiumi baasil<\/td>\n<td style=\"height: 24px; width: 52.1392%;\" colspan=\"2\"><strong>Andra Vaikre<\/strong><\/td>\n<td style=\"height: 24px; width: 18.9993%;\">K\u00fcllike T\u00fcri, Aive Antson<\/td>\n<\/tr>\n<tr class=\"alt\" style=\"height: 24px;\">\n<td style=\"height: 24px; width: 27.9188%;\">Parim rahalugeja<\/td>\n<td style=\"height: 24px; width: 52.1392%;\" colspan=\"2\"><strong>Lidia Elberg<\/strong><\/td>\n<td style=\"height: 24px; width: 18.9993%;\">K\u00fcllike T\u00fcri, Aive Antson<\/td>\n<\/tr>\n<tr style=\"height: 24px;\">\n<td style=\"height: 24px; width: 27.9188%;\">Parim v\u00f5istkond \u2013 kaupade v\u00e4ljapanek<\/td>\n<td style=\"height: 24px; width: 52.1392%;\" colspan=\"2\"><strong>Triinu J\u00e4rvemets, Andra Vaikre<\/strong><\/td>\n<td style=\"height: 24px; width: 18.9993%;\">K\u00fcllike T\u00fcri, Aive Antson<\/td>\n<\/tr>\n<tr class=\"alt\" style=\"height: 24px;\">\n<td style=\"height: 24px; width: 99.0573%; background-color: #cd2662;\" colspan=\"4\"><span style=\"color: #ffffff;\"><strong>Kokakunst Kuressaares 2015<\/strong><\/span><strong><br \/>\n<\/strong><\/td>\n<\/tr>\n<tr style=\"height: 24px;\">\n<td style=\"height: 24px; width: 27.9188%;\">II koht noorem vanuser\u00fchm<\/td>\n<td style=\"height: 24px; width: 52.1392%;\" colspan=\"2\"><strong>E. Ehas<\/strong><\/td>\n<td style=\"height: 24px; width: 18.9993%;\">Diane Sarapuu-Kelder<\/td>\n<\/tr>\n<tr class=\"alt\" style=\"height: 24px;\">\n<td style=\"height: 24px; width: 27.9188%;\">II koht vanem vanuser\u00fchm<\/td>\n<td style=\"height: 24px; width: 52.1392%;\" colspan=\"2\"><strong>Silver Beki\u0161<\/strong><\/td>\n<td style=\"height: 24px; width: 18.9993%;\">Kristi Tiido<\/td>\n<\/tr>\n<tr style=\"height: 24px;\">\n<td style=\"height: 24px; width: 99.0573%; background-color: #cd2662;\" colspan=\"4\"><span style=\"color: #ffffff;\"><strong>Noor Meister 2015 restoraniteenindaja<\/strong><\/span><\/td>\n<\/tr>\n<tr class=\"alt\" style=\"height: 24px;\">\n<td style=\"height: 24px; width: 27.9188%;\">II koht<\/td>\n<td style=\"height: 24px; width: 52.1392%;\" colspan=\"2\"><strong>Kertu-Liina Mahla<\/strong><\/td>\n<td style=\"height: 24px; width: 18.9993%;\">Kaimar Palm<\/td>\n<\/tr>\n<tr style=\"height: 24px;\">\n<td style=\"height: 24px; width: 99.0573%; background-color: #cd2662;\" colspan=\"4\"><span style=\"color: #ffffff;\"><strong>Noor Meister 2015 M\u00fc\u00fcja (p\u00f5hikooli baasil)<\/strong><\/span><\/td>\n<\/tr>\n<tr style=\"height: 24px;\">\n<td style=\"width: 27.9188%; height: 24px;\">III koht<strong><br \/>\n<\/strong><\/td>\n<td style=\"width: 52.1392%; height: 24px;\" colspan=\"2\"><strong>Mariliis Arm<\/strong><\/td>\n<td style=\"width: 18.9993%; height: 24px;\">K\u00fcllike T\u00fcri, Aive Antson<\/td>\n<\/tr>\n<tr class=\"alt\" style=\"height: 24px;\">\n<td style=\"height: 24px; width: 99.0573%; background-color: #cd2662;\" colspan=\"4\"><span style=\"color: #ffffff;\"><strong>Noor Meister 2015 M\u00fc\u00fcja (g\u00fcmnaasiumi baasil)<\/strong><\/span><\/td>\n<\/tr>\n<tr style=\"height: 24px;\">\n<td style=\"width: 27.9188%; height: 24px;\">I koht<strong><br \/>\n<\/strong><\/td>\n<td style=\"width: 30.2393%; height: 24px;\" colspan=\"2\"><strong>Aleksandra Larionova<\/strong><\/td>\n<td style=\"width: 18.9993%; height: 24px;\">K\u00fcllike T\u00fcri, Aive Antson<\/td>\n<\/tr>\n<tr style=\"height: 24px;\">\n<td style=\"height: 24px; width: 99.0573%; background-color: #cd2662;\" colspan=\"4\"><span style=\"color: #ffffff;\"><strong>\u00a0<\/strong><strong>Teko lahtised meistriv\u00f5istlused alkoholivabade kokteilide valmistamises 2016<\/strong><strong>\u00a0<\/strong><\/span><\/td>\n<\/tr>\n<tr class=\"alt\" style=\"height: 24px;\">\n<td style=\"height: 24px; width: 27.9188%;\">I koht<\/td>\n<td style=\"height: 24px; width: 30.2393%;\" colspan=\"2\"><strong>Kertu-Liina Mahla<\/strong><\/td>\n<td style=\"height: 24px; width: 18.9993%;\">Kaimar Palm<\/td>\n<\/tr>\n<tr style=\"height: 24px;\">\n<td style=\"height: 24px; width: 27.9188%;\">II koht<\/td>\n<td style=\"height: 24px; width: 30.2393%;\" colspan=\"2\"><strong>J. Mentjuk<\/strong><\/td>\n<td style=\"height: 24px; width: 18.9993%;\">T. Suvin\u00f5mm<\/td>\n<\/tr>\n<tr class=\"alt\" style=\"height: 24px;\">\n<td style=\"height: 24px; width: 27.9188%;\">III koht<\/td>\n<td style=\"height: 24px; width: 30.2393%;\" colspan=\"2\"><strong>M. L\u00f5hmus<\/strong><\/td>\n<td style=\"height: 24px; width: 18.9993%;\">Tartu KHK<\/td>\n<\/tr>\n<tr style=\"height: 24px;\">\n<td style=\"height: 24px; width: 99.0573%; background-color: #cd2662;\" colspan=\"4\"><span style=\"color: #ffffff;\"><strong>AEHT\u00a0<em>Nouvelle Cuisine<\/em>\u00a0v\u00f5istlus<\/strong><\/span><\/td>\n<\/tr>\n<tr class=\"alt\" style=\"height: 24px;\">\n<td style=\"height: 24px; width: 27.9188%;\">I koht<\/td>\n<td style=\"height: 24px; width: 30.2393%;\" colspan=\"2\"><strong>Kristel Hunt<\/strong><\/td>\n<td style=\"height: 24px; width: 18.9993%;\">Pirje P\u00e4rimets<\/td>\n<\/tr>\n<tr style=\"height: 24px;\">\n<td style=\"height: 24px; width: 27.9188%; background-color: #cd2662;\" colspan=\"4\"><span style=\"color: #ffffff;\"><strong>AEHT restoraniteenindus<\/strong><\/span><\/td>\n<\/tr>\n<tr>\n<td style=\"width: 27.9188%;\">I koht<strong><br \/>\n<\/strong><\/td>\n<td style=\"width: 30.2393%;\" colspan=\"2\"><strong>Kertu-Liina Mahla<\/strong><strong><br \/>\n<\/strong><\/td>\n<td style=\"width: 18.9993%;\">Kaimar Palm<\/td>\n<\/tr>\n<\/tbody>\n<\/table>\n<h3><span style=\"color: #cd2662;\">Huvitegevus ja sport<\/span><\/h3>\n<table style=\"width: 100%; height: 298px;\">\n<tbody>\n<tr style=\"height: 24px;\">\n<td style=\"height: 24px; width: 27.9188%; text-align: left; vertical-align: top;\"><span style=\"color: #cd2662;\"><em>v\u00f5istlus \/ koht<\/em><\/span><\/td>\n<td style=\"height: 24px; width: 52.0497%; text-align: left; vertical-align: top;\" colspan=\"2\"><span style=\"color: #cd2662;\"><em>osaleja\u00a0<\/em><\/span><\/td>\n<td style=\"width: 17.3338%; height: 24px; text-align: left; vertical-align: top;\"><em style=\"color: #cd2662;\">juhendaja<\/em><\/td>\n<\/tr>\n<tr style=\"height: 24px;\">\n<td style=\"width: 97.3024%; height: 24px; background-color: #cd2662; text-align: left; vertical-align: top;\" colspan=\"4\"><strong><span style=\"color: #ffffff;\">Tallinna Kooliteatrite festival 2015 <\/span><\/strong><span style=\"color: #ffffff;\">\/ 26.-27.03.2015 Tallinn<\/span><\/td>\n<\/tr>\n<tr style=\"height: 24px;\">\n<td style=\"width: 27.9188%; height: 24px; text-align: left; vertical-align: top;\"><span style=\"color: #000000;\">eripreemia<\/span><\/td>\n<td style=\"height: 24px; width: 52.0497%; text-align: left; vertical-align: top;\" colspan=\"2\"><span style=\"color: #000000;\"><strong>Anna Saukas<\/strong> \/ Fatma\/Politseniku kaksikroll &#8220;M\u00e4lestuste varjud&#8221;<\/span><\/td>\n<td style=\"width: 17.3338%; height: 24px; text-align: left; vertical-align: top;\"><span style=\"color: #000000;\">\u00a0Annely R Kallo<\/span><\/td>\n<\/tr>\n<tr>\n<td style=\"width: 27.9188%; background-color: #cd2662; text-align: left; vertical-align: top;\" colspan=\"4\"><span style=\"color: #ffffff;\"><strong>Kanutiaia Kann 2015<\/strong><\/span><em style=\"color: #cd2662;\"><br \/>\n<\/em><\/td>\n<\/tr>\n<tr style=\"height: 24px;\">\n<td style=\"width: 27.9188%; height: 24px; text-align: left; vertical-align: top;\">parima k\u00f5rvalosa preemia<\/td>\n<td style=\"height: 24px; text-align: left; vertical-align: top;\" colspan=\"2\"><strong><span style=\"color: #000000;\"> Rene Tammleht\u00a0<\/span><\/strong><\/td>\n<td style=\"width: 17.3338%; height: 24px; text-align: left; vertical-align: top;\"><em style=\"color: #cd2662;\">\u00a0<\/em><\/td>\n<\/tr>\n<tr style=\"height: 24px;\">\n<td style=\"width: 97.3024%; background-color: #cd2662; height: 24px; text-align: left; vertical-align: top;\" colspan=\"4\"><span style=\"color: #ffffff;\"><strong>EKKSL MV v\u00f5rkpallis<\/strong><\/span><\/td>\n<\/tr>\n<tr style=\"height: 24px;\">\n<td style=\"width: 27.9188%; height: 24px; text-align: left; vertical-align: top;\">II koht<strong><br \/>\n<\/strong><\/td>\n<td style=\"width: 52.0497%; height: 24px; text-align: left; vertical-align: top;\" colspan=\"2\"><strong>Teko noormehed<\/strong><\/td>\n<td style=\"width: 17.3338%; height: 24px; text-align: left; vertical-align: top;\">Haili Loige<\/td>\n<\/tr>\n<tr class=\"alt\" style=\"height: 24px;\">\n<td style=\"width: 97.3024%; height: 24px; background-color: #cd2662; text-align: left; vertical-align: top;\" colspan=\"4\"><span style=\"color: #ffffff;\"><strong>EKKSL MV korvpallis<\/strong><\/span><\/td>\n<\/tr>\n<tr style=\"height: 24px;\">\n<td style=\"width: 27.9188%; height: 24px; text-align: left; vertical-align: top;\">I koht<strong><br \/>\n<\/strong><\/td>\n<td style=\"width: 52.0497%; height: 24px; text-align: left; vertical-align: top;\" colspan=\"2\"><strong>Teko noormehed<\/strong><\/td>\n<td style=\"width: 17.3338%; height: 24px; text-align: left; vertical-align: top;\">Alari P\u00f5lm<\/td>\n<\/tr>\n<tr style=\"height: 24px;\">\n<td style=\"width: 97.3024%; height: 24px; background-color: #cd2662; text-align: left; vertical-align: top;\" colspan=\"4\"><span style=\"color: #ffffff;\"><strong>EKKSL MV kergej\u00f5ustikus\u00a0\u00a0\u00a0<\/strong><\/span><\/td>\n<\/tr>\n<tr style=\"height: 24px;\">\n<td style=\"width: 27.9188%; height: 24px; text-align: left; vertical-align: top;\">I koht 200 m jooks (m\u00f5lemad v\u00f5rdse ajaga)<\/td>\n<td style=\"width: 52.0497%; height: 24px; text-align: left; vertical-align: top;\" colspan=\"2\"><strong>Mirje Tombak ja Oksana Gumenjuk<\/strong><\/td>\n<td style=\"width: 17.3338%; height: 24px; text-align: left; vertical-align: top;\">Alari P\u00f5lm<\/td>\n<\/tr>\n<tr class=\"alt\" style=\"height: 10px;\">\n<td style=\"width: 27.9188%; height: 10px; text-align: left; vertical-align: top;\">I koht 1500 m jooks<\/td>\n<td style=\"width: 52.0497%; height: 10px; text-align: left; vertical-align: top;\" colspan=\"2\"><strong>Mirje Tombak<\/strong><\/td>\n<td style=\"width: 17.3338%; height: 10px; text-align: left; vertical-align: top;\">Alari P\u00f5lm<\/td>\n<\/tr>\n<tr style=\"height: 24px;\">\n<td style=\"width: 27.9188%; height: 24px; text-align: left; vertical-align: top;\">III koht kaugush\u00fcpe<\/td>\n<td style=\"width: 52.0497%; height: 24px; text-align: left; vertical-align: top;\" colspan=\"2\"><strong>Mirje Tombak<\/strong><\/td>\n<td style=\"width: 17.3338%; height: 24px; text-align: left; vertical-align: top;\">Alari P\u00f5lm<\/td>\n<\/tr>\n<tr class=\"alt\" style=\"height: 24px;\">\n<td style=\"width: 27.9188%; height: 24px;\">III koht 100 m jooks<\/td>\n<td style=\"width: 52.0497%; height: 24px;\" colspan=\"2\"><strong>Oksana Gumenjuk<\/strong><\/td>\n<td style=\"width: 17.3338%; height: 24px;\">Alari P\u00f5lm<\/td>\n<\/tr>\n<\/tbody>\n<\/table>\n<h2><span style=\"color: #cd2662;\"><a id=\"S2014\"><\/a>2014<\/span><\/h2>\n<table style=\"height: 1728px; width: 100%;\" width=\"100%\">\n<tbody>\n<tr style=\"height: 24px;\">\n<td style=\"height: 24px; background-color: #cd2662; width: 24.1479%;\" width=\"383\"><span style=\"color: #ffffff;\"><em>v\u00f5istlus<\/em><\/span><\/td>\n<td style=\"height: 24px; background-color: #cd2662; width: 42.8571%;\" width=\"444\"><span style=\"color: #ffffff;\"><em>osaleja<\/em><\/span><\/td>\n<td style=\"height: 24px; background-color: #cd2662; width: 17.4039%;\" width=\"554\"><span style=\"color: #ffffff;\"><em>koht<\/em><\/span><\/td>\n<td style=\"height: 24px; background-color: #cd2662; width: 14.7208%;\" width=\"237\"><span style=\"color: #ffffff;\"><em>juhendaja<\/em><\/span><\/td>\n<\/tr>\n<tr class=\"alt\" style=\"height: 24px;\">\n<td style=\"height: 24px; width: 24.1479%;\"><strong>Kuldne Kulp 2014<\/strong><\/td>\n<td style=\"height: 24px; width: 42.8571%;\">G. Roosinupp<\/td>\n<td style=\"height: 24px; width: 17.4039%;\">I koht<\/td>\n<td style=\"height: 24px; width: 14.7208%;\">Dina Aarma<\/td>\n<\/tr>\n<tr style=\"height: 24px;\">\n<td style=\"height: 24px; width: 24.1479%;\"><strong>\u00a0<\/strong><\/td>\n<td style=\"height: 24px; width: 42.8571%;\">T. Maiste<\/td>\n<td style=\"height: 24px; width: 17.4039%;\">II koht<\/td>\n<td style=\"height: 24px; width: 14.7208%;\">Kristi Tiido<\/td>\n<\/tr>\n<tr class=\"alt\" style=\"height: 24px;\">\n<td style=\"height: 24px; width: 24.1479%;\"><strong>\u00a0<\/strong><\/td>\n<td style=\"height: 24px; width: 42.8571%;\">A. Terehova<\/td>\n<td style=\"height: 24px; width: 17.4039%;\">III koht<\/td>\n<td style=\"height: 24px; width: 14.7208%;\">Irina Horo\u0161ihh<\/td>\n<\/tr>\n<tr style=\"height: 48px;\">\n<td style=\"height: 48px; width: 24.1479%;\"><strong>Teko kokkade K\u00fcmnev\u00f5istlus 2014<\/strong><\/td>\n<td style=\"height: 48px; width: 42.8571%;\">KK12-PE2 (D. Aas, E. Mehide, V. Tamm)<\/td>\n<td style=\"height: 48px; width: 17.4039%;\">I koht<\/td>\n<td style=\"height: 48px; width: 14.7208%;\">Dina Aarma<\/td>\n<\/tr>\n<tr class=\"alt\" style=\"height: 48px;\">\n<td style=\"height: 48px; width: 24.1479%;\"><strong>\u00a0<\/strong><\/td>\n<td style=\"height: 48px; width: 42.8571%;\">KK13-KE2 (B. H. Valgepea, R. Neidra, M. Laus)<\/td>\n<td style=\"height: 48px; width: 17.4039%;\">II koht<\/td>\n<td style=\"height: 48px; width: 14.7208%;\">Pirje P\u00e4rimets<\/td>\n<\/tr>\n<tr style=\"height: 48px;\">\n<td style=\"height: 48px; width: 24.1479%;\"><strong>\u00a0<\/strong><\/td>\n<td style=\"height: 48px; width: 42.8571%;\">KK13-PE (A. Aitman, N. Zakurina, E. M\u00e4gi)<\/td>\n<td style=\"height: 48px; width: 17.4039%;\">III koht<\/td>\n<td style=\"height: 48px; width: 14.7208%;\">Diane Sarapuu-Kelder<\/td>\n<\/tr>\n<tr class=\"alt\" style=\"height: 24px;\">\n<td style=\"height: 24px; width: 24.1479%;\"><strong>Teko Kelner 2014<\/strong><\/td>\n<td style=\"height: 24px; width: 42.8571%;\">Ursula Tell ja Sander Kaio<\/td>\n<td style=\"height: 24px; width: 17.4039%;\">I koht<\/td>\n<td style=\"height: 24px; width: 14.7208%;\">Pirje P\u00e4rimets<\/td>\n<\/tr>\n<tr style=\"height: 48px;\">\n<td style=\"height: 48px; width: 24.1479%;\"><strong>\u00a0<\/strong><\/td>\n<td style=\"height: 48px; width: 42.8571%;\">Stephani Pille ja Lisette Lillem\u00e4e<\/td>\n<td style=\"height: 48px; width: 17.4039%;\">II koht<\/td>\n<td style=\"height: 48px; width: 14.7208%;\">Krista Kalmus<\/td>\n<\/tr>\n<tr class=\"alt\" style=\"height: 48px;\">\n<td style=\"height: 48px; width: 24.1479%;\"><strong>\u00a0<\/strong><\/td>\n<td style=\"height: 48px; width: 42.8571%;\">Mirje Tombak ja Karolin Roosipuu<\/td>\n<td style=\"height: 48px; width: 17.4039%;\">III koht<\/td>\n<td style=\"height: 48px; width: 14.7208%;\">Pirje P\u00e4rimets<\/td>\n<\/tr>\n<tr style=\"height: 48px;\">\n<td style=\"height: 48px; width: 24.1479%;\"><strong>Teko Majutusteenindaja 2014<\/strong><\/td>\n<td style=\"height: 48px; width: 42.8571%;\">Lisette Lillem\u00e4e<\/td>\n<td style=\"height: 48px; width: 17.4039%;\">I koht<\/td>\n<td style=\"height: 48px; width: 14.7208%;\">Maie R\u00fcndva<\/td>\n<\/tr>\n<tr class=\"alt\" style=\"height: 24px;\">\n<td style=\"height: 24px; width: 24.1479%;\"><strong>\u00a0<\/strong><\/td>\n<td style=\"height: 24px; width: 42.8571%;\">Nevely Nurmeots<\/td>\n<td style=\"height: 24px; width: 17.4039%;\">II koht<\/td>\n<td style=\"height: 24px; width: 14.7208%;\">Maie R\u00fcndva<\/td>\n<\/tr>\n<tr style=\"height: 24px;\">\n<td style=\"height: 24px; width: 24.1479%;\"><strong>\u00a0<\/strong><\/td>\n<td style=\"height: 24px; width: 42.8571%;\">Stephani Pille<\/td>\n<td style=\"height: 24px; width: 17.4039%;\">III koht<\/td>\n<td style=\"height: 24px; width: 14.7208%;\">Maie R\u00fcndva<\/td>\n<\/tr>\n<tr class=\"alt\" style=\"height: 24px;\">\n<td style=\"height: 24px; width: 24.1479%;\"><strong>Teko M\u00fc\u00fcgiproff 2014<\/strong><\/td>\n<td style=\"height: 24px; width: 42.8571%;\">Mariliis Arm<\/td>\n<td style=\"height: 24px; width: 17.4039%;\">I koht p\u00f5hikooli baasil<\/td>\n<td style=\"height: 24px; width: 14.7208%;\"><\/td>\n<\/tr>\n<tr style=\"height: 24px;\">\n<td style=\"height: 24px; width: 24.1479%;\"><strong>\u00a0<\/strong><\/td>\n<td style=\"height: 24px; width: 42.8571%;\">Elisabeth Kalitventsev<\/td>\n<td style=\"height: 24px; width: 17.4039%;\">II koht p\u00f5hikooli baasil<\/td>\n<td style=\"height: 24px; width: 14.7208%;\"><\/td>\n<\/tr>\n<tr class=\"alt\" style=\"height: 24px;\">\n<td style=\"height: 24px; width: 24.1479%;\"><strong>\u00a0<\/strong><\/td>\n<td style=\"height: 24px; width: 42.8571%;\">Kerttu Veskimeister<\/td>\n<td style=\"height: 24px; width: 17.4039%;\">III koht p\u00f5hikooli baasil<\/td>\n<td style=\"height: 24px; width: 14.7208%;\"><\/td>\n<\/tr>\n<tr style=\"height: 24px;\">\n<td style=\"height: 24px; width: 24.1479%;\"><strong>\u00a0<\/strong><\/td>\n<td style=\"height: 24px; width: 42.8571%;\">Alisa Aalbok<\/td>\n<td style=\"height: 24px; width: 17.4039%;\">I koht g\u00fcmnaasiumi baasil<\/td>\n<td style=\"height: 24px; width: 14.7208%;\"><\/td>\n<\/tr>\n<tr class=\"alt\" style=\"height: 24px;\">\n<td style=\"height: 24px; width: 24.1479%;\"><strong>\u00a0<\/strong><\/td>\n<td style=\"height: 24px; width: 42.8571%;\">K\u00e4tlin Kleberg<\/td>\n<td style=\"height: 24px; width: 17.4039%;\">II koht g\u00fcmnaasiumi baasil<\/td>\n<td style=\"height: 24px; width: 14.7208%;\"><\/td>\n<\/tr>\n<tr style=\"height: 24px;\">\n<td style=\"height: 24px; width: 24.1479%;\"><strong>\u00a0<\/strong><\/td>\n<td style=\"height: 24px; width: 42.8571%;\">Aleksandra Larionova<\/td>\n<td style=\"height: 24px; width: 17.4039%;\">III koht g\u00fcmnaasiumi baasil<\/td>\n<td style=\"height: 24px; width: 14.7208%;\"><\/td>\n<\/tr>\n<tr class=\"alt\" style=\"height: 24px;\">\n<td style=\"height: 24px; width: 24.1479%;\"><strong>\u00a0<\/strong><\/td>\n<td style=\"height: 24px; width: 42.8571%;\">Merili Luik<\/td>\n<td style=\"height: 24px; width: 17.4039%;\">I koht t\u00f6\u00f6kohap\u00f5hine \u00f5pe<\/td>\n<td style=\"height: 24px; width: 14.7208%;\"><\/td>\n<\/tr>\n<tr style=\"height: 24px;\">\n<td style=\"height: 24px; width: 24.1479%;\"><strong>\u00a0<\/strong><\/td>\n<td style=\"height: 24px; width: 42.8571%;\">Merilin Sepp<\/td>\n<td style=\"height: 24px; width: 17.4039%;\">II koht t\u00f6\u00f6kohap\u00f5hine \u00f5pe<\/td>\n<td style=\"height: 24px; width: 14.7208%;\"><\/td>\n<\/tr>\n<tr class=\"alt\" style=\"height: 24px;\">\n<td style=\"height: 24px; width: 24.1479%;\"><strong>\u00a0<\/strong><\/td>\n<td style=\"height: 24px; width: 42.8571%;\">Hanna Seeder<\/td>\n<td style=\"height: 24px; width: 17.4039%;\">III koht t\u00f6\u00f6kohap\u00f5hine \u00f5pe<\/td>\n<td style=\"height: 24px; width: 14.7208%;\"><\/td>\n<\/tr>\n<tr style=\"height: 24px;\">\n<td style=\"height: 24px; width: 24.1479%;\"><strong>Noor Meister 2014 \u2013 m\u00fc\u00fcja<\/strong><\/td>\n<td style=\"height: 24px; width: 42.8571%;\">Alisa Aalbok<\/td>\n<td style=\"height: 24px; width: 17.4039%;\">I koht g\u00fcmnaasiumi baasil<\/td>\n<td style=\"height: 24px; width: 14.7208%;\">K\u00fclliki T\u00fcri<\/td>\n<\/tr>\n<tr class=\"alt\" style=\"height: 24px;\">\n<td style=\"height: 24px; width: 24.1479%;\"><strong>\u00a0<\/strong><\/td>\n<td style=\"height: 24px; width: 42.8571%;\">Annely K\u00e4gu<\/td>\n<td style=\"height: 24px; width: 17.4039%;\">I koht t\u00f6\u00f6kohap\u00f5hine \u00f5pe<\/td>\n<td style=\"height: 24px; width: 14.7208%;\">Aive Antson<\/td>\n<\/tr>\n<tr style=\"height: 48px;\">\n<td style=\"height: 48px; width: 24.1479%;\"><strong>Eripreemia \u201cParim kinkepakend\u201d<\/strong><\/td>\n<td style=\"height: 48px; width: 42.8571%;\">Annely K\u00e4gu<\/td>\n<td style=\"height: 48px; width: 17.4039%;\"><\/td>\n<td style=\"height: 48px; width: 14.7208%;\">K\u00fclliki T\u00fcri<\/td>\n<\/tr>\n<tr class=\"alt\" style=\"height: 48px;\">\n<td style=\"height: 48px; width: 24.1479%;\"><strong>Noor Meister 2014, kondiitriv\u00f5islus<\/strong><\/td>\n<td style=\"height: 48px; width: 42.8571%;\">Helen Laht<\/td>\n<td style=\"height: 48px; width: 17.4039%;\">I koht<\/td>\n<td style=\"height: 48px; width: 14.7208%;\">Eha Martma<\/td>\n<\/tr>\n<tr style=\"height: 24px;\">\n<td style=\"height: 24px; width: 24.1479%;\"><strong>Kokakunst Kuressaares 2014<\/strong><\/td>\n<td style=\"height: 24px; width: 42.8571%;\">T. Maiste<\/td>\n<td style=\"height: 24px; width: 17.4039%;\">I koht (vanem vanuser\u00fchm)<\/td>\n<td style=\"height: 24px; width: 14.7208%;\">Kristi Tiido<\/td>\n<\/tr>\n<tr class=\"alt\" style=\"height: 24px;\">\n<td style=\"height: 24px; width: 24.1479%;\"><strong>\u00a0<\/strong><\/td>\n<td style=\"height: 24px; width: 42.8571%;\">Merit Martin<\/td>\n<td style=\"height: 24px; width: 17.4039%;\">II koht (vanem vanuser\u00fchm)<\/td>\n<td style=\"height: 24px; width: 14.7208%;\">Kristi Tiido<\/td>\n<\/tr>\n<tr style=\"height: 48px;\">\n<td style=\"height: 48px; width: 24.1479%;\"><strong>\u00a0<\/strong><\/td>\n<td style=\"height: 48px; width: 42.8571%;\">Silver Beki\u0161<\/td>\n<td style=\"height: 48px; width: 17.4039%;\">noorem vanuser\u00fchm eripreemia parim magustoit<\/td>\n<td style=\"height: 48px; width: 14.7208%;\">Kristi Tiido<\/td>\n<\/tr>\n<tr class=\"alt\" style=\"height: 24px;\">\n<td style=\"height: 24px; width: 24.1479%;\"><strong>Noorkokk 2014<\/strong><\/td>\n<td style=\"height: 24px; width: 42.8571%;\">K. Morozov<\/td>\n<td style=\"height: 24px; width: 17.4039%;\"><\/td>\n<td style=\"height: 24px; width: 14.7208%;\">Irina Horo\u0161ihh<\/td>\n<\/tr>\n<tr style=\"height: 48px;\">\n<td style=\"height: 48px; width: 24.1479%;\"><strong>\u00a0<\/strong><\/td>\n<td style=\"height: 48px; width: 42.8571%;\">L. Murd<\/td>\n<td style=\"height: 48px; width: 17.4039%;\"><\/td>\n<td style=\"height: 48px; width: 14.7208%;\">Diane Sarapuu-Kelder<\/td>\n<\/tr>\n<tr class=\"alt\" style=\"height: 96px;\">\n<td style=\"height: 96px; width: 24.1479%;\"><strong>Grillfest 2014<\/strong><\/td>\n<td style=\"height: 96px; width: 42.8571%;\">Teko I \u201cGrill Bill\u201d: E.-L.Pintman, S. Lauri, M. N\u00f5lvak, P-K. Tamme, N. Zakurakina, R. Niilo<\/td>\n<td style=\"height: 96px; width: 17.4039%;\">II koht (\u00fcldarvestus), II koht Kaupmehe fantaasivoor<\/td>\n<td style=\"height: 96px; width: 14.7208%;\">Diane Sarapuu-Kelder<\/td>\n<\/tr>\n<tr style=\"height: 96px;\">\n<td style=\"height: 96px; width: 24.1479%; text-align: left; vertical-align: top;\"><strong>\u00a0<\/strong><\/td>\n<td style=\"height: 96px; width: 42.8571%; text-align: left; vertical-align: top;\">Teko II \u201d Tallinna Teeninduskool\u201d: E. M\u00e4gi, J. M\u00e4nnisalu, K. Olmaru, A. Hannibal, A. Eenj\u00e4rv<\/td>\n<td style=\"height: 96px; width: 17.4039%; text-align: left; vertical-align: top;\">II koht Rakvere searibivoor<\/td>\n<td style=\"height: 96px; width: 14.7208%; text-align: left; vertical-align: top;\">Diane Sarapuu-Kelder<\/td>\n<\/tr>\n<tr class=\"alt\" style=\"height: 24px;\">\n<td style=\"height: 24px; width: 24.1479%; text-align: left; vertical-align: top;\"><strong>AEHT, Haute cuisine v\u00f5istlus<\/strong><\/td>\n<td style=\"height: 24px; width: 42.8571%; text-align: left; vertical-align: top;\">Silver Beki\u0161<\/td>\n<td style=\"height: 24px; width: 17.4039%; text-align: left; vertical-align: top;\">II koht<\/td>\n<td style=\"height: 24px; width: 14.7208%; text-align: left; vertical-align: top;\">Kristi Tiido<\/td>\n<\/tr>\n<tr style=\"height: 24px;\">\n<td style=\"height: 24px; width: 24.1479%; text-align: left; vertical-align: top;\"><strong>EuroSkills 2014, kokav\u00f5istlus<\/strong><\/td>\n<td style=\"height: 24px; width: 42.8571%; text-align: left; vertical-align: top;\">Merit Martin<\/td>\n<td style=\"height: 24px; width: 17.4039%; text-align: left; vertical-align: top;\">meisterlikkuse medal<\/td>\n<td style=\"height: 24px; width: 14.7208%; text-align: left; vertical-align: top;\">Kristi Tiido<\/td>\n<\/tr>\n<tr class=\"alt\" style=\"height: 48px;\">\n<td style=\"height: 48px; width: 24.1479%; text-align: left; vertical-align: top;\"><strong>Esseekonkurss \u201cLeonardoga Euroopasse ja tagasi\u201d<\/strong><\/td>\n<td style=\"height: 48px; width: 42.8571%; text-align: left; vertical-align: top;\">Stella Vellema<\/td>\n<td style=\"height: 48px; width: 17.4039%; text-align: left; vertical-align: top;\">I koht<\/td>\n<td style=\"height: 48px; width: 14.7208%; text-align: left; vertical-align: top;\"><\/td>\n<\/tr>\n<tr style=\"height: 24px;\">\n<td style=\"height: 24px; width: 24.1479%; text-align: left; vertical-align: top;\"><strong>\u00a0<\/strong><\/td>\n<td style=\"height: 24px; width: 42.8571%; text-align: left; vertical-align: top;\">Britta Luup<\/td>\n<td style=\"height: 24px; width: 17.4039%; text-align: left; vertical-align: top;\">III koht<\/td>\n<td style=\"height: 24px; width: 14.7208%; text-align: left; vertical-align: top;\"><\/td>\n<\/tr>\n<tr class=\"alt\" style=\"height: 24px;\">\n<td style=\"height: 24px; width: 24.1479%; text-align: left; vertical-align: top;\"><strong>\u00a0<\/strong><\/td>\n<td style=\"height: 24px; width: 42.8571%; text-align: left; vertical-align: top;\">Britta Luup<\/td>\n<td style=\"height: 24px; width: 17.4039%; text-align: left; vertical-align: top;\">I koht<\/td>\n<td style=\"height: 24px; width: 14.7208%; text-align: left; vertical-align: top;\"><\/td>\n<\/tr>\n<tr style=\"height: 24px;\">\n<td style=\"width: 24.1479%; height: 24px; text-align: left; vertical-align: top;\"><strong>Kanutiaia Kann 2014<\/strong><\/td>\n<td style=\"width: 42.8571%; height: 24px; text-align: left; vertical-align: top;\">Rene Tammleht<\/td>\n<td style=\"width: 17.4039%; height: 24px; text-align: left; vertical-align: top;\">parim noor meesn\u00e4itleja<\/td>\n<td style=\"width: 14.7208%; height: 24px; text-align: left; vertical-align: top;\">Annely R Kallo<\/td>\n<\/tr>\n<tr style=\"height: 24px;\">\n<td style=\"width: 24.1479%; height: 24px; text-align: left; vertical-align: top;\"><strong>Tallinna Kooliteatrite festival 2014<\/strong><\/td>\n<td style=\"width: 42.8571%; height: 24px; text-align: left; vertical-align: top;\">Rene Tammleht<\/td>\n<td style=\"width: 17.4039%; height: 24px; text-align: left; vertical-align: top;\">parim meesn\u00e4itleja<\/td>\n<td style=\"width: 14.7208%; height: 24px; text-align: left; vertical-align: top;\">Annely R Kallo<\/td>\n<\/tr>\n<tr style=\"height: 24px;\">\n<td style=\"width: 24.1479%; height: 24px; text-align: left; vertical-align: top;\"><strong>\u00a0<\/strong><\/td>\n<td style=\"width: 42.8571%; height: 24px; text-align: left; vertical-align: top;\">Annely R Kallo<\/td>\n<td style=\"width: 17.4039%; height: 24px; text-align: left; vertical-align: top;\">eripreemia etenduse eest &#8220;Lootuste karikas&#8221;<\/td>\n<td style=\"width: 14.7208%; height: 24px; text-align: left; vertical-align: top;\">Annely R Kallo<\/td>\n<\/tr>\n<tr style=\"height: 72px;\">\n<td style=\"height: 72px; width: 24.1479%; text-align: left; vertical-align: top;\"><strong>EKKL MV kergej\u00f5ustikus<\/strong><\/td>\n<td style=\"height: 72px; width: 42.8571%; text-align: left; vertical-align: top;\">Oksana Gumenjuk 100 m ja 200 m ning Mirje Tombak 1500 m<\/td>\n<td style=\"height: 72px; width: 17.4039%; text-align: left; vertical-align: top;\">I koht<\/td>\n<td style=\"height: 72px; width: 14.7208%; text-align: left; vertical-align: top;\">Alari P\u00f5lm<\/td>\n<\/tr>\n<tr class=\"alt\" style=\"height: 24px;\">\n<td style=\"height: 24px; width: 24.1479%; text-align: left; vertical-align: top;\"><strong>\u00a0<\/strong><\/td>\n<td style=\"height: 24px; width: 42.8571%; text-align: left; vertical-align: top;\">Mirje Tombak 100 m<\/td>\n<td style=\"height: 24px; width: 17.4039%; text-align: left; vertical-align: top;\">II koht<\/td>\n<td style=\"height: 24px; width: 14.7208%; text-align: left; vertical-align: top;\">Alari P\u00f5lm<\/td>\n<\/tr>\n<tr style=\"height: 24px;\">\n<td style=\"height: 24px; width: 24.1479%; text-align: left; vertical-align: top;\"><strong>\u00a0<\/strong><\/td>\n<td style=\"height: 24px; width: 42.8571%; text-align: left; vertical-align: top;\">Mirje Tombak kaugush\u00fcpe<\/td>\n<td style=\"height: 24px; width: 17.4039%; text-align: left; vertical-align: top;\">III koht<\/td>\n<td style=\"height: 24px; width: 14.7208%; text-align: left; vertical-align: top;\">Alari P\u00f5lm<\/td>\n<\/tr>\n<tr class=\"alt\" style=\"height: 24px;\">\n<td style=\"height: 24px; width: 24.1479%; text-align: left; vertical-align: top;\"><strong>EKKSL MV jalgpallis<\/strong><\/td>\n<td style=\"height: 24px; width: 42.8571%; text-align: left; vertical-align: top;\">noormehed<\/td>\n<td style=\"height: 24px; width: 17.4039%; text-align: left; vertical-align: top;\">II koht<\/td>\n<td style=\"height: 24px; width: 14.7208%; text-align: left; vertical-align: top;\">Alari P\u00f5lm<\/td>\n<\/tr>\n<tr style=\"height: 24px;\">\n<td style=\"height: 24px; width: 24.1479%;\"><strong>EKKSL KV II liiga v\u00f5rkpallis<\/strong><\/td>\n<td style=\"height: 24px; width: 42.8571%;\">noormehed<\/td>\n<td style=\"height: 24px; width: 17.4039%;\">III koht<\/td>\n<td style=\"height: 24px; width: 14.7208%;\">Haili Loige<\/td>\n<\/tr>\n<tr class=\"alt\" style=\"height: 24px;\">\n<td style=\"height: 24px; width: 24.1479%;\"><strong>EKKSL KV jalgpallis<\/strong><\/td>\n<td style=\"height: 24px; width: 42.8571%;\">noormehed<\/td>\n<td style=\"height: 24px; width: 17.4039%;\">I koht<\/td>\n<td style=\"height: 24px; width: 14.7208%;\">Alari P\u00f5lm<\/td>\n<\/tr>\n<tr style=\"height: 48px;\">\n<td style=\"height: 48px; width: 24.1479%;\"><strong>EKKL meistriv\u00f5istlused t\u00f6\u00f6tajatele v\u00f5rkpallis<\/strong><\/td>\n<td style=\"height: 48px; width: 42.8571%;\"><\/td>\n<td style=\"height: 48px; width: 17.4039%;\">III koht<\/td>\n<td style=\"height: 48px; width: 14.7208%;\"><\/td>\n<\/tr>\n<tr class=\"alt\" style=\"height: 24px;\">\n<td style=\"height: 24px; width: 24.1479%;\"><strong>kettaheide<\/strong><\/td>\n<td style=\"height: 24px; width: 42.8571%;\">Huko Linnas<\/td>\n<td style=\"height: 24px; width: 17.4039%;\">I koht<\/td>\n<td style=\"height: 24px; width: 14.7208%;\"><\/td>\n<\/tr>\n<tr style=\"height: 48px;\">\n<td style=\"height: 48px; width: 24.1479%;\"><strong>EKKL karikav\u00f5istlused saalijalgpallis<\/strong><\/td>\n<td style=\"height: 48px; width: 42.8571%;\">Teko noormehed<\/td>\n<td style=\"height: 48px; width: 17.4039%;\">I koht<\/td>\n<td style=\"height: 48px; width: 14.7208%;\">Alari P\u00f5lm<\/td>\n<\/tr>\n<tr class=\"alt\" style=\"height: 24px;\">\n<td style=\"height: 24px; width: 24.1479%;\"><strong>EKKL MV v\u00f5rkpallis<\/strong><\/td>\n<td style=\"height: 24px; width: 42.8571%;\">Teko neiud<\/td>\n<td style=\"height: 24px; width: 17.4039%;\">III koht<\/td>\n<td style=\"height: 24px; width: 14.7208%;\">Haili Loige<\/td>\n<\/tr>\n<\/tbody>\n<\/table>\n<h2><span style=\"color: #cd2662;\"><a id=\"S2013\"><\/a>2013<\/span><\/h2>\n<table style=\"width: 100%;\" width=\"100%\">\n<tbody>\n<tr>\n<td width=\"383\"><span style=\"color: #cd2662;\"><em>v\u00f5istlused<\/em><\/span><\/td>\n<td width=\"444\"><span style=\"color: #cd2662;\"><em>osaleja<\/em><\/span><\/td>\n<td width=\"554\"><span style=\"color: #cd2662;\"><em>koht<\/em><\/span><\/td>\n<td width=\"237\"><span style=\"color: #cd2662;\"><em>juhendaja<\/em><\/span><\/td>\n<\/tr>\n<tr class=\"alt\">\n<td><strong>Kuldne Kulp 2013<\/strong><\/td>\n<td>K. M\u00e4e<\/td>\n<td>I koht noorem vanuser\u00fchm<\/td>\n<td>Diane Sarapuu-Kelder<\/td>\n<\/tr>\n<tr>\n<td><strong>\u00a0<\/strong><\/td>\n<td>L. Murd<\/td>\n<td>II koht noorem vanuser\u00fchm<\/td>\n<td>Diane Sarapuu-Kelder<\/td>\n<\/tr>\n<tr class=\"alt\">\n<td><strong>\u00a0<\/strong><\/td>\n<td>E. P\u00fcvi<\/td>\n<td>III koht noorem vanuser\u00fchm<\/td>\n<td>Dina Aarma<\/td>\n<\/tr>\n<tr>\n<td><strong>\u00a0<\/strong><\/td>\n<td>Sofia Vakulich<\/td>\n<td>I koht vanem vanuser\u00fchm<\/td>\n<td>Ljudmilla Kolt\u0161enko<\/td>\n<\/tr>\n<tr class=\"alt\">\n<td><strong>\u00a0<\/strong><\/td>\n<td>A. Skvortsov<\/td>\n<td>II koht vanem vanuser\u00fchm<\/td>\n<td>Irina Horo\u0161ihh<\/td>\n<\/tr>\n<tr>\n<td><strong>\u00a0<\/strong><\/td>\n<td>A. Kuusik<\/td>\n<td>III koht vanem vanuser\u00fchm<\/td>\n<td>K. Varik<\/td>\n<\/tr>\n<tr class=\"alt\">\n<td><strong>Teko Kelner 2013<\/strong><\/td>\n<td>K. Lassi<\/td>\n<td><\/td>\n<td><\/td>\n<\/tr>\n<tr>\n<td><strong>Kokakunst Kuressaares 2013<\/strong><\/td>\n<td>M. Laus<\/td>\n<td>III koht vanem vanuser\u00fchm<\/td>\n<td>N. Ilt\u0161uk<\/td>\n<\/tr>\n<tr class=\"alt\">\n<td><strong>\u00a0<\/strong><\/td>\n<td>A. Kuusik<\/td>\n<td>III koht noorem vanuser\u00fchm<\/td>\n<td>K. Varik<\/td>\n<\/tr>\n<tr>\n<td><strong>Noor Meister 2013 \u2013 m\u00fc\u00fcja v\u00f5istlus<\/strong><\/td>\n<td>S. Sakkeus<\/td>\n<td>I koht p\u00f5hikooli baasil<\/td>\n<td>K\u00fcllike T\u00fcri<\/td>\n<\/tr>\n<tr class=\"alt\">\n<td><strong>\u00a0<\/strong><\/td>\n<td>I. Paat<\/td>\n<td>I koht t\u00f6\u00f6kohap\u00f5hine \u00f5pe<\/td>\n<td>Aive. Antson<\/td>\n<\/tr>\n<tr>\n<td><strong>\u00a0<\/strong><\/td>\n<td>M. Niinepuu<\/td>\n<td>II koht t\u00f6\u00f6kohap\u00f5hine \u00f5pe<\/td>\n<td>Aive Antson<\/td>\n<\/tr>\n<tr class=\"alt\">\n<td><strong>Noor Meister 2013 \u2013 kondiiter<\/strong><\/td>\n<td>Anni Peebo<\/td>\n<td>III koht<\/td>\n<td>Eha Martma<\/td>\n<\/tr>\n<tr>\n<td><strong>Noor Kelner 2013<\/strong><\/td>\n<td>K. Lassi<\/td>\n<td>I koht<\/td>\n<td>Krista Kalmus<\/td>\n<\/tr>\n<tr class=\"alt\">\n<td><strong>Aasta Pagar 2013<\/strong><\/td>\n<td>I-A. Malk ja A. Kivik<\/td>\n<td>I koht<\/td>\n<td>D. Kaurkina, J. Semidor<\/td>\n<\/tr>\n<tr>\n<td><strong>AEHT, restoraniteenindus<\/strong><\/td>\n<td>Kristo Lassi<\/td>\n<td>II koht<\/td>\n<td>Krista Kalmus<\/td>\n<\/tr>\n<tr class=\"alt\">\n<td><strong>AEHT, restoranikokk<\/strong><\/td>\n<td>Sofia Vakulich<\/td>\n<td>I koht<\/td>\n<td>Ljudmilla Kolt\u0161enko<\/td>\n<\/tr>\n<tr>\n<td><strong>AEHT, kondiiter<\/strong><\/td>\n<td>Anni Peebo<\/td>\n<td>III koht<\/td>\n<td>Eha Martma<\/td>\n<\/tr>\n<tr class=\"alt\">\n<td><strong>Teko M\u00fc\u00fcgiproff 2013<\/strong><\/td>\n<td>S\u00f6ren Sakkeus<\/td>\n<td>I koht p\u00f5hikooli baasil<\/td>\n<td><\/td>\n<\/tr>\n<tr>\n<td><strong>\u00a0<\/strong><\/td>\n<td>Johanna N\u00f5mm<\/td>\n<td>II koht p\u00f5hikooli baasil<\/td>\n<td><\/td>\n<\/tr>\n<tr class=\"alt\">\n<td><strong>\u00a0<\/strong><\/td>\n<td>Mariliis Arm<\/td>\n<td>III koht p\u00f5hikooli baasil<\/td>\n<td><\/td>\n<\/tr>\n<tr>\n<td><strong>\u00a0<\/strong><\/td>\n<td>Erli Elken- Janu\u0161ko<\/td>\n<td>I koht g\u00fcmnaasiumi baasil<\/td>\n<td><\/td>\n<\/tr>\n<tr class=\"alt\">\n<td><strong>\u00a0<\/strong><\/td>\n<td>Janet T\u00e4nav<\/td>\n<td>II koht g\u00fcmnaasiumi baasil<\/td>\n<td><\/td>\n<\/tr>\n<tr>\n<td><strong>\u00a0<\/strong><\/td>\n<td>Alisa Aalbok<\/td>\n<td>III koht g\u00fcmnaasiumi baasil<\/td>\n<td><\/td>\n<\/tr>\n<tr class=\"alt\">\n<td><strong>\u00a0<\/strong><\/td>\n<td>Monika Niinepuu<\/td>\n<td>I koht t\u00f6\u00f6kohap\u00f5hine \u00f5pe<\/td>\n<td><\/td>\n<\/tr>\n<tr>\n<td><strong>\u00a0<\/strong><\/td>\n<td>Maie R\u00f5mmel<\/td>\n<td>II koht t\u00f6\u00f6kohap\u00f5hine \u00f5pe<\/td>\n<td><\/td>\n<\/tr>\n<tr class=\"alt\">\n<td><strong>\u00a0<\/strong><\/td>\n<td>Liisi Iljin<\/td>\n<td>III koht t\u00f6\u00f6kohap\u00f5hine \u00f5pe<\/td>\n<td><\/td>\n<\/tr>\n<tr>\n<td><strong>EHRL stipendium<\/strong><\/td>\n<td>Julia Mentjuk<\/td>\n<td><\/td>\n<td><\/td>\n<\/tr>\n<tr class=\"alt\">\n<td><strong>S\u00f5brap\u00e4eva tordiv\u00f5istlus 2013<\/strong><\/td>\n<td>Anni Peebo<\/td>\n<td>III koht<\/td>\n<td>Eha Martma<\/td>\n<\/tr>\n<tr>\n<td><strong>EKKL jalgpalli karikav\u00f5istlused<\/strong><\/td>\n<td>neidude v\u00f5istkond<\/td>\n<td>II koht<\/td>\n<td>Alari P\u00f5lm<\/td>\n<\/tr>\n<tr class=\"alt\">\n<td><strong>EKKL karikav\u00f5istluste finaalturniir v\u00f5rkpallis<\/strong><\/td>\n<td>neidude v\u00f5istkond<\/td>\n<td>III koht<\/td>\n<td>Haili Loige<\/td>\n<\/tr>\n<tr>\n<td><strong>EKKL meistriv\u00f5istlused kergej\u00f5ustikus 1500m jooks<\/strong><\/td>\n<td>Edita Belskite<\/td>\n<td>III koht<\/td>\n<td>Alari P\u00f5lm<\/td>\n<\/tr>\n<tr class=\"alt\">\n<td><strong>EKKL jalgpalli meistriv\u00f5istlused<\/strong><\/td>\n<td>noormehed<\/td>\n<td>II koht<\/td>\n<td>Alari P\u00f5lm<\/td>\n<\/tr>\n<tr>\n<td><strong>EKKL meistriv\u00f5istlused t\u00e4navakorvpallis t\u00f6\u00f6tajatele<\/strong><\/td>\n<td>meest\u00f6\u00f6tajad<\/td>\n<td>III koht<\/td>\n<td>Alari P\u00f5lm<\/td>\n<\/tr>\n<tr class=\"alt\">\n<td><strong>EKKL karikav\u00f5istlused krossijooksus<\/strong><\/td>\n<td>Mirje Tombak<\/td>\n<td>I koht 1000m<\/td>\n<td>Alari P\u00f5lm<\/td>\n<\/tr>\n<tr>\n<td><strong>\u00a0<\/strong><\/td>\n<td>naiskond<\/td>\n<td>III koht 1000m<\/td>\n<td>Alari P\u00f5lm<\/td>\n<\/tr>\n<tr class=\"alt\">\n<td><strong>EKKL karikav\u00f5istlused krossijooksus t\u00f6\u00f6tajatele<\/strong><\/td>\n<td>Alari P\u00f5lm<\/td>\n<td>II koht 2000m<\/td>\n<td>Alari P\u00f5lm<\/td>\n<\/tr>\n<tr>\n<td><strong>EKKL MV korvpallis<\/strong><\/td>\n<td>neidude v\u00f5istkond<\/td>\n<td>II koht<\/td>\n<td>Alari P\u00f5lm<\/td>\n<\/tr>\n<tr class=\"alt\">\n<td><strong>EKKL MV jalgpallis<\/strong><\/td>\n<td>neidude v\u00f5istkond<\/td>\n<td>III koht<\/td>\n<td>Alari P\u00f5lm<\/td>\n<\/tr>\n<\/tbody>\n<\/table>\n<h2><span style=\"color: #cd2662;\"><a id=\"S2012\"><\/a>2012<\/span><\/h2>\n<table style=\"width: 100%;\" width=\"100%\">\n<tbody>\n<tr>\n<td width=\"383\"><span style=\"color: #cd2662;\"><em>v\u00f5istlus<\/em><\/span><\/td>\n<td width=\"444\"><span style=\"color: #cd2662;\"><em>osaleja<\/em><\/span><\/td>\n<td width=\"554\"><span style=\"color: #cd2662;\"><em>koht<\/em><\/span><\/td>\n<td width=\"237\"><span style=\"color: #cd2662;\"><em>juhendaja<\/em><\/span><\/td>\n<\/tr>\n<tr class=\"alt\">\n<td width=\"383\"><strong>Kutsev\u00f5istlus\u201dKokakunst Kuressaares 2012\u2033<\/strong><\/td>\n<td width=\"444\">R. Marrandi<\/td>\n<td width=\"554\">I koht noorem vanusegrupp<\/td>\n<td width=\"237\">Kristi Tiido<\/td>\n<\/tr>\n<tr>\n<td><strong>\u00a0<\/strong><\/td>\n<td>E. Kisseljov<\/td>\n<td>III koht noorem vanusegrupp<\/td>\n<td>Irina Horo\u0161ihh<\/td>\n<\/tr>\n<tr class=\"alt\">\n<td><strong>\u00a0<\/strong><\/td>\n<td>K. Metsa<\/td>\n<td>III koht vanem vanusegrupp<\/td>\n<td>Diane Sarapuu-Kelder<\/td>\n<\/tr>\n<tr>\n<td><strong>Kuldne Kulp 2013<\/strong><\/td>\n<td>A. Kuusik<\/td>\n<td>I koht noorem vanuser\u00fchm<\/td>\n<td>K. Varik<\/td>\n<\/tr>\n<tr class=\"alt\">\n<td><strong>\u00a0<\/strong><\/td>\n<td>R. Volkov<\/td>\n<td>II koht noorem vanuser\u00fchm<\/td>\n<td>Ljudmilla Kolt\u0161enko<\/td>\n<\/tr>\n<tr>\n<td><strong>\u00a0<\/strong><\/td>\n<td>Kerli Lek<\/td>\n<td>III koht noorem vanuser\u00fchm<\/td>\n<td>K. Varik<\/td>\n<\/tr>\n<tr class=\"alt\">\n<td><strong>\u00a0<\/strong><\/td>\n<td>Annika Uibo<\/td>\n<td>I koht vanem vanuser\u00fchm<\/td>\n<td>Kristi Tiido<\/td>\n<\/tr>\n<tr>\n<td><strong>\u00a0<\/strong><\/td>\n<td>Allan J\u00fcrgens<\/td>\n<td>II koht vanem vanuser\u00fchm<\/td>\n<td>Diane Sarapuu-Kelder<\/td>\n<\/tr>\n<tr class=\"alt\">\n<td><strong>\u00a0<\/strong><\/td>\n<td>Kaido Metsa<\/td>\n<td>III koht vanem vanuser\u00fchm<\/td>\n<td>Diane Sarapuu-Kelder<\/td>\n<\/tr>\n<tr>\n<td><strong>Teko Kelner 2012<\/strong><\/td>\n<td>A. Lipp<\/td>\n<td>I koht<\/td>\n<td>Krista Kalmus<\/td>\n<\/tr>\n<tr class=\"alt\">\n<td><strong>\u00a0<\/strong><\/td>\n<td>M. Altrov<\/td>\n<td>II koht<\/td>\n<td>Krista Kalmus<\/td>\n<\/tr>\n<tr>\n<td><strong>\u00a0<\/strong><\/td>\n<td>Kristo Lassi<\/td>\n<td>III koht<\/td>\n<td>Krista Kalmus<\/td>\n<\/tr>\n<tr class=\"alt\">\n<td><strong>Majutuse-ja hotelliteenindajate v\u00f5istlus Tartus<\/strong><\/td>\n<td>A. Merila<\/td>\n<td>II koht<\/td>\n<td>E. Raudvere, E. P\u00f5ldma, Krista Kalmus<\/td>\n<\/tr>\n<tr>\n<td><strong>Nooruslik Kevad 2012<\/strong><\/td>\n<td>A. J\u00fcrgens<\/td>\n<td>I koht \u2013 kokk<\/td>\n<td>Diane Sarapuu-Kelder<\/td>\n<\/tr>\n<tr class=\"alt\">\n<td><strong>\u00a0<\/strong><\/td>\n<td>R. \u00d5uemets<\/td>\n<td>parim veinivalaja ja parim maitsevesi (AS Saku L\u00e4te preemia)<\/td>\n<td>Diane Sarapuu-Kelder<\/td>\n<\/tr>\n<tr>\n<td><strong>Grillium 2012<\/strong><\/td>\n<td>A. J\u00fcrgens, V. Kasemets<\/td>\n<td>I koht<\/td>\n<td>Diane Sarapuu-Kelder<\/td>\n<\/tr>\n<tr class=\"alt\">\n<td><strong>\u00a0<\/strong><\/td>\n<td>K. Metsa, A. Ruus, A. Grint\u0161uk, T. K\u00fcnnapas, A. Pill, L. \u00d6\u00f6vel, O. Uibo<\/td>\n<td>III koht<\/td>\n<td>Diane Sarapuu-Kelder<\/td>\n<\/tr>\n<tr>\n<td><strong>S\u00f5brap\u00e4eva Tordiv\u00f5istlus<\/strong><\/td>\n<td>Annika K\u00fctt<\/td>\n<td>III koht<\/td>\n<td>Sirje Tenok<\/td>\n<\/tr>\n<tr class=\"alt\">\n<td><strong>Atla m\u00f5isa laat<\/strong><\/td>\n<td>Ardi Lillev\u00e4li,Liis Jaup, Liis Hensen,Kristina-Helery Hiiu; Regina Peterson; Gert J\u00f5gis<\/td>\n<td>eripreemia \u201cParim pidusai \u201c<\/td>\n<td>Eha Martma<\/td>\n<\/tr>\n<tr>\n<td><strong>Junior BBQ 2012, Narva<\/strong><\/td>\n<td>Kaido Metsa, Allan J\u00fcrgens, Triin K\u00fcnnapas, Aleksandr Grint\u0161uk<\/td>\n<td>III koht<\/td>\n<td>D. Sarapuu-Kelder<\/td>\n<\/tr>\n<tr class=\"alt\">\n<td><strong>Kutsev\u00f5istlus \u201cParim m\u00fc\u00fcja \u00f5pilane 2012\u201d<\/strong><\/td>\n<td>Agna Skutans<\/td>\n<td>II koht p\u00f5hikooli baasil<\/td>\n<td>K\u00fcllike T\u00fcri<\/td>\n<\/tr>\n<tr>\n<td><strong>\u00a0<\/strong><\/td>\n<td>Aili Volkova<\/td>\n<td>I koht t\u00f6\u00f6kohap\u00f5hine \u00f5pe<\/td>\n<td>Aive Antson<\/td>\n<\/tr>\n<tr class=\"alt\">\n<td><strong>\u00a0<\/strong><\/td>\n<td>Ruth Rohi<\/td>\n<td>II koht t\u00f6\u00f6kohap\u00f5hine \u00f5pe<\/td>\n<td>Aive Antson<\/td>\n<\/tr>\n<tr>\n<td><strong>Noor Kokk 2012<\/strong><\/td>\n<td>Johannes H\u00f5imoja<\/td>\n<td>I koht<\/td>\n<td>Dina Aarma<\/td>\n<\/tr>\n<tr class=\"alt\">\n<td><strong>\u00a0<\/strong><\/td>\n<td>Allan J\u00fcrgens<\/td>\n<td>II koht<\/td>\n<td>Diane Sarapuu-Kelder<\/td>\n<\/tr>\n<tr>\n<td><strong>\u00a0<\/strong><\/td>\n<td>J. Galijeva<\/td>\n<td>III koht<\/td>\n<td>Ljudmilla Zahharova<\/td>\n<\/tr>\n<tr class=\"alt\">\n<td><strong>Teko M\u00fc\u00fcgiproff 2012<\/strong><\/td>\n<td><\/td>\n<td><\/td>\n<td><\/td>\n<\/tr>\n<tr>\n<td><strong>\u00a0<\/strong><\/td>\n<td>S\u00f6ren Sakkeus<\/td>\n<td>I koht p\u00f5hikooli baasil<\/td>\n<td><\/td>\n<\/tr>\n<tr class=\"alt\">\n<td><strong>\u00a0<\/strong><\/td>\n<td>S\u00f6ren Sakkeus<\/td>\n<td>Parim teenindaja p\u00f5hikooli baasil<\/td>\n<td><\/td>\n<\/tr>\n<tr>\n<td><strong>\u00a0<\/strong><\/td>\n<td>Thea Sester<\/td>\n<td>Parim kinkepakend p\u00f5hikooli baasil<\/td>\n<td><\/td>\n<\/tr>\n<tr class=\"alt\">\n<td><strong>\u00a0<\/strong><\/td>\n<td>Marilin Kirikm\u00e4e<\/td>\n<td>I koht g\u00fcmnaasiumi baasil<\/td>\n<td><\/td>\n<\/tr>\n<tr>\n<td><strong>\u00a0<\/strong><\/td>\n<td>Marilin Kirikm\u00e4e<\/td>\n<td>Parim teenindaja g\u00fcmnaasiumi baasil<\/td>\n<td><\/td>\n<\/tr>\n<tr class=\"alt\">\n<td><strong>\u00a0<\/strong><\/td>\n<td>Marilin Kirikm\u00e4e<\/td>\n<td>Parim kinkepakend g\u00fcmnaasiumi baasil<\/td>\n<td><\/td>\n<\/tr>\n<tr>\n<td><strong>\u00a0<\/strong><\/td>\n<td>Inga Paat<\/td>\n<td>I koht t\u00f6\u00f6kohap\u00f5hine \u00f5pe<\/td>\n<td><\/td>\n<\/tr>\n<tr class=\"alt\">\n<td><strong>\u00a0<\/strong><\/td>\n<td>Inga Paat<\/td>\n<td>Parim teenindaja t\u00f6\u00f6kohap\u00f5hine \u00f5pe<\/td>\n<td><\/td>\n<\/tr>\n<tr>\n<td><strong>\u00a0<\/strong><\/td>\n<td>Viktoria \u017dakrevskaja<\/td>\n<td>Parim kinkepakend t\u00f6\u00f6kohap\u00f5hine \u00f5pe<\/td>\n<td><\/td>\n<\/tr>\n<tr class=\"alt\">\n<td><strong>EuroSkills kokav\u00f5istlus<\/strong><\/td>\n<td>Haapsalu KHK \u00f5pilane<\/td>\n<td>I koht ja meisterlikkuse medal<\/td>\n<td>Kristi Tiido<\/td>\n<\/tr>\n<tr>\n<td><strong>EHRL stipendium<\/strong><\/td>\n<td>Argo Kuusik, Margot K\u00e4\u00e4r<\/td>\n<td><\/td>\n<td><\/td>\n<\/tr>\n<tr class=\"alt\">\n<td><strong>EKKL karikav\u00f5istlused jalgpall<\/strong><\/td>\n<td>neidude v\u00f5istkond<\/td>\n<td>III koht<\/td>\n<td>Alari P\u00f5lm<\/td>\n<\/tr>\n<tr>\n<td><strong>Kutsekoolidevaheline korvpalliturniir<\/strong><\/td>\n<td>neidude v\u00f5istkond<\/td>\n<td>III koht<\/td>\n<td>Alari P\u00f5lm<\/td>\n<\/tr>\n<tr class=\"alt\">\n<td><strong>EKKL korvpalli meistriv\u00f5istlused<\/strong><\/td>\n<td>noormeeste v\u00f5istkond<\/td>\n<td>III koht<\/td>\n<td>Alari P\u00f5lm<\/td>\n<\/tr>\n<tr>\n<td><strong>EKKL jalgpalli meistriv\u00f5istlused<\/strong><\/td>\n<td>neidude v\u00f5istkond<\/td>\n<td>III koht<\/td>\n<td>Alari P\u00f5lm<\/td>\n<\/tr>\n<tr class=\"alt\">\n<td><strong>Eesti kutsekooli t\u00f6\u00f6tajate korvpalliv\u00f5istlus<\/strong><\/td>\n<td>t\u00f6\u00f6tajate segav\u00f5istkond<\/td>\n<td>III koht<\/td>\n<td>Alari P\u00f5lm<\/td>\n<\/tr>\n<tr>\n<td><strong>EKKL jalgpalli meistriv\u00f5istlused<\/strong><\/td>\n<td>noormeeste v\u00f5istkond<\/td>\n<td>III koht<\/td>\n<td>Alari P\u00f5lm<\/td>\n<\/tr>\n<tr class=\"alt\">\n<td><strong>EKKL meistriv\u00f5istlused v\u00f5rkpallis<\/strong><\/td>\n<td>neidude v\u00f5istkond<\/td>\n<td>III koht<\/td>\n<td>Haili Loige<\/td>\n<\/tr>\n<tr>\n<td><strong>EKKL meistriv\u00f5istlused kergej\u00f5ustikus<\/strong><\/td>\n<td>Daniell Pikulin<\/td>\n<td>II koht 400 m jooks ja III koht 3000 m jooks<\/td>\n<td>Alari P\u00f5lm<\/td>\n<\/tr>\n<\/tbody>\n<\/table>\n<h3><a id=\"S2011\"><\/a><span style=\"color: #cd2662;\">2011\u00a0<\/span><\/h3>\n<table style=\"width: 100%;\">\n<tbody>\n<tr>\n<td style=\"text-align: left; vertical-align: top;\"><em>v\u00f5istlus<\/em><\/td>\n<td style=\"text-align: left; vertical-align: top;\"><em>\u00a0osalejad<\/em><\/td>\n<td style=\"text-align: left; vertical-align: top;\"><em>koht<\/em><\/td>\n<td style=\"text-align: left; vertical-align: top;\"><em>juhendaja<\/em><\/td>\n<\/tr>\n<tr class=\"alt\">\n<td style=\"text-align: left; vertical-align: top;\"><strong>Kutsev\u00f5istlus \u201cKokakunst Kuressaares 2011\u201d<\/strong><\/td>\n<td style=\"text-align: left; vertical-align: top;\">V. Pant\u0161enko<\/td>\n<td style=\"text-align: left; vertical-align: top;\">III koht<\/td>\n<td style=\"text-align: left; vertical-align: top;\">Ljudmilla Zahharova<\/td>\n<\/tr>\n<tr>\n<td style=\"text-align: left; vertical-align: top;\"><strong>\u00d5pilasfirma \u201cEHE\u201d<\/strong><\/td>\n<td style=\"text-align: left; vertical-align: top;\">T21ME \u00f5pilased<\/td>\n<td style=\"text-align: left; vertical-align: top;\">(suurim k\u00e4ive \u00f5pilasfirmade laadal)<\/td>\n<td style=\"text-align: left; vertical-align: top;\">M. Noormets<\/td>\n<\/tr>\n<tr class=\"alt\">\n<td style=\"text-align: left; vertical-align: top;\"><strong>S\u00f5brap\u00e4eva tordiv\u00f5istlus<\/strong><\/td>\n<td style=\"text-align: left; vertical-align: top;\">E. Fjodorova<\/td>\n<td style=\"text-align: left; vertical-align: top;\">I koht<\/td>\n<td style=\"text-align: left; vertical-align: top;\">O. Gusseva<\/td>\n<\/tr>\n<tr>\n<td style=\"text-align: left; vertical-align: top;\"><strong>\u00a0<\/strong><\/td>\n<td style=\"text-align: left; vertical-align: top;\">Z. Janakova<\/td>\n<td style=\"text-align: left; vertical-align: top;\">I koht<\/td>\n<td style=\"text-align: left; vertical-align: top;\">T. Tolovski<\/td>\n<\/tr>\n<tr class=\"alt\">\n<td style=\"text-align: left; vertical-align: top;\"><strong>\u00a0<\/strong><\/td>\n<td style=\"text-align: left; vertical-align: top;\">O. Danilova<\/td>\n<td style=\"text-align: left; vertical-align: top;\">II koht<\/td>\n<td style=\"text-align: left; vertical-align: top;\">Sirje Tenok<\/td>\n<\/tr>\n<tr>\n<td style=\"text-align: left; vertical-align: top;\"><strong>\u00a0<\/strong><\/td>\n<td style=\"text-align: left; vertical-align: top;\">S. Romanova<\/td>\n<td style=\"text-align: left; vertical-align: top;\">III koht<\/td>\n<td style=\"text-align: left; vertical-align: top;\">T. Tolovski<\/td>\n<\/tr>\n<tr class=\"alt\">\n<td style=\"text-align: left; vertical-align: top;\"><strong>Kuldne Kulp 2011 noorem vanusegrupp<\/strong><\/td>\n<td style=\"text-align: left; vertical-align: top;\">Kerli Lek<\/td>\n<td style=\"text-align: left; vertical-align: top;\">I koht<\/td>\n<td style=\"text-align: left; vertical-align: top;\">K. Varik<\/td>\n<\/tr>\n<tr>\n<td style=\"text-align: left; vertical-align: top;\"><strong>\u00a0<\/strong><\/td>\n<td style=\"text-align: left; vertical-align: top;\">Allan J\u00fcrgens<\/td>\n<td style=\"text-align: left; vertical-align: top;\">II koht<\/td>\n<td style=\"text-align: left; vertical-align: top;\">Diane Sarapuu-Kelder<\/td>\n<\/tr>\n<tr class=\"alt\">\n<td style=\"text-align: left; vertical-align: top;\"><strong>\u00a0<\/strong><\/td>\n<td style=\"text-align: left; vertical-align: top;\">Annika Uibo<\/td>\n<td style=\"text-align: left; vertical-align: top;\">III koht<\/td>\n<td style=\"text-align: left; vertical-align: top;\">Kristi Tiido<\/td>\n<\/tr>\n<tr>\n<td style=\"text-align: left; vertical-align: top;\"><strong>Kuldne Kulp 2011 vanem vanusegrupp<\/strong><\/td>\n<td style=\"text-align: left; vertical-align: top;\">Johannes H\u00f5imoja<\/td>\n<td style=\"text-align: left; vertical-align: top;\">I koht<\/td>\n<td style=\"text-align: left; vertical-align: top;\">Dina Aarma<\/td>\n<\/tr>\n<tr class=\"alt\">\n<td style=\"text-align: left; vertical-align: top;\"><strong>\u00a0<\/strong><\/td>\n<td style=\"text-align: left; vertical-align: top;\">D. Fjodorov<\/td>\n<td style=\"text-align: left; vertical-align: top;\">II koht<\/td>\n<td style=\"text-align: left; vertical-align: top;\">Irina Horo\u0161ihh<\/td>\n<\/tr>\n<tr>\n<td style=\"text-align: left; vertical-align: top;\"><strong>\u00a0<\/strong><\/td>\n<td style=\"text-align: left; vertical-align: top;\">D. Ivanov<\/td>\n<td style=\"text-align: left; vertical-align: top;\">III koht<\/td>\n<td style=\"text-align: left; vertical-align: top;\">Ljudmilla Kolt\u0161enko<\/td>\n<\/tr>\n<tr class=\"alt\">\n<td style=\"text-align: left; vertical-align: top;\"><strong>Teko Kelner 2011<\/strong><\/td>\n<td style=\"text-align: left; vertical-align: top;\">Kaido Metsa, R. \u00d5uemets<\/td>\n<td style=\"text-align: left; vertical-align: top;\"><\/td>\n<td style=\"text-align: left; vertical-align: top;\">Diane Sarapuu-Kelder<\/td>\n<\/tr>\n<tr>\n<td style=\"text-align: left; vertical-align: top;\"><strong>Kokandusv\u00f5istlus \u201cNooruslik Kevad\u201d 2011<\/strong><\/td>\n<td style=\"text-align: left; vertical-align: top;\">J. H\u00f5imoja, Kerli Lek<\/td>\n<td style=\"text-align: left; vertical-align: top;\">I koht<\/td>\n<td style=\"text-align: left; vertical-align: top;\">Dina Aarma, K. Varik<\/td>\n<\/tr>\n<tr class=\"alt\">\n<td style=\"text-align: left; vertical-align: top;\"><strong>\u00a0<\/strong><\/td>\n<td style=\"text-align: left; vertical-align: top;\">D. Fjodorov, D. Ivanov<\/td>\n<td style=\"text-align: left; vertical-align: top;\">IV koht<\/td>\n<td style=\"text-align: left; vertical-align: top;\"><\/td>\n<\/tr>\n<tr>\n<td style=\"text-align: left; vertical-align: top;\"><strong>AEHT hotelli vastuv\u00f5tt\u00a0<em>(front office)<\/em>\u00a0v\u00f5istlus 2001<\/strong><\/td>\n<td style=\"text-align: left; vertical-align: top;\">Carmen Sirel<\/td>\n<td style=\"text-align: left; vertical-align: top;\">III koht<\/td>\n<td style=\"text-align: left; vertical-align: top;\">E. Raudvere<\/td>\n<\/tr>\n<tr class=\"alt\">\n<td style=\"text-align: left; vertical-align: top;\"><strong>Noor Meister 2011 (puhastusteenindajad)<\/strong><\/td>\n<td style=\"text-align: left; vertical-align: top;\">A. Kostjuk<\/td>\n<td style=\"text-align: left; vertical-align: top;\">II koht<\/td>\n<td style=\"text-align: left; vertical-align: top;\">Diana Malkevit\u0161<\/td>\n<\/tr>\n<tr>\n<td style=\"text-align: left; vertical-align: top;\"><strong>Noor Meister \u201cParim m\u00fc\u00fcja\u00f5pilane\u201d<\/strong><\/td>\n<td style=\"text-align: left; vertical-align: top;\">C. Mikk<\/td>\n<td style=\"text-align: left; vertical-align: top;\">Eripreemia \u201cParim kinkepakend\u201d<\/td>\n<td style=\"text-align: left; vertical-align: top;\">K\u00fcllike T\u00fcri<\/td>\n<\/tr>\n<tr class=\"alt\">\n<td style=\"text-align: left; vertical-align: top;\"><\/td>\n<td style=\"text-align: left; vertical-align: top;\">A. \u017derebjatev<\/td>\n<td style=\"text-align: left; vertical-align: top;\">III koht p\u00f5hikooli baasil<\/td>\n<td style=\"text-align: left; vertical-align: top;\">K\u00fcllike T\u00fcri<\/td>\n<\/tr>\n<tr>\n<td style=\"text-align: left; vertical-align: top;\"><\/td>\n<td style=\"text-align: left; vertical-align: top;\">C. Mikk<\/td>\n<td style=\"text-align: left; vertical-align: top;\">II koht g\u00fcmnaasiumi baasil<\/td>\n<td style=\"text-align: left; vertical-align: top;\">K\u00fcllike T\u00fcri<\/td>\n<\/tr>\n<tr class=\"alt\">\n<td style=\"text-align: left; vertical-align: top;\"><\/td>\n<td style=\"text-align: left; vertical-align: top;\">G. Vahesalu<\/td>\n<td style=\"text-align: left; vertical-align: top;\">I koht t\u00f6\u00f6kohap\u00f5hine \u00f5pe<\/td>\n<td style=\"text-align: left; vertical-align: top;\">Aive Antson<\/td>\n<\/tr>\n<tr>\n<td style=\"text-align: left; vertical-align: top;\"><\/td>\n<td style=\"text-align: left; vertical-align: top;\">V. Keskk\u00fcla<\/td>\n<td style=\"text-align: left; vertical-align: top;\">III koht t\u00f6\u00f6kohap\u00f5hine \u00f5pe<\/td>\n<td style=\"text-align: left; vertical-align: top;\">Aive Antson<\/td>\n<\/tr>\n<tr class=\"alt\">\n<td style=\"text-align: left; vertical-align: top;\"><strong>Teko M\u00fc\u00fcgiproff 2011<\/strong><\/td>\n<td style=\"text-align: left; vertical-align: top;\">Annika Alemaa<\/td>\n<td style=\"text-align: left; vertical-align: top;\">I koht p\u00f5hikooli baasil<\/td>\n<td style=\"text-align: left; vertical-align: top;\"><\/td>\n<\/tr>\n<tr>\n<td style=\"text-align: left; vertical-align: top;\"><\/td>\n<td style=\"text-align: left; vertical-align: top;\">K\u00e4rt K\u00f5verjalg<\/td>\n<td style=\"text-align: left; vertical-align: top;\">II koht p\u00f5hikooli baasil<\/td>\n<td style=\"text-align: left; vertical-align: top;\"><\/td>\n<\/tr>\n<tr class=\"alt\">\n<td style=\"text-align: left; vertical-align: top;\"><\/td>\n<td style=\"text-align: left; vertical-align: top;\">Johanna N\u00f5mm<\/td>\n<td style=\"text-align: left; vertical-align: top;\">III koht p\u00f5hikooli baasil<\/td>\n<td style=\"text-align: left; vertical-align: top;\"><\/td>\n<\/tr>\n<tr>\n<td style=\"text-align: left; vertical-align: top;\"><\/td>\n<td style=\"text-align: left; vertical-align: top;\">Andrus Valdmann<\/td>\n<td style=\"text-align: left; vertical-align: top;\">I koht g\u00fcmnaasiumi baasil<\/td>\n<td style=\"text-align: left; vertical-align: top;\"><\/td>\n<\/tr>\n<tr class=\"alt\">\n<td style=\"text-align: left; vertical-align: top;\"><strong>\u00a0<\/strong><\/td>\n<td style=\"text-align: left; vertical-align: top;\">Cirsika Mikk<\/td>\n<td style=\"text-align: left; vertical-align: top;\">II koht g\u00fcmnaasiumi baasil<\/td>\n<td style=\"text-align: left; vertical-align: top;\"><\/td>\n<\/tr>\n<tr>\n<td style=\"text-align: left; vertical-align: top;\"><strong>\u00a0<\/strong><\/td>\n<td style=\"text-align: left; vertical-align: top;\">Marilin Kirikm\u00e4e<\/td>\n<td style=\"text-align: left; vertical-align: top;\">III koht g\u00fcmnaasiumi baasil<\/td>\n<td style=\"text-align: left; vertical-align: top;\"><\/td>\n<\/tr>\n<tr class=\"alt\">\n<td style=\"text-align: left; vertical-align: top;\"><strong>\u00a0<\/strong><\/td>\n<td style=\"text-align: left; vertical-align: top;\">Kadi Leppik<\/td>\n<td style=\"text-align: left; vertical-align: top;\">I koht t\u00f6\u00f6kohap\u00f5hine \u00f5pe<\/td>\n<td style=\"text-align: left; vertical-align: top;\"><\/td>\n<\/tr>\n<tr>\n<td style=\"text-align: left; vertical-align: top;\"><strong>\u00a0<\/strong><\/td>\n<td style=\"text-align: left; vertical-align: top;\">Teve Haamann<\/td>\n<td style=\"text-align: left; vertical-align: top;\">II koht t\u00f6\u00f6kohap\u00f5hine \u00f5pe<\/td>\n<td style=\"text-align: left; vertical-align: top;\"><\/td>\n<\/tr>\n<tr class=\"alt\">\n<td style=\"text-align: left; vertical-align: top;\"><strong>\u00a0<\/strong><\/td>\n<td style=\"text-align: left; vertical-align: top;\">Garel Vahesalu<\/td>\n<td style=\"text-align: left; vertical-align: top;\">III koht t\u00f6\u00f6kohap\u00f5hine \u00f5pe<\/td>\n<td style=\"text-align: left; vertical-align: top;\"><\/td>\n<\/tr>\n<tr>\n<td style=\"text-align: left; vertical-align: top;\"><strong>Aasta V\u00f5\u00f5rkeelealane Tegu 2011<\/strong><\/td>\n<td style=\"text-align: left; vertical-align: top;\">\u00f5ppevara\u00a0<em>Becult Extend<\/em>\u00a0loomine<\/td>\n<td style=\"text-align: left; vertical-align: top;\">Euroopa Komisjoni ning HTM tunnuskiri<\/td>\n<td style=\"text-align: left; vertical-align: top;\">Hele Liiv-Tellmann<\/td>\n<\/tr>\n<tr class=\"alt\">\n<td style=\"text-align: left; vertical-align: top;\"><strong>EHRL stipendium<\/strong><\/td>\n<td style=\"text-align: left; vertical-align: top;\">Agne Rauba, Marika Demenjuk<\/td>\n<td style=\"text-align: left; vertical-align: top;\"><\/td>\n<td style=\"text-align: left; vertical-align: top;\"><\/td>\n<\/tr>\n<tr>\n<td style=\"text-align: left; vertical-align: top;\"><strong>EKKL jalgpalli meistriv\u00f5istlused<\/strong><\/td>\n<td style=\"text-align: left; vertical-align: top;\">neidude v\u00f5istkond<\/td>\n<td style=\"text-align: left; vertical-align: top;\">I koht<\/td>\n<td style=\"text-align: left; vertical-align: top;\">Haili Loige<\/td>\n<\/tr>\n<tr class=\"alt\">\n<td style=\"text-align: left; vertical-align: top;\"><strong>Eesti kutsekoolispordi liidu KV v\u00f5rkpalli finaalm\u00e4ng<\/strong><\/td>\n<td style=\"text-align: left; vertical-align: top;\">neidude v\u00f5istkond<\/td>\n<td style=\"text-align: left; vertical-align: top;\">II koht<\/td>\n<td style=\"text-align: left; vertical-align: top;\">Alari P\u00f5lm<\/td>\n<\/tr>\n<\/tbody>\n<\/table>\n<h3><a id=\"S2010\"><\/a><span style=\"color: #cd2662;\">2010<\/span><\/h3>\n<article class=\"post-2388 post type-post status-publish format-standard has-post-thumbnail hentry category-saavutused tag-126 tag-saavutused\">\n<div class=\"post-inner group\">\n<div class=\"entry themeform share\">\n<div class=\"entry-inner\">\n<table style=\"width: 100%; height: 648px;\" width=\"100%\">\n<tbody>\n<tr style=\"height: 24px;\">\n<td style=\"text-align: left; vertical-align: top; height: 24px;\" width=\"383\"><em>v\u00f5istlus<\/em><\/td>\n<td style=\"text-align: left; vertical-align: top; height: 24px;\" width=\"444\"><em>osaleja<\/em><\/td>\n<td style=\"text-align: left; vertical-align: top; height: 24px;\" width=\"554\"><em>koht<\/em><\/td>\n<td style=\"text-align: left; vertical-align: top; height: 24px;\" width=\"237\"><em>juhendaja<\/em><\/td>\n<\/tr>\n<tr class=\"alt\" style=\"height: 48px;\">\n<td style=\"text-align: left; vertical-align: top; height: 48px;\" width=\"383\"><strong>Majutus- ja hotelliteeninduse vabariiklik kutsemeistri v\u00f5istlus<\/strong><\/td>\n<td style=\"text-align: left; vertical-align: top; height: 48px;\" width=\"444\">M. Vapper, M. Pa\u0161kovskaja<\/td>\n<td style=\"text-align: left; vertical-align: top; height: 48px;\" width=\"554\">III koht<\/td>\n<td style=\"text-align: left; vertical-align: top; height: 48px;\" width=\"237\">E. Raudvere, M. Reinmets, E. P\u00f5ldma, Anne M\u00e4e<\/td>\n<\/tr>\n<tr style=\"height: 48px;\">\n<td style=\"text-align: left; vertical-align: top; height: 48px;\"><strong><em>Taitaja<\/em>\u00a02010 Soome ametikoolide restoranikokkade meistriv\u00f5istlused<\/strong><\/td>\n<td style=\"text-align: left; vertical-align: top; height: 48px;\">A. J\u00fcrgens<\/td>\n<td style=\"text-align: left; vertical-align: top; height: 48px;\"><\/td>\n<td style=\"text-align: left; vertical-align: top; height: 48px;\">Diane Sarapuu-Kelder<\/td>\n<\/tr>\n<tr class=\"alt\" style=\"height: 48px;\">\n<td style=\"text-align: left; vertical-align: top; height: 48px;\"><strong>Kutsev\u00f5istlus \u201eParim m\u00fc\u00fcja \u00f5pilane\u201d<\/strong><\/td>\n<td style=\"text-align: left; vertical-align: top; height: 48px;\">M. Toomela<\/td>\n<td style=\"text-align: left; vertical-align: top; height: 48px;\">I koht p\u00f5hikooli arvestuses<\/td>\n<td style=\"text-align: left; vertical-align: top; height: 48px;\">K. Kukk, K\u00fcllike T\u00fcri, Aive Antson<\/td>\n<\/tr>\n<tr style=\"height: 48px;\">\n<td style=\"text-align: left; vertical-align: top; height: 48px;\"><strong>\u201cParima Teenindaja\u201d<\/strong><\/td>\n<td style=\"text-align: left; vertical-align: top; height: 48px;\">M. Toomela<\/td>\n<td style=\"text-align: left; vertical-align: top; height: 48px;\">I koht p\u00f5hikooli arvestuses<\/td>\n<td style=\"text-align: left; vertical-align: top; height: 48px;\">K. Kukk, K\u00fcllike T\u00fcri, Aive Antson<\/td>\n<\/tr>\n<tr class=\"alt\" style=\"height: 24px;\">\n<td style=\"text-align: left; vertical-align: top; height: 24px;\"><strong>Grillium 2010<\/strong><\/td>\n<td style=\"text-align: left; vertical-align: top; height: 24px;\">v\u00f5istkond<\/td>\n<td style=\"text-align: left; vertical-align: top; height: 24px;\">II koht grillimises<\/td>\n<td style=\"text-align: left; vertical-align: top; height: 24px;\">Diane Sarapuu-Kelder<\/td>\n<\/tr>\n<tr style=\"height: 24px;\">\n<td style=\"text-align: left; vertical-align: top; height: 24px;\"><strong>\u00a0<\/strong><\/td>\n<td style=\"text-align: left; vertical-align: top; height: 24px;\">v\u00f5istkond<\/td>\n<td style=\"text-align: left; vertical-align: top; height: 24px;\">I koht fantaasiavoorus<\/td>\n<td style=\"text-align: left; vertical-align: top; height: 24px;\">Diane Sarapuu-Kelder<\/td>\n<\/tr>\n<tr class=\"alt\" style=\"height: 24px;\">\n<td style=\"text-align: left; vertical-align: top; height: 24px;\"><em><strong>Barbeque Junior<\/strong><\/em><\/td>\n<td style=\"text-align: left; vertical-align: top; height: 24px;\">v\u00f5istkond<\/td>\n<td style=\"text-align: left; vertical-align: top; height: 24px;\">III koht<\/td>\n<td style=\"text-align: left; vertical-align: top; height: 24px;\">Diane Sarapuu-Kelder<\/td>\n<\/tr>\n<tr style=\"height: 24px;\">\n<td style=\"text-align: left; vertical-align: top; height: 24px;\"><strong>Noorkokk 2010<\/strong><\/td>\n<td style=\"text-align: left; vertical-align: top; height: 24px;\">A. J\u00fcrgens<\/td>\n<td style=\"text-align: left; vertical-align: top; height: 24px;\">II koht<\/td>\n<td style=\"text-align: left; vertical-align: top; height: 24px;\">Diane Sarapuu-Kelder<\/td>\n<\/tr>\n<tr class=\"alt\" style=\"height: 24px;\">\n<td style=\"text-align: left; vertical-align: top; height: 24px;\"><strong>Puhastusteenindajate kutsev\u00f5istlustel<\/strong><\/td>\n<td style=\"text-align: left; vertical-align: top; height: 24px;\">A. Adamt\u0161uk<\/td>\n<td style=\"text-align: left; vertical-align: top; height: 24px;\">II koht<\/td>\n<td style=\"text-align: left; vertical-align: top; height: 24px;\">Diana Malkevit\u0161<\/td>\n<\/tr>\n<tr style=\"height: 24px;\">\n<td style=\"text-align: left; vertical-align: top; height: 24px;\"><strong>\u00a0<\/strong><\/td>\n<td style=\"text-align: left; vertical-align: top; height: 24px;\">A. Strelkova<\/td>\n<td style=\"text-align: left; vertical-align: top; height: 24px;\">III koht<\/td>\n<td style=\"text-align: left; vertical-align: top; height: 24px;\"><\/td>\n<\/tr>\n<tr class=\"alt\" style=\"height: 24px;\">\n<td style=\"text-align: left; vertical-align: top; height: 24px;\"><strong>Kuldne Kulp 2010 noorem vanusegrupp<\/strong><\/td>\n<td style=\"text-align: left; vertical-align: top; height: 24px;\">F. Dmitri<\/td>\n<td style=\"text-align: left; vertical-align: top; height: 24px;\">I koht<\/td>\n<td style=\"text-align: left; vertical-align: top; height: 24px;\">Irina Horo\u0161ihh<\/td>\n<\/tr>\n<tr style=\"height: 24px;\">\n<td style=\"text-align: left; vertical-align: top; height: 24px;\"><strong>\u00a0<\/strong><\/td>\n<td style=\"text-align: left; vertical-align: top; height: 24px;\">S. Steinert<\/td>\n<td style=\"text-align: left; vertical-align: top; height: 24px;\">II koht<\/td>\n<td style=\"text-align: left; vertical-align: top; height: 24px;\"><\/td>\n<\/tr>\n<tr class=\"alt\" style=\"height: 24px;\">\n<td style=\"text-align: left; vertical-align: top; height: 24px;\"><strong>\u00a0<\/strong><\/td>\n<td style=\"text-align: left; vertical-align: top; height: 24px;\">D. Filipp<\/td>\n<td style=\"text-align: left; vertical-align: top; height: 24px;\">III koht<\/td>\n<td style=\"text-align: left; vertical-align: top; height: 24px;\"><\/td>\n<\/tr>\n<tr style=\"height: 24px;\">\n<td style=\"text-align: left; vertical-align: top; height: 24px;\"><strong>vanem vanusegrupp<\/strong><\/td>\n<td style=\"text-align: left; vertical-align: top; height: 24px;\">J. Konkina<\/td>\n<td style=\"text-align: left; vertical-align: top; height: 24px;\">I koht<\/td>\n<td style=\"text-align: left; vertical-align: top; height: 24px;\"><\/td>\n<\/tr>\n<tr class=\"alt\" style=\"height: 24px;\">\n<td style=\"text-align: left; vertical-align: top; height: 24px;\"><strong>\u00a0<\/strong><\/td>\n<td style=\"text-align: left; vertical-align: top; height: 24px;\">Sergei Vesnin<\/td>\n<td style=\"text-align: left; vertical-align: top; height: 24px;\">II koht<\/td>\n<td style=\"text-align: left; vertical-align: top; height: 24px;\">Ljudmilla Zahharova<\/td>\n<\/tr>\n<tr style=\"height: 24px;\">\n<td style=\"text-align: left; vertical-align: top; height: 24px;\"><strong>\u00a0<\/strong><\/td>\n<td style=\"text-align: left; vertical-align: top; height: 24px;\">L.Kovaljova<\/td>\n<td style=\"text-align: left; vertical-align: top; height: 24px;\">III koht<\/td>\n<td style=\"text-align: left; vertical-align: top; height: 24px;\"><\/td>\n<\/tr>\n<tr class=\"alt\" style=\"height: 24px;\">\n<td style=\"text-align: left; vertical-align: top; height: 24px;\"><strong>Teko Kelner 2010<\/strong><\/td>\n<td style=\"text-align: left; vertical-align: top; height: 24px;\">K.Metsa<\/td>\n<td style=\"text-align: left; vertical-align: top; height: 24px;\"><\/td>\n<td style=\"text-align: left; vertical-align: top; height: 24px;\">D. Sarapuu-Kelder<\/td>\n<\/tr>\n<tr style=\"height: 24px;\">\n<td style=\"text-align: left; vertical-align: top; height: 24px;\"><strong>EHRL stipendium<\/strong><\/td>\n<td style=\"text-align: left; vertical-align: top; height: 24px;\">I.Teras<\/td>\n<td style=\"text-align: left; vertical-align: top; height: 24px;\"><\/td>\n<td style=\"text-align: left; vertical-align: top; height: 24px;\"><\/td>\n<\/tr>\n<tr class=\"alt\" style=\"height: 24px;\">\n<td style=\"text-align: left; vertical-align: top; height: 24px;\"><strong>EKKL korvpallis<\/strong><\/td>\n<td style=\"text-align: left; vertical-align: top; height: 24px;\">noormeeste v\u00f5istkond<\/td>\n<td style=\"text-align: left; vertical-align: top; height: 24px;\">III koht<\/td>\n<td style=\"text-align: left; vertical-align: top; height: 24px;\">A.P\u00f5lm<\/td>\n<\/tr>\n<tr style=\"height: 24px;\">\n<td style=\"text-align: left; vertical-align: top; height: 24px;\"><strong>EKKL jalgpallis II liiga<\/strong><\/td>\n<td style=\"text-align: left; vertical-align: top; height: 24px;\">noormeeste v\u00f5istkond<\/td>\n<td style=\"text-align: left; vertical-align: top; height: 24px;\">II koht<\/td>\n<td style=\"text-align: left; vertical-align: top; height: 24px;\">A.P\u00f5lm<\/td>\n<\/tr>\n<tr class=\"alt\" style=\"height: 24px;\">\n<td style=\"text-align: left; vertical-align: top; height: 24px;\"><strong>EKKL kergej\u00f5ustikus (t\u00f6\u00f6tajad) 1500m<\/strong><\/td>\n<td style=\"text-align: left; vertical-align: top; height: 24px;\">\u00f5petaja Alari P\u00f5lm<\/td>\n<td style=\"text-align: left; vertical-align: top; height: 24px;\">I koht<\/td>\n<td style=\"text-align: left; vertical-align: top; height: 24px;\"><\/td>\n<\/tr>\n<tr style=\"height: 24px;\">\n<td style=\"text-align: left; vertical-align: top; height: 24px;\"><strong>EKKL karikav\u00f5istlused korvpallis<\/strong><\/td>\n<td style=\"text-align: left; vertical-align: top; height: 24px;\">t\u00f6\u00f6tajad\/\u00f5pilased?<\/td>\n<td style=\"text-align: left; vertical-align: top; height: 24px;\">III koht<\/td>\n<td style=\"text-align: left; vertical-align: top; height: 24px;\"><\/td>\n<\/tr>\n<\/tbody>\n<\/table>\n<h3><a id=\"S2009\"><\/a><span style=\"color: #cd2662;\">2009<\/span><\/h3>\n<table style=\"width: 100%; height: 624px;\" width=\"100%\">\n<tbody>\n<tr style=\"height: 24px;\">\n<td style=\"text-align: left; vertical-align: top; height: 24px;\" width=\"383\"><em>v\u00f5istlused<\/em><\/td>\n<td style=\"text-align: left; vertical-align: top; height: 24px;\" width=\"444\"><em>osaleja<\/em><\/td>\n<td style=\"text-align: left; vertical-align: top; height: 24px;\" width=\"554\"><em>koht<\/em><\/td>\n<td style=\"text-align: left; vertical-align: top; height: 24px;\" width=\"237\"><em>juhendaja<\/em><\/td>\n<\/tr>\n<tr class=\"alt\" style=\"height: 24px;\">\n<td style=\"text-align: left; vertical-align: top; height: 24px;\" width=\"383\"><strong>Noorkokk 2009<\/strong><\/td>\n<td style=\"text-align: left; vertical-align: top; height: 24px;\" width=\"444\">Sergei Vesnin<\/td>\n<td style=\"text-align: left; vertical-align: top; height: 24px;\" width=\"554\">II koht<\/td>\n<td style=\"text-align: left; vertical-align: top; height: 24px;\" width=\"237\">Ljudmilla Zahharova<\/td>\n<\/tr>\n<tr style=\"height: 24px;\">\n<td style=\"text-align: left; vertical-align: top; height: 24px;\"><strong>Nordic Hotels stipendium<\/strong><\/td>\n<td style=\"text-align: left; vertical-align: top; height: 24px;\">R. Teesaar<\/td>\n<td style=\"text-align: left; vertical-align: top; height: 24px;\"><\/td>\n<td style=\"text-align: left; vertical-align: top; height: 24px;\">Kristi Tiido (T\u00fcvi)<\/td>\n<\/tr>\n<tr class=\"alt\" style=\"height: 24px;\">\n<td style=\"text-align: left; vertical-align: top; height: 24px;\"><strong>Teeviit pagarite v\u00f5istlus Noor Meister 2009<\/strong><\/td>\n<td style=\"text-align: left; vertical-align: top; height: 24px;\">K. Abiline, O. Raudsepp<\/td>\n<td style=\"text-align: left; vertical-align: top; height: 24px;\">III koht<\/td>\n<td style=\"text-align: left; vertical-align: top; height: 24px;\">J. Semidor, Sirje Tenok<\/td>\n<\/tr>\n<tr style=\"height: 24px;\">\n<td style=\"text-align: left; vertical-align: top; height: 24px;\"><strong>Kutsev\u00f5istlus \u201eParim m\u00fc\u00fcja\u00f5pilane\u201c<\/strong><\/td>\n<td style=\"text-align: left; vertical-align: top; height: 24px;\">G. Paat<\/td>\n<td style=\"text-align: left; vertical-align: top; height: 24px;\">III koht g\u00fcmnaasiumi arvestuses<\/td>\n<td style=\"text-align: left; vertical-align: top; height: 24px;\">K\u00fcllike T\u00fcri, Aive Antson<\/td>\n<\/tr>\n<tr class=\"alt\" style=\"height: 24px;\">\n<td style=\"text-align: left; vertical-align: top; height: 24px;\"><strong>\u201dParim kinkepakend\u201d<\/strong><\/td>\n<td style=\"text-align: left; vertical-align: top; height: 24px;\">K. Leegen<\/td>\n<td style=\"text-align: left; vertical-align: top; height: 24px;\">p\u00f5hikooli arvestuses<\/td>\n<td style=\"text-align: left; vertical-align: top; height: 24px;\">K\u00fcllike T\u00fcri<\/td>\n<\/tr>\n<tr style=\"height: 24px;\">\n<td style=\"text-align: left; vertical-align: top; height: 24px;\"><strong>Grillium 2009 fantaasiavoor<\/strong><\/td>\n<td style=\"text-align: left; vertical-align: top; height: 24px;\">v\u00f5istkond<\/td>\n<td style=\"text-align: left; vertical-align: top; height: 24px;\">I-III koht<\/td>\n<td style=\"text-align: left; vertical-align: top; height: 24px;\">Diane Sarapuu-Kelder<\/td>\n<\/tr>\n<tr class=\"alt\" style=\"height: 24px;\">\n<td style=\"text-align: left; vertical-align: top; height: 24px;\"><strong>Nooruslik Kevad 2009 \u2013 kokk<\/strong><\/td>\n<td style=\"text-align: left; vertical-align: top; height: 24px;\">A. Kask, M. Aljautdinova<\/td>\n<td style=\"text-align: left; vertical-align: top; height: 24px;\">III koht<\/td>\n<td style=\"text-align: left; vertical-align: top; height: 24px;\">Ljudmilla Kolt\u0161enko<\/td>\n<\/tr>\n<tr style=\"height: 24px;\">\n<td style=\"text-align: left; vertical-align: top; height: 24px;\"><strong>\u00a0<\/strong><\/td>\n<td style=\"text-align: left; vertical-align: top; height: 24px;\">Sergei Vesnin<\/td>\n<td style=\"text-align: left; vertical-align: top; height: 24px;\">IV koht<\/td>\n<td style=\"text-align: left; vertical-align: top; height: 24px;\">Ljudmilla Zahharova<\/td>\n<\/tr>\n<tr class=\"alt\" style=\"height: 24px;\">\n<td style=\"text-align: left; vertical-align: top; height: 24px;\"><strong>Nooruslik Kevad 2009 \u2013 kelner<\/strong><\/td>\n<td style=\"text-align: left; vertical-align: top; height: 24px;\">T. Kask<\/td>\n<td style=\"text-align: left; vertical-align: top; height: 24px;\">parim salvr\u00e4ttide voltija<\/td>\n<td style=\"text-align: left; vertical-align: top; height: 24px;\">V. Unt<\/td>\n<\/tr>\n<tr style=\"height: 24px;\">\n<td style=\"text-align: left; vertical-align: top; height: 24px;\"><strong>EHRLi stipendium 2009<\/strong><\/td>\n<td style=\"text-align: left; vertical-align: top; height: 24px;\">M. Lilje<\/td>\n<td style=\"text-align: left; vertical-align: top; height: 24px;\"><\/td>\n<td style=\"text-align: left; vertical-align: top; height: 24px;\"><\/td>\n<\/tr>\n<tr class=\"alt\" style=\"height: 24px;\">\n<td style=\"text-align: left; vertical-align: top; height: 24px;\"><strong>Aasta V\u00f5\u00f5rkeelealane Tegu 2009<\/strong><\/td>\n<td style=\"text-align: left; vertical-align: top; height: 24px;\">projekt \u201c<em>Ready-Study-Go<\/em>\u201d<\/td>\n<td style=\"text-align: left; vertical-align: top; height: 24px;\">Euroopa Komisjoni ning HTM tunnuskiri<\/td>\n<td style=\"text-align: left; vertical-align: top; height: 24px;\">Hele Liiv-Tellmann<\/td>\n<\/tr>\n<tr style=\"height: 24px;\">\n<td style=\"text-align: left; vertical-align: top; height: 24px;\"><strong><em>Barbecue Junior<\/em>\u00a02010<\/strong><\/td>\n<td style=\"text-align: left; vertical-align: top; height: 24px;\">v\u00f5istkond<\/td>\n<td style=\"text-align: left; vertical-align: top; height: 24px;\">III koht\u00a0<em>BBQ<\/em>-s<\/td>\n<td style=\"text-align: left; vertical-align: top; height: 24px;\">Diane Sarapuu-Kelder<\/td>\n<\/tr>\n<tr class=\"alt\" style=\"height: 24px;\">\n<td style=\"text-align: left; vertical-align: top; height: 24px;\"><strong>Kuldne Kulp 2009 noorem vanusegrupp<\/strong><\/td>\n<td style=\"text-align: left; vertical-align: top; height: 24px;\">S.Vesnin<\/td>\n<td style=\"text-align: left; vertical-align: top; height: 24px;\">I koht<\/td>\n<td style=\"text-align: left; vertical-align: top; height: 24px;\">Ljudmilla Zahharova<\/td>\n<\/tr>\n<tr style=\"height: 24px;\">\n<td style=\"text-align: left; vertical-align: top; height: 24px;\"><strong>\u00a0<\/strong><\/td>\n<td style=\"text-align: left; vertical-align: top; height: 24px;\">S. Nazarenko<\/td>\n<td style=\"text-align: left; vertical-align: top; height: 24px;\">II koht<\/td>\n<td style=\"text-align: left; vertical-align: top; height: 24px;\">Irina Horo\u0161ihh<\/td>\n<\/tr>\n<tr class=\"alt\" style=\"height: 24px;\">\n<td style=\"text-align: left; vertical-align: top; height: 24px;\"><strong>\u00a0<\/strong><\/td>\n<td style=\"text-align: left; vertical-align: top; height: 24px;\">M. Lilje<\/td>\n<td style=\"text-align: left; vertical-align: top; height: 24px;\">III koht<\/td>\n<td style=\"text-align: left; vertical-align: top; height: 24px;\">M. Kasem\u00e4e<\/td>\n<\/tr>\n<tr style=\"height: 24px;\">\n<td style=\"text-align: left; vertical-align: top; height: 24px;\"><strong>vanem vanusegrupp<\/strong><\/td>\n<td style=\"text-align: left; vertical-align: top; height: 24px;\">J. Konkina<\/td>\n<td style=\"text-align: left; vertical-align: top; height: 24px;\">I koht<\/td>\n<td style=\"text-align: left; vertical-align: top; height: 24px;\">Ljudmilla Kolt\u0161enko<\/td>\n<\/tr>\n<tr class=\"alt\" style=\"height: 24px;\">\n<td style=\"text-align: left; vertical-align: top; height: 24px;\"><strong>Teko Kelner 2009<\/strong><\/td>\n<td style=\"text-align: left; vertical-align: top; height: 24px;\">T. Kask<\/td>\n<td style=\"text-align: left; vertical-align: top; height: 24px;\"><\/td>\n<td style=\"text-align: left; vertical-align: top; height: 24px;\">V. Unt<\/td>\n<\/tr>\n<tr style=\"height: 24px;\">\n<td style=\"text-align: left; vertical-align: top; height: 24px;\"><strong>S\u00f5brap\u00e4eva tordiv\u00f5istlus<\/strong><\/td>\n<td style=\"text-align: left; vertical-align: top; height: 24px;\">J. Supron, N. Lizunova<\/td>\n<td style=\"text-align: left; vertical-align: top; height: 24px;\">I koht<\/td>\n<td style=\"text-align: left; vertical-align: top; height: 24px;\">T. Tolovski<\/td>\n<\/tr>\n<tr class=\"alt\" style=\"height: 24px;\">\n<td style=\"text-align: left; vertical-align: top; height: 24px;\"><\/td>\n<td style=\"text-align: left; vertical-align: top; height: 24px;\">A.Shapovalova, N.Morohovets<\/td>\n<td style=\"text-align: left; vertical-align: top; height: 24px;\">II koht<\/td>\n<td style=\"text-align: left; vertical-align: top; height: 24px;\">Ljudmilla Iljina<\/td>\n<\/tr>\n<tr style=\"height: 24px;\">\n<td style=\"text-align: left; vertical-align: top; height: 24px;\"><strong>\u00a0<\/strong><\/td>\n<td style=\"text-align: left; vertical-align: top; height: 24px;\">N. Raudsik, M. Liinat<\/td>\n<td style=\"text-align: left; vertical-align: top; height: 24px;\">III koht<\/td>\n<td style=\"text-align: left; vertical-align: top; height: 24px;\">Sirje Tenok<\/td>\n<\/tr>\n<tr class=\"alt\" style=\"height: 24px;\">\n<td style=\"text-align: left; vertical-align: top; height: 24px;\"><strong>WorldSkills kokandusv\u00f5istlus<\/strong><\/td>\n<td style=\"text-align: left; vertical-align: top; height: 24px;\">Joonas Koppel<\/td>\n<td style=\"text-align: left; vertical-align: top; height: 24px;\">25. koht<\/td>\n<td style=\"text-align: left; vertical-align: top; height: 24px;\">Kristi Tiido (T\u00fcvi)<\/td>\n<\/tr>\n<tr style=\"height: 24px;\">\n<td style=\"text-align: left; vertical-align: top; height: 24px;\"><strong>EKKL karikav\u00f5istlustel korvpallis<\/strong><\/td>\n<td style=\"text-align: left; vertical-align: top; height: 24px;\">t\u00f6\u00f6tajad \/ \u00f5pilased<\/td>\n<td style=\"text-align: left; vertical-align: top; height: 24px;\">III koht<\/td>\n<td style=\"text-align: left; vertical-align: top; height: 24px;\">\u00a0Alari P\u00f5lm<\/td>\n<\/tr>\n<tr class=\"alt\" style=\"height: 24px;\">\n<td style=\"text-align: left; vertical-align: top; height: 24px;\"><strong>EKKLmeistriv\u00f5istlused v\u00f5rkpallis<\/strong><\/td>\n<td style=\"text-align: left; vertical-align: top; height: 24px;\">neidude v\u00f5istkond<\/td>\n<td style=\"text-align: left; vertical-align: top; height: 24px;\">III koht<\/td>\n<td style=\"text-align: left; vertical-align: top; height: 24px;\">Alari P\u00f5lm<\/td>\n<\/tr>\n<tr style=\"height: 48px;\">\n<td style=\"text-align: left; vertical-align: top; height: 48px;\"><strong>EKKL lahtised meistriv\u00f5istlused sulgpallis (t\u00f6\u00f6tajad)<\/strong><\/td>\n<td style=\"text-align: left; vertical-align: top; height: 48px;\">Raino Liblik<\/td>\n<td style=\"text-align: left; vertical-align: top; height: 48px;\">II koht<\/td>\n<td style=\"text-align: left; vertical-align: top; height: 48px;\">Alari P\u00f5lm<\/td>\n<\/tr>\n<\/tbody>\n<\/table>\n<h3><span style=\"color: #cd2662;\"><a id=\"S2008\"><\/a>2008<\/span><\/h3>\n<table>\n<tbody>\n<tr>\n<td style=\"text-align: left; vertical-align: top;\"><em>v\u00f5istlus<\/em><\/td>\n<td style=\"text-align: left; vertical-align: top;\"><em>osaleja<\/em><\/td>\n<td style=\"text-align: left; vertical-align: top;\"><em>koht<\/em><\/td>\n<td style=\"text-align: left; vertical-align: top;\"><em>juhendaja<\/em><\/td>\n<\/tr>\n<tr class=\"alt\">\n<td style=\"text-align: left; vertical-align: top;\"><strong>Kutsev\u00f5istlus \u201eParim m\u00fc\u00fcja\u00f5pilane\u201c<\/strong><\/td>\n<td style=\"text-align: left; vertical-align: top;\">M. Pere<\/td>\n<td style=\"text-align: left; vertical-align: top;\">III koht p\u00f5hikooli arvestuses<\/td>\n<td style=\"text-align: left; vertical-align: top;\">K\u00fcllike T\u00fcri, Aive Antson<\/td>\n<\/tr>\n<tr>\n<td style=\"text-align: left; vertical-align: top;\"><strong>\u201eParima Teenindaja\u201c konkurss<\/strong><\/td>\n<td style=\"text-align: left; vertical-align: top;\">S. Saar<\/td>\n<td style=\"text-align: left; vertical-align: top;\">Parim Teenindaja<\/td>\n<td style=\"text-align: left; vertical-align: top;\">\u00a0K\u00fcllike T\u00fcri, Aive Antson<\/td>\n<\/tr>\n<tr class=\"alt\">\n<td style=\"text-align: left; vertical-align: top;\"><strong>\u00a0<\/strong><\/td>\n<td style=\"text-align: left; vertical-align: top;\">M. Pere<\/td>\n<td style=\"text-align: left; vertical-align: top;\">Felixi eriauhind<\/td>\n<td style=\"text-align: left; vertical-align: top;\">\u00a0K\u00fcllike T\u00fcri, Aive Antson<\/td>\n<\/tr>\n<tr>\n<td style=\"text-align: left; vertical-align: top;\"><strong><em>Bocuse d\u2019Or Europe<\/em>\u00a0abikokkade eelvoor<\/strong><\/td>\n<td style=\"text-align: left; vertical-align: top;\">Viktor Lesevit\u0161<\/td>\n<td style=\"text-align: left; vertical-align: top;\">I koht<\/td>\n<td style=\"text-align: left; vertical-align: top;\"><\/td>\n<\/tr>\n<tr class=\"alt\">\n<td style=\"text-align: left; vertical-align: top;\"><strong>AEHT hotelli vastuv\u00f5tu (front office) v\u00f5istlus<\/strong><\/td>\n<td style=\"text-align: left; vertical-align: top;\">Anu Tint<\/td>\n<td style=\"text-align: left; vertical-align: top;\">III koht<\/td>\n<td style=\"text-align: left; vertical-align: top;\">Elena Raudvere<\/td>\n<\/tr>\n<tr>\n<td style=\"text-align: left; vertical-align: top;\"><em><strong>Barbecue Junior<\/strong><\/em><\/td>\n<td style=\"text-align: left; vertical-align: top;\">v\u00f5istkond<\/td>\n<td style=\"text-align: left; vertical-align: top;\">III koht BBQ-s<\/td>\n<td style=\"text-align: left; vertical-align: top;\">Diane Sarapuu-Kelder, Kristi T\u00fcvi, Dina Aarma<\/td>\n<\/tr>\n<tr class=\"alt\">\n<td style=\"text-align: left; vertical-align: top;\"><strong>Teeviit 2008 tordiv\u00f5istlus<\/strong><\/td>\n<td style=\"text-align: left; vertical-align: top;\">N.Raudsik, M. Liinat<\/td>\n<td style=\"text-align: left; vertical-align: top;\">II koht<\/td>\n<td style=\"text-align: left; vertical-align: top;\">S.Tenok<\/td>\n<\/tr>\n<tr>\n<td style=\"text-align: left; vertical-align: top;\"><strong>Kokandusv\u00f5istlus \u201cNooruslik kevad\u201d 2008<\/strong><\/td>\n<td style=\"text-align: left; vertical-align: top;\">M. Aljautdinova<\/td>\n<td style=\"text-align: left; vertical-align: top;\">III koht<\/td>\n<td style=\"text-align: left; vertical-align: top;\"><\/td>\n<\/tr>\n<tr class=\"alt\">\n<td style=\"text-align: left; vertical-align: top;\"><strong>\u00a0<\/strong><\/td>\n<td style=\"text-align: left; vertical-align: top;\">S.Vesnin, S. Nazarenko<\/td>\n<td style=\"text-align: left; vertical-align: top;\">IV koht<\/td>\n<td style=\"text-align: left; vertical-align: top;\">Ljudmilla Zahharova, Irina Horo\u0161ihh<\/td>\n<\/tr>\n<tr>\n<td style=\"text-align: left; vertical-align: top;\"><strong>Kelnerite v\u00f5istlus \u201cNooruslik kevad\u201d 2008<\/strong><\/td>\n<td style=\"text-align: left; vertical-align: top;\">T. Kask<\/td>\n<td style=\"text-align: left; vertical-align: top;\">parim salvr\u00e4ttide voltija<\/td>\n<td style=\"text-align: left; vertical-align: top;\">V. Unt<\/td>\n<\/tr>\n<tr class=\"alt\">\n<td style=\"text-align: left; vertical-align: top;\"><strong>Noorkokk 2008<\/strong><\/td>\n<td style=\"text-align: left; vertical-align: top;\">Joonas Koppel<\/td>\n<td style=\"text-align: left; vertical-align: top;\">I koht<\/td>\n<td style=\"text-align: left; vertical-align: top;\">K. T\u00fcvi<\/td>\n<\/tr>\n<tr>\n<td style=\"text-align: left; vertical-align: top;\"><strong>EHRL stipendium<\/strong><\/td>\n<td style=\"text-align: left; vertical-align: top;\">Johanna Tamm<\/td>\n<td style=\"text-align: left; vertical-align: top;\"><\/td>\n<td style=\"text-align: left; vertical-align: top;\"><\/td>\n<\/tr>\n<tr class=\"alt\">\n<td style=\"text-align: left; vertical-align: top;\"><strong>Keele\u00f5petuse kvaliteeditunnistus (kieltenopetuksen euroopalainen laatuleima)<\/strong><\/td>\n<td style=\"text-align: left; vertical-align: top;\">projekt \u201c<em>Ready-Study-Go<\/em>\u201d<\/td>\n<td style=\"text-align: left; vertical-align: top;\">Euroopa Komisjoni ning Soome haridusministeeriumi tunnuskiri<\/td>\n<td style=\"text-align: left; vertical-align: top;\">projektijuht Hele Liiv-Tellmann<\/td>\n<\/tr>\n<tr>\n<td style=\"text-align: left; vertical-align: top;\"><strong>EKKL meistriv\u00f5istlused korvpallis<\/strong><\/td>\n<td style=\"text-align: left; vertical-align: top;\">neidude v\u00f5istkond<\/td>\n<td style=\"text-align: left; vertical-align: top;\">II koht<\/td>\n<td style=\"text-align: left; vertical-align: top;\">\u00a0Alari P\u00f5lm<\/td>\n<\/tr>\n<tr class=\"alt\">\n<td style=\"text-align: left; vertical-align: top;\"><strong>EKKL \u00f5pilased sulgpall<\/strong><\/td>\n<td style=\"text-align: left; vertical-align: top;\">M. M\u00e4estj\u00e4rv<\/td>\n<td style=\"text-align: left; vertical-align: top;\">II koht kutsekoolide arvestuses<\/td>\n<td style=\"text-align: left; vertical-align: top;\">\u00a0Alari P\u00f5lm<\/td>\n<\/tr>\n<tr>\n<td style=\"text-align: left; vertical-align: top;\"><strong>EKKL t\u00f6\u00f6tajad sulgpall<\/strong><\/td>\n<td style=\"text-align: left; vertical-align: top;\">J. ATomson<\/td>\n<td style=\"text-align: left; vertical-align: top;\">II koht<\/td>\n<td style=\"text-align: left; vertical-align: top;\">\u00a0Alari P\u00f5lm<\/td>\n<\/tr>\n<\/tbody>\n<\/table>\n<h3><span style=\"color: #cd2662;\"><a id=\"S2007\"><\/a>2007<\/span><\/h3>\n<table style=\"width: 100%;\" width=\"100%\">\n<tbody>\n<tr>\n<td style=\"text-align: left; vertical-align: top;\" width=\"383\"><em>v\u00f5istlus<\/em><\/td>\n<td style=\"text-align: left; vertical-align: top;\" width=\"444\"><em>osaleja<\/em><\/td>\n<td style=\"text-align: left; vertical-align: top;\" width=\"554\"><em>koht<\/em><\/td>\n<td style=\"text-align: left; vertical-align: top;\" width=\"237\"><em>juhendaja<\/em><\/td>\n<\/tr>\n<tr class=\"alt\">\n<td style=\"text-align: left; vertical-align: top;\"><strong>Noorkokk 2007<\/strong><\/td>\n<td style=\"text-align: left; vertical-align: top;\">Konstantin Ulrich<\/td>\n<td style=\"text-align: left; vertical-align: top;\">I koht<\/td>\n<td style=\"text-align: left; vertical-align: top;\">Ljudmilla Kolt\u0161enko<\/td>\n<\/tr>\n<tr>\n<td style=\"text-align: left; vertical-align: top;\"><strong>\u00a0<\/strong><\/td>\n<td style=\"text-align: left; vertical-align: top;\">T. Dolgopostova<\/td>\n<td style=\"text-align: left; vertical-align: top;\">III koht<\/td>\n<td style=\"text-align: left; vertical-align: top;\">Irina Horoshihh<\/td>\n<\/tr>\n<tr class=\"alt\">\n<td style=\"text-align: left; vertical-align: top;\"><strong>Noor Teenindaja 2007<\/strong><\/td>\n<td style=\"text-align: left; vertical-align: top;\">J. Liivak<\/td>\n<td style=\"text-align: left; vertical-align: top;\">III koht<\/td>\n<td style=\"text-align: left; vertical-align: top;\">Kaido Ladva<\/td>\n<\/tr>\n<tr>\n<td style=\"text-align: left; vertical-align: top;\"><strong>Nooruslik kevad 2007 \u2013 kokk<\/strong><\/td>\n<td style=\"text-align: left; vertical-align: top;\">A. Vann, M. Jundas<\/td>\n<td style=\"text-align: left; vertical-align: top;\">II koht<\/td>\n<td style=\"text-align: left; vertical-align: top;\">Dina Aarma<\/td>\n<\/tr>\n<tr class=\"alt\">\n<td style=\"text-align: left; vertical-align: top;\"><strong>Nooruslik kevad 2007 \u2013 teenindaja<\/strong><\/td>\n<td style=\"text-align: left; vertical-align: top;\">T. Vaht<\/td>\n<td style=\"text-align: left; vertical-align: top;\">eripreemia<\/td>\n<td style=\"text-align: left; vertical-align: top;\">K. Ladva<\/td>\n<\/tr>\n<tr>\n<td style=\"text-align: left; vertical-align: top;\"><strong>WorldSkills v\u00f5istlus \u2013 kokk<\/strong><\/td>\n<td style=\"text-align: left; vertical-align: top;\">Konstantin Ulrich<\/td>\n<td style=\"text-align: left; vertical-align: top;\">18. koht<\/td>\n<td style=\"text-align: left; vertical-align: top;\">Ljudmilla Kolt\u0161enko<\/td>\n<\/tr>\n<tr class=\"alt\">\n<td style=\"text-align: left; vertical-align: top;\"><strong>S\u00f5brap\u00e4eva tordiv\u00f5istlus<\/strong><\/td>\n<td style=\"text-align: left; vertical-align: top;\">v\u00f5istkond<\/td>\n<td style=\"text-align: left; vertical-align: top;\">I koht<\/td>\n<td style=\"text-align: left; vertical-align: top;\">T. Tolovski<\/td>\n<\/tr>\n<tr>\n<td style=\"text-align: left; vertical-align: top;\"><strong>\u00a0<\/strong><\/td>\n<td style=\"text-align: left; vertical-align: top;\">v\u00f5istkond<\/td>\n<td style=\"text-align: left; vertical-align: top;\">III koht<\/td>\n<td style=\"text-align: left; vertical-align: top;\">Eha Martma<\/td>\n<\/tr>\n<tr class=\"alt\">\n<td style=\"text-align: left; vertical-align: top;\"><strong>EHRL stipendium<\/strong><\/td>\n<td style=\"text-align: left; vertical-align: top;\">Renis Peil<\/td>\n<td style=\"text-align: left; vertical-align: top;\"><\/td>\n<td style=\"text-align: left; vertical-align: top;\"><\/td>\n<\/tr>\n<tr>\n<td style=\"text-align: left; vertical-align: top;\"><strong>EKKL 1500m<\/strong><\/td>\n<td style=\"text-align: left; vertical-align: top;\">Alari P\u00f5lm<\/td>\n<td style=\"text-align: left; vertical-align: top;\">I koht<\/td>\n<td style=\"text-align: left; vertical-align: top;\"><\/td>\n<\/tr>\n<tr class=\"alt\">\n<td style=\"text-align: left; vertical-align: top;\"><strong>EKKL kuulit\u00f5uge<\/strong><\/td>\n<td style=\"text-align: left; vertical-align: top;\">H. Linnas<\/td>\n<td style=\"text-align: left; vertical-align: top;\">II koht<\/td>\n<td style=\"text-align: left; vertical-align: top;\">Alari P\u00f5lm<\/td>\n<\/tr>\n<tr>\n<td style=\"text-align: left; vertical-align: top;\"><strong>EKKL odavise<\/strong><\/td>\n<td style=\"text-align: left; vertical-align: top;\">H. Linnas<\/td>\n<td style=\"text-align: left; vertical-align: top;\">II koht<\/td>\n<td style=\"text-align: left; vertical-align: top;\">Alari P\u00f5lm<\/td>\n<\/tr>\n<tr class=\"alt\">\n<td style=\"text-align: left; vertical-align: top;\"><strong>EKKL t\u00f6\u00f6tajaile murdmaajooks<\/strong><\/td>\n<td style=\"text-align: left; vertical-align: top;\">Alari P\u00f5lm<\/td>\n<td style=\"text-align: left; vertical-align: top;\">I koht<\/td>\n<td style=\"text-align: left; vertical-align: top;\">Alari P\u00f5lm<\/td>\n<\/tr>\n<tr>\n<td style=\"text-align: left; vertical-align: top;\"><strong>EKKL kuulit\u00f5uge<\/strong><\/td>\n<td style=\"text-align: left; vertical-align: top;\">M. Onno<\/td>\n<td style=\"text-align: left; vertical-align: top;\">II koht<\/td>\n<td style=\"text-align: left; vertical-align: top;\">Alari P\u00f5lm<\/td>\n<\/tr>\n<tr class=\"alt\">\n<td style=\"text-align: left; vertical-align: top;\"><strong>EKKL k\u00f5rgush\u00fcpe<\/strong><\/td>\n<td style=\"text-align: left; vertical-align: top;\">K. Liivj\u00f5e<\/td>\n<td style=\"text-align: left; vertical-align: top;\">III koht<\/td>\n<td style=\"text-align: left; vertical-align: top;\">Alari P\u00f5lm<\/td>\n<\/tr>\n<tr>\n<td style=\"text-align: left; vertical-align: top;\"><strong>EKKL vabariiklik \u00f5petajate v\u00f5istlus v\u00f5rkpallis<\/strong><\/td>\n<td style=\"text-align: left; vertical-align: top;\"><\/td>\n<td style=\"text-align: left; vertical-align: top;\">III koht<\/td>\n<td style=\"text-align: left; vertical-align: top;\">Alari P\u00f5lm<\/td>\n<\/tr>\n<\/tbody>\n<\/table>\n<h3><a id=\"S2006\"><\/a><span style=\"color: #cd2662;\">2006<\/span><\/h3>\n<table style=\"width: 100%; height: 216px;\" width=\"100%\">\n<tbody>\n<tr style=\"height: 24px;\">\n<td style=\"vertical-align: top; height: 24px;\" width=\"383\"><em>v\u00f5istlus<\/em><\/td>\n<td style=\"vertical-align: top; height: 24px;\" width=\"444\"><em>osaleja<\/em><\/td>\n<td style=\"vertical-align: top; height: 24px;\" width=\"554\"><em>koht<\/em><\/td>\n<td style=\"vertical-align: top; height: 24px;\" width=\"237\"><em>juhendaja<\/em><\/td>\n<\/tr>\n<tr class=\"alt\" style=\"height: 48px;\">\n<td style=\"vertical-align: top; height: 48px;\" width=\"383\"><strong>Kokandusv\u00f5istlus \u201cNooruslik Kevad\u201d 2006<\/strong><\/td>\n<td style=\"vertical-align: top; height: 48px;\" width=\"444\">Ann-Piret Innos, Konstantin Urlich<\/td>\n<td style=\"vertical-align: top; height: 48px;\" width=\"554\">II koht<\/td>\n<td style=\"vertical-align: top; height: 48px;\" width=\"237\">Pirje P\u00e4rimets, Ljudmilla Kolt\u0161enko<\/td>\n<\/tr>\n<tr style=\"height: 48px;\">\n<td style=\"vertical-align: top; height: 48px;\"><strong>\u00a0<\/strong><\/td>\n<td style=\"vertical-align: top; height: 48px;\">Tatjana Dolgopostova, Andrey Korobyak<\/td>\n<td style=\"vertical-align: top; height: 48px;\">parim eel- ja pearoog<\/td>\n<td style=\"vertical-align: top; height: 48px;\">Irina Horo\u0161ihh, Ljudmilla Kolt\u0161enko<\/td>\n<\/tr>\n<tr class=\"alt\" style=\"height: 24px;\">\n<td style=\"vertical-align: top; height: 24px;\"><strong>S\u00f5brap\u00e4eva kondiitriv\u00f5istlus<\/strong><\/td>\n<td style=\"vertical-align: top; height: 24px;\">Evelin Nahtkor, Kadri Urban, Marit Leismann<\/td>\n<td style=\"vertical-align: top; height: 24px;\">II koht<\/td>\n<td style=\"vertical-align: top; height: 24px;\"><\/td>\n<\/tr>\n<tr style=\"height: 24px;\">\n<td style=\"vertical-align: top; height: 24px;\"><strong>Parim noor teenindaja 2006<\/strong><\/td>\n<td style=\"vertical-align: top; height: 24px;\">Karmo Tihane<\/td>\n<td style=\"vertical-align: top; height: 24px;\">II koht ja parima teenindaja eripreemia<\/td>\n<td style=\"vertical-align: top; height: 24px;\"><\/td>\n<\/tr>\n<tr class=\"alt\" style=\"height: 24px;\">\n<td style=\"vertical-align: top; height: 24px;\"><strong>AEHT kojandusv\u00f5istlus 2006<\/strong><\/td>\n<td style=\"vertical-align: top; height: 24px;\">Ann-Piret Innos<\/td>\n<td style=\"vertical-align: top; height: 24px;\">I koht<\/td>\n<td style=\"vertical-align: top; height: 24px;\">Pirje P\u00e4rimets<\/td>\n<\/tr>\n<tr style=\"height: 24px;\">\n<td style=\"vertical-align: top; height: 24px;\"><strong>AEHT reisikorraldajate v\u00f5istlus 2006<\/strong><\/td>\n<td style=\"vertical-align: top; height: 24px;\">Jane Jundas<\/td>\n<td style=\"vertical-align: top; height: 24px;\">II koht<\/td>\n<td style=\"vertical-align: top; height: 24px;\">Maret Reinmets<\/td>\n<\/tr>\n<\/tbody>\n<\/table>\n<h3><span style=\"color: #cd2662;\"><a id=\"S2005\"><\/a>2005<\/span><\/h3>\n<table>\n<tbody>\n<tr>\n<td><em>v\u00f5istlus<\/em><\/td>\n<td>\u00a0<em>osaleja<\/em><\/td>\n<td>\u00a0<em>koht<\/em><\/td>\n<td>\u00a0<em>juhendaja<\/em><\/td>\n<\/tr>\n<tr class=\"alt\">\n<td><strong>Kokandusv\u00f5istlus \u201cNooruslik Kevad\u201d 2005<\/strong><\/td>\n<td>Ann-Piret Innos, Siim Siil<\/td>\n<td>parim eelroog<\/td>\n<td>Pirje P\u00e4rimets, Diana Aarma<\/td>\n<\/tr>\n<tr>\n<td><strong>Balt-Hellini Estonia teatri 100. aastap\u00e4evale p\u00fchendatud kondiitriv\u00f5istlus<\/strong><\/td>\n<td>Darja Kolesnikova, Jevgenia Kostjut\u0161enko<\/td>\n<td>II koht<\/td>\n<td><\/td>\n<\/tr>\n<tr class=\"alt\">\n<td><strong>Noorkokk 2005<\/strong><\/td>\n<td><\/td>\n<td>I koht<\/td>\n<td><\/td>\n<\/tr>\n<tr>\n<td><strong>\u00a0<\/strong><\/td>\n<td>Ann-Piret Innos, Ilmar R\u00e4ni<\/td>\n<td>II koht ja magustoidu eripreemia<\/td>\n<td>Pirje P\u00e4rimets<\/td>\n<\/tr>\n<tr class=\"alt\">\n<td><strong>Noor Teenindaja 2005<\/strong><\/td>\n<td>Reigo Sindonen<\/td>\n<td>III koht<\/td>\n<td><\/td>\n<\/tr>\n<tr>\n<td><strong>AEHT kokandusv\u00f5istlus 2005<\/strong><\/td>\n<td>Ilmar R\u00e4ni<\/td>\n<td>osales<\/td>\n<td>Pirje P\u00e4rimets<\/td>\n<\/tr>\n<tr class=\"alt\">\n<td><strong>AEHT kondiitrite v\u00f5istlus 2005<\/strong><\/td>\n<td><\/td>\n<td>osales<\/td>\n<\/tr>\n<\/tbody>\n<\/table>\n<h3><a id=\"S2004\"><\/a><span style=\"color: #cd2662;\">2004<\/span><\/h3>\n<table style=\"height: 408px; width: 100%;\">\n<tbody>\n<tr style=\"height: 24px;\">\n<td style=\"height: 24px; text-align: left; vertical-align: top;\"><em>v\u00f5istlus<\/em><\/td>\n<td style=\"height: 24px; text-align: left; vertical-align: top;\"><em>osaleja<\/em><\/td>\n<td style=\"height: 24px; text-align: left; vertical-align: top;\"><em>koht<\/em><\/td>\n<td style=\"height: 24px; text-align: left; vertical-align: top;\"><em>juhendaja<\/em><\/td>\n<\/tr>\n<tr class=\"alt\" style=\"height: 24px;\">\n<td style=\"height: 24px; text-align: left; vertical-align: top;\"><strong>AEHT kelnerite v\u00f5istlus 2004<\/strong><\/td>\n<td style=\"height: 24px; text-align: left; vertical-align: top;\">Marika Kruusman<\/td>\n<td style=\"height: 24px; text-align: left; vertical-align: top;\">II koht<\/td>\n<td style=\"height: 24px; text-align: left; vertical-align: top;\"><\/td>\n<\/tr>\n<tr style=\"height: 24px;\">\n<td style=\"height: 24px; text-align: left; vertical-align: top;\"><strong>AEHT kokandusv\u00f5istlus 2004<\/strong><\/td>\n<td style=\"height: 24px; text-align: left; vertical-align: top;\">Ott Tomik<\/td>\n<td style=\"height: 24px; text-align: left; vertical-align: top;\">osales<\/td>\n<td style=\"height: 24px; text-align: left; vertical-align: top;\"><\/td>\n<\/tr>\n<tr class=\"alt\" style=\"height: 24px;\">\n<td style=\"height: 24px; text-align: left; vertical-align: top;\"><strong>AEHT hotelliteenindajate v\u00f5istlus 2004<\/strong><\/td>\n<td style=\"height: 24px; text-align: left; vertical-align: top;\">Kristin Bezborodkin<\/td>\n<td style=\"height: 24px; text-align: left; vertical-align: top;\">osales<\/td>\n<td style=\"height: 24px; text-align: left; vertical-align: top;\"><\/td>\n<\/tr>\n<tr style=\"height: 24px;\">\n<td style=\"height: 24px; text-align: left; vertical-align: top;\"><strong>Kokandusv\u00f5istlus \u201cNooruslik Kevad\u201d 2004<\/strong><\/td>\n<td style=\"height: 24px; text-align: left; vertical-align: top;\"><\/td>\n<td style=\"height: 24px; text-align: left; vertical-align: top;\">III koht<\/td>\n<td style=\"height: 24px; text-align: left; vertical-align: top;\"><\/td>\n<\/tr>\n<tr class=\"alt\" style=\"height: 48px;\">\n<td style=\"height: 48px; text-align: left; vertical-align: top;\"><strong>\u00a0<\/strong><\/td>\n<td style=\"height: 48px; text-align: left; vertical-align: top;\">Merlin Toomoja<\/td>\n<td style=\"height: 48px; text-align: left; vertical-align: top;\">parim magustoit<\/td>\n<td style=\"height: 48px; text-align: left; vertical-align: top;\">Pirje P\u00e4rimets<\/td>\n<\/tr>\n<tr style=\"height: 24px;\">\n<td style=\"height: 24px; text-align: left; vertical-align: top;\"><strong>M\u00fc\u00fcjate kutsekoolide v\u00f5istlus<\/strong><\/td>\n<td style=\"height: 24px; text-align: left; vertical-align: top;\"><\/td>\n<td style=\"height: 24px; text-align: left; vertical-align: top;\">I koht<\/td>\n<td style=\"height: 24px; text-align: left; vertical-align: top;\"><\/td>\n<\/tr>\n<tr class=\"alt\" style=\"height: 24px;\">\n<td style=\"height: 24px; text-align: left; vertical-align: top;\"><strong>Balt-Hellini s\u00f5brap\u00e4eva kondiitriv\u00f5istlus<\/strong><\/td>\n<td style=\"height: 24px; text-align: left; vertical-align: top;\">Svetlana Neverova, Julia \u0160l\u00f5kova, Aljona Miljutina<\/td>\n<td style=\"height: 24px; text-align: left; vertical-align: top;\">I koht<\/td>\n<td style=\"height: 24px; text-align: left; vertical-align: top;\"><\/td>\n<\/tr>\n<tr style=\"height: 48px;\">\n<td style=\"height: 48px; text-align: left; vertical-align: top;\"><strong>\u00a0<\/strong><\/td>\n<td style=\"height: 48px; text-align: left; vertical-align: top;\">Julia Ole\u0161kevit\u0161, Jekaterina Pavlova, Viktoria Gololobova<\/td>\n<td style=\"height: 48px; text-align: left; vertical-align: top;\">III koht<\/td>\n<td style=\"height: 48px; text-align: left; vertical-align: top;\"><\/td>\n<\/tr>\n<tr class=\"alt\" style=\"height: 24px;\">\n<td style=\"height: 24px; text-align: left; vertical-align: top;\"><strong>Teeviit 2004 kondiiter Noor Tegija<\/strong><\/td>\n<td style=\"height: 24px; text-align: left; vertical-align: top;\"><\/td>\n<td style=\"height: 24px; text-align: left; vertical-align: top;\">I koht<\/td>\n<td style=\"height: 24px; text-align: left; vertical-align: top;\"><\/td>\n<\/tr>\n<tr style=\"height: 24px;\">\n<td style=\"height: 24px; text-align: left; vertical-align: top;\"><strong>Teeviit 2004 puhastusteenindaja Noor Tegija<\/strong><\/td>\n<td style=\"height: 24px; text-align: left; vertical-align: top;\"><\/td>\n<td style=\"height: 24px; text-align: left; vertical-align: top;\">II koht<\/td>\n<td style=\"height: 24px; text-align: left; vertical-align: top;\"><\/td>\n<\/tr>\n<tr class=\"alt\" style=\"height: 24px;\">\n<td style=\"height: 24px; text-align: left; vertical-align: top;\"><strong>\u00a0<\/strong><\/td>\n<td style=\"height: 24px; text-align: left; vertical-align: top;\"><\/td>\n<td style=\"height: 24px; text-align: left; vertical-align: top;\">III koht<\/td>\n<td style=\"height: 24px; text-align: left; vertical-align: top;\"><\/td>\n<\/tr>\n<tr style=\"height: 48px;\">\n<td style=\"height: 48px; text-align: left; vertical-align: top;\"><strong>\u201cHansap\u00e4evad Turus 2004\u201d rahvusvaheline kokkade v\u00f5islus<\/strong><\/td>\n<td style=\"height: 48px; text-align: left; vertical-align: top;\">Hannes Kalle<\/td>\n<td style=\"height: 48px; text-align: left; vertical-align: top;\">parim magustoit<\/td>\n<td style=\"height: 48px; text-align: left; vertical-align: top;\"><\/td>\n<\/tr>\n<tr class=\"alt\" style=\"height: 24px;\">\n<td style=\"height: 24px; text-align: left; vertical-align: top;\"><strong>HELPA rahvusvahelisel kokkade v\u00f5islusel Helsingis<\/strong><\/td>\n<td style=\"height: 24px; text-align: left; vertical-align: top;\">Ott Tomik, Madis Ental<\/td>\n<td style=\"height: 24px; text-align: left; vertical-align: top;\">IV koht<\/td>\n<\/tr>\n<\/tbody>\n<\/table>\n<h3><span style=\"color: #cd2662;\"><a id=\"S2003\"><\/a>2003<\/span><\/h3>\n<table style=\"width: 100%;\">\n<tbody>\n<tr>\n<td style=\"text-align: left; vertical-align: top;\"><em>v\u00f5istlus<\/em><\/td>\n<td style=\"text-align: left; vertical-align: top;\"><em>osaleja\u00a0<\/em><\/td>\n<td style=\"text-align: left; vertical-align: top;\"><em>koht<\/em><\/td>\n<td style=\"text-align: left; vertical-align: top;\"><em>juhendaja<\/em><\/td>\n<\/tr>\n<tr class=\"alt\">\n<td style=\"text-align: left; vertical-align: top;\"><strong>Kokandusv\u00f5istlus \u201cNooruslik kevad\u201d 2003<\/strong><\/td>\n<td style=\"text-align: left; vertical-align: top;\">Heidi Leier, Stanislav Bajuk<\/td>\n<td style=\"text-align: left; vertical-align: top;\">II koht<\/td>\n<td style=\"text-align: left; vertical-align: top;\"><\/td>\n<\/tr>\n<tr>\n<td style=\"text-align: left; vertical-align: top;\"><\/td>\n<td style=\"text-align: left; vertical-align: top;\">Viktoria Dav\u00f5denko<\/td>\n<td style=\"text-align: left; vertical-align: top;\">II koht<\/td>\n<td style=\"text-align: left; vertical-align: top;\"><\/td>\n<\/tr>\n<tr class=\"alt\">\n<td style=\"text-align: left; vertical-align: top;\"><strong>Teeviit 2003 puhastusteenindaja<\/strong><\/td>\n<td style=\"text-align: left; vertical-align: top;\">Maria Murdassova<\/td>\n<td style=\"text-align: left; vertical-align: top;\">I koht<\/td>\n<td style=\"text-align: left; vertical-align: top;\"><\/td>\n<\/tr>\n<tr>\n<td style=\"text-align: left; vertical-align: top;\"><\/td>\n<td style=\"text-align: left; vertical-align: top;\"><\/td>\n<td style=\"text-align: left; vertical-align: top;\">IV koht<\/td>\n<td style=\"text-align: left; vertical-align: top;\"><\/td>\n<\/tr>\n<tr class=\"alt\">\n<td style=\"text-align: left; vertical-align: top;\"><strong>Kutsekoolide m\u00fc\u00fcjate v\u00f5istlus 2003<\/strong><\/td>\n<td style=\"text-align: left; vertical-align: top;\"><\/td>\n<td style=\"text-align: left; vertical-align: top;\">I koht<\/td>\n<td style=\"text-align: left; vertical-align: top;\"><\/td>\n<\/tr>\n<tr>\n<td style=\"text-align: left; vertical-align: top;\"><\/td>\n<td style=\"text-align: left; vertical-align: top;\"><\/td>\n<td style=\"text-align: left; vertical-align: top;\">II koht<\/td>\n<td style=\"text-align: left; vertical-align: top;\"><\/td>\n<\/tr>\n<tr class=\"alt\">\n<td style=\"text-align: left; vertical-align: top;\"><strong>Balt-Hellini s\u00f5brap\u00e4eva kondiitriv\u00f5istlus<\/strong><\/td>\n<td style=\"text-align: left; vertical-align: top;\"><\/td>\n<td style=\"text-align: left; vertical-align: top;\">I koht<\/td>\n<\/tr>\n<\/tbody>\n<\/table>\n<h3><span style=\"color: #cd2662;\"><a id=\"S2002\"><\/a>2002<\/span><\/h3>\n<table class=\" alignleft\" style=\"width: 100%;\">\n<tbody>\n<tr>\n<td style=\"width: 31.8347%;\"><em>v\u00f5istlus<\/em><\/td>\n<td style=\"width: 52.6468%;\"><em>osaleja\u00a0<\/em><\/td>\n<td style=\"width: 6.96157%;\"><em>koht<\/em><\/td>\n<td style=\"width: 7.61421%;\"><em>juhendaja<\/em><\/td>\n<\/tr>\n<tr class=\"alt\">\n<td style=\"width: 31.8347%;\"><strong>Balt-Hellini s\u00f5brap\u00e4eva kondiitriv\u00f5istlus<\/strong><\/td>\n<td style=\"width: 52.6468%;\">Dmitri Zimirev, Vadim Timin, Aleksandr Zaitsev<\/td>\n<td style=\"width: 6.96157%;\">I koht<\/td>\n<td style=\"width: 7.61421%;\"><\/td>\n<\/tr>\n<tr>\n<td style=\"width: 31.8347%;\"><\/td>\n<td style=\"width: 52.6468%;\">Kelly Alurand, Marit Piirmann, Mairi End<\/td>\n<td style=\"width: 6.96157%;\">II koht<\/td>\n<td style=\"width: 7.61421%;\"><\/td>\n<\/tr>\n<tr class=\"alt\">\n<td style=\"width: 31.8347%;\"><strong>Kutsekoolide m\u00fc\u00fcjate v\u00f5istlus 2002<\/strong><\/td>\n<td style=\"width: 52.6468%;\"><\/td>\n<td style=\"width: 6.96157%;\">V koht<\/td>\n<td style=\"width: 7.61421%;\"><\/td>\n<\/tr>\n<tr>\n<td style=\"width: 31.8347%;\">\u00a0<strong>Kokav\u00f5istlus \u201cNooruslik kevad\u201d 2002<\/strong><\/td>\n<td style=\"width: 52.6468%;\">\u00fcks v\u00f5iskonna liige m\u00f5lemas v\u00f5istkonnas Hedi Leier, Mirgo Lainevool<\/td>\n<td style=\"width: 6.96157%;\">2\u00d7 I koht<\/td>\n<td style=\"width: 7.61421%;\"><\/td>\n<\/tr>\n<tr class=\"alt\">\n<td style=\"width: 31.8347%;\"><strong>EHRL kokkade kutsev\u00f5istlus 2001<\/strong><\/td>\n<td style=\"width: 52.6468%;\">Liis Anim\u00e4gi<\/td>\n<td style=\"width: 6.96157%;\">III koht<\/td>\n<td style=\"width: 7.61421%;\"><\/td>\n<\/tr>\n<tr>\n<td style=\"width: 31.8347%;\"><strong>AEHT kokandusv\u00f5istlus 2002<\/strong><\/td>\n<td style=\"width: 52.6468%;\">Sirje Siir<\/td>\n<td style=\"width: 6.96157%;\"><\/td>\n<td style=\"width: 7.61421%;\"><\/td>\n<\/tr>\n<tr class=\"alt\">\n<td style=\"width: 31.8347%;\"><strong>AEHT kelnerite v\u00f5istlus 2002<\/strong><\/td>\n<td style=\"width: 52.6468%;\">Signe Teesaar<\/td>\n<td style=\"width: 6.96157%;\"><\/td>\n<td style=\"width: 7.61421%;\"><\/td>\n<\/tr>\n<tr>\n<td style=\"text-align: left; vertical-align: top; width: 31.8347%;\"><strong>AEHT hotelliteenindajate v\u00f5istlus 2002<\/strong><\/td>\n<td style=\"text-align: left; vertical-align: top; width: 52.6468%;\">Kristin Bezborodkin<\/td>\n<td style=\"width: 6.96157%;\"><\/td>\n<\/tr>\n<\/tbody>\n<\/table>\n<\/div>\n<\/div>\n<\/div>\n<\/article>\n<h3><span style=\"color: #cd2662;\"><a id=\"S2001\"><\/a>2001<\/span><\/h3>\n<table class=\" alignleft\" style=\"width: 100%;\">\n<tbody>\n<tr>\n<td style=\"text-align: left; vertical-align: top;\"><em>v\u00f5istlus<\/em><\/td>\n<td style=\"text-align: left; vertical-align: top;\"><em>osaleja\u00a0<\/em><\/td>\n<td style=\"text-align: left; vertical-align: top;\"><em>koht<\/em><\/td>\n<td style=\"text-align: left; vertical-align: top;\"><em>juhendaja<\/em><\/td>\n<\/tr>\n<tr class=\"alt\">\n<td style=\"text-align: left; vertical-align: top;\"><strong>Kutsekoolide m\u00fc\u00fcjate v\u00f5istlus<\/strong><\/td>\n<td style=\"text-align: left; vertical-align: top;\"><\/td>\n<td style=\"text-align: left; vertical-align: top;\">I koht<\/td>\n<td style=\"text-align: left; vertical-align: top;\"><\/td>\n<\/tr>\n<tr>\n<td style=\"text-align: left; vertical-align: top;\"><\/td>\n<td style=\"text-align: left; vertical-align: top;\"><\/td>\n<td style=\"text-align: left; vertical-align: top;\">III koht<\/td>\n<td style=\"text-align: left; vertical-align: top;\"><\/td>\n<\/tr>\n<tr class=\"alt\">\n<td style=\"text-align: left; vertical-align: top;\"><strong>Kokav\u00f5istlus \u201cNooruslik kevad\u201d 2001<\/strong><\/td>\n<td style=\"text-align: left; vertical-align: top;\">Vladimir Ivanin, Elvira Vaikik, Marju Vain, Heimar Kuuskler, Oleg Soovik<\/td>\n<td style=\"text-align: left; vertical-align: top;\">II koht<\/td>\n<td style=\"text-align: left; vertical-align: top;\"><\/td>\n<\/tr>\n<tr>\n<td style=\"text-align: left; vertical-align: top;\"><\/td>\n<td style=\"text-align: left; vertical-align: top;\"><\/td>\n<td style=\"text-align: left; vertical-align: top;\">IV koht<\/td>\n<td style=\"text-align: left; vertical-align: top;\"><\/td>\n<\/tr>\n<tr class=\"alt\">\n<td style=\"text-align: left; vertical-align: top;\"><strong>EHRL kokkade kutsev\u00f5istlus 2001<\/strong><\/td>\n<td style=\"text-align: left; vertical-align: top;\">Liis Anim\u00e4gi<\/td>\n<td style=\"text-align: left; vertical-align: top;\">III koht<\/td>\n<td style=\"text-align: left; vertical-align: top;\"><\/td>\n<\/tr>\n<tr>\n<td style=\"text-align: left; vertical-align: top;\"><strong>AEHT kokandusv\u00f5istlus 2001<\/strong><\/td>\n<td style=\"text-align: left; vertical-align: top;\">Heimar Kuuskler<\/td>\n<td style=\"text-align: left; vertical-align: top;\"><\/td>\n<td style=\"text-align: left; vertical-align: top;\"><\/td>\n<\/tr>\n<tr class=\"alt\">\n<td style=\"text-align: left; vertical-align: top;\"><strong>AEHT kelnerite v\u00f5istlus 2001<\/strong><\/td>\n<\/tr>\n<\/tbody>\n<\/table>\n<h3><span style=\"color: #cd2662;\"><a id=\"S2000\"><\/a>2000<\/span><\/h3>\n<table style=\"width: 100%;\">\n<tbody>\n<tr>\n<td style=\"vertical-align: top;\"><em>v\u00f5istlus<\/em><\/td>\n<td style=\"vertical-align: top;\"><em>osaleja\u00a0<\/em><\/td>\n<td style=\"vertical-align: top;\"><em>koht<\/em><\/td>\n<td style=\"vertical-align: top;\"><em>juhendaja<\/em><\/td>\n<\/tr>\n<tr class=\"alt\">\n<td style=\"vertical-align: top;\"><strong>Rahvusvahelina kokkade v\u00f5istlus Bratislavas<\/strong><\/td>\n<td style=\"vertical-align: top;\">Marat Listra ja Marko Vahem\u00e4e \/ kelner<\/td>\n<td style=\"vertical-align: top;\">\u00a0II koht<\/td>\n<td style=\"vertical-align: top;\"><\/td>\n<\/tr>\n<tr>\n<td style=\"vertical-align: top;\"><strong>Rahvusvaheline kokkade-kelnerite v\u00f5istlus\u00a0<em>\u201cEuropean Catering in Tallinn Spring 2000\u201d<\/em><\/strong><\/td>\n<td style=\"vertical-align: top;\">Marat Listra ja Marko Vahem\u00e4e \/ kelner<\/td>\n<td style=\"vertical-align: top;\">\u00a0I koht<\/td>\n<td style=\"vertical-align: top;\"><\/td>\n<\/tr>\n<tr class=\"alt\">\n<td style=\"vertical-align: top;\"><strong>AEHT kokandusv\u00f5istlus 2000<\/strong><\/td>\n<td style=\"vertical-align: top;\">Marju Vain<\/td>\n<td style=\"vertical-align: top;\"><\/td>\n<td style=\"vertical-align: top;\"><\/td>\n<\/tr>\n<tr>\n<td style=\"text-align: left; vertical-align: top;\"><strong>AEHT hotelliteenindajate v\u00f5istlus 2000<\/strong><\/td>\n<td>Sirli Vadi<\/td>\n<td>\u00a0III koht<\/td>\n<\/tr>\n<\/tbody>\n<\/table>\n","protected":false},"excerpt":{"rendered":"<p>Tallinna Teeninduskooli \u00f5pilaste tulemused erinevate kutsev\u00f5istlustel ja parimad spordis v\u00f5i huvitegevuses leiad aastate kaupa j\u00e4rgmistelt linkidelt. Chef Martti\u00a0karikas Saavutused 2025 Saavutused 2024 Saavutused 2023 Saavutused 2022 Saavutused 2021 Saavutused 2020 Saavutused 2019 Saavutused 2018&#46;&#46;&#46;<\/p>\n","protected":false},"author":4,"featured_media":0,"parent":0,"menu_order":0,"comment_status":"closed","ping_status":"closed","template":"","meta":{"footnotes":""},"class_list":["post-15609","page","type-page","status-publish","hentry"],"_links":{"self":[{"href":"https:\/\/www.teeninduskool.ee\/index.php?rest_route=\/wp\/v2\/pages\/15609","targetHints":{"allow":["GET"]}}],"collection":[{"href":"https:\/\/www.teeninduskool.ee\/index.php?rest_route=\/wp\/v2\/pages"}],"about":[{"href":"https:\/\/www.teeninduskool.ee\/index.php?rest_route=\/wp\/v2\/types\/page"}],"author":[{"embeddable":true,"href":"https:\/\/www.teeninduskool.ee\/index.php?rest_route=\/wp\/v2\/users\/4"}],"replies":[{"embeddable":true,"href":"https:\/\/www.teeninduskool.ee\/index.php?rest_route=%2Fwp%2Fv2%2Fcomments&post=15609"}],"version-history":[{"count":5,"href":"https:\/\/www.teeninduskool.ee\/index.php?rest_route=\/wp\/v2\/pages\/15609\/revisions"}],"predecessor-version":[{"id":22014,"href":"https:\/\/www.teeninduskool.ee\/index.php?rest_route=\/wp\/v2\/pages\/15609\/revisions\/22014"}],"wp:attachment":[{"href":"https:\/\/www.teeninduskool.ee\/index.php?rest_route=%2Fwp%2Fv2%2Fmedia&parent=15609"}],"curies":[{"name":"wp","href":"https:\/\/api.w.org\/{rel}","templated":true}]}}