{"id":7010,"date":"2018-10-19T09:30:07","date_gmt":"2018-10-19T06:30:07","guid":{"rendered":"https:\/\/www.teeninduskool.ee\/?page_id=7010"},"modified":"2026-02-19T12:51:47","modified_gmt":"2026-02-19T10:51:47","slug":"kooli-noukogu","status":"publish","type":"page","link":"https:\/\/www.teeninduskool.ee\/?page_id=7010","title":{"rendered":"Kooli n\u00f5ukogu"},"content":{"rendered":"<div class=\"category-desc\">\n<p><strong>Tallinna Teeninduskooli n\u00f5ukogu k<\/strong><strong>oosseis alates 18.02.2026<\/strong><\/p>\n<\/div>\n<div class=\"category-desc\">\n<p>1.1. Direktor Kristi Tarik<\/p>\n<p>1.2. \u00d5ppedirektor Tiina Plukk<\/p>\n<p>1.3. Koolituskeskuse juht Moonika Aedmaa<\/p>\n<p>1.4. Haldusjuht Mark Liivam\u00e4gi<\/p>\n<p>1.5. Finantsjuht Eve Kont-Kontson<\/p>\n<p>1.6. Personalispetsialist Elen Protten<\/p>\n<p>1.7. Juhtiv\u00f5petaja: Toitlustusvaldkond Anne M\u00e4e<\/p>\n<p>1.8. Juhtiv\u00f5petaja: Toiduainete t\u00f6\u00f6tlemise valdkond Kristi Tiido<\/p>\n<p>1.9. Juhtiv\u00f5petaja: Kaubanduse valdkond Aive Antson<\/p>\n<p>1.10. Juhtiv\u00f5petaja: Iluteeninduse valdkond Siret Rannik<\/p>\n<p>1.11. Juhtiv\u00f5petaja: Majutuse ja toitlustusteeninduse valdkond Kaimar Palm<\/p>\n<p>1.12. Juhtiv\u00f5petaja: \u00dcldainete valdkond Katrin Kelder<\/p>\n<p>1.13. Turundus- ja kommunikatsiooni ekspert Kerli Tuisk<\/p>\n<p>1.14. Toitlustusjuht Pille Pajula-Palmiste<\/p>\n<p>1.15. Tugikeskuse juht-sotsiaalpedagoog Meeli Uibom\u00e4gi<\/p>\n<p>1.16. IT-juht Sergei Ustrikov<\/p>\n<p>1.17. Projektijuht Astrid Maidla<\/p>\n<p>1.18. Haridustehnoloog Katrin Uurman<\/p>\n<p>1.19. Usaldusisik Riina Laht, Krista Luksepp &#8211; 1 h\u00e4\u00e4l h\u00e4\u00e4letamisel<\/p>\n<p>1.20. \u00d5pilaste esindaja \u2013 Alexander Sagor<\/p>\n<p><strong style=\"color: #cd2662;\">Direktori ja n\u00f5ukogu \u00fclesanded<\/strong><\/p>\n<\/div>\n<p><span style=\"color: #cd2662;\"><strong>Direktor<\/strong><\/span><\/p>\n<table style=\"width: 100%; height: 760px;\">\n<tbody>\n<tr style=\"height: 128px;\">\n<td style=\"vertical-align: top; width: 20%; text-align: left; height: 128px;\"><strong>VASTUTAB<\/strong><\/td>\n<td style=\"vertical-align: top; width: 80%; text-align: left; height: 128px;\" width=\"604\">\n<ul>\n<li>oma p\u00e4devuse piires kooli \u00fcldseisundi, \u00f5ppekasvatust\u00f6\u00f6, arendustegevuse ning rahaliste vahendite \u00f5igusp\u00e4rase ja otstarbeka kasutamise eest<\/li>\n<li>riigivara s\u00e4ilimise ja heaperemeheliku kasutamise eest<\/li>\n<li>kooli arengukava elluviimise eest<\/li>\n<\/ul>\n<\/td>\n<\/tr>\n<tr style=\"height: 24px;\">\n<td style=\"vertical-align: top; width: 20%; text-align: left; height: 24px;\"><strong>TEOSTAB<\/strong><\/td>\n<td style=\"vertical-align: top; width: 80%; text-align: left; height: 24px;\" width=\"604\">oma p\u00e4devuse piires koolis k\u00f5rgeimat haldus- ja distsiplinaarv\u00f5imu<\/td>\n<\/tr>\n<tr style=\"height: 24px;\">\n<td style=\"vertical-align: top; width: 20%; text-align: left; height: 24px;\"><strong>ESINDAB<\/strong><strong><br \/>\n<\/strong><\/td>\n<td style=\"vertical-align: top; width: 80%; text-align: left; height: 24px;\" width=\"604\">oma p\u00e4devuse piires kooli<\/td>\n<\/tr>\n<tr style=\"height: 24px;\">\n<td style=\"vertical-align: top; width: 20%; text-align: left; height: 24px;\"><strong>S\u00d5LMIB<\/strong><\/td>\n<td style=\"vertical-align: top; width: 80%; text-align: left; height: 24px;\" width=\"604\">kooli t\u00f6\u00f6tajatega t\u00f6\u00f6lepingud, muudab neid ja \u00fctleb need \u00fcles<\/td>\n<\/tr>\n<tr style=\"height: 128px;\">\n<td style=\"vertical-align: top; width: 20%; text-align: left; height: 128px;\"><strong>KINNITAB<\/strong><\/td>\n<td style=\"text-align: left; vertical-align: top; width: 80%; height: 128px;\" width=\"604\">\n<ul>\n<li>kooli t\u00f6\u00f6kohtade koosseisu<\/li>\n<li>kooli \u00f5ppekavad ja teised \u00f5igusaktidega etten\u00e4htud dokumendid ja aruanded, mille kinnitamine ei ole n\u00f5ukogu p\u00e4devuses<\/li>\n<li>kooli eelarve ja hankeplaani<\/li>\n<li>kooli arengukava t\u00e4itmise aruande<\/li>\n<\/ul>\n<\/td>\n<\/tr>\n<tr style=\"height: 24px;\">\n<td style=\"vertical-align: top; width: 20%; text-align: left; height: 24px;\"><strong>HINDAB<\/strong><\/td>\n<td style=\"vertical-align: top; width: 80%; text-align: left; height: 24px;\" width=\"604\">\u00f5ppeasutuse t\u00f6\u00f6tajate vastavust kvalifikatsioonin\u00f5uetele<\/td>\n<\/tr>\n<tr style=\"height: 80px;\">\n<td style=\"vertical-align: top; width: 20%; text-align: left; height: 80px;\"><strong>MOODUSTAB<\/strong><strong><br \/>\n<\/strong><\/td>\n<td style=\"vertical-align: top; width: 80%; text-align: left; height: 80px;\" width=\"604\">\n<ul>\n<li>n\u00f5ukogu ning juhib selle t\u00f6\u00f6d<\/li>\n<li>vajaduse korral komisjone ja t\u00f6\u00f6r\u00fchmi<\/li>\n<\/ul>\n<\/td>\n<\/tr>\n<tr style=\"height: 104px;\">\n<td style=\"vertical-align: top; text-align: left; width: 20%; height: 104px;\"><strong>KORRALDAB<\/strong><strong><br \/>\n<\/strong><\/td>\n<td style=\"vertical-align: top; width: 80%; text-align: left; height: 104px;\" width=\"604\">\n<ul>\n<li>kooli arengukava koostamise<\/li>\n<li>\u00f5pilasesinduse esimese koosseisu valimise<\/li>\n<li><span style=\"font-family: inherit; font-size: inherit;\">korraldab \u00f5pilaste ja t\u00f6\u00f6tajate kaitse<\/span><\/li>\n<\/ul>\n<\/td>\n<\/tr>\n<tr style=\"height: 24px;\">\n<td style=\"vertical-align: top; text-align: left; width: 20%; height: 24px;\"><strong>K\u00c4SUTAB<\/strong><\/td>\n<td style=\"vertical-align: top; width: 80%; text-align: left; height: 24px;\" width=\"604\">oma p\u00e4devuse piires kooli eelarvevahendeid<\/td>\n<\/tr>\n<tr style=\"height: 80px;\">\n<td style=\"vertical-align: top; text-align: left; width: 20%; height: 80px;\"><strong>KEHTESTAB<\/strong><strong><br \/>\n<\/strong><\/td>\n<td style=\"vertical-align: top; width: 80%; text-align: left; height: 80px;\" width=\"604\">\n<ul>\n<li>\u00a7 6 l\u00f5ikes 2 nimetatud tasuliste teenuste ja kaupade hinnad<\/li>\n<li>kehtestab h\u00e4daolukorra lahendamise plaani<\/li>\n<\/ul>\n<\/td>\n<\/tr>\n<tr style=\"height: 24px;\">\n<td style=\"vertical-align: top; text-align: left; width: 20%; height: 24px;\"><strong>OTSUSTAB<\/strong><\/td>\n<td style=\"vertical-align: top; width: 80%; text-align: left; height: 24px;\" width=\"604\">\u00f5igusaktidega s\u00e4testatud ulatuses ja korras riigihangete l\u00e4biviimise kooli \u00fclesannete t\u00e4itmiseks vajaliku vara hankimiseks ja teenuste tellimiseks<\/td>\n<\/tr>\n<tr style=\"height: 24px;\">\n<td style=\"vertical-align: top; text-align: left; width: 20%; height: 24px;\"><strong>ANNAB ARU<\/strong><\/td>\n<td style=\"vertical-align: top; width: 80%; text-align: left; height: 24px;\" width=\"604\">kooli n\u00f5unike kogule ja kooli pidajale<\/td>\n<\/tr>\n<tr style=\"height: 24px;\">\n<td style=\"vertical-align: top; text-align: left; width: 20%; height: 24px;\"><strong>LOOB<\/strong><\/td>\n<td style=\"vertical-align: top; width: 80%; text-align: left; height: 24px;\" width=\"604\">v\u00f5imalused \u00f5pilaste ja t\u00f6\u00f6tajate kaitseks<\/td>\n<\/tr>\n<tr style=\"height: 24px;\">\n<td style=\"vertical-align: top; text-align: left; width: 20%; height: 24px;\"><strong>LAHENDAB<\/strong><strong><br \/>\n<\/strong><\/td>\n<td style=\"vertical-align: top; width: 80%; text-align: left; height: 24px;\" width=\"604\">muid k\u00fcsimusi, mille lahendamine ei ole \u00f5igusaktidega antud teiste juhtorganite p\u00e4devusse<\/td>\n<\/tr>\n<tr style=\"height: 24px;\">\n<td style=\"vertical-align: top; text-align: left; width: 20%; height: 24px;\"><strong>ANNAB V\u00c4LJA<\/strong><\/td>\n<td style=\"vertical-align: top; width: 80%; text-align: left; height: 24px;\" width=\"604\">oma p\u00e4devuse piires k\u00e4skkirju<\/td>\n<\/tr>\n<\/tbody>\n<\/table>\n<p><span style=\"color: #cd2662;\"><strong>N\u00f5ukogu<\/strong><strong>\u00a0<\/strong><\/span><\/p>\n<table style=\"width: 100%; height: 378px;\">\n<tbody>\n<tr style=\"height: 24px;\">\n<td style=\"height: 24px; width: 20%; text-align: left; vertical-align: top;\"><strong>KINNITAB<\/strong><strong><br \/>\n<\/strong><\/td>\n<td style=\"width: 777px; height: 24px; text-align: left; vertical-align: top;\">\n<ul>\n<li>kooli \u00f5ppekorralduseeskirja<\/li>\n<li>kooli \u00f5ppeaasta t\u00f6\u00f6plaani, sealhulgas \u00f5ppekasvatusala t\u00f6\u00f6tajate koolitusplaani<\/li>\n<li><span style=\"font-family: inherit; font-size: inherit;\">kooli sisehindamisaruande<\/span><\/li>\n<li><span style=\"font-family: inherit; font-size: inherit;\">kooli \u00f5pilasesinduse p\u00f5hikirja<\/span><\/li>\n<li><span style=\"font-family: inherit; font-size: inherit;\">koolituskohtade arvu kalendriaastaks \u00f5ppevaldkonnas, \u00f5ppekavar\u00fchmas v\u00f5i \u00f5ppekaval, sealhulgas nende koolituskohtade arvu, mille \u00f5ppekulusid ei h\u00fcvitata<\/span><\/li>\n<\/ul>\n<\/td>\n<\/tr>\n<tr style=\"height: 24px;\">\n<td style=\"height: 24px; width: 20%; text-align: left; vertical-align: top;\"><strong>KOOSK\u00d5LASTAB<\/strong><\/td>\n<td style=\"width: 777px; height: 24px; text-align: left; vertical-align: top;\">\n<ul>\n<li>kooli arengukava eeln\u00f5u ja esitab selle kooli pidajale kinnitamiseks<\/li>\n<li>kooli eelarve ja hankeplaani<\/li>\n<li><span style=\"font-family: inherit; font-size: inherit;\">kooli \u00f5ppekavad<\/span><\/li>\n<li><span style=\"font-family: inherit; font-size: inherit;\">kooli kasutusse antud riigivaraga seotud toiminguid<\/span><\/li>\n<\/ul>\n<\/td>\n<\/tr>\n<tr style=\"height: 24px;\">\n<td style=\"width: 775px; height: 24px; text-align: left; vertical-align: top;\"><strong>KEHTESTAB<\/strong><strong><br \/>\n<\/strong><\/td>\n<td style=\"width: 777px; height: 24px; text-align: left; vertical-align: top;\">\n<ul>\n<li>taseme\u00f5ppe \u00f5ppekulu h\u00fcvitamise tingimused, korra ja m\u00e4\u00e4ra<\/li>\n<li>\u00f5ppetoetuse taotlemise, m\u00e4\u00e4ramise ning maksmise tingimused ja korra, sealhulgas \u00f5ppetoetuse maksmise l\u00f5petamise v\u00f5i peatamise aluseks olevate oluliste rikkumiste loetelu<\/li>\n<li><span style=\"font-family: inherit; font-size: inherit;\">p\u00f5hitoetuse fondi jagamise tingimused ja korra \u00f5ppevaldkonnas \u00f5ppekavade vahel<\/span><\/li>\n<li><span style=\"font-family: inherit; font-size: inherit;\">eritoetuse fondi kasutamise korra<\/span><\/li>\n<\/ul>\n<\/td>\n<\/tr>\n<tr style=\"height: 24px;\">\n<td style=\"width: 775px; height: 24px; text-align: left; vertical-align: top;\"><strong>OTSUSTAB<\/strong><\/td>\n<td style=\"width: 777px; height: 24px; text-align: left; vertical-align: top;\">riigivaraga seotud toiminguid<\/td>\n<\/tr>\n<tr style=\"height: 24px;\">\n<td style=\"width: 775px; height: 24px; text-align: left; vertical-align: top;\"><strong>MOODUSTAB<\/strong><strong><br \/>\n<\/strong><\/td>\n<td style=\"width: 777px; height: 24px; text-align: left; vertical-align: top;\">\n<ul>\n<li>vajaduse korral komisjone ja t\u00f6\u00f6r\u00fchmi<\/li>\n<li>direktori ettepanekul kooli struktuuri\u00fcksused ning muudab neid<\/li>\n<\/ul>\n<\/td>\n<\/tr>\n<tr style=\"height: 24px;\">\n<td style=\"width: 775px; height: 24px; text-align: left; vertical-align: top;\"><strong>ARUTAB<\/strong><\/td>\n<td style=\"width: 777px; height: 24px; text-align: left; vertical-align: top;\">kooli \u00f5ppekasvatust\u00f6\u00f6 ning majandustegevuse korraldamisega seotud k\u00fcsimusi<\/td>\n<\/tr>\n<tr style=\"height: 24px;\">\n<td style=\"width: 775px; height: 24px; text-align: left; vertical-align: top;\"><strong>TEEB ETTEPANEKUID<\/strong><\/td>\n<td style=\"width: 777px; height: 24px; text-align: left; vertical-align: top;\">kooli pidajale kooli p\u00f5him\u00e4\u00e4ruse muutmiseks<\/td>\n<\/tr>\n<tr style=\"height: 24px;\">\n<td style=\"width: 775px; height: 24px; text-align: left; vertical-align: top;\"><strong>LAHENDAB<\/strong><\/td>\n<td style=\"width: 777px; height: 24px; text-align: left; vertical-align: top;\">teisi k\u00fcsimusi, mis \u00f5igusaktide ja kooli p\u00f5him\u00e4\u00e4ruse alusel kuuluvad tema p\u00e4devusse<\/td>\n<\/tr>\n<\/tbody>\n<\/table>\n<div class=\"cat-items\"><\/div>\n","protected":false},"excerpt":{"rendered":"<p>Tallinna Teeninduskooli n\u00f5ukogu koosseis alates 18.02.2026 1.1. Direktor Kristi Tarik 1.2. \u00d5ppedirektor Tiina Plukk 1.3. Koolituskeskuse juht Moonika Aedmaa 1.4. Haldusjuht Mark Liivam\u00e4gi 1.5. Finantsjuht Eve Kont-Kontson 1.6. Personalispetsialist Elen Protten 1.7. Juhtiv\u00f5petaja: Toitlustusvaldkond&#46;&#46;&#46;<\/p>\n","protected":false},"author":4,"featured_media":581,"parent":0,"menu_order":0,"comment_status":"closed","ping_status":"closed","template":"","meta":{"footnotes":""},"class_list":["post-7010","page","type-page","status-publish","has-post-thumbnail","hentry"],"_links":{"self":[{"href":"https:\/\/www.teeninduskool.ee\/index.php?rest_route=\/wp\/v2\/pages\/7010","targetHints":{"allow":["GET"]}}],"collection":[{"href":"https:\/\/www.teeninduskool.ee\/index.php?rest_route=\/wp\/v2\/pages"}],"about":[{"href":"https:\/\/www.teeninduskool.ee\/index.php?rest_route=\/wp\/v2\/types\/page"}],"author":[{"embeddable":true,"href":"https:\/\/www.teeninduskool.ee\/index.php?rest_route=\/wp\/v2\/users\/4"}],"replies":[{"embeddable":true,"href":"https:\/\/www.teeninduskool.ee\/index.php?rest_route=%2Fwp%2Fv2%2Fcomments&post=7010"}],"version-history":[{"count":5,"href":"https:\/\/www.teeninduskool.ee\/index.php?rest_route=\/wp\/v2\/pages\/7010\/revisions"}],"predecessor-version":[{"id":22863,"href":"https:\/\/www.teeninduskool.ee\/index.php?rest_route=\/wp\/v2\/pages\/7010\/revisions\/22863"}],"wp:featuredmedia":[{"embeddable":true,"href":"https:\/\/www.teeninduskool.ee\/index.php?rest_route=\/wp\/v2\/media\/581"}],"wp:attachment":[{"href":"https:\/\/www.teeninduskool.ee\/index.php?rest_route=%2Fwp%2Fv2%2Fmedia&parent=7010"}],"curies":[{"name":"wp","href":"https:\/\/api.w.org\/{rel}","templated":true}]}}